{"id":36107,"date":"2024-03-26T17:56:03","date_gmt":"2024-03-26T20:56:03","guid":{"rendered":"https:\/\/www.fundacioncanal.com\/canaleduca\/?page_id=36107"},"modified":"2026-06-06T23:24:49","modified_gmt":"2026-06-07T02:24:49","slug":"recursos-didacticos","status":"publish","type":"page","link":"https:\/\/www.fundacioncanal.com\/canaleduca\/recursos-didacticos\/","title":{"rendered":"Recursos did\u00e1cticos"},"content":{"rendered":"\n<style type=\"text\/css\" data-created_by=\"avia_inline_auto\" id=\"style-css-av-lu9f07p6-ec2d135b21ebc7ebd4e335a0832b3628\">\n.avia-section.av-lu9f07p6-ec2d135b21ebc7ebd4e335a0832b3628{\nbackground-color:#00bfe1;\nbackground-image:unset;\n}\n<\/style>\n<div id='av_section_1'  class='avia-section av-lu9f07p6-ec2d135b21ebc7ebd4e335a0832b3628 main_color avia-section-default avia-no-border-styling  avia-builder-el-0  el_before_av_submenu  avia-builder-el-first  avia-bg-style-scroll container_wrap fullsize'  ><div class='container av-section-cont-open' ><main  role=\"main\" itemprop=\"mainContentOfPage\"  class='template-page content  av-content-full alpha units'><div class='post-entry post-entry-type-page post-entry-36107'><div class='entry-content-wrapper clearfix'>\n\n<style type=\"text\/css\" data-created_by=\"avia_inline_auto\" id=\"style-css-av-ui0dor-e38dd2f5d64fa071832d81a5cd147999\">\n.flex_column.av-ui0dor-e38dd2f5d64fa071832d81a5cd147999{\nborder-radius:0px 0px 0px 0px;\npadding:0px 0px 0px 0px;\n}\n<\/style>\n<div  class='flex_column av-ui0dor-e38dd2f5d64fa071832d81a5cd147999 av_one_full  avia-builder-el-1  avia-builder-el-no-sibling  first flex_column_div av-zero-column-padding  '     ><p>\n<style type=\"text\/css\" data-created_by=\"avia_inline_auto\" id=\"style-css-av-lu9ez6cv-a266cfb01ff24d2be21bdcad4155d350\">\n#top .av-special-heading.av-lu9ez6cv-a266cfb01ff24d2be21bdcad4155d350{\npadding-bottom:40px;\ncolor:#ffffff;\n}\nbody .av-special-heading.av-lu9ez6cv-a266cfb01ff24d2be21bdcad4155d350 .av-special-heading-tag .heading-char{\nfont-size:25px;\n}\n.av-special-heading.av-lu9ez6cv-a266cfb01ff24d2be21bdcad4155d350 .special-heading-inner-border{\nborder-color:#ffffff;\n}\n.av-special-heading.av-lu9ez6cv-a266cfb01ff24d2be21bdcad4155d350 .av-subheading{\nfont-size:15px;\n}\n<\/style>\n<div  class='av-special-heading av-lu9ez6cv-a266cfb01ff24d2be21bdcad4155d350 av-special-heading-h1 custom-color-heading blockquote modern-quote  avia-builder-el-2  el_before_av_image  avia-builder-el-first  av-linked-heading'><h1 class='av-special-heading-tag '  itemprop=\"headline\"  >CONVIERTE A TU CLASE EN ACTIVISTAS DEL AGUA<\/h1><div class='av_custom_color av-subheading av-subheading_below'><p>Te ofrecemos los mejores recursos audiovisuales. Nuestra propuesta did\u00e1ctica te ayudar\u00e1 a compartir con tus alumnos actividades atractivas y din\u00e1micas sobre la importancia del agua y su conservaci\u00f3n con soluciones positivas al cambio clim\u00e1tico.<\/p>\n<\/div><div class=\"special-heading-border\"><div class=\"special-heading-inner-border\"><\/div><\/div><\/div><br \/>\n\n<style type=\"text\/css\" data-created_by=\"avia_inline_auto\" id=\"style-css-av-lu9x4ya7-98d7000ebef9752737bf8b47d491f694\">\n.avia-image-container.av-lu9x4ya7-98d7000ebef9752737bf8b47d491f694 img.avia_image{\nbox-shadow:none;\n}\n.avia-image-container.av-lu9x4ya7-98d7000ebef9752737bf8b47d491f694 .av-image-caption-overlay-center{\ncolor:#ffffff;\n}\n<\/style>\n<div  class='avia-image-container av-lu9x4ya7-98d7000ebef9752737bf8b47d491f694 av-styling- avia-align-center  avia-builder-el-3  el_after_av_heading  el_before_av_hr '   itemprop=\"image\" itemscope=\"itemscope\" itemtype=\"https:\/\/schema.org\/ImageObject\" ><div class=\"avia-image-container-inner\"><div class=\"avia-image-overlay-wrap\"><img decoding=\"async\" fetchpriority=\"high\" class='wp-image-36400 avia-img-lazy-loading-not-36400 avia_image ' src=\"https:\/\/www.fundacioncanal.com\/canaleduca\/wp-content\/uploads\/2024\/04\/infografia.jpg\" alt='infografia' title='infografia'  height=\"1000\" width=\"2277\"  itemprop=\"thumbnailUrl\" srcset=\"https:\/\/www.fundacioncanal.com\/canaleduca\/wp-content\/uploads\/2024\/04\/infografia.jpg 2277w, https:\/\/www.fundacioncanal.com\/canaleduca\/wp-content\/uploads\/2024\/04\/infografia-300x132.jpg 300w, https:\/\/www.fundacioncanal.com\/canaleduca\/wp-content\/uploads\/2024\/04\/infografia-1030x452.jpg 1030w, https:\/\/www.fundacioncanal.com\/canaleduca\/wp-content\/uploads\/2024\/04\/infografia-768x337.jpg 768w, https:\/\/www.fundacioncanal.com\/canaleduca\/wp-content\/uploads\/2024\/04\/infografia-1536x675.jpg 1536w, https:\/\/www.fundacioncanal.com\/canaleduca\/wp-content\/uploads\/2024\/04\/infografia-2048x899.jpg 2048w, https:\/\/www.fundacioncanal.com\/canaleduca\/wp-content\/uploads\/2024\/04\/infografia-1500x659.jpg 1500w, https:\/\/www.fundacioncanal.com\/canaleduca\/wp-content\/uploads\/2024\/04\/infografia-705x310.jpg 705w\" sizes=\"(max-width: 2277px) 100vw, 2277px\" \/><\/div><\/div><\/div><br \/>\n\n<style type=\"text\/css\" data-created_by=\"avia_inline_auto\" id=\"style-css-av-lu9xa5om-ebd8a61025ccdbea3680a2678a1356a1\">\n#top .hr.hr-invisible.av-lu9xa5om-ebd8a61025ccdbea3680a2678a1356a1{\nheight:40px;\n}\n<\/style>\n<div  class='hr av-lu9xa5om-ebd8a61025ccdbea3680a2678a1356a1 hr-invisible  avia-builder-el-4  el_after_av_image  el_before_av_button '><span class='hr-inner '><span class=\"hr-inner-style\"><\/span><\/span><\/div><br \/>\n<div  class='avia-button-wrap av-lu9x8z5r-8bdfebc110f3f4c8d42d2a8c2a17ca0b-wrap avia-button-center  avia-builder-el-5  el_after_av_hr  avia-builder-el-last '>\n<style type=\"text\/css\" data-created_by=\"avia_inline_auto\" id=\"style-css-av-lu9x8z5r-8bdfebc110f3f4c8d42d2a8c2a17ca0b\">\n#top #wrap_all .avia-button.av-lu9x8z5r-8bdfebc110f3f4c8d42d2a8c2a17ca0b{\nfont-size:22px;\nbackground-color:#ed9600;\nborder-color:#ed9600;\ncolor:#ffffff;\ntransition:all 0.4s ease-in-out;\n}\n#top #wrap_all .avia-button.av-lu9x8z5r-8bdfebc110f3f4c8d42d2a8c2a17ca0b .avia-svg-icon svg:first-child{\nfill:#ffffff;\nstroke:#ffffff;\n}\n<\/style>\n<a href='https:\/\/www.fundacioncanal.com\/canaleduca\/pdf-rd\/propuesta_didactica-ciclo-integral-del-agua.pdf'  class='avia-button av-lu9x8z5r-8bdfebc110f3f4c8d42d2a8c2a17ca0b av-link-btn avia-icon_select-yes-left-icon avia-size-large avia-position-center'  target=\"_blank\"  rel=\"noopener noreferrer\"  aria-label=\"Propuesta did\u00e1ctica tipo para dise\u00f1ar tu actividad\"><span class='avia_button_icon avia_button_icon_left avia-iconfont avia-font-entypo-fontello' data-av_icon='\ue86f' data-av_iconfont='entypo-fontello' ><\/span><span class='avia_iconbox_title' >Propuesta did\u00e1ctica tipo para dise\u00f1ar tu actividad<\/span><\/a><\/div><\/p><\/div>\n\n<\/div><\/div><\/main><!-- close content main element --><\/div><\/div><div class='clear'><\/div><div id='sub_menu1'  class='av-submenu-container av-lu9ehj1q-6fc6cc85886ab51feb568989e3d4a42c main_color av-switch-480  avia-builder-el-6  el_after_av_section  el_before_av_section  av-sticky-submenu submenu-not-first container_wrap fullsize' style='z-index:301' ><div class='container av-menu-mobile-active av-submenu-pos-center'><a href=\"#\" class=\"mobile_menu_toggle\"><span class='avia-svg-icon avia-font-svg_entypo-fontello' data-av_svg_icon='list' data-av_iconset='svg_entypo-fontello'><svg version=\"1.1\" xmlns=\"http:\/\/www.w3.org\/2000\/svg\" width=\"22\" height=\"32\" viewBox=\"0 0 22 32\" preserveAspectRatio=\"xMidYMid meet\" aria-labelledby='av-svg-title-1' aria-describedby='av-svg-desc-1' role=\"graphics-symbol\" aria-hidden=\"true\">\n<title id='av-svg-title-1'>List<\/title>\n<desc id='av-svg-desc-1'>List<\/desc>\n<path d=\"M3.2 20.8q0.64 0 1.12 0.48t0.48 1.12-0.48 1.12-1.12 0.48h-1.6q-0.64 0-1.12-0.48t-0.48-1.12 0.448-1.12 1.152-0.48h1.6zM3.2 14.4q0.64 0 1.12 0.48t0.48 1.12-0.48 1.12-1.12 0.48h-1.6q-0.64 0-1.12-0.48t-0.48-1.12 0.448-1.12 1.152-0.48h1.6zM3.2 8q0.64 0 1.12 0.48t0.48 1.12-0.48 1.12-1.12 0.48h-1.6q-0.64 0-1.12-0.48t-0.48-1.12 0.448-1.12 1.152-0.48h1.6zM9.6 11.2q-0.64 0-1.12-0.48t-0.48-1.12 0.48-1.12 1.12-0.48h11.2q0.704 0 1.152 0.48t0.448 1.12-0.48 1.12-1.12 0.48h-11.2zM20.8 14.4q0.704 0 1.152 0.48t0.448 1.12-0.48 1.12-1.12 0.48h-11.2q-0.64 0-1.12-0.48t-0.48-1.12 0.48-1.12 1.12-0.48h11.2zM20.8 20.8q0.704 0 1.152 0.48t0.448 1.12-0.48 1.12-1.12 0.48h-11.2q-0.64 0-1.12-0.48t-0.48-1.12 0.48-1.12 1.12-0.48h11.2z\"><\/path>\n<\/svg><\/span><span class=\"av-current-placeholder\">Men\u00fa<\/span><\/a><ul id='av-custom-submenu-1' class='av-subnav-menu' role='menu'>\n<li class='menu-item av-lu9ehhe8-1807ff7a1bfefe9f8caaf49e39ea0f7c menu-item-top-level menu-item-top-level-1' role='menuitem'><a href='#biodiversidad'  ><span class='avia-bullet'><\/span><span class='avia-menu-text'>Agua y biodiversidad<\/span><\/a><\/li>\n<li class='menu-item av-tx1x6z-d24a055fea7a3d3364f069ae1f0a58c2 menu-item-top-level menu-item-top-level-2' role='menuitem'><a href='#ciclo-integral'  ><span class='avia-bullet'><\/span><span class='avia-menu-text'>Ciclo integral del agua<\/span><\/a><\/li>\n<li class='menu-item av-tx1x6z-4-c671b93da30628545019f2ac7518c2d8 menu-item-top-level menu-item-top-level-3' role='menuitem'><a href='#energia'  ><span class='avia-bullet'><\/span><span class='avia-menu-text'>Agua, energ\u00eda, agricultura e industria<\/span><\/a><\/li>\n<li class='menu-item av-tx1x6z-3-6b25baa847e0ec21dd63273a3a7fde03 menu-item-top-level menu-item-top-level-4' role='menuitem'><a href='#uso-consumo'  ><span class='avia-bullet'><\/span><span class='avia-menu-text'>Uso y consumo de agua<\/span><\/a><\/li>\n<li class='menu-item av-tx1x6z-2-49f80d4b26523e7cb8865980f7e966f4 menu-item-top-level menu-item-top-level-5' role='menuitem'><a href='#politicas-gestion'  ><span class='avia-bullet'><\/span><span class='avia-menu-text'>Pol\u00edticas y gesti\u00f3n del agua<\/span><\/a><\/li>\n<li class='menu-item av-tx1x6z-1-2bd32ca34d692de47bf08d83e4dcb7b9 menu-item-top-level menu-item-top-level-6' role='menuitem'><a href='#cambio-climatico'  ><span class='avia-bullet'><\/span><span class='avia-menu-text'>Agua, cambio clim\u00e1tico y eventos extremos<\/span><\/a><\/li>\n<\/ul><\/div><\/div><div class='sticky_placeholder'><\/div>\n\n<style type=\"text\/css\" data-created_by=\"avia_inline_auto\" id=\"style-css-av-lu8v08hv-33244c6738c577ec3fcb24a78ac9e508\">\n.avia-section.av-lu8v08hv-33244c6738c577ec3fcb24a78ac9e508{\nbackground-color:#f9f9f9;\nbackground-image:unset;\n}\n<\/style>\n<div id='biodiversidad'  class='avia-section av-lu8v08hv-33244c6738c577ec3fcb24a78ac9e508 main_color avia-section-default avia-no-border-styling  avia-builder-el-7  el_after_av_submenu  el_before_av_section  avia-bg-style-scroll container_wrap fullsize'  ><div class='container av-section-cont-open' ><div class='template-page content  av-content-full alpha units'><div class='post-entry post-entry-type-page post-entry-36107'><div class='entry-content-wrapper clearfix'>\n<div  class='flex_column av-17famy3-c8ca5ca5e599a24cd27a3f2408df8033 av_four_fifth  avia-builder-el-8  el_before_av_one_fifth  avia-builder-el-first  first flex_column_div  '     ><style type=\"text\/css\" data-created_by=\"avia_inline_auto\" id=\"style-css-av-lu8w9krd-6e314d046123933451e7b53691c434b0\">\n#top .av-special-heading.av-lu8w9krd-6e314d046123933451e7b53691c434b0{\npadding-bottom:0;\ncolor:#f5c242;\n}\nbody .av-special-heading.av-lu8w9krd-6e314d046123933451e7b53691c434b0 .av-special-heading-tag .heading-char{\nfont-size:25px;\n}\n.av-special-heading.av-lu8w9krd-6e314d046123933451e7b53691c434b0 .special-heading-inner-border{\nborder-color:#f5c242;\n}\n.av-special-heading.av-lu8w9krd-6e314d046123933451e7b53691c434b0 .av-subheading{\nfont-size:15px;\n}\n<\/style>\n<div  class='av-special-heading av-lu8w9krd-6e314d046123933451e7b53691c434b0 av-special-heading-h2 custom-color-heading blockquote modern-quote  avia-builder-el-9  avia-builder-el-no-sibling  titulete'><h2 class='av-special-heading-tag '  itemprop=\"headline\"  >Agua y biodiversidad<\/h2><div class=\"special-heading-border\"><div class=\"special-heading-inner-border\"><\/div><\/div><\/div><\/div><div  class='flex_column av-mbno7f-32a9bfdc7bb5c25080717c81edfba318 av_one_fifth  avia-builder-el-10  el_after_av_four_fifth  el_before_av_one_fourth  flex_column_div  '     ><style type=\"text\/css\" data-created_by=\"avia_inline_auto\" id=\"style-css-av-lu8wdezg-5de26f8a875e2e600d4e4e5ceabe9c87\">\n.av_font_icon.av-lu8wdezg-5de26f8a875e2e600d4e4e5ceabe9c87{\ncolor:#f5c242;\nborder-color:#f5c242;\n}\n.avia-svg-icon.av-lu8wdezg-5de26f8a875e2e600d4e4e5ceabe9c87 svg:first-child{\nstroke:#f5c242;\nfill:#f5c242;\n}\n.av_font_icon.av-lu8wdezg-5de26f8a875e2e600d4e4e5ceabe9c87 .av-icon-char{\nfont-size:50px;\nline-height:50px;\n}\n<\/style>\n<span  class='av_font_icon av-lu8wdezg-5de26f8a875e2e600d4e4e5ceabe9c87 avia_animate_when_visible av-icon-style- avia-icon-pos-right avia-iconfont avia-font-iconos-agua-3-fontello avia-icon-animate'><span class='av-icon-char' data-av_icon='\ue801' data-av_iconfont='iconos-agua-3-fontello' aria-hidden=\"true\" ><\/span><\/span><\/div><div class='flex_column_table av-sq6pmz-e2941cbd3ff66eb77411255afc06d7c1 sc-av_one_fourth av-equal-height-column-flextable'>\n<style type=\"text\/css\" data-created_by=\"avia_inline_auto\" id=\"style-css-av-sq6pmz-e2941cbd3ff66eb77411255afc06d7c1\">\n.flex_column.av-sq6pmz-e2941cbd3ff66eb77411255afc06d7c1{\nwidth:22.75%;\nmargin-left:0;\n}\n#top .flex_column_table.av-equal-height-column-flextable.av-sq6pmz-e2941cbd3ff66eb77411255afc06d7c1 .av-flex-placeholder{\nwidth:3%;\n}\n<\/style>\n<div  class='flex_column av-sq6pmz-e2941cbd3ff66eb77411255afc06d7c1 av_one_fourth  avia-builder-el-12  el_after_av_one_fifth  el_before_av_one_fourth  first flex_column_table_cell av-equal-height-column av-align-top avia-link-column av-column-link avia-link-column-hover  column-top-margin'    data-link-column-url=\"https:\/\/www.fundacioncanal.com\/canaleduca\/recursos-didacticos\/ecosistemas-lagunares-lagos-finlandeses\/\"  data-link-column-target=\"_blank\"   ><a class=\"av-screen-reader-only\" href=https:\/\/www.fundacioncanal.com\/canaleduca\/recursos-didacticos\/ecosistemas-lagunares-lagos-finlandeses\/  target=\"_blank\" >Link to: Ecosistemas lagunares. Lagos finlandeses<\/a><p>\n<style type=\"text\/css\" data-created_by=\"avia_inline_auto\" id=\"style-css-av-lu8xzt3t-34ca8057b1a2b92f9a57dc9fd904c71f\">\n.avia-image-container.av-lu8xzt3t-34ca8057b1a2b92f9a57dc9fd904c71f img.avia_image{\nbox-shadow:none;\n}\n.avia-image-container.av-lu8xzt3t-34ca8057b1a2b92f9a57dc9fd904c71f .av-image-caption-overlay-center{\ncolor:#ffffff;\n}\n<\/style>\n<div  class='avia-image-container av-lu8xzt3t-34ca8057b1a2b92f9a57dc9fd904c71f av-styling- avia-align-center  avia-builder-el-13  el_before_av_textblock  avia-builder-el-first '   itemprop=\"image\" itemscope=\"itemscope\" itemtype=\"https:\/\/schema.org\/ImageObject\" ><div class=\"avia-image-container-inner\"><div class=\"avia-image-overlay-wrap\"><img decoding=\"async\" fetchpriority=\"high\" class='wp-image-33440 avia-img-lazy-loading-not-33440 avia_image ' src=\"https:\/\/www.fundacioncanal.com\/canaleduca\/wp-content\/uploads\/2024\/01\/av15.jpg\" alt='av15' title='av15'  height=\"998\" width=\"1774\"  itemprop=\"thumbnailUrl\" srcset=\"https:\/\/www.fundacioncanal.com\/canaleduca\/wp-content\/uploads\/2024\/01\/av15.jpg 1774w, https:\/\/www.fundacioncanal.com\/canaleduca\/wp-content\/uploads\/2024\/01\/av15-300x169.jpg 300w, https:\/\/www.fundacioncanal.com\/canaleduca\/wp-content\/uploads\/2024\/01\/av15-1030x579.jpg 1030w, https:\/\/www.fundacioncanal.com\/canaleduca\/wp-content\/uploads\/2024\/01\/av15-768x432.jpg 768w, https:\/\/www.fundacioncanal.com\/canaleduca\/wp-content\/uploads\/2024\/01\/av15-1536x864.jpg 1536w, https:\/\/www.fundacioncanal.com\/canaleduca\/wp-content\/uploads\/2024\/01\/av15-1500x844.jpg 1500w, https:\/\/www.fundacioncanal.com\/canaleduca\/wp-content\/uploads\/2024\/01\/av15-705x397.jpg 705w\" sizes=\"(max-width: 1774px) 100vw, 1774px\" \/><\/div><\/div><\/div><br \/>\n\n<style type=\"text\/css\" data-created_by=\"avia_inline_auto\" id=\"style-css-av-lu8xrqpa-c8d9deb96a7b14888607b6a54311269e\">\n#top .av_textblock_section.av-lu8xrqpa-c8d9deb96a7b14888607b6a54311269e .avia_textblock{\nfont-size:12px;\ncolor:#ffffff;\n}\n<\/style>\n<section  class='av_textblock_section av-lu8xrqpa-c8d9deb96a7b14888607b6a54311269e '   itemscope=\"itemscope\" itemtype=\"https:\/\/schema.org\/CreativeWork\" ><div class='avia_textblock video-corto av_inherit_color'  itemprop=\"text\" ><p>V\u00eddeo corto<\/p>\n<\/div><\/section><br \/>\n\n<style type=\"text\/css\" data-created_by=\"avia_inline_auto\" id=\"style-css-av-lu8xvr7t-1300ee410581dd1d6234b3c80cc93363\">\n#top .av-special-heading.av-lu8xvr7t-1300ee410581dd1d6234b3c80cc93363{\npadding-bottom:0;\ncolor:#0092d0;\nfont-size:18px;\n}\nbody .av-special-heading.av-lu8xvr7t-1300ee410581dd1d6234b3c80cc93363 .av-special-heading-tag .heading-char{\nfont-size:25px;\n}\n#top #wrap_all .av-special-heading.av-lu8xvr7t-1300ee410581dd1d6234b3c80cc93363 .av-special-heading-tag{\nfont-size:18px;\n}\n.av-special-heading.av-lu8xvr7t-1300ee410581dd1d6234b3c80cc93363 .special-heading-inner-border{\nborder-color:#0092d0;\n}\n.av-special-heading.av-lu8xvr7t-1300ee410581dd1d6234b3c80cc93363 .av-subheading{\nfont-size:15px;\n}\n\n@media only screen and (min-width: 480px) and (max-width: 767px){ \n#top #wrap_all .av-special-heading.av-lu8xvr7t-1300ee410581dd1d6234b3c80cc93363 .av-special-heading-tag{\nfont-size:0.8em;\n}\n}\n\n@media only screen and (max-width: 479px){ \n#top #wrap_all .av-special-heading.av-lu8xvr7t-1300ee410581dd1d6234b3c80cc93363 .av-special-heading-tag{\nfont-size:0.8em;\n}\n}\n<\/style>\n<div  id=\"sinmargen\"  class='av-special-heading av-lu8xvr7t-1300ee410581dd1d6234b3c80cc93363 av-special-heading-h4 custom-color-heading blockquote modern-quote  avia-builder-el-15  el_after_av_textblock  avia-builder-el-last  av-inherit-size'><h4 class='av-special-heading-tag '  itemprop=\"headline\"  >Ecosistemas lagunares. Lagos finlandeses<\/h4><div class='av_custom_color av-subheading av-subheading_below'><p><strong>Todas las etapas<\/strong><\/p>\n<\/div><div class=\"special-heading-border\"><div class=\"special-heading-inner-border\"><\/div><\/div><\/div><\/p><\/div><div class='av-flex-placeholder'><\/div>\n<style type=\"text\/css\" data-created_by=\"avia_inline_auto\" id=\"style-css-av-77sa0jv-01d187a8f4229a45648cf337df36f4a7\">\n.flex_column.av-77sa0jv-01d187a8f4229a45648cf337df36f4a7{\nwidth:22.75%;\nmargin-left:0;\n}\n#top .flex_column_table.av-equal-height-column-flextable.av-77sa0jv-01d187a8f4229a45648cf337df36f4a7 .av-flex-placeholder{\nwidth:3%;\n}\n<\/style>\n<div  class='flex_column av-77sa0jv-01d187a8f4229a45648cf337df36f4a7 av_one_fourth  avia-builder-el-16  el_after_av_one_fourth  el_before_av_one_fourth  flex_column_table_cell av-equal-height-column av-align-top avia-link-column av-column-link avia-link-column-hover  column-top-margin'    data-link-column-url=\"https:\/\/www.fundacioncanal.com\/canaleduca\/recursos-didacticos\/humedales-lagunas-de-ruidera\/\"  data-link-column-target=\"_blank\"   ><a class=\"av-screen-reader-only\" href=https:\/\/www.fundacioncanal.com\/canaleduca\/recursos-didacticos\/humedales-lagunas-de-ruidera\/  target=\"_blank\" >Link to: Humedales. Lagunas de Ruidera<\/a><p>\n<style type=\"text\/css\" data-created_by=\"avia_inline_auto\" id=\"style-css-av-6uqj097-003ff362cc3f9e3ed605b295f1671dfd\">\n.avia-image-container.av-6uqj097-003ff362cc3f9e3ed605b295f1671dfd img.avia_image{\nbox-shadow:none;\n}\n.avia-image-container.av-6uqj097-003ff362cc3f9e3ed605b295f1671dfd .av-image-caption-overlay-center{\ncolor:#ffffff;\n}\n<\/style>\n<div  class='avia-image-container av-6uqj097-003ff362cc3f9e3ed605b295f1671dfd av-styling- avia-align-center  avia-builder-el-17  el_before_av_textblock  avia-builder-el-first '   itemprop=\"image\" itemscope=\"itemscope\" itemtype=\"https:\/\/schema.org\/ImageObject\" ><div class=\"avia-image-container-inner\"><div class=\"avia-image-overlay-wrap\"><img decoding=\"async\" fetchpriority=\"high\" class='wp-image-33445 avia-img-lazy-loading-not-33445 avia_image ' src=\"https:\/\/www.fundacioncanal.com\/canaleduca\/wp-content\/uploads\/2024\/01\/av16.jpg\" alt='av16' title='av16'  height=\"998\" width=\"1774\"  itemprop=\"thumbnailUrl\" srcset=\"https:\/\/www.fundacioncanal.com\/canaleduca\/wp-content\/uploads\/2024\/01\/av16.jpg 1774w, https:\/\/www.fundacioncanal.com\/canaleduca\/wp-content\/uploads\/2024\/01\/av16-300x169.jpg 300w, https:\/\/www.fundacioncanal.com\/canaleduca\/wp-content\/uploads\/2024\/01\/av16-1030x579.jpg 1030w, https:\/\/www.fundacioncanal.com\/canaleduca\/wp-content\/uploads\/2024\/01\/av16-768x432.jpg 768w, https:\/\/www.fundacioncanal.com\/canaleduca\/wp-content\/uploads\/2024\/01\/av16-1536x864.jpg 1536w, https:\/\/www.fundacioncanal.com\/canaleduca\/wp-content\/uploads\/2024\/01\/av16-1500x844.jpg 1500w, https:\/\/www.fundacioncanal.com\/canaleduca\/wp-content\/uploads\/2024\/01\/av16-705x397.jpg 705w\" sizes=\"(max-width: 1774px) 100vw, 1774px\" \/><\/div><\/div><\/div><br \/>\n\n<style type=\"text\/css\" data-created_by=\"avia_inline_auto\" id=\"style-css-av-6dwdl9n-6c791ce3e8fd5d938bd0a1c33c6408bd\">\n#top .av_textblock_section.av-6dwdl9n-6c791ce3e8fd5d938bd0a1c33c6408bd .avia_textblock{\nfont-size:12px;\ncolor:#ffffff;\n}\n<\/style>\n<section  class='av_textblock_section av-6dwdl9n-6c791ce3e8fd5d938bd0a1c33c6408bd '   itemscope=\"itemscope\" itemtype=\"https:\/\/schema.org\/CreativeWork\" ><div class='avia_textblock video-corto av_inherit_color'  itemprop=\"text\" ><p>V\u00eddeo corto<\/p>\n<\/div><\/section><br \/>\n\n<style type=\"text\/css\" data-created_by=\"avia_inline_auto\" id=\"style-css-av-5wu6tm3-829c7c25ee5eeb87b286bf3a1cf5089a\">\n#top .av-special-heading.av-5wu6tm3-829c7c25ee5eeb87b286bf3a1cf5089a{\npadding-bottom:0;\ncolor:#0092d0;\nfont-size:18px;\n}\nbody .av-special-heading.av-5wu6tm3-829c7c25ee5eeb87b286bf3a1cf5089a .av-special-heading-tag .heading-char{\nfont-size:25px;\n}\n#top #wrap_all .av-special-heading.av-5wu6tm3-829c7c25ee5eeb87b286bf3a1cf5089a .av-special-heading-tag{\nfont-size:18px;\n}\n.av-special-heading.av-5wu6tm3-829c7c25ee5eeb87b286bf3a1cf5089a .special-heading-inner-border{\nborder-color:#0092d0;\n}\n.av-special-heading.av-5wu6tm3-829c7c25ee5eeb87b286bf3a1cf5089a .av-subheading{\nfont-size:15px;\n}\n\n@media only screen and (min-width: 480px) and (max-width: 767px){ \n#top #wrap_all .av-special-heading.av-5wu6tm3-829c7c25ee5eeb87b286bf3a1cf5089a .av-special-heading-tag{\nfont-size:0.8em;\n}\n}\n\n@media only screen and (max-width: 479px){ \n#top #wrap_all .av-special-heading.av-5wu6tm3-829c7c25ee5eeb87b286bf3a1cf5089a .av-special-heading-tag{\nfont-size:0.8em;\n}\n}\n<\/style>\n<div  id=\"sinmargen\"  class='av-special-heading av-5wu6tm3-829c7c25ee5eeb87b286bf3a1cf5089a av-special-heading-h4 custom-color-heading blockquote modern-quote  avia-builder-el-19  el_after_av_textblock  avia-builder-el-last  av-inherit-size'><h4 class='av-special-heading-tag '  itemprop=\"headline\"  >Humedales. Lagunas de Ruidera<\/h4><div class='av_custom_color av-subheading av-subheading_below'><p><strong>Todas las etapas<\/strong><\/p>\n<\/div><div class=\"special-heading-border\"><div class=\"special-heading-inner-border\"><\/div><\/div><\/div><\/p><\/div><div class='av-flex-placeholder'><\/div>\n<style type=\"text\/css\" data-created_by=\"avia_inline_auto\" id=\"style-css-av-3r70yqz-7bf73f519e1a68ec204ab93fe4661379\">\n.flex_column.av-3r70yqz-7bf73f519e1a68ec204ab93fe4661379{\nwidth:22.75%;\nmargin-left:0;\n}\n#top .flex_column_table.av-equal-height-column-flextable.av-3r70yqz-7bf73f519e1a68ec204ab93fe4661379 .av-flex-placeholder{\nwidth:3%;\n}\n<\/style>\n<div  class='flex_column av-3r70yqz-7bf73f519e1a68ec204ab93fe4661379 av_one_fourth  avia-builder-el-20  el_after_av_one_fourth  el_before_av_one_fourth  flex_column_table_cell av-equal-height-column av-align-top avia-link-column av-column-link avia-link-column-hover  column-top-margin'    data-link-column-url=\"https:\/\/www.fundacioncanal.com\/canaleduca\/recursos-didacticos\/ecosistemas-aridos\/\"  data-link-column-target=\"_blank\"   ><a class=\"av-screen-reader-only\" href=https:\/\/www.fundacioncanal.com\/canaleduca\/recursos-didacticos\/ecosistemas-aridos\/  target=\"_blank\" >Link to: Ecosistemas \u00e1ridos<\/a><p>\n<style type=\"text\/css\" data-created_by=\"avia_inline_auto\" id=\"style-css-av-lu8yj97p-f1425abc597d2161221cda5b80e80b31\">\n.avia-image-container.av-lu8yj97p-f1425abc597d2161221cda5b80e80b31 img.avia_image{\nbox-shadow:none;\n}\n.avia-image-container.av-lu8yj97p-f1425abc597d2161221cda5b80e80b31 .av-image-caption-overlay-center{\ncolor:#ffffff;\n}\n<\/style>\n<div  class='avia-image-container av-lu8yj97p-f1425abc597d2161221cda5b80e80b31 av-styling- avia-align-center  avia-builder-el-21  el_before_av_textblock  avia-builder-el-first '   itemprop=\"image\" itemscope=\"itemscope\" itemtype=\"https:\/\/schema.org\/ImageObject\" ><div class=\"avia-image-container-inner\"><div class=\"avia-image-overlay-wrap\"><img decoding=\"async\" fetchpriority=\"high\" class='wp-image-33449 avia-img-lazy-loading-not-33449 avia_image ' src=\"https:\/\/www.fundacioncanal.com\/canaleduca\/wp-content\/uploads\/2024\/01\/av17.jpg\" alt='av17' title='av17'  height=\"998\" width=\"1774\"  itemprop=\"thumbnailUrl\" srcset=\"https:\/\/www.fundacioncanal.com\/canaleduca\/wp-content\/uploads\/2024\/01\/av17.jpg 1774w, https:\/\/www.fundacioncanal.com\/canaleduca\/wp-content\/uploads\/2024\/01\/av17-300x169.jpg 300w, https:\/\/www.fundacioncanal.com\/canaleduca\/wp-content\/uploads\/2024\/01\/av17-1030x579.jpg 1030w, https:\/\/www.fundacioncanal.com\/canaleduca\/wp-content\/uploads\/2024\/01\/av17-768x432.jpg 768w, https:\/\/www.fundacioncanal.com\/canaleduca\/wp-content\/uploads\/2024\/01\/av17-1536x864.jpg 1536w, https:\/\/www.fundacioncanal.com\/canaleduca\/wp-content\/uploads\/2024\/01\/av17-1500x844.jpg 1500w, https:\/\/www.fundacioncanal.com\/canaleduca\/wp-content\/uploads\/2024\/01\/av17-705x397.jpg 705w\" sizes=\"(max-width: 1774px) 100vw, 1774px\" \/><\/div><\/div><\/div><br \/>\n\n<style type=\"text\/css\" data-created_by=\"avia_inline_auto\" id=\"style-css-av-3aj8vxn-4ac1acb0a6441a43ebc490b412cb7558\">\n#top .av_textblock_section.av-3aj8vxn-4ac1acb0a6441a43ebc490b412cb7558 .avia_textblock{\nfont-size:12px;\ncolor:#ffffff;\n}\n<\/style>\n<section  class='av_textblock_section av-3aj8vxn-4ac1acb0a6441a43ebc490b412cb7558 '   itemscope=\"itemscope\" itemtype=\"https:\/\/schema.org\/CreativeWork\" ><div class='avia_textblock video-corto av_inherit_color'  itemprop=\"text\" ><p>V\u00eddeo corto<\/p>\n<\/div><\/section><br \/>\n\n<style type=\"text\/css\" data-created_by=\"avia_inline_auto\" id=\"style-css-av-lu8yjo9a-500500ea4f92acbb9a7c79450f66a3a9\">\n#top .av-special-heading.av-lu8yjo9a-500500ea4f92acbb9a7c79450f66a3a9{\npadding-bottom:0;\ncolor:#0092d0;\nfont-size:18px;\n}\nbody .av-special-heading.av-lu8yjo9a-500500ea4f92acbb9a7c79450f66a3a9 .av-special-heading-tag .heading-char{\nfont-size:25px;\n}\n#top #wrap_all .av-special-heading.av-lu8yjo9a-500500ea4f92acbb9a7c79450f66a3a9 .av-special-heading-tag{\nfont-size:18px;\n}\n.av-special-heading.av-lu8yjo9a-500500ea4f92acbb9a7c79450f66a3a9 .special-heading-inner-border{\nborder-color:#0092d0;\n}\n.av-special-heading.av-lu8yjo9a-500500ea4f92acbb9a7c79450f66a3a9 .av-subheading{\nfont-size:15px;\n}\n\n@media only screen and (min-width: 480px) and (max-width: 767px){ \n#top #wrap_all .av-special-heading.av-lu8yjo9a-500500ea4f92acbb9a7c79450f66a3a9 .av-special-heading-tag{\nfont-size:0.8em;\n}\n}\n\n@media only screen and (max-width: 479px){ \n#top #wrap_all .av-special-heading.av-lu8yjo9a-500500ea4f92acbb9a7c79450f66a3a9 .av-special-heading-tag{\nfont-size:0.8em;\n}\n}\n<\/style>\n<div  id=\"sinmargen\"  class='av-special-heading av-lu8yjo9a-500500ea4f92acbb9a7c79450f66a3a9 av-special-heading-h4 custom-color-heading blockquote modern-quote  avia-builder-el-23  el_after_av_textblock  avia-builder-el-last  av-inherit-size'><h4 class='av-special-heading-tag '  itemprop=\"headline\"  >Ecosistemas \u00e1ridos<\/h4><div class='av_custom_color av-subheading av-subheading_below'><p><strong>Todas las etapas<\/strong><\/p>\n<\/div><div class=\"special-heading-border\"><div class=\"special-heading-inner-border\"><\/div><\/div><\/div><\/p><\/div><div class='av-flex-placeholder'><\/div>\n<style type=\"text\/css\" data-created_by=\"avia_inline_auto\" id=\"style-css-av-2djy9d7-6a47a3e11ecd2548400d1a86e2d0d8c4\">\n.flex_column.av-2djy9d7-6a47a3e11ecd2548400d1a86e2d0d8c4{\nwidth:22.75%;\nmargin-left:0;\n}\n#top .flex_column_table.av-equal-height-column-flextable.av-2djy9d7-6a47a3e11ecd2548400d1a86e2d0d8c4 .av-flex-placeholder{\nwidth:3%;\n}\n<\/style>\n<div  class='flex_column av-2djy9d7-6a47a3e11ecd2548400d1a86e2d0d8c4 av_one_fourth  avia-builder-el-24  el_after_av_one_fourth  el_before_av_one_fourth  flex_column_table_cell av-equal-height-column av-align-top avia-link-column av-column-link avia-link-column-hover  column-top-margin'    data-link-column-url=\"https:\/\/www.fundacioncanal.com\/canaleduca\/recursos-didacticos\/formacion-de-estalactitas-y-estalagmitas\/\"  data-link-column-target=\"_blank\"   ><a class=\"av-screen-reader-only\" href=https:\/\/www.fundacioncanal.com\/canaleduca\/recursos-didacticos\/formacion-de-estalactitas-y-estalagmitas\/  target=\"_blank\" >Link to: Formaci\u00f3n de estalactitas y estalagmitas<\/a><p>\n<style type=\"text\/css\" data-created_by=\"avia_inline_auto\" id=\"style-css-av-29mddpn-fdc2b708cc40fef4897c681863b5c965\">\n.avia-image-container.av-29mddpn-fdc2b708cc40fef4897c681863b5c965 img.avia_image{\nbox-shadow:none;\n}\n.avia-image-container.av-29mddpn-fdc2b708cc40fef4897c681863b5c965 .av-image-caption-overlay-center{\ncolor:#ffffff;\n}\n<\/style>\n<div  class='avia-image-container av-29mddpn-fdc2b708cc40fef4897c681863b5c965 av-styling- avia-align-center  avia-builder-el-25  el_before_av_textblock  avia-builder-el-first '   itemprop=\"image\" itemscope=\"itemscope\" itemtype=\"https:\/\/schema.org\/ImageObject\" ><div class=\"avia-image-container-inner\"><div class=\"avia-image-overlay-wrap\"><img decoding=\"async\" fetchpriority=\"high\" class='wp-image-33450 avia-img-lazy-loading-not-33450 avia_image ' src=\"https:\/\/www.fundacioncanal.com\/canaleduca\/wp-content\/uploads\/2024\/01\/av18.jpg\" alt='av18' title='av18'  height=\"998\" width=\"1774\"  itemprop=\"thumbnailUrl\" srcset=\"https:\/\/www.fundacioncanal.com\/canaleduca\/wp-content\/uploads\/2024\/01\/av18.jpg 1774w, https:\/\/www.fundacioncanal.com\/canaleduca\/wp-content\/uploads\/2024\/01\/av18-300x169.jpg 300w, https:\/\/www.fundacioncanal.com\/canaleduca\/wp-content\/uploads\/2024\/01\/av18-1030x579.jpg 1030w, https:\/\/www.fundacioncanal.com\/canaleduca\/wp-content\/uploads\/2024\/01\/av18-768x432.jpg 768w, https:\/\/www.fundacioncanal.com\/canaleduca\/wp-content\/uploads\/2024\/01\/av18-1536x864.jpg 1536w, https:\/\/www.fundacioncanal.com\/canaleduca\/wp-content\/uploads\/2024\/01\/av18-1500x844.jpg 1500w, https:\/\/www.fundacioncanal.com\/canaleduca\/wp-content\/uploads\/2024\/01\/av18-705x397.jpg 705w\" sizes=\"(max-width: 1774px) 100vw, 1774px\" \/><\/div><\/div><\/div><br \/>\n\n<style type=\"text\/css\" data-created_by=\"avia_inline_auto\" id=\"style-css-av-1pf03yj-edc177b725c79a86b9cdc8326f987dff\">\n#top .av_textblock_section.av-1pf03yj-edc177b725c79a86b9cdc8326f987dff .avia_textblock{\nfont-size:12px;\ncolor:#ffffff;\n}\n<\/style>\n<section  class='av_textblock_section av-1pf03yj-edc177b725c79a86b9cdc8326f987dff '   itemscope=\"itemscope\" itemtype=\"https:\/\/schema.org\/CreativeWork\" ><div class='avia_textblock video-corto av_inherit_color'  itemprop=\"text\" ><p>V\u00eddeo corto<\/p>\n<\/div><\/section><br \/>\n\n<style type=\"text\/css\" data-created_by=\"avia_inline_auto\" id=\"style-css-av-10bitgr-d8a41553ffc7a1fa5074a7907745dbef\">\n#top .av-special-heading.av-10bitgr-d8a41553ffc7a1fa5074a7907745dbef{\npadding-bottom:0;\ncolor:#0092d0;\nfont-size:18px;\n}\nbody .av-special-heading.av-10bitgr-d8a41553ffc7a1fa5074a7907745dbef .av-special-heading-tag .heading-char{\nfont-size:25px;\n}\n#top #wrap_all .av-special-heading.av-10bitgr-d8a41553ffc7a1fa5074a7907745dbef .av-special-heading-tag{\nfont-size:18px;\n}\n.av-special-heading.av-10bitgr-d8a41553ffc7a1fa5074a7907745dbef .special-heading-inner-border{\nborder-color:#0092d0;\n}\n.av-special-heading.av-10bitgr-d8a41553ffc7a1fa5074a7907745dbef .av-subheading{\nfont-size:15px;\n}\n\n@media only screen and (min-width: 480px) and (max-width: 767px){ \n#top #wrap_all .av-special-heading.av-10bitgr-d8a41553ffc7a1fa5074a7907745dbef .av-special-heading-tag{\nfont-size:0.8em;\n}\n}\n\n@media only screen and (max-width: 479px){ \n#top #wrap_all .av-special-heading.av-10bitgr-d8a41553ffc7a1fa5074a7907745dbef .av-special-heading-tag{\nfont-size:0.8em;\n}\n}\n<\/style>\n<div  id=\"sinmargen\"  class='av-special-heading av-10bitgr-d8a41553ffc7a1fa5074a7907745dbef av-special-heading-h4 custom-color-heading blockquote modern-quote  avia-builder-el-27  el_after_av_textblock  avia-builder-el-last  av-inherit-size'><h4 class='av-special-heading-tag '  itemprop=\"headline\"  >Formaci\u00f3n de estalactitas y estalagmitas<\/h4><div class='av_custom_color av-subheading av-subheading_below'><p><strong>Todas las etapas<\/strong><\/p>\n<\/div><div class=\"special-heading-border\"><div class=\"special-heading-inner-border\"><\/div><\/div><\/div><\/p><\/div><\/div><!--close column table wrapper. Autoclose: 1 --><div class='flex_column_table av-6c7l8ej-640217221d8c593ceb278abbd2642189 sc-av_one_fourth av-equal-height-column-flextable'>\n<style type=\"text\/css\" data-created_by=\"avia_inline_auto\" id=\"style-css-av-6c7l8ej-640217221d8c593ceb278abbd2642189\">\n.flex_column.av-6c7l8ej-640217221d8c593ceb278abbd2642189{\nwidth:22.75%;\nmargin-left:0;\n}\n#top .flex_column_table.av-equal-height-column-flextable.av-6c7l8ej-640217221d8c593ceb278abbd2642189 .av-flex-placeholder{\nwidth:3%;\n}\n<\/style>\n<div  class='flex_column av-6c7l8ej-640217221d8c593ceb278abbd2642189 av_one_fourth  avia-builder-el-28  el_after_av_one_fourth  el_before_av_one_fourth  first flex_column_table_cell av-equal-height-column av-align-top avia-link-column av-column-link avia-link-column-hover  column-top-margin'    data-link-column-url=\"https:\/\/www.fundacioncanal.com\/canaleduca\/recursos-didacticos\/acuiferos\/\"  data-link-column-target=\"_blank\"   ><a class=\"av-screen-reader-only\" href=https:\/\/www.fundacioncanal.com\/canaleduca\/recursos-didacticos\/acuiferos\/  target=\"_blank\" >Link to: Acu\u00edferos<\/a><p>\n<style type=\"text\/css\" data-created_by=\"avia_inline_auto\" id=\"style-css-av-5vyr4vf-d846872e49f9334cbfec28ca824350e8\">\n.avia-image-container.av-5vyr4vf-d846872e49f9334cbfec28ca824350e8 img.avia_image{\nbox-shadow:none;\n}\n.avia-image-container.av-5vyr4vf-d846872e49f9334cbfec28ca824350e8 .av-image-caption-overlay-center{\ncolor:#ffffff;\n}\n<\/style>\n<div  class='avia-image-container av-5vyr4vf-d846872e49f9334cbfec28ca824350e8 av-styling- avia-align-center  avia-builder-el-29  el_before_av_textblock  avia-builder-el-first '   itemprop=\"image\" itemscope=\"itemscope\" itemtype=\"https:\/\/schema.org\/ImageObject\" ><div class=\"avia-image-container-inner\"><div class=\"avia-image-overlay-wrap\"><img decoding=\"async\" fetchpriority=\"high\" class='wp-image-33452 avia-img-lazy-loading-not-33452 avia_image ' src=\"https:\/\/www.fundacioncanal.com\/canaleduca\/wp-content\/uploads\/2024\/01\/av19.jpg\" alt='av19' title='av19'  height=\"998\" width=\"1774\"  itemprop=\"thumbnailUrl\" srcset=\"https:\/\/www.fundacioncanal.com\/canaleduca\/wp-content\/uploads\/2024\/01\/av19.jpg 1774w, https:\/\/www.fundacioncanal.com\/canaleduca\/wp-content\/uploads\/2024\/01\/av19-300x169.jpg 300w, https:\/\/www.fundacioncanal.com\/canaleduca\/wp-content\/uploads\/2024\/01\/av19-1030x579.jpg 1030w, https:\/\/www.fundacioncanal.com\/canaleduca\/wp-content\/uploads\/2024\/01\/av19-768x432.jpg 768w, https:\/\/www.fundacioncanal.com\/canaleduca\/wp-content\/uploads\/2024\/01\/av19-1536x864.jpg 1536w, https:\/\/www.fundacioncanal.com\/canaleduca\/wp-content\/uploads\/2024\/01\/av19-1500x844.jpg 1500w, https:\/\/www.fundacioncanal.com\/canaleduca\/wp-content\/uploads\/2024\/01\/av19-705x397.jpg 705w\" sizes=\"(max-width: 1774px) 100vw, 1774px\" \/><\/div><\/div><\/div><br \/>\n\n<style type=\"text\/css\" data-created_by=\"avia_inline_auto\" id=\"style-css-av-5dqal9n-2b8d252266f3b2142b17a3789af0462d\">\n#top .av_textblock_section.av-5dqal9n-2b8d252266f3b2142b17a3789af0462d .avia_textblock{\nfont-size:12px;\ncolor:#ffffff;\n}\n<\/style>\n<section  class='av_textblock_section av-5dqal9n-2b8d252266f3b2142b17a3789af0462d '   itemscope=\"itemscope\" itemtype=\"https:\/\/schema.org\/CreativeWork\" ><div class='avia_textblock video-corto av_inherit_color'  itemprop=\"text\" ><p>V\u00eddeo corto<\/p>\n<\/div><\/section><br \/>\n\n<style type=\"text\/css\" data-created_by=\"avia_inline_auto\" id=\"style-css-av-4os4223-d7f337622409b181b72222f64df6a19f\">\n#top .av-special-heading.av-4os4223-d7f337622409b181b72222f64df6a19f{\npadding-bottom:0;\ncolor:#0092d0;\nfont-size:18px;\n}\nbody .av-special-heading.av-4os4223-d7f337622409b181b72222f64df6a19f .av-special-heading-tag .heading-char{\nfont-size:25px;\n}\n#top #wrap_all .av-special-heading.av-4os4223-d7f337622409b181b72222f64df6a19f .av-special-heading-tag{\nfont-size:18px;\n}\n.av-special-heading.av-4os4223-d7f337622409b181b72222f64df6a19f .special-heading-inner-border{\nborder-color:#0092d0;\n}\n.av-special-heading.av-4os4223-d7f337622409b181b72222f64df6a19f .av-subheading{\nfont-size:15px;\n}\n\n@media only screen and (min-width: 480px) and (max-width: 767px){ \n#top #wrap_all .av-special-heading.av-4os4223-d7f337622409b181b72222f64df6a19f .av-special-heading-tag{\nfont-size:0.8em;\n}\n}\n\n@media only screen and (max-width: 479px){ \n#top #wrap_all .av-special-heading.av-4os4223-d7f337622409b181b72222f64df6a19f .av-special-heading-tag{\nfont-size:0.8em;\n}\n}\n<\/style>\n<div  id=\"sinmargen\"  class='av-special-heading av-4os4223-d7f337622409b181b72222f64df6a19f av-special-heading-h4 custom-color-heading blockquote modern-quote  avia-builder-el-31  el_after_av_textblock  avia-builder-el-last  av-inherit-size'><h4 class='av-special-heading-tag '  itemprop=\"headline\"  >Acu\u00edferos<\/h4><div class='av_custom_color av-subheading av-subheading_below'><p><strong>Todas las etapas<\/strong><\/p>\n<\/div><div class=\"special-heading-border\"><div class=\"special-heading-inner-border\"><\/div><\/div><\/div><\/p><\/div><div class='av-flex-placeholder'><\/div>\n<style type=\"text\/css\" data-created_by=\"avia_inline_auto\" id=\"style-css-av-46uugmj-3eafa67c9afeca42cc633d3ba116997e\">\n.flex_column.av-46uugmj-3eafa67c9afeca42cc633d3ba116997e{\nwidth:22.75%;\nmargin-left:0;\n}\n#top .flex_column_table.av-equal-height-column-flextable.av-46uugmj-3eafa67c9afeca42cc633d3ba116997e .av-flex-placeholder{\nwidth:3%;\n}\n<\/style>\n<div  class='flex_column av-46uugmj-3eafa67c9afeca42cc633d3ba116997e av_one_fourth  avia-builder-el-32  el_after_av_one_fourth  el_before_av_one_fourth  flex_column_table_cell av-equal-height-column av-align-top avia-link-column av-column-link avia-link-column-hover  column-top-margin'    data-link-column-url=\"https:\/\/www.fundacioncanal.com\/canaleduca\/recursos-didacticos\/corrientes-marinas\/\"  data-link-column-target=\"_blank\"   ><a class=\"av-screen-reader-only\" href=https:\/\/www.fundacioncanal.com\/canaleduca\/recursos-didacticos\/corrientes-marinas\/  target=\"_blank\" >Link to: Corrientes marinas<\/a><p>\n<style type=\"text\/css\" data-created_by=\"avia_inline_auto\" id=\"style-css-av-3znqm5n-c71c58b884067cedbbb849098ccdd33b\">\n.avia-image-container.av-3znqm5n-c71c58b884067cedbbb849098ccdd33b img.avia_image{\nbox-shadow:none;\n}\n.avia-image-container.av-3znqm5n-c71c58b884067cedbbb849098ccdd33b .av-image-caption-overlay-center{\ncolor:#ffffff;\n}\n<\/style>\n<div  class='avia-image-container av-3znqm5n-c71c58b884067cedbbb849098ccdd33b av-styling- avia-align-center  avia-builder-el-33  el_before_av_textblock  avia-builder-el-first '   itemprop=\"image\" itemscope=\"itemscope\" itemtype=\"https:\/\/schema.org\/ImageObject\" ><div class=\"avia-image-container-inner\"><div class=\"avia-image-overlay-wrap\"><img decoding=\"async\" fetchpriority=\"high\" class='wp-image-33455 avia-img-lazy-loading-not-33455 avia_image ' src=\"https:\/\/www.fundacioncanal.com\/canaleduca\/wp-content\/uploads\/2024\/01\/av80.jpg\" alt='av80' title='av80'  height=\"998\" width=\"1774\"  itemprop=\"thumbnailUrl\" srcset=\"https:\/\/www.fundacioncanal.com\/canaleduca\/wp-content\/uploads\/2024\/01\/av80.jpg 1774w, https:\/\/www.fundacioncanal.com\/canaleduca\/wp-content\/uploads\/2024\/01\/av80-300x169.jpg 300w, https:\/\/www.fundacioncanal.com\/canaleduca\/wp-content\/uploads\/2024\/01\/av80-1030x579.jpg 1030w, https:\/\/www.fundacioncanal.com\/canaleduca\/wp-content\/uploads\/2024\/01\/av80-768x432.jpg 768w, https:\/\/www.fundacioncanal.com\/canaleduca\/wp-content\/uploads\/2024\/01\/av80-1536x864.jpg 1536w, https:\/\/www.fundacioncanal.com\/canaleduca\/wp-content\/uploads\/2024\/01\/av80-1500x844.jpg 1500w, https:\/\/www.fundacioncanal.com\/canaleduca\/wp-content\/uploads\/2024\/01\/av80-705x397.jpg 705w\" sizes=\"(max-width: 1774px) 100vw, 1774px\" \/><\/div><\/div><\/div><br \/>\n\n<style type=\"text\/css\" data-created_by=\"avia_inline_auto\" id=\"style-css-av-3n6vx6z-3ba24744e71e1643ecbc29fe67e0b13e\">\n#top .av_textblock_section.av-3n6vx6z-3ba24744e71e1643ecbc29fe67e0b13e .avia_textblock{\nfont-size:12px;\ncolor:#ffffff;\n}\n<\/style>\n<section  class='av_textblock_section av-3n6vx6z-3ba24744e71e1643ecbc29fe67e0b13e '   itemscope=\"itemscope\" itemtype=\"https:\/\/schema.org\/CreativeWork\" ><div class='avia_textblock video-corto av_inherit_color'  itemprop=\"text\" ><p>V\u00eddeo corto<\/p>\n<\/div><\/section><br \/>\n\n<style type=\"text\/css\" data-created_by=\"avia_inline_auto\" id=\"style-css-av-2zodtaj-41f11facac11ee4b08004514ea44fd59\">\n#top .av-special-heading.av-2zodtaj-41f11facac11ee4b08004514ea44fd59{\npadding-bottom:0;\ncolor:#0092d0;\nfont-size:18px;\n}\nbody .av-special-heading.av-2zodtaj-41f11facac11ee4b08004514ea44fd59 .av-special-heading-tag .heading-char{\nfont-size:25px;\n}\n#top #wrap_all .av-special-heading.av-2zodtaj-41f11facac11ee4b08004514ea44fd59 .av-special-heading-tag{\nfont-size:18px;\n}\n.av-special-heading.av-2zodtaj-41f11facac11ee4b08004514ea44fd59 .special-heading-inner-border{\nborder-color:#0092d0;\n}\n.av-special-heading.av-2zodtaj-41f11facac11ee4b08004514ea44fd59 .av-subheading{\nfont-size:15px;\n}\n\n@media only screen and (min-width: 480px) and (max-width: 767px){ \n#top #wrap_all .av-special-heading.av-2zodtaj-41f11facac11ee4b08004514ea44fd59 .av-special-heading-tag{\nfont-size:0.8em;\n}\n}\n\n@media only screen and (max-width: 479px){ \n#top #wrap_all .av-special-heading.av-2zodtaj-41f11facac11ee4b08004514ea44fd59 .av-special-heading-tag{\nfont-size:0.8em;\n}\n}\n<\/style>\n<div  id=\"sinmargen\"  class='av-special-heading av-2zodtaj-41f11facac11ee4b08004514ea44fd59 av-special-heading-h4 custom-color-heading blockquote modern-quote  avia-builder-el-35  el_after_av_textblock  avia-builder-el-last  av-inherit-size'><h4 class='av-special-heading-tag '  itemprop=\"headline\"  >Corrientes marinas<\/h4><div class='av_custom_color av-subheading av-subheading_below'><p>A partir de: <strong>Segundo ciclo de Primaria<\/strong><\/p>\n<\/div><div class=\"special-heading-border\"><div class=\"special-heading-inner-border\"><\/div><\/div><\/div><\/p><\/div><div class='av-flex-placeholder'><\/div>\n<style type=\"text\/css\" data-created_by=\"avia_inline_auto\" id=\"style-css-av-2ff1t8r-4918c0fdb13ef63111884cbb8b4a2e57\">\n.flex_column.av-2ff1t8r-4918c0fdb13ef63111884cbb8b4a2e57{\nwidth:22.75%;\nmargin-left:0;\n}\n#top .flex_column_table.av-equal-height-column-flextable.av-2ff1t8r-4918c0fdb13ef63111884cbb8b4a2e57 .av-flex-placeholder{\nwidth:3%;\n}\n<\/style>\n<div  class='flex_column av-2ff1t8r-4918c0fdb13ef63111884cbb8b4a2e57 av_one_fourth  avia-builder-el-36  el_after_av_one_fourth  el_before_av_one_fourth  flex_column_table_cell av-equal-height-column av-align-top avia-link-column av-column-link avia-link-column-hover  column-top-margin'    data-link-column-url=\"https:\/\/www.fundacioncanal.com\/canaleduca\/recursos-didacticos\/arrecifes-de-coral\/\"  data-link-column-target=\"_blank\"   ><a class=\"av-screen-reader-only\" href=https:\/\/www.fundacioncanal.com\/canaleduca\/recursos-didacticos\/arrecifes-de-coral\/  target=\"_blank\" >Link to: Arrecifes de coral<\/a><p>\n<style type=\"text\/css\" data-created_by=\"avia_inline_auto\" id=\"style-css-av-222xv0r-6617c17568100549e4bda4b1fa1b1a92\">\n.avia-image-container.av-222xv0r-6617c17568100549e4bda4b1fa1b1a92 img.avia_image{\nbox-shadow:none;\n}\n.avia-image-container.av-222xv0r-6617c17568100549e4bda4b1fa1b1a92 .av-image-caption-overlay-center{\ncolor:#ffffff;\n}\n<\/style>\n<div  class='avia-image-container av-222xv0r-6617c17568100549e4bda4b1fa1b1a92 av-styling- avia-align-center  avia-builder-el-37  el_before_av_textblock  avia-builder-el-first '   itemprop=\"image\" itemscope=\"itemscope\" itemtype=\"https:\/\/schema.org\/ImageObject\" ><div class=\"avia-image-container-inner\"><div class=\"avia-image-overlay-wrap\"><img decoding=\"async\" fetchpriority=\"high\" class='wp-image-33457 avia-img-lazy-loading-not-33457 avia_image ' src=\"https:\/\/www.fundacioncanal.com\/canaleduca\/wp-content\/uploads\/2024\/01\/av81.jpg\" alt='av81' title='av81'  height=\"998\" width=\"1774\"  itemprop=\"thumbnailUrl\" srcset=\"https:\/\/www.fundacioncanal.com\/canaleduca\/wp-content\/uploads\/2024\/01\/av81.jpg 1774w, https:\/\/www.fundacioncanal.com\/canaleduca\/wp-content\/uploads\/2024\/01\/av81-300x169.jpg 300w, https:\/\/www.fundacioncanal.com\/canaleduca\/wp-content\/uploads\/2024\/01\/av81-1030x579.jpg 1030w, https:\/\/www.fundacioncanal.com\/canaleduca\/wp-content\/uploads\/2024\/01\/av81-768x432.jpg 768w, https:\/\/www.fundacioncanal.com\/canaleduca\/wp-content\/uploads\/2024\/01\/av81-1536x864.jpg 1536w, https:\/\/www.fundacioncanal.com\/canaleduca\/wp-content\/uploads\/2024\/01\/av81-1500x844.jpg 1500w, https:\/\/www.fundacioncanal.com\/canaleduca\/wp-content\/uploads\/2024\/01\/av81-705x397.jpg 705w\" sizes=\"(max-width: 1774px) 100vw, 1774px\" \/><\/div><\/div><\/div><br \/>\n\n<style type=\"text\/css\" data-created_by=\"avia_inline_auto\" id=\"style-css-av-1gniii3-85ac7b47596951242fb8f8d322b6b642\">\n#top .av_textblock_section.av-1gniii3-85ac7b47596951242fb8f8d322b6b642 .avia_textblock{\nfont-size:12px;\ncolor:#ffffff;\n}\n<\/style>\n<section  class='av_textblock_section av-1gniii3-85ac7b47596951242fb8f8d322b6b642 '   itemscope=\"itemscope\" itemtype=\"https:\/\/schema.org\/CreativeWork\" ><div class='avia_textblock video-corto av_inherit_color'  itemprop=\"text\" ><p>V\u00eddeo corto<\/p>\n<\/div><\/section><br \/>\n\n<style type=\"text\/css\" data-created_by=\"avia_inline_auto\" id=\"style-css-av-113brez-eac926f724eb6fd41954f081df990dc0\">\n#top .av-special-heading.av-113brez-eac926f724eb6fd41954f081df990dc0{\npadding-bottom:0;\ncolor:#0092d0;\nfont-size:18px;\n}\nbody .av-special-heading.av-113brez-eac926f724eb6fd41954f081df990dc0 .av-special-heading-tag .heading-char{\nfont-size:25px;\n}\n#top #wrap_all .av-special-heading.av-113brez-eac926f724eb6fd41954f081df990dc0 .av-special-heading-tag{\nfont-size:18px;\n}\n.av-special-heading.av-113brez-eac926f724eb6fd41954f081df990dc0 .special-heading-inner-border{\nborder-color:#0092d0;\n}\n.av-special-heading.av-113brez-eac926f724eb6fd41954f081df990dc0 .av-subheading{\nfont-size:15px;\n}\n\n@media only screen and (min-width: 480px) and (max-width: 767px){ \n#top #wrap_all .av-special-heading.av-113brez-eac926f724eb6fd41954f081df990dc0 .av-special-heading-tag{\nfont-size:0.8em;\n}\n}\n\n@media only screen and (max-width: 479px){ \n#top #wrap_all .av-special-heading.av-113brez-eac926f724eb6fd41954f081df990dc0 .av-special-heading-tag{\nfont-size:0.8em;\n}\n}\n<\/style>\n<div  id=\"sinmargen\"  class='av-special-heading av-113brez-eac926f724eb6fd41954f081df990dc0 av-special-heading-h4 custom-color-heading blockquote modern-quote  avia-builder-el-39  el_after_av_textblock  avia-builder-el-last  av-inherit-size'><h4 class='av-special-heading-tag '  itemprop=\"headline\"  >Arrecifes de coral<\/h4><div class='av_custom_color av-subheading av-subheading_below'><p><strong>Todas las etapas<\/strong><\/p>\n<\/div><div class=\"special-heading-border\"><div class=\"special-heading-inner-border\"><\/div><\/div><\/div><\/p><\/div><div class='av-flex-placeholder'><\/div>\n<style type=\"text\/css\" data-created_by=\"avia_inline_auto\" id=\"style-css-av-qvi5vv-d94836e6ac6f64f8b8ea3f0e722b681d\">\n.flex_column.av-qvi5vv-d94836e6ac6f64f8b8ea3f0e722b681d{\nwidth:22.75%;\nmargin-left:0;\n}\n#top .flex_column_table.av-equal-height-column-flextable.av-qvi5vv-d94836e6ac6f64f8b8ea3f0e722b681d .av-flex-placeholder{\nwidth:3%;\n}\n<\/style>\n<div  class='flex_column av-qvi5vv-d94836e6ac6f64f8b8ea3f0e722b681d av_one_fourth  avia-builder-el-40  el_after_av_one_fourth  el_before_av_one_fourth  flex_column_table_cell av-equal-height-column av-align-top  column-top-margin'     ><\/div><\/div><!--close column table wrapper. Autoclose: 1 --><div class='flex_column_table av-4inadsb-5e773e2e9540f3e1912a1af96c0085ee sc-av_one_fourth av-equal-height-column-flextable'>\n<style type=\"text\/css\" data-created_by=\"avia_inline_auto\" id=\"style-css-av-4inadsb-5e773e2e9540f3e1912a1af96c0085ee\">\n.flex_column.av-4inadsb-5e773e2e9540f3e1912a1af96c0085ee{\nwidth:22.75%;\nmargin-left:0;\n}\n#top .flex_column_table.av-equal-height-column-flextable.av-4inadsb-5e773e2e9540f3e1912a1af96c0085ee .av-flex-placeholder{\nwidth:3%;\n}\n<\/style>\n<div  class='flex_column av-4inadsb-5e773e2e9540f3e1912a1af96c0085ee av_one_fourth  avia-builder-el-41  el_after_av_one_fourth  el_before_av_one_fourth  first flex_column_table_cell av-equal-height-column av-align-top avia-link-column av-column-link avia-link-column-hover  column-top-margin'    data-link-column-url=\"https:\/\/www.fundacioncanal.com\/canaleduca\/recursos-didacticos\/el-mar-como-reserva-de-biodiversidad-y-sumidero-de-carbono\/\"  data-link-column-target=\"_blank\"   ><a class=\"av-screen-reader-only\" href=https:\/\/www.fundacioncanal.com\/canaleduca\/recursos-didacticos\/el-mar-como-reserva-de-biodiversidad-y-sumidero-de-carbono\/  target=\"_blank\" >Link to: El mar como reserva de biodiversidad y sumidero de carbono<\/a><p>\n<style type=\"text\/css\" data-created_by=\"avia_inline_auto\" id=\"style-css-av-lu9a7jno-99ffa777ecef3f95842550509b38421b\">\n.avia-image-container.av-lu9a7jno-99ffa777ecef3f95842550509b38421b img.avia_image{\nbox-shadow:none;\n}\n.avia-image-container.av-lu9a7jno-99ffa777ecef3f95842550509b38421b .av-image-caption-overlay-center{\ncolor:#ffffff;\n}\n<\/style>\n<div  class='avia-image-container av-lu9a7jno-99ffa777ecef3f95842550509b38421b av-styling- avia-align-center  avia-builder-el-42  el_before_av_textblock  avia-builder-el-first '   itemprop=\"image\" itemscope=\"itemscope\" itemtype=\"https:\/\/schema.org\/ImageObject\" ><div class=\"avia-image-container-inner\"><div class=\"avia-image-overlay-wrap\"><img decoding=\"async\" fetchpriority=\"high\" class='wp-image-35730 avia-img-lazy-loading-not-35730 avia_image ' src=\"https:\/\/www.fundacioncanal.com\/canaleduca\/wp-content\/uploads\/2024\/03\/av04-adela.jpg\" alt='av04 adela' title='av04 adela'  height=\"998\" width=\"1774\"  itemprop=\"thumbnailUrl\" srcset=\"https:\/\/www.fundacioncanal.com\/canaleduca\/wp-content\/uploads\/2024\/03\/av04-adela.jpg 1774w, https:\/\/www.fundacioncanal.com\/canaleduca\/wp-content\/uploads\/2024\/03\/av04-adela-300x169.jpg 300w, https:\/\/www.fundacioncanal.com\/canaleduca\/wp-content\/uploads\/2024\/03\/av04-adela-1030x579.jpg 1030w, https:\/\/www.fundacioncanal.com\/canaleduca\/wp-content\/uploads\/2024\/03\/av04-adela-768x432.jpg 768w, https:\/\/www.fundacioncanal.com\/canaleduca\/wp-content\/uploads\/2024\/03\/av04-adela-1536x864.jpg 1536w, https:\/\/www.fundacioncanal.com\/canaleduca\/wp-content\/uploads\/2024\/03\/av04-adela-1500x844.jpg 1500w, https:\/\/www.fundacioncanal.com\/canaleduca\/wp-content\/uploads\/2024\/03\/av04-adela-705x397.jpg 705w\" sizes=\"(max-width: 1774px) 100vw, 1774px\" \/><\/div><\/div><\/div><br \/>\n\n<style type=\"text\/css\" data-created_by=\"avia_inline_auto\" id=\"style-css-av-lu9a5yvq-421a73d606f84fc54564674b8144dc64\">\n#top .av_textblock_section.av-lu9a5yvq-421a73d606f84fc54564674b8144dc64 .avia_textblock{\nfont-size:12px;\ncolor:#ffffff;\n}\n<\/style>\n<section  class='av_textblock_section av-lu9a5yvq-421a73d606f84fc54564674b8144dc64 '   itemscope=\"itemscope\" itemtype=\"https:\/\/schema.org\/CreativeWork\" ><div class='avia_textblock video-blog av_inherit_color'  itemprop=\"text\" ><p>Videoblog<\/p>\n<\/div><\/section><br \/>\n\n<style type=\"text\/css\" data-created_by=\"avia_inline_auto\" id=\"style-css-av-lu9a6inr-251ece4ecff91f32741fc52e10cac5a2\">\n#top .av-special-heading.av-lu9a6inr-251ece4ecff91f32741fc52e10cac5a2{\npadding-bottom:0;\ncolor:#0092d0;\nfont-size:18px;\n}\nbody .av-special-heading.av-lu9a6inr-251ece4ecff91f32741fc52e10cac5a2 .av-special-heading-tag .heading-char{\nfont-size:25px;\n}\n#top #wrap_all .av-special-heading.av-lu9a6inr-251ece4ecff91f32741fc52e10cac5a2 .av-special-heading-tag{\nfont-size:18px;\n}\n.av-special-heading.av-lu9a6inr-251ece4ecff91f32741fc52e10cac5a2 .special-heading-inner-border{\nborder-color:#0092d0;\n}\n.av-special-heading.av-lu9a6inr-251ece4ecff91f32741fc52e10cac5a2 .av-subheading{\nfont-size:15px;\n}\n\n@media only screen and (min-width: 480px) and (max-width: 767px){ \n#top #wrap_all .av-special-heading.av-lu9a6inr-251ece4ecff91f32741fc52e10cac5a2 .av-special-heading-tag{\nfont-size:0.8em;\n}\n}\n\n@media only screen and (max-width: 479px){ \n#top #wrap_all .av-special-heading.av-lu9a6inr-251ece4ecff91f32741fc52e10cac5a2 .av-special-heading-tag{\nfont-size:0.8em;\n}\n}\n<\/style>\n<div  id=\"sinmargen\"  class='av-special-heading av-lu9a6inr-251ece4ecff91f32741fc52e10cac5a2 av-special-heading-h4 custom-color-heading blockquote modern-quote  avia-builder-el-44  el_after_av_textblock  avia-builder-el-last  av-inherit-size'><h4 class='av-special-heading-tag '  itemprop=\"headline\"  >El mar como reserva de biodiversidad y sumidero de carbono<\/h4><div class='av_custom_color av-subheading av-subheading_below'><p>A partir de: <strong>Tercer ciclo de Primaria<\/strong><\/p>\n<\/div><div class=\"special-heading-border\"><div class=\"special-heading-inner-border\"><\/div><\/div><\/div><\/p><\/div><div class='av-flex-placeholder'><\/div>\n<style type=\"text\/css\" data-created_by=\"avia_inline_auto\" id=\"style-css-av-3vj6yq3-8668ef98879b9fbd3d06f10931972f47\">\n.flex_column.av-3vj6yq3-8668ef98879b9fbd3d06f10931972f47{\nwidth:22.75%;\nmargin-left:0;\n}\n#top .flex_column_table.av-equal-height-column-flextable.av-3vj6yq3-8668ef98879b9fbd3d06f10931972f47 .av-flex-placeholder{\nwidth:3%;\n}\n<\/style>\n<div  class='flex_column av-3vj6yq3-8668ef98879b9fbd3d06f10931972f47 av_one_fourth  avia-builder-el-45  el_after_av_one_fourth  el_before_av_one_fourth  flex_column_table_cell av-equal-height-column av-align-top avia-link-column av-column-link avia-link-column-hover  column-top-margin'    data-link-column-url=\"https:\/\/www.fundacioncanal.com\/canaleduca\/recursos-didacticos\/recuperar-los-ecosistemas\/\"  data-link-column-target=\"_blank\"   ><a class=\"av-screen-reader-only\" href=https:\/\/www.fundacioncanal.com\/canaleduca\/recursos-didacticos\/recuperar-los-ecosistemas\/  target=\"_blank\" >Link to: Recuperar los ecosistemas<\/a><p>\n<style type=\"text\/css\" data-created_by=\"avia_inline_auto\" id=\"style-css-av-lu9a8syq-68e9a5c9ea13645c2554576b1c81c603\">\n.avia-image-container.av-lu9a8syq-68e9a5c9ea13645c2554576b1c81c603 img.avia_image{\nbox-shadow:none;\n}\n.avia-image-container.av-lu9a8syq-68e9a5c9ea13645c2554576b1c81c603 .av-image-caption-overlay-center{\ncolor:#ffffff;\n}\n<\/style>\n<div  class='avia-image-container av-lu9a8syq-68e9a5c9ea13645c2554576b1c81c603 av-styling- avia-align-center  avia-builder-el-46  el_before_av_textblock  avia-builder-el-first '   itemprop=\"image\" itemscope=\"itemscope\" itemtype=\"https:\/\/schema.org\/ImageObject\" ><div class=\"avia-image-container-inner\"><div class=\"avia-image-overlay-wrap\"><img decoding=\"async\" fetchpriority=\"high\" class='wp-image-35735 avia-img-lazy-loading-not-35735 avia_image ' src=\"https:\/\/www.fundacioncanal.com\/canaleduca\/wp-content\/uploads\/2024\/03\/av12-adela.jpg\" alt='av12 adela' title='av12 adela'  height=\"998\" width=\"1774\"  itemprop=\"thumbnailUrl\" srcset=\"https:\/\/www.fundacioncanal.com\/canaleduca\/wp-content\/uploads\/2024\/03\/av12-adela.jpg 1774w, https:\/\/www.fundacioncanal.com\/canaleduca\/wp-content\/uploads\/2024\/03\/av12-adela-300x169.jpg 300w, https:\/\/www.fundacioncanal.com\/canaleduca\/wp-content\/uploads\/2024\/03\/av12-adela-1030x579.jpg 1030w, https:\/\/www.fundacioncanal.com\/canaleduca\/wp-content\/uploads\/2024\/03\/av12-adela-768x432.jpg 768w, https:\/\/www.fundacioncanal.com\/canaleduca\/wp-content\/uploads\/2024\/03\/av12-adela-1536x864.jpg 1536w, https:\/\/www.fundacioncanal.com\/canaleduca\/wp-content\/uploads\/2024\/03\/av12-adela-1500x844.jpg 1500w, https:\/\/www.fundacioncanal.com\/canaleduca\/wp-content\/uploads\/2024\/03\/av12-adela-705x397.jpg 705w\" sizes=\"(max-width: 1774px) 100vw, 1774px\" \/><\/div><\/div><\/div><br \/>\n\n<style type=\"text\/css\" data-created_by=\"avia_inline_auto\" id=\"style-css-av-3h910p7-4ee081fc373ebbe406527c297bec94fd\">\n#top .av_textblock_section.av-3h910p7-4ee081fc373ebbe406527c297bec94fd .avia_textblock{\nfont-size:12px;\ncolor:#ffffff;\n}\n<\/style>\n<section  class='av_textblock_section av-3h910p7-4ee081fc373ebbe406527c297bec94fd '   itemscope=\"itemscope\" itemtype=\"https:\/\/schema.org\/CreativeWork\" ><div class='avia_textblock video-blog av_inherit_color'  itemprop=\"text\" ><p>Videoblog<\/p>\n<\/div><\/section><br \/>\n\n<style type=\"text\/css\" data-created_by=\"avia_inline_auto\" id=\"style-css-av-lu9a97ih-4a302cc9d39222e93b6d74fdfee1252c\">\n#top .av-special-heading.av-lu9a97ih-4a302cc9d39222e93b6d74fdfee1252c{\npadding-bottom:0;\ncolor:#0092d0;\nfont-size:18px;\n}\nbody .av-special-heading.av-lu9a97ih-4a302cc9d39222e93b6d74fdfee1252c .av-special-heading-tag .heading-char{\nfont-size:25px;\n}\n#top #wrap_all .av-special-heading.av-lu9a97ih-4a302cc9d39222e93b6d74fdfee1252c .av-special-heading-tag{\nfont-size:18px;\n}\n.av-special-heading.av-lu9a97ih-4a302cc9d39222e93b6d74fdfee1252c .special-heading-inner-border{\nborder-color:#0092d0;\n}\n.av-special-heading.av-lu9a97ih-4a302cc9d39222e93b6d74fdfee1252c .av-subheading{\nfont-size:15px;\n}\n\n@media only screen and (min-width: 480px) and (max-width: 767px){ \n#top #wrap_all .av-special-heading.av-lu9a97ih-4a302cc9d39222e93b6d74fdfee1252c .av-special-heading-tag{\nfont-size:0.8em;\n}\n}\n\n@media only screen and (max-width: 479px){ \n#top #wrap_all .av-special-heading.av-lu9a97ih-4a302cc9d39222e93b6d74fdfee1252c .av-special-heading-tag{\nfont-size:0.8em;\n}\n}\n<\/style>\n<div  id=\"sinmargen\"  class='av-special-heading av-lu9a97ih-4a302cc9d39222e93b6d74fdfee1252c av-special-heading-h4 custom-color-heading blockquote modern-quote  avia-builder-el-48  el_after_av_textblock  avia-builder-el-last  av-inherit-size'><h4 class='av-special-heading-tag '  itemprop=\"headline\"  >Recuperar los ecosistemas<\/h4><div class='av_custom_color av-subheading av-subheading_below'><p>A partir de: <strong>Tercer ciclo de Primaria<\/strong><\/p>\n<\/div><div class=\"special-heading-border\"><div class=\"special-heading-inner-border\"><\/div><\/div><\/div><\/p><\/div><div class='av-flex-placeholder'><\/div>\n<style type=\"text\/css\" data-created_by=\"avia_inline_auto\" id=\"style-css-av-zfsex7-6b42bb848516d03373fe8b0e26b5f259\">\n.flex_column.av-zfsex7-6b42bb848516d03373fe8b0e26b5f259{\nwidth:22.75%;\nmargin-left:0;\n}\n#top .flex_column_table.av-equal-height-column-flextable.av-zfsex7-6b42bb848516d03373fe8b0e26b5f259 .av-flex-placeholder{\nwidth:3%;\n}\n<\/style>\n<div  class='flex_column av-zfsex7-6b42bb848516d03373fe8b0e26b5f259 av_one_fourth  avia-builder-el-49  el_after_av_one_fourth  el_before_av_one_fourth  flex_column_table_cell av-equal-height-column av-align-top avia-link-column av-column-link avia-link-column-hover  column-top-margin'    data-link-column-url=\"https:\/\/www.fundacioncanal.com\/canaleduca\/recursos-didacticos\/salvemos-nuestros-glaciares-2\/\"  data-link-column-target=\"_blank\"   ><a class=\"av-screen-reader-only\" href=https:\/\/www.fundacioncanal.com\/canaleduca\/recursos-didacticos\/salvemos-nuestros-glaciares-2\/  target=\"_blank\" >Link to: Salvemos nuestros glaciares<\/a><p>\n<style type=\"text\/css\" data-created_by=\"avia_inline_auto\" id=\"style-css-av-m8g6b7bk-9c7c5ff442c4a3776f1b74e337ec955f\">\n.avia-image-container.av-m8g6b7bk-9c7c5ff442c4a3776f1b74e337ec955f img.avia_image{\nbox-shadow:none;\n}\n.avia-image-container.av-m8g6b7bk-9c7c5ff442c4a3776f1b74e337ec955f .av-image-caption-overlay-center{\ncolor:#ffffff;\n}\n<\/style>\n<div  class='avia-image-container av-m8g6b7bk-9c7c5ff442c4a3776f1b74e337ec955f av-styling- avia-align-center  avia-builder-el-50  el_before_av_textblock  avia-builder-el-first '   itemprop=\"image\" itemscope=\"itemscope\" itemtype=\"https:\/\/schema.org\/ImageObject\" ><div class=\"avia-image-container-inner\"><div class=\"avia-image-overlay-wrap\"><img decoding=\"async\" fetchpriority=\"high\" class='wp-image-38538 avia-img-lazy-loading-not-38538 avia_image ' src=\"https:\/\/www.fundacioncanal.com\/canaleduca\/wp-content\/uploads\/2025\/03\/Salvemos-nuestros-glaciares.jpg\" alt='Salvemos nuestros glaciares' title='Salvemos nuestros glaciares'  height=\"998\" width=\"1774\"  itemprop=\"thumbnailUrl\" srcset=\"https:\/\/www.fundacioncanal.com\/canaleduca\/wp-content\/uploads\/2025\/03\/Salvemos-nuestros-glaciares.jpg 1774w, https:\/\/www.fundacioncanal.com\/canaleduca\/wp-content\/uploads\/2025\/03\/Salvemos-nuestros-glaciares-300x169.jpg 300w, https:\/\/www.fundacioncanal.com\/canaleduca\/wp-content\/uploads\/2025\/03\/Salvemos-nuestros-glaciares-1030x579.jpg 1030w, https:\/\/www.fundacioncanal.com\/canaleduca\/wp-content\/uploads\/2025\/03\/Salvemos-nuestros-glaciares-768x432.jpg 768w, https:\/\/www.fundacioncanal.com\/canaleduca\/wp-content\/uploads\/2025\/03\/Salvemos-nuestros-glaciares-1536x864.jpg 1536w, https:\/\/www.fundacioncanal.com\/canaleduca\/wp-content\/uploads\/2025\/03\/Salvemos-nuestros-glaciares-1500x844.jpg 1500w, https:\/\/www.fundacioncanal.com\/canaleduca\/wp-content\/uploads\/2025\/03\/Salvemos-nuestros-glaciares-705x397.jpg 705w\" sizes=\"(max-width: 1774px) 100vw, 1774px\" \/><\/div><\/div><\/div><br \/>\n\n<style type=\"text\/css\" data-created_by=\"avia_inline_auto\" id=\"style-css-av-m8g6cgqz-75b9d58c7fadb07a3bebb15272cb9e9b\">\n#top .av_textblock_section.av-m8g6cgqz-75b9d58c7fadb07a3bebb15272cb9e9b .avia_textblock{\nfont-size:12px;\ncolor:#ffffff;\n}\n<\/style>\n<section  class='av_textblock_section av-m8g6cgqz-75b9d58c7fadb07a3bebb15272cb9e9b '   itemscope=\"itemscope\" itemtype=\"https:\/\/schema.org\/CreativeWork\" ><div class='avia_textblock video-blog av_inherit_color'  itemprop=\"text\" ><p>V\u00eddeoblog<\/p>\n<\/div><\/section><br \/>\n\n<style type=\"text\/css\" data-created_by=\"avia_inline_auto\" id=\"style-css-av-m8g6c3k3-a9bacc5c753626bf7af185f41a56cc3f\">\n#top .av-special-heading.av-m8g6c3k3-a9bacc5c753626bf7af185f41a56cc3f{\npadding-bottom:0;\ncolor:#0092d0;\nfont-size:18px;\n}\nbody .av-special-heading.av-m8g6c3k3-a9bacc5c753626bf7af185f41a56cc3f .av-special-heading-tag .heading-char{\nfont-size:25px;\n}\n#top #wrap_all .av-special-heading.av-m8g6c3k3-a9bacc5c753626bf7af185f41a56cc3f .av-special-heading-tag{\nfont-size:18px;\n}\n.av-special-heading.av-m8g6c3k3-a9bacc5c753626bf7af185f41a56cc3f .special-heading-inner-border{\nborder-color:#0092d0;\n}\n.av-special-heading.av-m8g6c3k3-a9bacc5c753626bf7af185f41a56cc3f .av-subheading{\nfont-size:15px;\n}\n\n@media only screen and (min-width: 480px) and (max-width: 767px){ \n#top #wrap_all .av-special-heading.av-m8g6c3k3-a9bacc5c753626bf7af185f41a56cc3f .av-special-heading-tag{\nfont-size:0.8em;\n}\n}\n\n@media only screen and (max-width: 479px){ \n#top #wrap_all .av-special-heading.av-m8g6c3k3-a9bacc5c753626bf7af185f41a56cc3f .av-special-heading-tag{\nfont-size:0.8em;\n}\n}\n<\/style>\n<div  id=\"sinmargen\"  class='av-special-heading av-m8g6c3k3-a9bacc5c753626bf7af185f41a56cc3f av-special-heading-h4 custom-color-heading blockquote modern-quote  avia-builder-el-52  el_after_av_textblock  avia-builder-el-last  av-inherit-size'><h4 class='av-special-heading-tag '  itemprop=\"headline\"  >Salvemos nuestros glaciares<\/h4><div class='av_custom_color av-subheading av-subheading_below'><p>A partir de: <strong>Tercer ciclo de Primaria<\/strong><\/p>\n<\/div><div class=\"special-heading-border\"><div class=\"special-heading-inner-border\"><\/div><\/div><\/div><\/p><\/div><div class='av-flex-placeholder'><\/div>\n<style type=\"text\/css\" data-created_by=\"avia_inline_auto\" id=\"style-css-av-16ndeob-27a29e9fa405611255aee6bd75ca4ac9\">\n.flex_column.av-16ndeob-27a29e9fa405611255aee6bd75ca4ac9{\nwidth:22.75%;\nmargin-left:0;\n}\n#top .flex_column_table.av-equal-height-column-flextable.av-16ndeob-27a29e9fa405611255aee6bd75ca4ac9 .av-flex-placeholder{\nwidth:3%;\n}\n<\/style>\n<div  class='flex_column av-16ndeob-27a29e9fa405611255aee6bd75ca4ac9 av_one_fourth  avia-builder-el-53  el_after_av_one_fourth  el_before_av_one_fourth  flex_column_table_cell av-equal-height-column av-align-top avia-link-column av-column-link avia-link-column-hover  column-top-margin'    data-link-column-url=\"https:\/\/www.fundacioncanal.com\/canaleduca\/recursos-didacticos\/suelos-vivos-2\/\"  data-link-column-target=\"_blank\"   ><a class=\"av-screen-reader-only\" href=https:\/\/www.fundacioncanal.com\/canaleduca\/recursos-didacticos\/suelos-vivos-2\/  target=\"_blank\" >Link to: Suelos vivos<\/a><p>\n<style type=\"text\/css\" data-created_by=\"avia_inline_auto\" id=\"style-css-av-mbjiwxg4-13b3d4de20b81b244dc74c0c16cc9d5b\">\n.avia-image-container.av-mbjiwxg4-13b3d4de20b81b244dc74c0c16cc9d5b img.avia_image{\nbox-shadow:none;\n}\n.avia-image-container.av-mbjiwxg4-13b3d4de20b81b244dc74c0c16cc9d5b .av-image-caption-overlay-center{\ncolor:#ffffff;\n}\n<\/style>\n<div  class='avia-image-container av-mbjiwxg4-13b3d4de20b81b244dc74c0c16cc9d5b av-styling- avia-align-center  avia-builder-el-54  el_before_av_textblock  avia-builder-el-first '   itemprop=\"image\" itemscope=\"itemscope\" itemtype=\"https:\/\/schema.org\/ImageObject\" ><div class=\"avia-image-container-inner\"><div class=\"avia-image-overlay-wrap\"><img decoding=\"async\" fetchpriority=\"high\" class='wp-image-38690 avia-img-lazy-loading-not-38690 avia_image ' src=\"https:\/\/www.fundacioncanal.com\/canaleduca\/wp-content\/uploads\/2025\/06\/suelos-vivos.jpg\" alt='suelos vivos' title='suelos vivos'  height=\"998\" width=\"1774\"  itemprop=\"thumbnailUrl\" srcset=\"https:\/\/www.fundacioncanal.com\/canaleduca\/wp-content\/uploads\/2025\/06\/suelos-vivos.jpg 1774w, https:\/\/www.fundacioncanal.com\/canaleduca\/wp-content\/uploads\/2025\/06\/suelos-vivos-300x169.jpg 300w, https:\/\/www.fundacioncanal.com\/canaleduca\/wp-content\/uploads\/2025\/06\/suelos-vivos-1030x579.jpg 1030w, https:\/\/www.fundacioncanal.com\/canaleduca\/wp-content\/uploads\/2025\/06\/suelos-vivos-768x432.jpg 768w, https:\/\/www.fundacioncanal.com\/canaleduca\/wp-content\/uploads\/2025\/06\/suelos-vivos-1536x864.jpg 1536w, https:\/\/www.fundacioncanal.com\/canaleduca\/wp-content\/uploads\/2025\/06\/suelos-vivos-1500x844.jpg 1500w, https:\/\/www.fundacioncanal.com\/canaleduca\/wp-content\/uploads\/2025\/06\/suelos-vivos-705x397.jpg 705w\" sizes=\"(max-width: 1774px) 100vw, 1774px\" \/><\/div><\/div><\/div><br \/>\n\n<style type=\"text\/css\" data-created_by=\"avia_inline_auto\" id=\"style-css-av-sdg1aj-e1f5253bf93a4798ff6adc59df0b1148\">\n#top .av_textblock_section.av-sdg1aj-e1f5253bf93a4798ff6adc59df0b1148 .avia_textblock{\nfont-size:12px;\ncolor:#ffffff;\n}\n<\/style>\n<section  class='av_textblock_section av-sdg1aj-e1f5253bf93a4798ff6adc59df0b1148 '   itemscope=\"itemscope\" itemtype=\"https:\/\/schema.org\/CreativeWork\" ><div class='avia_textblock video-blog av_inherit_color'  itemprop=\"text\" ><p>V\u00eddeoblog<\/p>\n<\/div><\/section><br \/>\n\n<style type=\"text\/css\" data-created_by=\"avia_inline_auto\" id=\"style-css-av-mbjirw3i-033198af21de698f86aad3e54a8f222f\">\n#top .av-special-heading.av-mbjirw3i-033198af21de698f86aad3e54a8f222f{\npadding-bottom:0;\ncolor:#0092d0;\nfont-size:18px;\n}\nbody .av-special-heading.av-mbjirw3i-033198af21de698f86aad3e54a8f222f .av-special-heading-tag .heading-char{\nfont-size:25px;\n}\n#top #wrap_all .av-special-heading.av-mbjirw3i-033198af21de698f86aad3e54a8f222f .av-special-heading-tag{\nfont-size:18px;\n}\n.av-special-heading.av-mbjirw3i-033198af21de698f86aad3e54a8f222f .special-heading-inner-border{\nborder-color:#0092d0;\n}\n.av-special-heading.av-mbjirw3i-033198af21de698f86aad3e54a8f222f .av-subheading{\nfont-size:15px;\n}\n\n@media only screen and (min-width: 480px) and (max-width: 767px){ \n#top #wrap_all .av-special-heading.av-mbjirw3i-033198af21de698f86aad3e54a8f222f .av-special-heading-tag{\nfont-size:0.8em;\n}\n}\n\n@media only screen and (max-width: 479px){ \n#top #wrap_all .av-special-heading.av-mbjirw3i-033198af21de698f86aad3e54a8f222f .av-special-heading-tag{\nfont-size:0.8em;\n}\n}\n<\/style>\n<div  id=\"sinmargen\"  class='av-special-heading av-mbjirw3i-033198af21de698f86aad3e54a8f222f av-special-heading-h4 custom-color-heading blockquote modern-quote  avia-builder-el-56  el_after_av_textblock  avia-builder-el-last  av-inherit-size'><h4 class='av-special-heading-tag '  itemprop=\"headline\"  >Suelos vivos<\/h4><div class='av_custom_color av-subheading av-subheading_below'><p>A partir de: <strong>Tercer ciclo de Primaria<\/strong><\/p>\n<\/div><div class=\"special-heading-border\"><div class=\"special-heading-inner-border\"><\/div><\/div><\/div><\/p><\/div><\/div><!--close column table wrapper. Autoclose: 1 --><div class='flex_column_table av-2mc5kqz-f7d3e41310b258b6d8f20b2ab1a80dfe sc-av_one_fourth av-equal-height-column-flextable'>\n<style type=\"text\/css\" data-created_by=\"avia_inline_auto\" id=\"style-css-av-2mc5kqz-f7d3e41310b258b6d8f20b2ab1a80dfe\">\n.flex_column.av-2mc5kqz-f7d3e41310b258b6d8f20b2ab1a80dfe{\nwidth:22.75%;\nmargin-left:0;\n}\n#top .flex_column_table.av-equal-height-column-flextable.av-2mc5kqz-f7d3e41310b258b6d8f20b2ab1a80dfe .av-flex-placeholder{\nwidth:3%;\n}\n<\/style>\n<div  class='flex_column av-2mc5kqz-f7d3e41310b258b6d8f20b2ab1a80dfe av_one_fourth  avia-builder-el-57  el_after_av_one_fourth  el_before_av_one_fourth  first flex_column_table_cell av-equal-height-column av-align-top avia-link-column av-column-link avia-link-column-hover  column-top-margin'    data-link-column-url=\"https:\/\/www.fundacioncanal.com\/canaleduca\/recursos-didacticos\/naturaleza-y-salud\/\"  data-link-column-target=\"_blank\"   ><a class=\"av-screen-reader-only\" href=https:\/\/www.fundacioncanal.com\/canaleduca\/recursos-didacticos\/naturaleza-y-salud\/  target=\"_blank\" >Link to: Naturaleza y salud<\/a><p>\n<style type=\"text\/css\" data-created_by=\"avia_inline_auto\" id=\"style-css-av-mfeer6kl-95b2a747a30cc7522dd9aa5616135eba\">\n.avia-image-container.av-mfeer6kl-95b2a747a30cc7522dd9aa5616135eba img.avia_image{\nbox-shadow:none;\n}\n.avia-image-container.av-mfeer6kl-95b2a747a30cc7522dd9aa5616135eba .av-image-caption-overlay-center{\ncolor:#ffffff;\n}\n<\/style>\n<div  class='avia-image-container av-mfeer6kl-95b2a747a30cc7522dd9aa5616135eba av-styling- avia-align-center  avia-builder-el-58  el_before_av_textblock  avia-builder-el-first '   itemprop=\"image\" itemscope=\"itemscope\" itemtype=\"https:\/\/schema.org\/ImageObject\" ><div class=\"avia-image-container-inner\"><div class=\"avia-image-overlay-wrap\"><img decoding=\"async\" fetchpriority=\"high\" class='wp-image-39494 avia-img-lazy-loading-not-39494 avia_image ' src=\"https:\/\/www.fundacioncanal.com\/canaleduca\/wp-content\/uploads\/2025\/09\/naturaleza-salud.jpg\" alt='naturaleza salud' title='naturaleza salud'  height=\"998\" width=\"1774\"  itemprop=\"thumbnailUrl\" srcset=\"https:\/\/www.fundacioncanal.com\/canaleduca\/wp-content\/uploads\/2025\/09\/naturaleza-salud.jpg 1774w, https:\/\/www.fundacioncanal.com\/canaleduca\/wp-content\/uploads\/2025\/09\/naturaleza-salud-300x169.jpg 300w, https:\/\/www.fundacioncanal.com\/canaleduca\/wp-content\/uploads\/2025\/09\/naturaleza-salud-1030x579.jpg 1030w, https:\/\/www.fundacioncanal.com\/canaleduca\/wp-content\/uploads\/2025\/09\/naturaleza-salud-768x432.jpg 768w, https:\/\/www.fundacioncanal.com\/canaleduca\/wp-content\/uploads\/2025\/09\/naturaleza-salud-1536x864.jpg 1536w, https:\/\/www.fundacioncanal.com\/canaleduca\/wp-content\/uploads\/2025\/09\/naturaleza-salud-1500x844.jpg 1500w, https:\/\/www.fundacioncanal.com\/canaleduca\/wp-content\/uploads\/2025\/09\/naturaleza-salud-705x397.jpg 705w\" sizes=\"(max-width: 1774px) 100vw, 1774px\" \/><\/div><\/div><\/div><br \/>\n\n<style type=\"text\/css\" data-created_by=\"avia_inline_auto\" id=\"style-css-av-1web6ej-fbcabcfb887ebb44f2d9ff710a552845\">\n#top .av_textblock_section.av-1web6ej-fbcabcfb887ebb44f2d9ff710a552845 .avia_textblock{\nfont-size:12px;\ncolor:#ffffff;\n}\n<\/style>\n<section  class='av_textblock_section av-1web6ej-fbcabcfb887ebb44f2d9ff710a552845 '   itemscope=\"itemscope\" itemtype=\"https:\/\/schema.org\/CreativeWork\" ><div class='avia_textblock video-blog av_inherit_color'  itemprop=\"text\" ><p>V\u00eddeoblog<\/p>\n<\/div><\/section><br \/>\n\n<style type=\"text\/css\" data-created_by=\"avia_inline_auto\" id=\"style-css-av-mfeerkhn-35e783578573458390091f220589aa22\">\n#top .av-special-heading.av-mfeerkhn-35e783578573458390091f220589aa22{\npadding-bottom:0;\ncolor:#0092d0;\nfont-size:18px;\n}\nbody .av-special-heading.av-mfeerkhn-35e783578573458390091f220589aa22 .av-special-heading-tag .heading-char{\nfont-size:25px;\n}\n#top #wrap_all .av-special-heading.av-mfeerkhn-35e783578573458390091f220589aa22 .av-special-heading-tag{\nfont-size:18px;\n}\n.av-special-heading.av-mfeerkhn-35e783578573458390091f220589aa22 .special-heading-inner-border{\nborder-color:#0092d0;\n}\n.av-special-heading.av-mfeerkhn-35e783578573458390091f220589aa22 .av-subheading{\nfont-size:15px;\n}\n\n@media only screen and (min-width: 480px) and (max-width: 767px){ \n#top #wrap_all .av-special-heading.av-mfeerkhn-35e783578573458390091f220589aa22 .av-special-heading-tag{\nfont-size:0.8em;\n}\n}\n\n@media only screen and (max-width: 479px){ \n#top #wrap_all .av-special-heading.av-mfeerkhn-35e783578573458390091f220589aa22 .av-special-heading-tag{\nfont-size:0.8em;\n}\n}\n<\/style>\n<div  id=\"sinmargen\"  class='av-special-heading av-mfeerkhn-35e783578573458390091f220589aa22 av-special-heading-h4 custom-color-heading blockquote modern-quote  avia-builder-el-60  el_after_av_textblock  avia-builder-el-last  av-inherit-size'><h4 class='av-special-heading-tag '  itemprop=\"headline\"  >Naturaleza y salud<\/h4><div class='av_custom_color av-subheading av-subheading_below'><p>A partir de: <strong>Tercer ciclo de Primaria<\/strong><\/p>\n<\/div><div class=\"special-heading-border\"><div class=\"special-heading-inner-border\"><\/div><\/div><\/div><\/p><\/div><div class='av-flex-placeholder'><\/div>\n<style type=\"text\/css\" data-created_by=\"avia_inline_auto\" id=\"style-css-av-mou4ksag-9b94fe2d7978450f082377026d96b95b\">\n.flex_column.av-mou4ksag-9b94fe2d7978450f082377026d96b95b{\nwidth:22.75%;\nmargin-left:0;\n}\n#top .flex_column_table.av-equal-height-column-flextable.av-mou4ksag-9b94fe2d7978450f082377026d96b95b .av-flex-placeholder{\nwidth:3%;\n}\n<\/style>\n<div  class='flex_column av-mou4ksag-9b94fe2d7978450f082377026d96b95b av_one_fourth  avia-builder-el-61  el_after_av_one_fourth  el_before_av_one_fourth  flex_column_table_cell av-equal-height-column av-align-top avia-link-column av-column-link avia-link-column-hover  column-top-margin'    data-link-column-url=\"https:\/\/www.fundacioncanal.com\/canaleduca\/recursos-didacticos\/pastizales-y-pastores\/\"  data-link-column-target=\"_blank\"   ><a class=\"av-screen-reader-only\" href=https:\/\/www.fundacioncanal.com\/canaleduca\/recursos-didacticos\/pastizales-y-pastores\/  target=\"_blank\" >Link to: Pastizales y pastores<\/a><p>\n<style type=\"text\/css\" data-created_by=\"avia_inline_auto\" id=\"style-css-av-mou4k6yn-72f9c078471d90e6fd8c89fd37ff61fd\">\n.avia-image-container.av-mou4k6yn-72f9c078471d90e6fd8c89fd37ff61fd img.avia_image{\nbox-shadow:none;\n}\n.avia-image-container.av-mou4k6yn-72f9c078471d90e6fd8c89fd37ff61fd .av-image-caption-overlay-center{\ncolor:#ffffff;\n}\n<\/style>\n<div  class='avia-image-container av-mou4k6yn-72f9c078471d90e6fd8c89fd37ff61fd av-styling- avia-align-center  avia-builder-el-62  el_before_av_textblock  avia-builder-el-first '   itemprop=\"image\" itemscope=\"itemscope\" itemtype=\"https:\/\/schema.org\/ImageObject\" ><div class=\"avia-image-container-inner\"><div class=\"avia-image-overlay-wrap\"><img decoding=\"async\" fetchpriority=\"high\" class='wp-image-43069 avia-img-lazy-loading-not-43069 avia_image ' src=\"https:\/\/www.fundacioncanal.com\/canaleduca\/wp-content\/uploads\/2026\/05\/pastizales-y-pastores.webp\" alt='pastizales y pastores' title='pastizales y pastores'  height=\"998\" width=\"1774\"  itemprop=\"thumbnailUrl\" srcset=\"https:\/\/www.fundacioncanal.com\/canaleduca\/wp-content\/uploads\/2026\/05\/pastizales-y-pastores.webp 1774w, https:\/\/www.fundacioncanal.com\/canaleduca\/wp-content\/uploads\/2026\/05\/pastizales-y-pastores-300x169.webp 300w, https:\/\/www.fundacioncanal.com\/canaleduca\/wp-content\/uploads\/2026\/05\/pastizales-y-pastores-1030x579.webp 1030w, https:\/\/www.fundacioncanal.com\/canaleduca\/wp-content\/uploads\/2026\/05\/pastizales-y-pastores-768x432.webp 768w, https:\/\/www.fundacioncanal.com\/canaleduca\/wp-content\/uploads\/2026\/05\/pastizales-y-pastores-1536x864.webp 1536w, https:\/\/www.fundacioncanal.com\/canaleduca\/wp-content\/uploads\/2026\/05\/pastizales-y-pastores-1500x844.webp 1500w, https:\/\/www.fundacioncanal.com\/canaleduca\/wp-content\/uploads\/2026\/05\/pastizales-y-pastores-705x397.webp 705w\" sizes=\"(max-width: 1774px) 100vw, 1774px\" \/><\/div><\/div><\/div><br \/>\n\n<style type=\"text\/css\" data-created_by=\"avia_inline_auto\" id=\"style-css-av-oft0h7-dfd9be84356b7958587e7ceeda0521f9\">\n#top .av_textblock_section.av-oft0h7-dfd9be84356b7958587e7ceeda0521f9 .avia_textblock{\nfont-size:12px;\ncolor:#ffffff;\n}\n<\/style>\n<section  class='av_textblock_section av-oft0h7-dfd9be84356b7958587e7ceeda0521f9 '   itemscope=\"itemscope\" itemtype=\"https:\/\/schema.org\/CreativeWork\" ><div class='avia_textblock video-blog av_inherit_color'  itemprop=\"text\" ><p>V\u00eddeoblog<\/p>\n<\/div><\/section><br \/>\n\n<style type=\"text\/css\" data-created_by=\"avia_inline_auto\" id=\"style-css-av-mou4iqk4-edd87ed98bf60ce88e151965759cb478\">\n#top .av-special-heading.av-mou4iqk4-edd87ed98bf60ce88e151965759cb478{\npadding-bottom:0;\ncolor:#0092d0;\nfont-size:18px;\n}\nbody .av-special-heading.av-mou4iqk4-edd87ed98bf60ce88e151965759cb478 .av-special-heading-tag .heading-char{\nfont-size:25px;\n}\n#top #wrap_all .av-special-heading.av-mou4iqk4-edd87ed98bf60ce88e151965759cb478 .av-special-heading-tag{\nfont-size:18px;\n}\n.av-special-heading.av-mou4iqk4-edd87ed98bf60ce88e151965759cb478 .special-heading-inner-border{\nborder-color:#0092d0;\n}\n.av-special-heading.av-mou4iqk4-edd87ed98bf60ce88e151965759cb478 .av-subheading{\nfont-size:15px;\n}\n\n@media only screen and (min-width: 480px) and (max-width: 767px){ \n#top #wrap_all .av-special-heading.av-mou4iqk4-edd87ed98bf60ce88e151965759cb478 .av-special-heading-tag{\nfont-size:0.8em;\n}\n}\n\n@media only screen and (max-width: 479px){ \n#top #wrap_all .av-special-heading.av-mou4iqk4-edd87ed98bf60ce88e151965759cb478 .av-special-heading-tag{\nfont-size:0.8em;\n}\n}\n<\/style>\n<div  id=\"sinmargen\"  class='av-special-heading av-mou4iqk4-edd87ed98bf60ce88e151965759cb478 av-special-heading-h4 custom-color-heading blockquote modern-quote  avia-builder-el-64  el_after_av_textblock  avia-builder-el-last  av-inherit-size'><h4 class='av-special-heading-tag '  itemprop=\"headline\"  >Pastizales y pastores<\/h4><div class='av_custom_color av-subheading av-subheading_below'><p>A partir de: <strong>Tercer ciclo de Primaria<\/strong><\/p>\n<\/div><div class=\"special-heading-border\"><div class=\"special-heading-inner-border\"><\/div><\/div><\/div><\/p><\/div><div class='av-flex-placeholder'><\/div>\n<style type=\"text\/css\" data-created_by=\"avia_inline_auto\" id=\"style-css-av-ulxua3-7551035cfab00a7fbf0684bc05f9ab01\">\n.flex_column.av-ulxua3-7551035cfab00a7fbf0684bc05f9ab01{\nwidth:22.75%;\nmargin-left:0;\n}\n#top .flex_column_table.av-equal-height-column-flextable.av-ulxua3-7551035cfab00a7fbf0684bc05f9ab01 .av-flex-placeholder{\nwidth:3%;\n}\n<\/style>\n<div  class='flex_column av-ulxua3-7551035cfab00a7fbf0684bc05f9ab01 av_one_fourth  avia-builder-el-65  el_after_av_one_fourth  el_before_av_one_fourth  flex_column_table_cell av-equal-height-column av-align-top  column-top-margin'     ><\/div><div class='av-flex-placeholder'><\/div>\n<style type=\"text\/css\" data-created_by=\"avia_inline_auto\" id=\"style-css-av-1hylwgb-85af78fecaa5fbc19c1c3d3085efa357\">\n.flex_column.av-1hylwgb-85af78fecaa5fbc19c1c3d3085efa357{\nwidth:22.75%;\nmargin-left:0;\n}\n#top .flex_column_table.av-equal-height-column-flextable.av-1hylwgb-85af78fecaa5fbc19c1c3d3085efa357 .av-flex-placeholder{\nwidth:3%;\n}\n<\/style>\n<div  class='flex_column av-1hylwgb-85af78fecaa5fbc19c1c3d3085efa357 av_one_fourth  avia-builder-el-66  el_after_av_one_fourth  el_before_av_one_fourth  flex_column_table_cell av-equal-height-column av-align-top  column-top-margin'     ><\/div><\/div><!--close column table wrapper. Autoclose: 1 --><div class='flex_column_table av-1zax1e3-a3e41cebce7819f32e312e5651bf379b sc-av_one_fourth av-equal-height-column-flextable'>\n<style type=\"text\/css\" data-created_by=\"avia_inline_auto\" id=\"style-css-av-1zax1e3-a3e41cebce7819f32e312e5651bf379b\">\n.flex_column.av-1zax1e3-a3e41cebce7819f32e312e5651bf379b{\nwidth:22.75%;\nmargin-left:0;\n}\n#top .flex_column_table.av-equal-height-column-flextable.av-1zax1e3-a3e41cebce7819f32e312e5651bf379b .av-flex-placeholder{\nwidth:3%;\n}\n<\/style>\n<div  class='flex_column av-1zax1e3-a3e41cebce7819f32e312e5651bf379b av_one_fourth  avia-builder-el-67  el_after_av_one_fourth  el_before_av_one_fourth  first flex_column_table_cell av-equal-height-column av-align-top avia-link-column av-column-link avia-link-column-hover  column-top-margin'    data-link-column-url=\"https:\/\/www.fundacioncanal.com\/canaleduca\/recursos-didacticos\/los-secretos-del-mar-y-su-relacion-con-el-cambio-climatico\/\"  data-link-column-target=\"_blank\"   ><a class=\"av-screen-reader-only\" href=https:\/\/www.fundacioncanal.com\/canaleduca\/recursos-didacticos\/los-secretos-del-mar-y-su-relacion-con-el-cambio-climatico\/  target=\"_blank\" >Link to: Los secretos del mar y su relaci\u00f3n con el cambio clim\u00e1tico<\/a><p>\n<style type=\"text\/css\" data-created_by=\"avia_inline_auto\" id=\"style-css-av-1ijbsaz-0f194f4bb05b69d6076e96a42e6db26d\">\n.avia-image-container.av-1ijbsaz-0f194f4bb05b69d6076e96a42e6db26d img.avia_image{\nbox-shadow:none;\n}\n.avia-image-container.av-1ijbsaz-0f194f4bb05b69d6076e96a42e6db26d .av-image-caption-overlay-center{\ncolor:#ffffff;\n}\n<\/style>\n<div  class='avia-image-container av-1ijbsaz-0f194f4bb05b69d6076e96a42e6db26d av-styling- avia-align-center  avia-builder-el-68  el_before_av_textblock  avia-builder-el-first '   itemprop=\"image\" itemscope=\"itemscope\" itemtype=\"https:\/\/schema.org\/ImageObject\" ><div class=\"avia-image-container-inner\"><div class=\"avia-image-overlay-wrap\"><img decoding=\"async\" fetchpriority=\"high\" class='wp-image-35980 avia-img-lazy-loading-not-35980 avia_image ' src=\"https:\/\/www.fundacioncanal.com\/canaleduca\/wp-content\/uploads\/2024\/03\/av03-2-conferencia.jpg\" alt='av03 2 conferencia' title='av03 2 conferencia'  height=\"998\" width=\"1774\"  itemprop=\"thumbnailUrl\" srcset=\"https:\/\/www.fundacioncanal.com\/canaleduca\/wp-content\/uploads\/2024\/03\/av03-2-conferencia.jpg 1774w, https:\/\/www.fundacioncanal.com\/canaleduca\/wp-content\/uploads\/2024\/03\/av03-2-conferencia-300x169.jpg 300w, https:\/\/www.fundacioncanal.com\/canaleduca\/wp-content\/uploads\/2024\/03\/av03-2-conferencia-1030x579.jpg 1030w, https:\/\/www.fundacioncanal.com\/canaleduca\/wp-content\/uploads\/2024\/03\/av03-2-conferencia-768x432.jpg 768w, https:\/\/www.fundacioncanal.com\/canaleduca\/wp-content\/uploads\/2024\/03\/av03-2-conferencia-1536x864.jpg 1536w, https:\/\/www.fundacioncanal.com\/canaleduca\/wp-content\/uploads\/2024\/03\/av03-2-conferencia-1500x844.jpg 1500w, https:\/\/www.fundacioncanal.com\/canaleduca\/wp-content\/uploads\/2024\/03\/av03-2-conferencia-705x397.jpg 705w\" sizes=\"(max-width: 1774px) 100vw, 1774px\" \/><\/div><\/div><\/div><br \/>\n\n<style type=\"text\/css\" data-created_by=\"avia_inline_auto\" id=\"style-css-av-1a93re3-6e2190a17eb40b44a5262568f40c7f63\">\n#top .av_textblock_section.av-1a93re3-6e2190a17eb40b44a5262568f40c7f63 .avia_textblock{\nfont-size:12px;\ncolor:#ffffff;\n}\n<\/style>\n<section  class='av_textblock_section av-1a93re3-6e2190a17eb40b44a5262568f40c7f63 '   itemscope=\"itemscope\" itemtype=\"https:\/\/schema.org\/CreativeWork\" ><div class='avia_textblock video-conferencia av_inherit_color'  itemprop=\"text\" ><p>V\u00eddeo conferencia<\/p>\n<\/div><\/section><br \/>\n\n<style type=\"text\/css\" data-created_by=\"avia_inline_auto\" id=\"style-css-av-bc0cr-8ae53a147ab156dbc7b2e85623a59ef2\">\n#top .av-special-heading.av-bc0cr-8ae53a147ab156dbc7b2e85623a59ef2{\npadding-bottom:0;\ncolor:#0092d0;\nfont-size:18px;\n}\nbody .av-special-heading.av-bc0cr-8ae53a147ab156dbc7b2e85623a59ef2 .av-special-heading-tag .heading-char{\nfont-size:25px;\n}\n#top #wrap_all .av-special-heading.av-bc0cr-8ae53a147ab156dbc7b2e85623a59ef2 .av-special-heading-tag{\nfont-size:18px;\n}\n.av-special-heading.av-bc0cr-8ae53a147ab156dbc7b2e85623a59ef2 .special-heading-inner-border{\nborder-color:#0092d0;\n}\n.av-special-heading.av-bc0cr-8ae53a147ab156dbc7b2e85623a59ef2 .av-subheading{\nfont-size:15px;\n}\n\n@media only screen and (min-width: 480px) and (max-width: 767px){ \n#top #wrap_all .av-special-heading.av-bc0cr-8ae53a147ab156dbc7b2e85623a59ef2 .av-special-heading-tag{\nfont-size:0.8em;\n}\n}\n\n@media only screen and (max-width: 479px){ \n#top #wrap_all .av-special-heading.av-bc0cr-8ae53a147ab156dbc7b2e85623a59ef2 .av-special-heading-tag{\nfont-size:0.8em;\n}\n}\n<\/style>\n<div  id=\"sinmargen\"  class='av-special-heading av-bc0cr-8ae53a147ab156dbc7b2e85623a59ef2 av-special-heading-h4 custom-color-heading blockquote modern-quote  avia-builder-el-70  el_after_av_textblock  avia-builder-el-last  av-inherit-size'><h4 class='av-special-heading-tag '  itemprop=\"headline\"  >Los secretos del mar y su relaci\u00f3n con el cambio clim\u00e1tico<\/h4><div class='av_custom_color av-subheading av-subheading_below'><p>A partir de: <strong>ESO<\/strong><\/p>\n<\/div><div class=\"special-heading-border\"><div class=\"special-heading-inner-border\"><\/div><\/div><\/div><\/p><\/div><div class='av-flex-placeholder'><\/div>\n<style type=\"text\/css\" data-created_by=\"avia_inline_auto\" id=\"style-css-av-1dkcvuz-c9f107702fb32b0d982c06d2804a7415\">\n.flex_column.av-1dkcvuz-c9f107702fb32b0d982c06d2804a7415{\nwidth:22.75%;\nmargin-left:0;\n}\n#top .flex_column_table.av-equal-height-column-flextable.av-1dkcvuz-c9f107702fb32b0d982c06d2804a7415 .av-flex-placeholder{\nwidth:3%;\n}\n<\/style>\n<div  class='flex_column av-1dkcvuz-c9f107702fb32b0d982c06d2804a7415 av_one_fourth  avia-builder-el-71  el_after_av_one_fourth  el_before_av_one_fourth  flex_column_table_cell av-equal-height-column av-align-top avia-link-column av-column-link avia-link-column-hover  column-top-margin'    data-link-column-url=\"https:\/\/www.fundacioncanal.com\/canaleduca\/recursos-didacticos\/la-antartida-y-los-glaciares-como-laboratorios-del-cambio-climatico\/\"  data-link-column-target=\"_blank\"   ><a class=\"av-screen-reader-only\" href=https:\/\/www.fundacioncanal.com\/canaleduca\/recursos-didacticos\/la-antartida-y-los-glaciares-como-laboratorios-del-cambio-climatico\/  target=\"_blank\" >Link to: La Ant\u00e1rtida y los glaciares como laboratorios del cambio clim\u00e1tico<\/a><p>\n<style type=\"text\/css\" data-created_by=\"avia_inline_auto\" id=\"style-css-av-lu9ae2ld-dad131a16af2481fe53eeab0e04d108c\">\n.avia-image-container.av-lu9ae2ld-dad131a16af2481fe53eeab0e04d108c img.avia_image{\nbox-shadow:none;\n}\n.avia-image-container.av-lu9ae2ld-dad131a16af2481fe53eeab0e04d108c .av-image-caption-overlay-center{\ncolor:#ffffff;\n}\n<\/style>\n<div  class='avia-image-container av-lu9ae2ld-dad131a16af2481fe53eeab0e04d108c av-styling- avia-align-center  avia-builder-el-72  el_before_av_textblock  avia-builder-el-first '   itemprop=\"image\" itemscope=\"itemscope\" itemtype=\"https:\/\/schema.org\/ImageObject\" ><div class=\"avia-image-container-inner\"><div class=\"avia-image-overlay-wrap\"><img decoding=\"async\" fetchpriority=\"high\" class='wp-image-39532 avia-img-lazy-loading-not-39532 avia_image ' src=\"https:\/\/www.fundacioncanal.com\/canaleduca\/wp-content\/uploads\/2025\/09\/av04-conferencia.webp\" alt='av04 conferencia' title='av04 conferencia'  height=\"998\" width=\"1774\"  itemprop=\"thumbnailUrl\" srcset=\"https:\/\/www.fundacioncanal.com\/canaleduca\/wp-content\/uploads\/2025\/09\/av04-conferencia.webp 1774w, https:\/\/www.fundacioncanal.com\/canaleduca\/wp-content\/uploads\/2025\/09\/av04-conferencia-300x169.webp 300w, https:\/\/www.fundacioncanal.com\/canaleduca\/wp-content\/uploads\/2025\/09\/av04-conferencia-1030x579.webp 1030w, https:\/\/www.fundacioncanal.com\/canaleduca\/wp-content\/uploads\/2025\/09\/av04-conferencia-768x432.webp 768w, https:\/\/www.fundacioncanal.com\/canaleduca\/wp-content\/uploads\/2025\/09\/av04-conferencia-1536x864.webp 1536w, https:\/\/www.fundacioncanal.com\/canaleduca\/wp-content\/uploads\/2025\/09\/av04-conferencia-1500x844.webp 1500w, https:\/\/www.fundacioncanal.com\/canaleduca\/wp-content\/uploads\/2025\/09\/av04-conferencia-705x397.webp 705w\" sizes=\"(max-width: 1774px) 100vw, 1774px\" \/><\/div><\/div><\/div><br \/>\n\n<style type=\"text\/css\" data-created_by=\"avia_inline_auto\" id=\"style-css-av-qpjtu3-1cca86e429e6601332ead255070cf900\">\n#top .av_textblock_section.av-qpjtu3-1cca86e429e6601332ead255070cf900 .avia_textblock{\nfont-size:12px;\ncolor:#ffffff;\n}\n<\/style>\n<section  class='av_textblock_section av-qpjtu3-1cca86e429e6601332ead255070cf900 '   itemscope=\"itemscope\" itemtype=\"https:\/\/schema.org\/CreativeWork\" ><div class='avia_textblock video-conferencia av_inherit_color'  itemprop=\"text\" ><p>V\u00eddeo conferencia<\/p>\n<\/div><\/section><br \/>\n\n<style type=\"text\/css\" data-created_by=\"avia_inline_auto\" id=\"style-css-av-lu9adcm1-d0cde5c46ecbaf2ccb49c3945fc7c70a\">\n#top .av-special-heading.av-lu9adcm1-d0cde5c46ecbaf2ccb49c3945fc7c70a{\npadding-bottom:0;\ncolor:#0092d0;\nfont-size:18px;\n}\nbody .av-special-heading.av-lu9adcm1-d0cde5c46ecbaf2ccb49c3945fc7c70a .av-special-heading-tag .heading-char{\nfont-size:25px;\n}\n#top #wrap_all .av-special-heading.av-lu9adcm1-d0cde5c46ecbaf2ccb49c3945fc7c70a .av-special-heading-tag{\nfont-size:18px;\n}\n.av-special-heading.av-lu9adcm1-d0cde5c46ecbaf2ccb49c3945fc7c70a .special-heading-inner-border{\nborder-color:#0092d0;\n}\n.av-special-heading.av-lu9adcm1-d0cde5c46ecbaf2ccb49c3945fc7c70a .av-subheading{\nfont-size:15px;\n}\n\n@media only screen and (min-width: 480px) and (max-width: 767px){ \n#top #wrap_all .av-special-heading.av-lu9adcm1-d0cde5c46ecbaf2ccb49c3945fc7c70a .av-special-heading-tag{\nfont-size:0.8em;\n}\n}\n\n@media only screen and (max-width: 479px){ \n#top #wrap_all .av-special-heading.av-lu9adcm1-d0cde5c46ecbaf2ccb49c3945fc7c70a .av-special-heading-tag{\nfont-size:0.8em;\n}\n}\n<\/style>\n<div  id=\"sinmargen\"  class='av-special-heading av-lu9adcm1-d0cde5c46ecbaf2ccb49c3945fc7c70a av-special-heading-h4 custom-color-heading blockquote modern-quote  avia-builder-el-74  el_after_av_textblock  avia-builder-el-last  av-inherit-size'><h4 class='av-special-heading-tag '  itemprop=\"headline\"  >La Ant\u00e1rtida y los glaciares como laboratorios del cambio clim\u00e1tico<\/h4><div class='av_custom_color av-subheading av-subheading_below'><p>A partir de: <strong>ESO<\/strong><\/p>\n<\/div><div class=\"special-heading-border\"><div class=\"special-heading-inner-border\"><\/div><\/div><\/div><\/p><\/div><div class='av-flex-placeholder'><\/div>\n<style type=\"text\/css\" data-created_by=\"avia_inline_auto\" id=\"style-css-av-14zlhjf-faf0d2e65f3dfc70ff3f93819817180c\">\n.flex_column.av-14zlhjf-faf0d2e65f3dfc70ff3f93819817180c{\nwidth:22.75%;\nmargin-left:0;\n}\n#top .flex_column_table.av-equal-height-column-flextable.av-14zlhjf-faf0d2e65f3dfc70ff3f93819817180c .av-flex-placeholder{\nwidth:3%;\n}\n<\/style>\n<div  class='flex_column av-14zlhjf-faf0d2e65f3dfc70ff3f93819817180c av_one_fourth  avia-builder-el-75  el_after_av_one_fourth  el_before_av_one_fourth  flex_column_table_cell av-equal-height-column av-align-top avia-link-column av-column-link avia-link-column-hover  column-top-margin'    data-link-column-url=\"https:\/\/www.fundacioncanal.com\/canaleduca\/recursos-didacticos\/caminos-convergentes-evolucion-humana-y-clima\/\"  data-link-column-target=\"_blank\"   ><a class=\"av-screen-reader-only\" href=https:\/\/www.fundacioncanal.com\/canaleduca\/recursos-didacticos\/caminos-convergentes-evolucion-humana-y-clima\/  target=\"_blank\" >Link to: Caminos convergentes: evoluci\u00f3n humana y clima<\/a><p>\n<style type=\"text\/css\" data-created_by=\"avia_inline_auto\" id=\"style-css-av-lzbe78w9-f8f0c6547ace3b1b1a9cedc417021b57\">\n.avia-image-container.av-lzbe78w9-f8f0c6547ace3b1b1a9cedc417021b57 img.avia_image{\nbox-shadow:none;\n}\n.avia-image-container.av-lzbe78w9-f8f0c6547ace3b1b1a9cedc417021b57 .av-image-caption-overlay-center{\ncolor:#ffffff;\n}\n<\/style>\n<div  class='avia-image-container av-lzbe78w9-f8f0c6547ace3b1b1a9cedc417021b57 av-styling- avia-align-center  avia-builder-el-76  el_before_av_textblock  avia-builder-el-first '   itemprop=\"image\" itemscope=\"itemscope\" itemtype=\"https:\/\/schema.org\/ImageObject\" ><div class=\"avia-image-container-inner\"><div class=\"avia-image-overlay-wrap\"><img decoding=\"async\" fetchpriority=\"high\" class='wp-image-37183 avia-img-lazy-loading-not-37183 avia_image ' src=\"https:\/\/www.fundacioncanal.com\/canaleduca\/wp-content\/uploads\/2024\/08\/caminos-convergentes-evolucion-humana-clima.jpg\" alt='caminos convergentes evolucion humana clima' title='caminos convergentes evolucion humana clima'  height=\"998\" width=\"1774\"  itemprop=\"thumbnailUrl\" srcset=\"https:\/\/www.fundacioncanal.com\/canaleduca\/wp-content\/uploads\/2024\/08\/caminos-convergentes-evolucion-humana-clima.jpg 1774w, https:\/\/www.fundacioncanal.com\/canaleduca\/wp-content\/uploads\/2024\/08\/caminos-convergentes-evolucion-humana-clima-300x169.jpg 300w, https:\/\/www.fundacioncanal.com\/canaleduca\/wp-content\/uploads\/2024\/08\/caminos-convergentes-evolucion-humana-clima-1030x579.jpg 1030w, https:\/\/www.fundacioncanal.com\/canaleduca\/wp-content\/uploads\/2024\/08\/caminos-convergentes-evolucion-humana-clima-768x432.jpg 768w, https:\/\/www.fundacioncanal.com\/canaleduca\/wp-content\/uploads\/2024\/08\/caminos-convergentes-evolucion-humana-clima-1536x864.jpg 1536w, https:\/\/www.fundacioncanal.com\/canaleduca\/wp-content\/uploads\/2024\/08\/caminos-convergentes-evolucion-humana-clima-1500x844.jpg 1500w, https:\/\/www.fundacioncanal.com\/canaleduca\/wp-content\/uploads\/2024\/08\/caminos-convergentes-evolucion-humana-clima-705x397.jpg 705w\" sizes=\"(max-width: 1774px) 100vw, 1774px\" \/><\/div><\/div><\/div><br \/>\n\n<style type=\"text\/css\" data-created_by=\"avia_inline_auto\" id=\"style-css-av-lourqj-dae29d8d9648769b8a93772dd022fbbd\">\n#top .av_textblock_section.av-lourqj-dae29d8d9648769b8a93772dd022fbbd .avia_textblock{\nfont-size:12px;\ncolor:#ffffff;\n}\n<\/style>\n<section  class='av_textblock_section av-lourqj-dae29d8d9648769b8a93772dd022fbbd '   itemscope=\"itemscope\" itemtype=\"https:\/\/schema.org\/CreativeWork\" ><div class='avia_textblock video-conferencia av_inherit_color'  itemprop=\"text\" ><p>V\u00eddeo conferencia<\/p>\n<\/div><\/section><br \/>\n\n<style type=\"text\/css\" data-created_by=\"avia_inline_auto\" id=\"style-css-av-lzbe6h93-221bf2d3ee81dc45c1adba59573b07fd\">\n#top .av-special-heading.av-lzbe6h93-221bf2d3ee81dc45c1adba59573b07fd{\npadding-bottom:0;\ncolor:#0092d0;\nfont-size:18px;\n}\nbody .av-special-heading.av-lzbe6h93-221bf2d3ee81dc45c1adba59573b07fd .av-special-heading-tag .heading-char{\nfont-size:25px;\n}\n#top #wrap_all .av-special-heading.av-lzbe6h93-221bf2d3ee81dc45c1adba59573b07fd .av-special-heading-tag{\nfont-size:18px;\n}\n.av-special-heading.av-lzbe6h93-221bf2d3ee81dc45c1adba59573b07fd .special-heading-inner-border{\nborder-color:#0092d0;\n}\n.av-special-heading.av-lzbe6h93-221bf2d3ee81dc45c1adba59573b07fd .av-subheading{\nfont-size:15px;\n}\n\n@media only screen and (min-width: 480px) and (max-width: 767px){ \n#top #wrap_all .av-special-heading.av-lzbe6h93-221bf2d3ee81dc45c1adba59573b07fd .av-special-heading-tag{\nfont-size:0.8em;\n}\n}\n\n@media only screen and (max-width: 479px){ \n#top #wrap_all .av-special-heading.av-lzbe6h93-221bf2d3ee81dc45c1adba59573b07fd .av-special-heading-tag{\nfont-size:0.8em;\n}\n}\n<\/style>\n<div  id=\"sinmargen\"  class='av-special-heading av-lzbe6h93-221bf2d3ee81dc45c1adba59573b07fd av-special-heading-h4 custom-color-heading blockquote modern-quote  avia-builder-el-78  el_after_av_textblock  avia-builder-el-last  av-inherit-size'><h4 class='av-special-heading-tag '  itemprop=\"headline\"  >Caminos convergentes: evoluci\u00f3n humana y clima<\/h4><div class='av_custom_color av-subheading av-subheading_below'><p>A partir de: <strong>ESO<\/strong><\/p>\n<\/div><div class=\"special-heading-border\"><div class=\"special-heading-inner-border\"><\/div><\/div><\/div><\/p><\/div><div class='av-flex-placeholder'><\/div>\n<style type=\"text\/css\" data-created_by=\"avia_inline_auto\" id=\"style-css-av-1cmpw6j-4a7e7e14e05dc31dff4515797dc5e3e2\">\n.flex_column.av-1cmpw6j-4a7e7e14e05dc31dff4515797dc5e3e2{\nwidth:22.75%;\nmargin-left:0;\n}\n#top .flex_column_table.av-equal-height-column-flextable.av-1cmpw6j-4a7e7e14e05dc31dff4515797dc5e3e2 .av-flex-placeholder{\nwidth:3%;\n}\n<\/style>\n<div  class='flex_column av-1cmpw6j-4a7e7e14e05dc31dff4515797dc5e3e2 av_one_fourth  avia-builder-el-79  el_after_av_one_fourth  el_before_av_one_fourth  flex_column_table_cell av-equal-height-column av-align-top avia-link-column av-column-link avia-link-column-hover  column-top-margin'    data-link-column-url=\"https:\/\/www.fundacioncanal.com\/canaleduca\/recursos-didacticos\/vida-cuantica-el-otro-lado-de-la-realidad\/\"  data-link-column-target=\"_blank\"   ><a class=\"av-screen-reader-only\" href=https:\/\/www.fundacioncanal.com\/canaleduca\/recursos-didacticos\/vida-cuantica-el-otro-lado-de-la-realidad\/  target=\"_blank\" >Link to: Vida cu\u00e1ntica. El otro lado de la realidad<\/a><p>\n<style type=\"text\/css\" data-created_by=\"avia_inline_auto\" id=\"style-css-av-m48zulus-90f151b38e02679bbaa6cd95f5f799d7\">\n.avia-image-container.av-m48zulus-90f151b38e02679bbaa6cd95f5f799d7 img.avia_image{\nbox-shadow:none;\n}\n.avia-image-container.av-m48zulus-90f151b38e02679bbaa6cd95f5f799d7 .av-image-caption-overlay-center{\ncolor:#ffffff;\n}\n<\/style>\n<div  class='avia-image-container av-m48zulus-90f151b38e02679bbaa6cd95f5f799d7 av-styling- avia-align-center  avia-builder-el-80  el_before_av_textblock  avia-builder-el-first '   itemprop=\"image\" itemscope=\"itemscope\" itemtype=\"https:\/\/schema.org\/ImageObject\" ><div class=\"avia-image-container-inner\"><div class=\"avia-image-overlay-wrap\"><img decoding=\"async\" fetchpriority=\"high\" class='wp-image-38369 avia-img-lazy-loading-not-38369 avia_image ' src=\"https:\/\/www.fundacioncanal.com\/canaleduca\/wp-content\/uploads\/2024\/12\/conferencia-vida-cuantica.jpg\" alt='conferencia vida cuantica' title='conferencia vida cuantica'  height=\"998\" width=\"1774\"  itemprop=\"thumbnailUrl\" srcset=\"https:\/\/www.fundacioncanal.com\/canaleduca\/wp-content\/uploads\/2024\/12\/conferencia-vida-cuantica.jpg 1774w, https:\/\/www.fundacioncanal.com\/canaleduca\/wp-content\/uploads\/2024\/12\/conferencia-vida-cuantica-300x169.jpg 300w, https:\/\/www.fundacioncanal.com\/canaleduca\/wp-content\/uploads\/2024\/12\/conferencia-vida-cuantica-1030x579.jpg 1030w, https:\/\/www.fundacioncanal.com\/canaleduca\/wp-content\/uploads\/2024\/12\/conferencia-vida-cuantica-768x432.jpg 768w, https:\/\/www.fundacioncanal.com\/canaleduca\/wp-content\/uploads\/2024\/12\/conferencia-vida-cuantica-1536x864.jpg 1536w, https:\/\/www.fundacioncanal.com\/canaleduca\/wp-content\/uploads\/2024\/12\/conferencia-vida-cuantica-1500x844.jpg 1500w, https:\/\/www.fundacioncanal.com\/canaleduca\/wp-content\/uploads\/2024\/12\/conferencia-vida-cuantica-705x397.jpg 705w\" sizes=\"(max-width: 1774px) 100vw, 1774px\" \/><\/div><\/div><\/div><br \/>\n\n<style type=\"text\/css\" data-created_by=\"avia_inline_auto\" id=\"style-css-av-vfl87f-e88d4fccd46d2d12fcc843edb6f56ee9\">\n#top .av_textblock_section.av-vfl87f-e88d4fccd46d2d12fcc843edb6f56ee9 .avia_textblock{\nfont-size:12px;\ncolor:#ffffff;\n}\n<\/style>\n<section  class='av_textblock_section av-vfl87f-e88d4fccd46d2d12fcc843edb6f56ee9 '   itemscope=\"itemscope\" itemtype=\"https:\/\/schema.org\/CreativeWork\" ><div class='avia_textblock video-conferencia av_inherit_color'  itemprop=\"text\" ><p>V\u00eddeo conferencia<\/p>\n<\/div><\/section><br \/>\n\n<style type=\"text\/css\" data-created_by=\"avia_inline_auto\" id=\"style-css-av-m48zs5sz-7e8705a230ed0dcb4886f6a1088a5717\">\n#top .av-special-heading.av-m48zs5sz-7e8705a230ed0dcb4886f6a1088a5717{\npadding-bottom:0;\ncolor:#0092d0;\nfont-size:18px;\n}\nbody .av-special-heading.av-m48zs5sz-7e8705a230ed0dcb4886f6a1088a5717 .av-special-heading-tag .heading-char{\nfont-size:25px;\n}\n#top #wrap_all .av-special-heading.av-m48zs5sz-7e8705a230ed0dcb4886f6a1088a5717 .av-special-heading-tag{\nfont-size:18px;\n}\n.av-special-heading.av-m48zs5sz-7e8705a230ed0dcb4886f6a1088a5717 .special-heading-inner-border{\nborder-color:#0092d0;\n}\n.av-special-heading.av-m48zs5sz-7e8705a230ed0dcb4886f6a1088a5717 .av-subheading{\nfont-size:15px;\n}\n\n@media only screen and (min-width: 480px) and (max-width: 767px){ \n#top #wrap_all .av-special-heading.av-m48zs5sz-7e8705a230ed0dcb4886f6a1088a5717 .av-special-heading-tag{\nfont-size:0.8em;\n}\n}\n\n@media only screen and (max-width: 479px){ \n#top #wrap_all .av-special-heading.av-m48zs5sz-7e8705a230ed0dcb4886f6a1088a5717 .av-special-heading-tag{\nfont-size:0.8em;\n}\n}\n<\/style>\n<div  id=\"sinmargen\"  class='av-special-heading av-m48zs5sz-7e8705a230ed0dcb4886f6a1088a5717 av-special-heading-h4 custom-color-heading blockquote modern-quote  avia-builder-el-82  el_after_av_textblock  avia-builder-el-last  av-inherit-size'><h4 class='av-special-heading-tag '  itemprop=\"headline\"  >Vida cu\u00e1ntica. El otro lado de la realidad<\/h4><div class='av_custom_color av-subheading av-subheading_below'><p>A partir de: <strong>ESO<\/strong><\/p>\n<\/div><div class=\"special-heading-border\"><div class=\"special-heading-inner-border\"><\/div><\/div><\/div><\/p><\/div><\/div><!--close column table wrapper. Autoclose: 1 --><div class='flex_column_table av-7ik557-6c2fe06fb38d2b2d0c8db39d2149d00f sc-av_one_fourth av-equal-height-column-flextable'>\n<style type=\"text\/css\" data-created_by=\"avia_inline_auto\" id=\"style-css-av-7ik557-6c2fe06fb38d2b2d0c8db39d2149d00f\">\n.flex_column.av-7ik557-6c2fe06fb38d2b2d0c8db39d2149d00f{\nwidth:22.75%;\nmargin-left:0;\n}\n#top .flex_column_table.av-equal-height-column-flextable.av-7ik557-6c2fe06fb38d2b2d0c8db39d2149d00f .av-flex-placeholder{\nwidth:3%;\n}\n<\/style>\n<div  class='flex_column av-7ik557-6c2fe06fb38d2b2d0c8db39d2149d00f av_one_fourth  avia-builder-el-83  el_after_av_one_fourth  el_before_av_one_fourth  first flex_column_table_cell av-equal-height-column av-align-top avia-link-column av-column-link avia-link-column-hover  column-top-margin'    data-link-column-url=\"https:\/\/www.fundacioncanal.com\/canaleduca\/recursos-didacticos\/el-poder-de-la-creatividad-3\/\"  data-link-column-target=\"_blank\"   ><a class=\"av-screen-reader-only\" href=https:\/\/www.fundacioncanal.com\/canaleduca\/recursos-didacticos\/el-poder-de-la-creatividad-3\/  target=\"_blank\" >Link to: El poder de la creatividad<\/a><p>\n<style type=\"text\/css\" data-created_by=\"avia_inline_auto\" id=\"style-css-av-m7kqi7x4-3414b5a3b8ea32359e7223c6a95c7ef1\">\n.avia-image-container.av-m7kqi7x4-3414b5a3b8ea32359e7223c6a95c7ef1 img.avia_image{\nbox-shadow:none;\n}\n.avia-image-container.av-m7kqi7x4-3414b5a3b8ea32359e7223c6a95c7ef1 .av-image-caption-overlay-center{\ncolor:#ffffff;\n}\n<\/style>\n<div  class='avia-image-container av-m7kqi7x4-3414b5a3b8ea32359e7223c6a95c7ef1 av-styling- avia-align-center  avia-builder-el-84  el_before_av_textblock  avia-builder-el-first '   itemprop=\"image\" itemscope=\"itemscope\" itemtype=\"https:\/\/schema.org\/ImageObject\" ><div class=\"avia-image-container-inner\"><div class=\"avia-image-overlay-wrap\"><img decoding=\"async\" fetchpriority=\"high\" class='wp-image-39330 avia-img-lazy-loading-not-39330 avia_image ' src=\"https:\/\/www.fundacioncanal.com\/canaleduca\/wp-content\/uploads\/2025\/08\/el-poder-de-la-creatividad-2.jpg\" alt='el poder de la creatividad 2' title='el poder de la creatividad 2'  height=\"998\" width=\"1774\"  itemprop=\"thumbnailUrl\" srcset=\"https:\/\/www.fundacioncanal.com\/canaleduca\/wp-content\/uploads\/2025\/08\/el-poder-de-la-creatividad-2.jpg 1774w, https:\/\/www.fundacioncanal.com\/canaleduca\/wp-content\/uploads\/2025\/08\/el-poder-de-la-creatividad-2-300x169.jpg 300w, https:\/\/www.fundacioncanal.com\/canaleduca\/wp-content\/uploads\/2025\/08\/el-poder-de-la-creatividad-2-1030x579.jpg 1030w, https:\/\/www.fundacioncanal.com\/canaleduca\/wp-content\/uploads\/2025\/08\/el-poder-de-la-creatividad-2-768x432.jpg 768w, https:\/\/www.fundacioncanal.com\/canaleduca\/wp-content\/uploads\/2025\/08\/el-poder-de-la-creatividad-2-1536x864.jpg 1536w, https:\/\/www.fundacioncanal.com\/canaleduca\/wp-content\/uploads\/2025\/08\/el-poder-de-la-creatividad-2-1500x844.jpg 1500w, https:\/\/www.fundacioncanal.com\/canaleduca\/wp-content\/uploads\/2025\/08\/el-poder-de-la-creatividad-2-705x397.jpg 705w\" sizes=\"(max-width: 1774px) 100vw, 1774px\" \/><\/div><\/div><\/div><br \/>\n\n<style type=\"text\/css\" data-created_by=\"avia_inline_auto\" id=\"style-css-av-1rfvkej-b1e1b562336d5e2e5e1e2c87866ec8f9\">\n#top .av_textblock_section.av-1rfvkej-b1e1b562336d5e2e5e1e2c87866ec8f9 .avia_textblock{\nfont-size:12px;\ncolor:#ffffff;\n}\n<\/style>\n<section  class='av_textblock_section av-1rfvkej-b1e1b562336d5e2e5e1e2c87866ec8f9 '   itemscope=\"itemscope\" itemtype=\"https:\/\/schema.org\/CreativeWork\" ><div class='avia_textblock video-conferencia av_inherit_color'  itemprop=\"text\" ><p>V\u00eddeo conferencia<\/p>\n<\/div><\/section><br \/>\n\n<style type=\"text\/css\" data-created_by=\"avia_inline_auto\" id=\"style-css-av-m7kqik97-2a11888bada061b82f8dc00d074329f6\">\n#top .av-special-heading.av-m7kqik97-2a11888bada061b82f8dc00d074329f6{\npadding-bottom:0;\ncolor:#0092d0;\nfont-size:18px;\n}\nbody .av-special-heading.av-m7kqik97-2a11888bada061b82f8dc00d074329f6 .av-special-heading-tag .heading-char{\nfont-size:25px;\n}\n#top #wrap_all .av-special-heading.av-m7kqik97-2a11888bada061b82f8dc00d074329f6 .av-special-heading-tag{\nfont-size:18px;\n}\n.av-special-heading.av-m7kqik97-2a11888bada061b82f8dc00d074329f6 .special-heading-inner-border{\nborder-color:#0092d0;\n}\n.av-special-heading.av-m7kqik97-2a11888bada061b82f8dc00d074329f6 .av-subheading{\nfont-size:15px;\n}\n\n@media only screen and (min-width: 480px) and (max-width: 767px){ \n#top #wrap_all .av-special-heading.av-m7kqik97-2a11888bada061b82f8dc00d074329f6 .av-special-heading-tag{\nfont-size:0.8em;\n}\n}\n\n@media only screen and (max-width: 479px){ \n#top #wrap_all .av-special-heading.av-m7kqik97-2a11888bada061b82f8dc00d074329f6 .av-special-heading-tag{\nfont-size:0.8em;\n}\n}\n<\/style>\n<div  id=\"sinmargen\"  class='av-special-heading av-m7kqik97-2a11888bada061b82f8dc00d074329f6 av-special-heading-h4 custom-color-heading blockquote modern-quote  avia-builder-el-86  el_after_av_textblock  avia-builder-el-last  av-inherit-size'><h4 class='av-special-heading-tag '  itemprop=\"headline\"  >El poder de la creatividad. Por un futuro sostenible<\/h4><div class='av_custom_color av-subheading av-subheading_below'><p>A partir de: <strong>ESO<\/strong><\/p>\n<\/div><div class=\"special-heading-border\"><div class=\"special-heading-inner-border\"><\/div><\/div><\/div><\/p><\/div><div class='av-flex-placeholder'><\/div>\n<style type=\"text\/css\" data-created_by=\"avia_inline_auto\" id=\"style-css-av-g1c17-fdc60935cb66a66c22d36b3151e20041\">\n.flex_column.av-g1c17-fdc60935cb66a66c22d36b3151e20041{\nwidth:22.75%;\nmargin-left:0;\n}\n#top .flex_column_table.av-equal-height-column-flextable.av-g1c17-fdc60935cb66a66c22d36b3151e20041 .av-flex-placeholder{\nwidth:3%;\n}\n<\/style>\n<div  class='flex_column av-g1c17-fdc60935cb66a66c22d36b3151e20041 av_one_fourth  avia-builder-el-87  el_after_av_one_fourth  el_before_av_one_fourth  flex_column_table_cell av-equal-height-column av-align-top avia-link-column av-column-link avia-link-column-hover  column-top-margin'    data-link-column-url=\"https:\/\/www.fundacioncanal.com\/canaleduca\/recursos-didacticos\/conservacion-desde-la-selva-el-legado-de-jane-goodall\/\"  data-link-column-target=\"_blank\"   ><a class=\"av-screen-reader-only\" href=https:\/\/www.fundacioncanal.com\/canaleduca\/recursos-didacticos\/conservacion-desde-la-selva-el-legado-de-jane-goodall\/  target=\"_blank\" >Link to: Conservaci\u00f3n desde la selva. El legado de Jane Goodall<\/a><p>\n<style type=\"text\/css\" data-created_by=\"avia_inline_auto\" id=\"style-css-av-mbjiorbh-d0af52a61290e34bb3590d1994f115b9\">\n.avia-image-container.av-mbjiorbh-d0af52a61290e34bb3590d1994f115b9 img.avia_image{\nbox-shadow:none;\n}\n.avia-image-container.av-mbjiorbh-d0af52a61290e34bb3590d1994f115b9 .av-image-caption-overlay-center{\ncolor:#ffffff;\n}\n<\/style>\n<div  class='avia-image-container av-mbjiorbh-d0af52a61290e34bb3590d1994f115b9 av-styling- avia-align-center  avia-builder-el-88  el_before_av_textblock  avia-builder-el-first '   itemprop=\"image\" itemscope=\"itemscope\" itemtype=\"https:\/\/schema.org\/ImageObject\" ><div class=\"avia-image-container-inner\"><div class=\"avia-image-overlay-wrap\"><img decoding=\"async\" fetchpriority=\"high\" class='wp-image-38686 avia-img-lazy-loading-not-38686 avia_image ' src=\"https:\/\/www.fundacioncanal.com\/canaleduca\/wp-content\/uploads\/2025\/06\/conservacion-desde-la-selva.jpg\" alt='conservacion desde la selva' title='conservacion desde la selva'  height=\"998\" width=\"1774\"  itemprop=\"thumbnailUrl\" srcset=\"https:\/\/www.fundacioncanal.com\/canaleduca\/wp-content\/uploads\/2025\/06\/conservacion-desde-la-selva.jpg 1774w, https:\/\/www.fundacioncanal.com\/canaleduca\/wp-content\/uploads\/2025\/06\/conservacion-desde-la-selva-300x169.jpg 300w, https:\/\/www.fundacioncanal.com\/canaleduca\/wp-content\/uploads\/2025\/06\/conservacion-desde-la-selva-1030x579.jpg 1030w, https:\/\/www.fundacioncanal.com\/canaleduca\/wp-content\/uploads\/2025\/06\/conservacion-desde-la-selva-768x432.jpg 768w, https:\/\/www.fundacioncanal.com\/canaleduca\/wp-content\/uploads\/2025\/06\/conservacion-desde-la-selva-1536x864.jpg 1536w, https:\/\/www.fundacioncanal.com\/canaleduca\/wp-content\/uploads\/2025\/06\/conservacion-desde-la-selva-1500x844.jpg 1500w, https:\/\/www.fundacioncanal.com\/canaleduca\/wp-content\/uploads\/2025\/06\/conservacion-desde-la-selva-705x397.jpg 705w\" sizes=\"(max-width: 1774px) 100vw, 1774px\" \/><\/div><\/div><\/div><br \/>\n\n<style type=\"text\/css\" data-created_by=\"avia_inline_auto\" id=\"style-css-av-kdrdsb-0c95c98eafc76da8928f3f75f157a416\">\n#top .av_textblock_section.av-kdrdsb-0c95c98eafc76da8928f3f75f157a416 .avia_textblock{\nfont-size:12px;\ncolor:#ffffff;\n}\n<\/style>\n<section  class='av_textblock_section av-kdrdsb-0c95c98eafc76da8928f3f75f157a416 '   itemscope=\"itemscope\" itemtype=\"https:\/\/schema.org\/CreativeWork\" ><div class='avia_textblock video-conferencia av_inherit_color'  itemprop=\"text\" ><p>V\u00eddeo conferencia<\/p>\n<\/div><\/section><br \/>\n\n<style type=\"text\/css\" data-created_by=\"avia_inline_auto\" id=\"style-css-av-mbjio85v-ba00a82735f9434b4f439b967bf1cff7\">\n#top .av-special-heading.av-mbjio85v-ba00a82735f9434b4f439b967bf1cff7{\npadding-bottom:0;\ncolor:#0092d0;\nfont-size:18px;\n}\nbody .av-special-heading.av-mbjio85v-ba00a82735f9434b4f439b967bf1cff7 .av-special-heading-tag .heading-char{\nfont-size:25px;\n}\n#top #wrap_all .av-special-heading.av-mbjio85v-ba00a82735f9434b4f439b967bf1cff7 .av-special-heading-tag{\nfont-size:18px;\n}\n.av-special-heading.av-mbjio85v-ba00a82735f9434b4f439b967bf1cff7 .special-heading-inner-border{\nborder-color:#0092d0;\n}\n.av-special-heading.av-mbjio85v-ba00a82735f9434b4f439b967bf1cff7 .av-subheading{\nfont-size:15px;\n}\n\n@media only screen and (min-width: 480px) and (max-width: 767px){ \n#top #wrap_all .av-special-heading.av-mbjio85v-ba00a82735f9434b4f439b967bf1cff7 .av-special-heading-tag{\nfont-size:0.8em;\n}\n}\n\n@media only screen and (max-width: 479px){ \n#top #wrap_all .av-special-heading.av-mbjio85v-ba00a82735f9434b4f439b967bf1cff7 .av-special-heading-tag{\nfont-size:0.8em;\n}\n}\n<\/style>\n<div  id=\"sinmargen\"  class='av-special-heading av-mbjio85v-ba00a82735f9434b4f439b967bf1cff7 av-special-heading-h4 custom-color-heading blockquote modern-quote  avia-builder-el-90  el_after_av_textblock  avia-builder-el-last  av-inherit-size'><h4 class='av-special-heading-tag '  itemprop=\"headline\"  >Conservaci\u00f3n desde la selva. El legado de Jane Goodall<\/h4><div class='av_custom_color av-subheading av-subheading_below'><p>A partir de: <strong>ESO<\/strong><\/p>\n<\/div><div class=\"special-heading-border\"><div class=\"special-heading-inner-border\"><\/div><\/div><\/div><\/p><\/div><div class='av-flex-placeholder'><\/div>\n<style type=\"text\/css\" data-created_by=\"avia_inline_auto\" id=\"style-css-av-4pvqqz-d7a83fdb8c20f2a1f5b58630e338a676\">\n.flex_column.av-4pvqqz-d7a83fdb8c20f2a1f5b58630e338a676{\nwidth:22.75%;\nmargin-left:0;\n}\n#top .flex_column_table.av-equal-height-column-flextable.av-4pvqqz-d7a83fdb8c20f2a1f5b58630e338a676 .av-flex-placeholder{\nwidth:3%;\n}\n<\/style>\n<div  class='flex_column av-4pvqqz-d7a83fdb8c20f2a1f5b58630e338a676 av_one_fourth  avia-builder-el-91  el_after_av_one_fourth  el_before_av_one_fourth  flex_column_table_cell av-equal-height-column av-align-top avia-link-column av-column-link avia-link-column-hover  column-top-margin'    data-link-column-url=\"https:\/\/www.fundacioncanal.com\/canaleduca\/recursos-didacticos\/apostar-al-verde-vegetacion-y-bienestar\/\"  data-link-column-target=\"_blank\"   ><a class=\"av-screen-reader-only\" href=https:\/\/www.fundacioncanal.com\/canaleduca\/recursos-didacticos\/apostar-al-verde-vegetacion-y-bienestar\/  target=\"_blank\" >Link to: Apostar al verde. Vegetaci\u00f3n y bienestar<\/a><p>\n<style type=\"text\/css\" data-created_by=\"avia_inline_auto\" id=\"style-css-av-mhp2umpa-e0c2d469c1d5ccef3494950caaacdac5\">\n.avia-image-container.av-mhp2umpa-e0c2d469c1d5ccef3494950caaacdac5 img.avia_image{\nbox-shadow:none;\n}\n.avia-image-container.av-mhp2umpa-e0c2d469c1d5ccef3494950caaacdac5 .av-image-caption-overlay-center{\ncolor:#ffffff;\n}\n<\/style>\n<div  class='avia-image-container av-mhp2umpa-e0c2d469c1d5ccef3494950caaacdac5 av-styling- avia-align-center  avia-builder-el-92  el_before_av_textblock  avia-builder-el-first '   itemprop=\"image\" itemscope=\"itemscope\" itemtype=\"https:\/\/schema.org\/ImageObject\" ><div class=\"avia-image-container-inner\"><div class=\"avia-image-overlay-wrap\"><img decoding=\"async\" fetchpriority=\"high\" class='wp-image-39876 avia-img-lazy-loading-not-39876 avia_image ' src=\"https:\/\/www.fundacioncanal.com\/canaleduca\/wp-content\/uploads\/2025\/11\/apostar-al-verde.jpg\" alt='apostar al verde' title='apostar al verde'  height=\"998\" width=\"1774\"  itemprop=\"thumbnailUrl\" srcset=\"https:\/\/www.fundacioncanal.com\/canaleduca\/wp-content\/uploads\/2025\/11\/apostar-al-verde.jpg 1774w, https:\/\/www.fundacioncanal.com\/canaleduca\/wp-content\/uploads\/2025\/11\/apostar-al-verde-300x169.jpg 300w, https:\/\/www.fundacioncanal.com\/canaleduca\/wp-content\/uploads\/2025\/11\/apostar-al-verde-1030x579.jpg 1030w, https:\/\/www.fundacioncanal.com\/canaleduca\/wp-content\/uploads\/2025\/11\/apostar-al-verde-768x432.jpg 768w, https:\/\/www.fundacioncanal.com\/canaleduca\/wp-content\/uploads\/2025\/11\/apostar-al-verde-1536x864.jpg 1536w, https:\/\/www.fundacioncanal.com\/canaleduca\/wp-content\/uploads\/2025\/11\/apostar-al-verde-1500x844.jpg 1500w, https:\/\/www.fundacioncanal.com\/canaleduca\/wp-content\/uploads\/2025\/11\/apostar-al-verde-705x397.jpg 705w\" sizes=\"(max-width: 1774px) 100vw, 1774px\" \/><\/div><\/div><\/div><br \/>\n\n<style type=\"text\/css\" data-created_by=\"avia_inline_auto\" id=\"style-css-av-wu4xgr-eeaf1d019b0bf3268f40611dd1b3aa97\">\n#top .av_textblock_section.av-wu4xgr-eeaf1d019b0bf3268f40611dd1b3aa97 .avia_textblock{\nfont-size:12px;\ncolor:#ffffff;\n}\n<\/style>\n<section  class='av_textblock_section av-wu4xgr-eeaf1d019b0bf3268f40611dd1b3aa97 '   itemscope=\"itemscope\" itemtype=\"https:\/\/schema.org\/CreativeWork\" ><div class='avia_textblock video-conferencia av_inherit_color'  itemprop=\"text\" ><p>V\u00eddeo conferencia<\/p>\n<\/div><\/section><br \/>\n\n<style type=\"text\/css\" data-created_by=\"avia_inline_auto\" id=\"style-css-av-mhp2tjov-53c7b07adb7a299d09b189174af9314f\">\n#top .av-special-heading.av-mhp2tjov-53c7b07adb7a299d09b189174af9314f{\npadding-bottom:0;\ncolor:#0092d0;\nfont-size:18px;\n}\nbody .av-special-heading.av-mhp2tjov-53c7b07adb7a299d09b189174af9314f .av-special-heading-tag .heading-char{\nfont-size:25px;\n}\n#top #wrap_all .av-special-heading.av-mhp2tjov-53c7b07adb7a299d09b189174af9314f .av-special-heading-tag{\nfont-size:18px;\n}\n.av-special-heading.av-mhp2tjov-53c7b07adb7a299d09b189174af9314f .special-heading-inner-border{\nborder-color:#0092d0;\n}\n.av-special-heading.av-mhp2tjov-53c7b07adb7a299d09b189174af9314f .av-subheading{\nfont-size:15px;\n}\n\n@media only screen and (min-width: 480px) and (max-width: 767px){ \n#top #wrap_all .av-special-heading.av-mhp2tjov-53c7b07adb7a299d09b189174af9314f .av-special-heading-tag{\nfont-size:0.8em;\n}\n}\n\n@media only screen and (max-width: 479px){ \n#top #wrap_all .av-special-heading.av-mhp2tjov-53c7b07adb7a299d09b189174af9314f .av-special-heading-tag{\nfont-size:0.8em;\n}\n}\n<\/style>\n<div  id=\"sinmargen\"  class='av-special-heading av-mhp2tjov-53c7b07adb7a299d09b189174af9314f av-special-heading-h4 custom-color-heading blockquote modern-quote  avia-builder-el-94  el_after_av_textblock  avia-builder-el-last  av-inherit-size'><h4 class='av-special-heading-tag '  itemprop=\"headline\"  >Apostar al verde. Vegetaci\u00f3n y bienestar<\/h4><div class='av_custom_color av-subheading av-subheading_below'><p>A partir de: <strong>ESO<\/strong><\/p>\n<\/div><div class=\"special-heading-border\"><div class=\"special-heading-inner-border\"><\/div><\/div><\/div><\/p><\/div><div class='av-flex-placeholder'><\/div>\n<style type=\"text\/css\" data-created_by=\"avia_inline_auto\" id=\"style-css-av-moir9nk9-ca10301d40ccffd0cfee4d9ce50b8993\">\n.flex_column.av-moir9nk9-ca10301d40ccffd0cfee4d9ce50b8993{\nwidth:22.75%;\nmargin-left:0;\n}\n#top .flex_column_table.av-equal-height-column-flextable.av-moir9nk9-ca10301d40ccffd0cfee4d9ce50b8993 .av-flex-placeholder{\nwidth:3%;\n}\n<\/style>\n<div  class='flex_column av-moir9nk9-ca10301d40ccffd0cfee4d9ce50b8993 av_one_fourth  avia-builder-el-95  el_after_av_one_fourth  avia-builder-el-last  flex_column_table_cell av-equal-height-column av-align-top avia-link-column av-column-link avia-link-column-hover  column-top-margin'    data-link-column-url=\"https:\/\/www.fundacioncanal.com\/canaleduca\/recursos-didacticos\/naturaleza-y-paisaje\/\"  data-link-column-target=\"_blank\"   ><a class=\"av-screen-reader-only\" href=https:\/\/www.fundacioncanal.com\/canaleduca\/recursos-didacticos\/naturaleza-y-paisaje\/  target=\"_blank\" >Link to: Naturaleza y Paisaje<\/a><p>\n<style type=\"text\/css\" data-created_by=\"avia_inline_auto\" id=\"style-css-av-moir8w89-820e35db25396a5b0b5557dd00f55535\">\n.avia-image-container.av-moir8w89-820e35db25396a5b0b5557dd00f55535 img.avia_image{\nbox-shadow:none;\n}\n.avia-image-container.av-moir8w89-820e35db25396a5b0b5557dd00f55535 .av-image-caption-overlay-center{\ncolor:#ffffff;\n}\n<\/style>\n<div  class='avia-image-container av-moir8w89-820e35db25396a5b0b5557dd00f55535 av-styling- avia-align-center  avia-builder-el-96  el_before_av_textblock  avia-builder-el-first '   itemprop=\"image\" itemscope=\"itemscope\" itemtype=\"https:\/\/schema.org\/ImageObject\" ><div class=\"avia-image-container-inner\"><div class=\"avia-image-overlay-wrap\"><img decoding=\"async\" fetchpriority=\"high\" class='wp-image-43033 avia-img-lazy-loading-not-43033 avia_image ' src=\"https:\/\/www.fundacioncanal.com\/canaleduca\/wp-content\/uploads\/2026\/04\/naturaleza-paisaje.webp\" alt='naturaleza paisaje' title='naturaleza paisaje'  height=\"998\" width=\"1774\"  itemprop=\"thumbnailUrl\" srcset=\"https:\/\/www.fundacioncanal.com\/canaleduca\/wp-content\/uploads\/2026\/04\/naturaleza-paisaje.webp 1774w, https:\/\/www.fundacioncanal.com\/canaleduca\/wp-content\/uploads\/2026\/04\/naturaleza-paisaje-300x169.webp 300w, https:\/\/www.fundacioncanal.com\/canaleduca\/wp-content\/uploads\/2026\/04\/naturaleza-paisaje-1030x579.webp 1030w, https:\/\/www.fundacioncanal.com\/canaleduca\/wp-content\/uploads\/2026\/04\/naturaleza-paisaje-768x432.webp 768w, https:\/\/www.fundacioncanal.com\/canaleduca\/wp-content\/uploads\/2026\/04\/naturaleza-paisaje-1536x864.webp 1536w, https:\/\/www.fundacioncanal.com\/canaleduca\/wp-content\/uploads\/2026\/04\/naturaleza-paisaje-1500x844.webp 1500w, https:\/\/www.fundacioncanal.com\/canaleduca\/wp-content\/uploads\/2026\/04\/naturaleza-paisaje-705x397.webp 705w\" sizes=\"(max-width: 1774px) 100vw, 1774px\" \/><\/div><\/div><\/div><br \/>\n\n<style type=\"text\/css\" data-created_by=\"avia_inline_auto\" id=\"style-css-av-va8brf-1ea1720ff6db23fdd9c92c03f52f87b7\">\n#top .av_textblock_section.av-va8brf-1ea1720ff6db23fdd9c92c03f52f87b7 .avia_textblock{\nfont-size:12px;\ncolor:#ffffff;\n}\n<\/style>\n<section  class='av_textblock_section av-va8brf-1ea1720ff6db23fdd9c92c03f52f87b7 '   itemscope=\"itemscope\" itemtype=\"https:\/\/schema.org\/CreativeWork\" ><div class='avia_textblock video-conferencia av_inherit_color'  itemprop=\"text\" ><p>V\u00eddeo conferencia<\/p>\n<\/div><\/section><br \/>\n\n<style type=\"text\/css\" data-created_by=\"avia_inline_auto\" id=\"style-css-av-moir9aqj-8a99ee5c4d4a19dc64a65adbf0f456e3\">\n#top .av-special-heading.av-moir9aqj-8a99ee5c4d4a19dc64a65adbf0f456e3{\npadding-bottom:0;\ncolor:#0092d0;\nfont-size:18px;\n}\nbody .av-special-heading.av-moir9aqj-8a99ee5c4d4a19dc64a65adbf0f456e3 .av-special-heading-tag .heading-char{\nfont-size:25px;\n}\n#top #wrap_all .av-special-heading.av-moir9aqj-8a99ee5c4d4a19dc64a65adbf0f456e3 .av-special-heading-tag{\nfont-size:18px;\n}\n.av-special-heading.av-moir9aqj-8a99ee5c4d4a19dc64a65adbf0f456e3 .special-heading-inner-border{\nborder-color:#0092d0;\n}\n.av-special-heading.av-moir9aqj-8a99ee5c4d4a19dc64a65adbf0f456e3 .av-subheading{\nfont-size:15px;\n}\n\n@media only screen and (min-width: 480px) and (max-width: 767px){ \n#top #wrap_all .av-special-heading.av-moir9aqj-8a99ee5c4d4a19dc64a65adbf0f456e3 .av-special-heading-tag{\nfont-size:0.8em;\n}\n}\n\n@media only screen and (max-width: 479px){ \n#top #wrap_all .av-special-heading.av-moir9aqj-8a99ee5c4d4a19dc64a65adbf0f456e3 .av-special-heading-tag{\nfont-size:0.8em;\n}\n}\n<\/style>\n<div  id=\"sinmargen\"  class='av-special-heading av-moir9aqj-8a99ee5c4d4a19dc64a65adbf0f456e3 av-special-heading-h4 custom-color-heading blockquote modern-quote  avia-builder-el-98  el_after_av_textblock  avia-builder-el-last  av-inherit-size'><h4 class='av-special-heading-tag '  itemprop=\"headline\"  >Naturaleza y Paisaje<\/h4><div class='av_custom_color av-subheading av-subheading_below'><p>A partir de: <strong>ESO<\/strong><\/p>\n<\/div><div class=\"special-heading-border\"><div class=\"special-heading-inner-border\"><\/div><\/div><\/div><\/p><\/div><\/div><!--close column table wrapper. Autoclose: 1 -->\n\n<\/div><\/div><\/div><!-- close content main div --><\/div><\/div><div id='ciclo-integral'  class='avia-section av-lu8wihml-ac4b13ae3466a82d3d7aeff8bf45fc42 main_color avia-section-default avia-no-border-styling  avia-builder-el-99  el_after_av_section  el_before_av_section  avia-bg-style-scroll container_wrap fullsize'  ><div class='container av-section-cont-open' ><div class='template-page content  av-content-full alpha units'><div class='post-entry post-entry-type-page post-entry-36107'><div class='entry-content-wrapper clearfix'>\n<div  class='flex_column av-29o9yuj-2f6ee56725bbe12579cd89bab6dadf27 av_four_fifth  avia-builder-el-100  el_before_av_one_fifth  avia-builder-el-first  first flex_column_div  '     ><style type=\"text\/css\" data-created_by=\"avia_inline_auto\" id=\"style-css-av-68h6x7-4d9ebcded1a7b7a40b11600ed8c57d25\">\n#top .av-special-heading.av-68h6x7-4d9ebcded1a7b7a40b11600ed8c57d25{\npadding-bottom:0;\ncolor:#4eadea;\n}\nbody .av-special-heading.av-68h6x7-4d9ebcded1a7b7a40b11600ed8c57d25 .av-special-heading-tag .heading-char{\nfont-size:25px;\n}\n.av-special-heading.av-68h6x7-4d9ebcded1a7b7a40b11600ed8c57d25 .special-heading-inner-border{\nborder-color:#4eadea;\n}\n.av-special-heading.av-68h6x7-4d9ebcded1a7b7a40b11600ed8c57d25 .av-subheading{\nfont-size:15px;\n}\n<\/style>\n<div  class='av-special-heading av-68h6x7-4d9ebcded1a7b7a40b11600ed8c57d25 av-special-heading-h2 custom-color-heading blockquote modern-quote  avia-builder-el-101  avia-builder-el-no-sibling  titulete'><h2 class='av-special-heading-tag '  itemprop=\"headline\"  >Ciclo integral del agua<\/h2><div class=\"special-heading-border\"><div class=\"special-heading-inner-border\"><\/div><\/div><\/div><\/div><div  class='flex_column av-1bl7l2j-49ce251b01b21ebe05f46185711c3a45 av_one_fifth  avia-builder-el-102  el_after_av_four_fifth  el_before_av_one_fourth  flex_column_div  '     ><style type=\"text\/css\" data-created_by=\"avia_inline_auto\" id=\"style-css-av-l3d0sr-705bd06de79a28810a05d0561f836910\">\n.av_font_icon.av-l3d0sr-705bd06de79a28810a05d0561f836910{\ncolor:#4eadea;\nborder-color:#4eadea;\n}\n.avia-svg-icon.av-l3d0sr-705bd06de79a28810a05d0561f836910 svg:first-child{\nstroke:#4eadea;\nfill:#4eadea;\n}\n.av_font_icon.av-l3d0sr-705bd06de79a28810a05d0561f836910 .av-icon-char{\nfont-size:50px;\nline-height:50px;\n}\n<\/style>\n<span  class='av_font_icon av-l3d0sr-705bd06de79a28810a05d0561f836910 avia_animate_when_visible av-icon-style- avia-icon-pos-right avia-iconfont avia-font-iconos-agua-fontello avia-icon-animate'><span class='av-icon-char' data-av_icon='\ue800' data-av_iconfont='iconos-agua-fontello' aria-hidden=\"true\" ><\/span><\/span><\/div><div class='flex_column_table av-7omrij-754600e431cf987add3a852bfb880e23 sc-av_one_fourth av-equal-height-column-flextable'>\n<style type=\"text\/css\" data-created_by=\"avia_inline_auto\" id=\"style-css-av-7omrij-754600e431cf987add3a852bfb880e23\">\n.flex_column.av-7omrij-754600e431cf987add3a852bfb880e23{\nwidth:22.75%;\nmargin-left:0;\n}\n#top .flex_column_table.av-equal-height-column-flextable.av-7omrij-754600e431cf987add3a852bfb880e23 .av-flex-placeholder{\nwidth:3%;\n}\n<\/style>\n<div  class='flex_column av-7omrij-754600e431cf987add3a852bfb880e23 av_one_fourth  avia-builder-el-104  el_after_av_one_fifth  el_before_av_one_fourth  first flex_column_table_cell av-equal-height-column av-align-top avia-link-column av-column-link avia-link-column-hover  column-top-margin'    data-link-column-url=\"https:\/\/www.fundacioncanal.com\/canaleduca\/recursos-didacticos\/ciclo-natural-e-integral-del-agua\/\"  data-link-column-target=\"_blank\"   ><a class=\"av-screen-reader-only\" href=https:\/\/www.fundacioncanal.com\/canaleduca\/recursos-didacticos\/ciclo-natural-e-integral-del-agua\/  target=\"_blank\" >Link to: Ciclo natural e integral del agua<\/a><p>\n<style type=\"text\/css\" data-created_by=\"avia_inline_auto\" id=\"style-css-av-1ked70r-6e918b753fb4070536197c9fe67d8897\">\n.avia-image-container.av-1ked70r-6e918b753fb4070536197c9fe67d8897 img.avia_image{\nbox-shadow:none;\n}\n.avia-image-container.av-1ked70r-6e918b753fb4070536197c9fe67d8897 .av-image-caption-overlay-center{\ncolor:#ffffff;\n}\n<\/style>\n<div  class='avia-image-container av-1ked70r-6e918b753fb4070536197c9fe67d8897 av-styling- avia-align-center  avia-builder-el-105  el_before_av_textblock  avia-builder-el-first '   itemprop=\"image\" itemscope=\"itemscope\" itemtype=\"https:\/\/schema.org\/ImageObject\" ><div class=\"avia-image-container-inner\"><div class=\"avia-image-overlay-wrap\"><img decoding=\"async\" fetchpriority=\"high\" class='wp-image-33586 avia-img-lazy-loading-not-33586 avia_image ' src=\"https:\/\/www.fundacioncanal.com\/canaleduca\/wp-content\/uploads\/2024\/01\/av25.jpg\" alt='av25' title='av25'  height=\"998\" width=\"1774\"  itemprop=\"thumbnailUrl\" srcset=\"https:\/\/www.fundacioncanal.com\/canaleduca\/wp-content\/uploads\/2024\/01\/av25.jpg 1774w, https:\/\/www.fundacioncanal.com\/canaleduca\/wp-content\/uploads\/2024\/01\/av25-300x169.jpg 300w, https:\/\/www.fundacioncanal.com\/canaleduca\/wp-content\/uploads\/2024\/01\/av25-1030x579.jpg 1030w, https:\/\/www.fundacioncanal.com\/canaleduca\/wp-content\/uploads\/2024\/01\/av25-768x432.jpg 768w, https:\/\/www.fundacioncanal.com\/canaleduca\/wp-content\/uploads\/2024\/01\/av25-1536x864.jpg 1536w, https:\/\/www.fundacioncanal.com\/canaleduca\/wp-content\/uploads\/2024\/01\/av25-1500x844.jpg 1500w, https:\/\/www.fundacioncanal.com\/canaleduca\/wp-content\/uploads\/2024\/01\/av25-705x397.jpg 705w\" sizes=\"(max-width: 1774px) 100vw, 1774px\" \/><\/div><\/div><\/div><br \/>\n\n<style type=\"text\/css\" data-created_by=\"avia_inline_auto\" id=\"style-css-av-zy0a17-ba7cb2e8e6266c5c19a1bff34e54f17a\">\n#top .av_textblock_section.av-zy0a17-ba7cb2e8e6266c5c19a1bff34e54f17a .avia_textblock{\nfont-size:12px;\ncolor:#ffffff;\n}\n<\/style>\n<section  class='av_textblock_section av-zy0a17-ba7cb2e8e6266c5c19a1bff34e54f17a '   itemscope=\"itemscope\" itemtype=\"https:\/\/schema.org\/CreativeWork\" ><div class='avia_textblock video-corto av_inherit_color'  itemprop=\"text\" ><p>V\u00eddeo corto<\/p>\n<\/div><\/section><br \/>\n\n<style type=\"text\/css\" data-created_by=\"avia_inline_auto\" id=\"style-css-av-w0s9cb-5ce6ac5c5a21371dc8f7ac74c78edb4e\">\n#top .av-special-heading.av-w0s9cb-5ce6ac5c5a21371dc8f7ac74c78edb4e{\npadding-bottom:0;\ncolor:#0092d0;\nfont-size:18px;\n}\nbody .av-special-heading.av-w0s9cb-5ce6ac5c5a21371dc8f7ac74c78edb4e .av-special-heading-tag .heading-char{\nfont-size:25px;\n}\n#top #wrap_all .av-special-heading.av-w0s9cb-5ce6ac5c5a21371dc8f7ac74c78edb4e .av-special-heading-tag{\nfont-size:18px;\n}\n.av-special-heading.av-w0s9cb-5ce6ac5c5a21371dc8f7ac74c78edb4e .special-heading-inner-border{\nborder-color:#0092d0;\n}\n.av-special-heading.av-w0s9cb-5ce6ac5c5a21371dc8f7ac74c78edb4e .av-subheading{\nfont-size:15px;\n}\n\n@media only screen and (min-width: 480px) and (max-width: 767px){ \n#top #wrap_all .av-special-heading.av-w0s9cb-5ce6ac5c5a21371dc8f7ac74c78edb4e .av-special-heading-tag{\nfont-size:0.8em;\n}\n}\n\n@media only screen and (max-width: 479px){ \n#top #wrap_all .av-special-heading.av-w0s9cb-5ce6ac5c5a21371dc8f7ac74c78edb4e .av-special-heading-tag{\nfont-size:0.8em;\n}\n}\n<\/style>\n<div  id=\"sinmargen\"  class='av-special-heading av-w0s9cb-5ce6ac5c5a21371dc8f7ac74c78edb4e av-special-heading-h4 custom-color-heading blockquote modern-quote  avia-builder-el-107  el_after_av_textblock  avia-builder-el-last  av-inherit-size'><h4 class='av-special-heading-tag '  itemprop=\"headline\"  >Ciclo natural e integral del agua<\/h4><div class='av_custom_color av-subheading av-subheading_below'><p><strong>Todas las etapas<\/strong><\/p>\n<\/div><div class=\"special-heading-border\"><div class=\"special-heading-inner-border\"><\/div><\/div><\/div><\/p><\/div><div class='av-flex-placeholder'><\/div>\n<style type=\"text\/css\" data-created_by=\"avia_inline_auto\" id=\"style-css-av-f4mpe7f-da64fe7f4852c93f2a0c3342e1455289\">\n.flex_column.av-f4mpe7f-da64fe7f4852c93f2a0c3342e1455289{\nwidth:22.75%;\nmargin-left:0;\n}\n#top .flex_column_table.av-equal-height-column-flextable.av-f4mpe7f-da64fe7f4852c93f2a0c3342e1455289 .av-flex-placeholder{\nwidth:3%;\n}\n<\/style>\n<div  class='flex_column av-f4mpe7f-da64fe7f4852c93f2a0c3342e1455289 av_one_fourth  avia-builder-el-108  el_after_av_one_fourth  el_before_av_one_fourth  flex_column_table_cell av-equal-height-column av-align-top avia-link-column av-column-link avia-link-column-hover  column-top-margin'    data-link-column-url=\"https:\/\/www.fundacioncanal.com\/canaleduca\/recursos-didacticos\/captacion-y-acumulacion-de-agua\/\"  data-link-column-target=\"_blank\"   ><a class=\"av-screen-reader-only\" href=https:\/\/www.fundacioncanal.com\/canaleduca\/recursos-didacticos\/captacion-y-acumulacion-de-agua\/  target=\"_blank\" >Link to: Captaci\u00f3n y acumulaci\u00f3n de agua<\/a><p>\n<style type=\"text\/css\" data-created_by=\"avia_inline_auto\" id=\"style-css-av-ec297u3-826290d6d5890157391d0fc47a33efb3\">\n.avia-image-container.av-ec297u3-826290d6d5890157391d0fc47a33efb3 img.avia_image{\nbox-shadow:none;\n}\n.avia-image-container.av-ec297u3-826290d6d5890157391d0fc47a33efb3 .av-image-caption-overlay-center{\ncolor:#ffffff;\n}\n<\/style>\n<div  class='avia-image-container av-ec297u3-826290d6d5890157391d0fc47a33efb3 av-styling- avia-align-center  avia-builder-el-109  el_before_av_textblock  avia-builder-el-first '   itemprop=\"image\" itemscope=\"itemscope\" itemtype=\"https:\/\/schema.org\/ImageObject\" ><div class=\"avia-image-container-inner\"><div class=\"avia-image-overlay-wrap\"><img decoding=\"async\" fetchpriority=\"high\" class='wp-image-33587 avia-img-lazy-loading-not-33587 avia_image ' src=\"https:\/\/www.fundacioncanal.com\/canaleduca\/wp-content\/uploads\/2024\/01\/av30.jpg\" alt='av30' title='av30'  height=\"998\" width=\"1774\"  itemprop=\"thumbnailUrl\" srcset=\"https:\/\/www.fundacioncanal.com\/canaleduca\/wp-content\/uploads\/2024\/01\/av30.jpg 1774w, https:\/\/www.fundacioncanal.com\/canaleduca\/wp-content\/uploads\/2024\/01\/av30-300x169.jpg 300w, https:\/\/www.fundacioncanal.com\/canaleduca\/wp-content\/uploads\/2024\/01\/av30-1030x579.jpg 1030w, https:\/\/www.fundacioncanal.com\/canaleduca\/wp-content\/uploads\/2024\/01\/av30-768x432.jpg 768w, https:\/\/www.fundacioncanal.com\/canaleduca\/wp-content\/uploads\/2024\/01\/av30-1536x864.jpg 1536w, https:\/\/www.fundacioncanal.com\/canaleduca\/wp-content\/uploads\/2024\/01\/av30-1500x844.jpg 1500w, https:\/\/www.fundacioncanal.com\/canaleduca\/wp-content\/uploads\/2024\/01\/av30-705x397.jpg 705w\" sizes=\"(max-width: 1774px) 100vw, 1774px\" \/><\/div><\/div><\/div><br \/>\n\n<style type=\"text\/css\" data-created_by=\"avia_inline_auto\" id=\"style-css-av-dw5dxkb-c48c9ebb33bdf22daee8b15b9b8bbb6e\">\n#top .av_textblock_section.av-dw5dxkb-c48c9ebb33bdf22daee8b15b9b8bbb6e .avia_textblock{\nfont-size:12px;\ncolor:#ffffff;\n}\n<\/style>\n<section  class='av_textblock_section av-dw5dxkb-c48c9ebb33bdf22daee8b15b9b8bbb6e '   itemscope=\"itemscope\" itemtype=\"https:\/\/schema.org\/CreativeWork\" ><div class='avia_textblock video-corto av_inherit_color'  itemprop=\"text\" ><p>V\u00eddeo corto<\/p>\n<\/div><\/section><br \/>\n\n<style type=\"text\/css\" data-created_by=\"avia_inline_auto\" id=\"style-css-av-dolau3v-72443fc827c4fbb07de10d690d902856\">\n#top .av-special-heading.av-dolau3v-72443fc827c4fbb07de10d690d902856{\npadding-bottom:0;\ncolor:#0092d0;\nfont-size:18px;\n}\nbody .av-special-heading.av-dolau3v-72443fc827c4fbb07de10d690d902856 .av-special-heading-tag .heading-char{\nfont-size:25px;\n}\n#top #wrap_all .av-special-heading.av-dolau3v-72443fc827c4fbb07de10d690d902856 .av-special-heading-tag{\nfont-size:18px;\n}\n.av-special-heading.av-dolau3v-72443fc827c4fbb07de10d690d902856 .special-heading-inner-border{\nborder-color:#0092d0;\n}\n.av-special-heading.av-dolau3v-72443fc827c4fbb07de10d690d902856 .av-subheading{\nfont-size:15px;\n}\n\n@media only screen and (min-width: 480px) and (max-width: 767px){ \n#top #wrap_all .av-special-heading.av-dolau3v-72443fc827c4fbb07de10d690d902856 .av-special-heading-tag{\nfont-size:0.8em;\n}\n}\n\n@media only screen and (max-width: 479px){ \n#top #wrap_all .av-special-heading.av-dolau3v-72443fc827c4fbb07de10d690d902856 .av-special-heading-tag{\nfont-size:0.8em;\n}\n}\n<\/style>\n<div  id=\"sinmargen\"  class='av-special-heading av-dolau3v-72443fc827c4fbb07de10d690d902856 av-special-heading-h4 custom-color-heading blockquote modern-quote  avia-builder-el-111  el_after_av_textblock  avia-builder-el-last  av-inherit-size'><h4 class='av-special-heading-tag '  itemprop=\"headline\"  >Captaci\u00f3n y acumulaci\u00f3n de agua<\/h4><div class='av_custom_color av-subheading av-subheading_below'><p>A partir de: <strong>Segundo ciclo de Primaria<\/strong><\/p>\n<\/div><div class=\"special-heading-border\"><div class=\"special-heading-inner-border\"><\/div><\/div><\/div><\/p><\/div><div class='av-flex-placeholder'><\/div>\n<style type=\"text\/css\" data-created_by=\"avia_inline_auto\" id=\"style-css-av-1blv5u3-f8d31625cb9bc21751774308eb6c53c5\">\n.flex_column.av-1blv5u3-f8d31625cb9bc21751774308eb6c53c5{\nwidth:22.75%;\nmargin-left:0;\n}\n#top .flex_column_table.av-equal-height-column-flextable.av-1blv5u3-f8d31625cb9bc21751774308eb6c53c5 .av-flex-placeholder{\nwidth:3%;\n}\n<\/style>\n<div  class='flex_column av-1blv5u3-f8d31625cb9bc21751774308eb6c53c5 av_one_fourth  avia-builder-el-112  el_after_av_one_fourth  el_before_av_one_fourth  flex_column_table_cell av-equal-height-column av-align-top avia-link-column av-column-link avia-link-column-hover  column-top-margin'    data-link-column-url=\"https:\/\/www.fundacioncanal.com\/canaleduca\/recursos-didacticos\/traida-de-agua-a-la-ciudad\/\"  data-link-column-target=\"_blank\"   ><a class=\"av-screen-reader-only\" href=https:\/\/www.fundacioncanal.com\/canaleduca\/recursos-didacticos\/traida-de-agua-a-la-ciudad\/  target=\"_blank\" >Link to: Tra\u00edda de agua a la ciudad<\/a><p>\n<style type=\"text\/css\" data-created_by=\"avia_inline_auto\" id=\"style-css-av-cqv7pbf-2163802fdb590133261e67770889a11a\">\n.avia-image-container.av-cqv7pbf-2163802fdb590133261e67770889a11a img.avia_image{\nbox-shadow:none;\n}\n.avia-image-container.av-cqv7pbf-2163802fdb590133261e67770889a11a .av-image-caption-overlay-center{\ncolor:#ffffff;\n}\n<\/style>\n<div  class='avia-image-container av-cqv7pbf-2163802fdb590133261e67770889a11a av-styling- avia-align-center  avia-builder-el-113  el_before_av_textblock  avia-builder-el-first '   itemprop=\"image\" itemscope=\"itemscope\" itemtype=\"https:\/\/schema.org\/ImageObject\" ><div class=\"avia-image-container-inner\"><div class=\"avia-image-overlay-wrap\"><img decoding=\"async\" fetchpriority=\"high\" class='wp-image-33589 avia-img-lazy-loading-not-33589 avia_image ' src=\"https:\/\/www.fundacioncanal.com\/canaleduca\/wp-content\/uploads\/2024\/01\/av31.jpg\" alt='av31' title='av31'  height=\"998\" width=\"1774\"  itemprop=\"thumbnailUrl\" srcset=\"https:\/\/www.fundacioncanal.com\/canaleduca\/wp-content\/uploads\/2024\/01\/av31.jpg 1774w, https:\/\/www.fundacioncanal.com\/canaleduca\/wp-content\/uploads\/2024\/01\/av31-300x169.jpg 300w, https:\/\/www.fundacioncanal.com\/canaleduca\/wp-content\/uploads\/2024\/01\/av31-1030x579.jpg 1030w, https:\/\/www.fundacioncanal.com\/canaleduca\/wp-content\/uploads\/2024\/01\/av31-768x432.jpg 768w, https:\/\/www.fundacioncanal.com\/canaleduca\/wp-content\/uploads\/2024\/01\/av31-1536x864.jpg 1536w, https:\/\/www.fundacioncanal.com\/canaleduca\/wp-content\/uploads\/2024\/01\/av31-1500x844.jpg 1500w, https:\/\/www.fundacioncanal.com\/canaleduca\/wp-content\/uploads\/2024\/01\/av31-705x397.jpg 705w\" sizes=\"(max-width: 1774px) 100vw, 1774px\" \/><\/div><\/div><\/div><br \/>\n\n<style type=\"text\/css\" data-created_by=\"avia_inline_auto\" id=\"style-css-av-c5jpte3-373c37e054392fbef18968967459826d\">\n#top .av_textblock_section.av-c5jpte3-373c37e054392fbef18968967459826d .avia_textblock{\nfont-size:12px;\ncolor:#ffffff;\n}\n<\/style>\n<section  class='av_textblock_section av-c5jpte3-373c37e054392fbef18968967459826d '   itemscope=\"itemscope\" itemtype=\"https:\/\/schema.org\/CreativeWork\" ><div class='avia_textblock video-corto av_inherit_color'  itemprop=\"text\" ><p>V\u00eddeo corto<\/p>\n<\/div><\/section><br \/>\n\n<style type=\"text\/css\" data-created_by=\"avia_inline_auto\" id=\"style-css-av-16zr823-e81c3b098c783258c719d23651393b58\">\n#top .av-special-heading.av-16zr823-e81c3b098c783258c719d23651393b58{\npadding-bottom:0;\ncolor:#0092d0;\nfont-size:18px;\n}\nbody .av-special-heading.av-16zr823-e81c3b098c783258c719d23651393b58 .av-special-heading-tag .heading-char{\nfont-size:25px;\n}\n#top #wrap_all .av-special-heading.av-16zr823-e81c3b098c783258c719d23651393b58 .av-special-heading-tag{\nfont-size:18px;\n}\n.av-special-heading.av-16zr823-e81c3b098c783258c719d23651393b58 .special-heading-inner-border{\nborder-color:#0092d0;\n}\n.av-special-heading.av-16zr823-e81c3b098c783258c719d23651393b58 .av-subheading{\nfont-size:15px;\n}\n\n@media only screen and (min-width: 480px) and (max-width: 767px){ \n#top #wrap_all .av-special-heading.av-16zr823-e81c3b098c783258c719d23651393b58 .av-special-heading-tag{\nfont-size:0.8em;\n}\n}\n\n@media only screen and (max-width: 479px){ \n#top #wrap_all .av-special-heading.av-16zr823-e81c3b098c783258c719d23651393b58 .av-special-heading-tag{\nfont-size:0.8em;\n}\n}\n<\/style>\n<div  id=\"sinmargen\"  class='av-special-heading av-16zr823-e81c3b098c783258c719d23651393b58 av-special-heading-h4 custom-color-heading blockquote modern-quote  avia-builder-el-115  el_after_av_textblock  avia-builder-el-last  av-inherit-size'><h4 class='av-special-heading-tag '  itemprop=\"headline\"  >Tra\u00edda de agua a la ciudad<\/h4><div class='av_custom_color av-subheading av-subheading_below'><p>A partir de: <strong>Segundo ciclo de Primaria<\/strong><\/p>\n<\/div><div class=\"special-heading-border\"><div class=\"special-heading-inner-border\"><\/div><\/div><\/div><\/p><\/div><div class='av-flex-placeholder'><\/div>\n<style type=\"text\/css\" data-created_by=\"avia_inline_auto\" id=\"style-css-av-b5cuyaz-55e4d2f04005ae789d17e8cb5df46661\">\n.flex_column.av-b5cuyaz-55e4d2f04005ae789d17e8cb5df46661{\nwidth:22.75%;\nmargin-left:0;\n}\n#top .flex_column_table.av-equal-height-column-flextable.av-b5cuyaz-55e4d2f04005ae789d17e8cb5df46661 .av-flex-placeholder{\nwidth:3%;\n}\n<\/style>\n<div  class='flex_column av-b5cuyaz-55e4d2f04005ae789d17e8cb5df46661 av_one_fourth  avia-builder-el-116  el_after_av_one_fourth  el_before_av_one_fourth  flex_column_table_cell av-equal-height-column av-align-top avia-link-column av-column-link avia-link-column-hover  column-top-margin'    data-link-column-url=\"https:\/\/www.fundacioncanal.com\/canaleduca\/recursos-didacticos\/estacion-de-tratamiento-de-agua-potable-etap\/\"  data-link-column-target=\"_blank\"   ><a class=\"av-screen-reader-only\" href=https:\/\/www.fundacioncanal.com\/canaleduca\/recursos-didacticos\/estacion-de-tratamiento-de-agua-potable-etap\/  target=\"_blank\" >Link to: Estaci\u00f3n de Tratamiento de Agua Potable (ETAP)<\/a><p>\n<style type=\"text\/css\" data-created_by=\"avia_inline_auto\" id=\"style-css-av-ap36uiz-7a47e9c90b3fbd99a2d8d3683463d5a8\">\n.avia-image-container.av-ap36uiz-7a47e9c90b3fbd99a2d8d3683463d5a8 img.avia_image{\nbox-shadow:none;\n}\n.avia-image-container.av-ap36uiz-7a47e9c90b3fbd99a2d8d3683463d5a8 .av-image-caption-overlay-center{\ncolor:#ffffff;\n}\n<\/style>\n<div  class='avia-image-container av-ap36uiz-7a47e9c90b3fbd99a2d8d3683463d5a8 av-styling- avia-align-center  avia-builder-el-117  el_before_av_textblock  avia-builder-el-first '   itemprop=\"image\" itemscope=\"itemscope\" itemtype=\"https:\/\/schema.org\/ImageObject\" ><div class=\"avia-image-container-inner\"><div class=\"avia-image-overlay-wrap\"><img decoding=\"async\" fetchpriority=\"high\" class='wp-image-33592 avia-img-lazy-loading-not-33592 avia_image ' src=\"https:\/\/www.fundacioncanal.com\/canaleduca\/wp-content\/uploads\/2024\/01\/av33.jpg\" alt='av33' title='av33'  height=\"998\" width=\"1774\"  itemprop=\"thumbnailUrl\" srcset=\"https:\/\/www.fundacioncanal.com\/canaleduca\/wp-content\/uploads\/2024\/01\/av33.jpg 1774w, https:\/\/www.fundacioncanal.com\/canaleduca\/wp-content\/uploads\/2024\/01\/av33-300x169.jpg 300w, https:\/\/www.fundacioncanal.com\/canaleduca\/wp-content\/uploads\/2024\/01\/av33-1030x579.jpg 1030w, https:\/\/www.fundacioncanal.com\/canaleduca\/wp-content\/uploads\/2024\/01\/av33-768x432.jpg 768w, https:\/\/www.fundacioncanal.com\/canaleduca\/wp-content\/uploads\/2024\/01\/av33-1536x864.jpg 1536w, https:\/\/www.fundacioncanal.com\/canaleduca\/wp-content\/uploads\/2024\/01\/av33-1500x844.jpg 1500w, https:\/\/www.fundacioncanal.com\/canaleduca\/wp-content\/uploads\/2024\/01\/av33-705x397.jpg 705w\" sizes=\"(max-width: 1774px) 100vw, 1774px\" \/><\/div><\/div><\/div><br \/>\n\n<style type=\"text\/css\" data-created_by=\"avia_inline_auto\" id=\"style-css-av-abzle97-d5759efdd1a5f6fd8a2b3b0809f2d579\">\n#top .av_textblock_section.av-abzle97-d5759efdd1a5f6fd8a2b3b0809f2d579 .avia_textblock{\nfont-size:12px;\ncolor:#ffffff;\n}\n<\/style>\n<section  class='av_textblock_section av-abzle97-d5759efdd1a5f6fd8a2b3b0809f2d579 '   itemscope=\"itemscope\" itemtype=\"https:\/\/schema.org\/CreativeWork\" ><div class='avia_textblock video-corto av_inherit_color'  itemprop=\"text\" ><p>V\u00eddeo corto<\/p>\n<\/div><\/section><br \/>\n\n<style type=\"text\/css\" data-created_by=\"avia_inline_auto\" id=\"style-css-av-9up2k4r-a09376d0d2eb6a34356036ae3225a693\">\n#top .av-special-heading.av-9up2k4r-a09376d0d2eb6a34356036ae3225a693{\npadding-bottom:0;\ncolor:#0092d0;\nfont-size:18px;\n}\nbody .av-special-heading.av-9up2k4r-a09376d0d2eb6a34356036ae3225a693 .av-special-heading-tag .heading-char{\nfont-size:25px;\n}\n#top #wrap_all .av-special-heading.av-9up2k4r-a09376d0d2eb6a34356036ae3225a693 .av-special-heading-tag{\nfont-size:18px;\n}\n.av-special-heading.av-9up2k4r-a09376d0d2eb6a34356036ae3225a693 .special-heading-inner-border{\nborder-color:#0092d0;\n}\n.av-special-heading.av-9up2k4r-a09376d0d2eb6a34356036ae3225a693 .av-subheading{\nfont-size:15px;\n}\n\n@media only screen and (min-width: 480px) and (max-width: 767px){ \n#top #wrap_all .av-special-heading.av-9up2k4r-a09376d0d2eb6a34356036ae3225a693 .av-special-heading-tag{\nfont-size:0.8em;\n}\n}\n\n@media only screen and (max-width: 479px){ \n#top #wrap_all .av-special-heading.av-9up2k4r-a09376d0d2eb6a34356036ae3225a693 .av-special-heading-tag{\nfont-size:0.8em;\n}\n}\n<\/style>\n<div  id=\"sinmargen\"  class='av-special-heading av-9up2k4r-a09376d0d2eb6a34356036ae3225a693 av-special-heading-h4 custom-color-heading blockquote modern-quote  avia-builder-el-119  el_after_av_textblock  avia-builder-el-last  av-inherit-size'><h4 class='av-special-heading-tag '  itemprop=\"headline\"  >Estaci\u00f3n de Tratamiento de Agua Potable (ETAP)<\/h4><div class='av_custom_color av-subheading av-subheading_below'><p>A partir de: <strong>Segundo ciclo de Primaria<\/strong><\/p>\n<\/div><div class=\"special-heading-border\"><div class=\"special-heading-inner-border\"><\/div><\/div><\/div><\/p><\/div><\/div><!--close column table wrapper. Autoclose: 1 --><div class='flex_column_table av-9kwysyz-0347bdb9eb5a9646d189aeea4822fbb3 sc-av_one_fourth av-equal-height-column-flextable'>\n<style type=\"text\/css\" data-created_by=\"avia_inline_auto\" id=\"style-css-av-9kwysyz-0347bdb9eb5a9646d189aeea4822fbb3\">\n.flex_column.av-9kwysyz-0347bdb9eb5a9646d189aeea4822fbb3{\nwidth:22.75%;\nmargin-left:0;\n}\n#top .flex_column_table.av-equal-height-column-flextable.av-9kwysyz-0347bdb9eb5a9646d189aeea4822fbb3 .av-flex-placeholder{\nwidth:3%;\n}\n<\/style>\n<div  class='flex_column av-9kwysyz-0347bdb9eb5a9646d189aeea4822fbb3 av_one_fourth  avia-builder-el-120  el_after_av_one_fourth  el_before_av_one_fourth  first flex_column_table_cell av-equal-height-column av-align-top avia-link-column av-column-link avia-link-column-hover  column-top-margin'    data-link-column-url=\"https:\/\/www.fundacioncanal.com\/canaleduca\/recursos-didacticos\/instalaciones-hidraulicas-de-la-sierra-de-madrid\/\"  data-link-column-target=\"_blank\"   ><a class=\"av-screen-reader-only\" href=https:\/\/www.fundacioncanal.com\/canaleduca\/recursos-didacticos\/instalaciones-hidraulicas-de-la-sierra-de-madrid\/  target=\"_blank\" >Link to: Instalaciones hidr\u00e1ulicas de la Sierra de Madrid<\/a><p>\n<style type=\"text\/css\" data-created_by=\"avia_inline_auto\" id=\"style-css-av-90qseff-eeac97d8eceff60194d3cc2f59bd74fa\">\n.avia-image-container.av-90qseff-eeac97d8eceff60194d3cc2f59bd74fa img.avia_image{\nbox-shadow:none;\n}\n.avia-image-container.av-90qseff-eeac97d8eceff60194d3cc2f59bd74fa .av-image-caption-overlay-center{\ncolor:#ffffff;\n}\n<\/style>\n<div  class='avia-image-container av-90qseff-eeac97d8eceff60194d3cc2f59bd74fa av-styling- avia-align-center  avia-builder-el-121  el_before_av_textblock  avia-builder-el-first '   itemprop=\"image\" itemscope=\"itemscope\" itemtype=\"https:\/\/schema.org\/ImageObject\" ><div class=\"avia-image-container-inner\"><div class=\"avia-image-overlay-wrap\"><img decoding=\"async\" fetchpriority=\"high\" class='wp-image-33594 avia-img-lazy-loading-not-33594 avia_image ' src=\"https:\/\/www.fundacioncanal.com\/canaleduca\/wp-content\/uploads\/2024\/01\/av34.jpg\" alt='av34' title='av34'  height=\"998\" width=\"1774\"  itemprop=\"thumbnailUrl\" srcset=\"https:\/\/www.fundacioncanal.com\/canaleduca\/wp-content\/uploads\/2024\/01\/av34.jpg 1774w, https:\/\/www.fundacioncanal.com\/canaleduca\/wp-content\/uploads\/2024\/01\/av34-300x169.jpg 300w, https:\/\/www.fundacioncanal.com\/canaleduca\/wp-content\/uploads\/2024\/01\/av34-1030x579.jpg 1030w, https:\/\/www.fundacioncanal.com\/canaleduca\/wp-content\/uploads\/2024\/01\/av34-768x432.jpg 768w, https:\/\/www.fundacioncanal.com\/canaleduca\/wp-content\/uploads\/2024\/01\/av34-1536x864.jpg 1536w, https:\/\/www.fundacioncanal.com\/canaleduca\/wp-content\/uploads\/2024\/01\/av34-1500x844.jpg 1500w, https:\/\/www.fundacioncanal.com\/canaleduca\/wp-content\/uploads\/2024\/01\/av34-705x397.jpg 705w\" sizes=\"(max-width: 1774px) 100vw, 1774px\" \/><\/div><\/div><\/div><br \/>\n\n<style type=\"text\/css\" data-created_by=\"avia_inline_auto\" id=\"style-css-av-8il8vor-b844bf39efc876e792a9b23450da8359\">\n#top .av_textblock_section.av-8il8vor-b844bf39efc876e792a9b23450da8359 .avia_textblock{\nfont-size:12px;\ncolor:#ffffff;\n}\n<\/style>\n<section  class='av_textblock_section av-8il8vor-b844bf39efc876e792a9b23450da8359 '   itemscope=\"itemscope\" itemtype=\"https:\/\/schema.org\/CreativeWork\" ><div class='avia_textblock video-corto av_inherit_color'  itemprop=\"text\" ><p>V\u00eddeo corto<\/p>\n<\/div><\/section><br \/>\n\n<style type=\"text\/css\" data-created_by=\"avia_inline_auto\" id=\"style-css-av-7vl77jf-33dcfb7034d3edc5b94cafb717f6cc14\">\n#top .av-special-heading.av-7vl77jf-33dcfb7034d3edc5b94cafb717f6cc14{\npadding-bottom:0;\ncolor:#0092d0;\nfont-size:18px;\n}\nbody .av-special-heading.av-7vl77jf-33dcfb7034d3edc5b94cafb717f6cc14 .av-special-heading-tag .heading-char{\nfont-size:25px;\n}\n#top #wrap_all .av-special-heading.av-7vl77jf-33dcfb7034d3edc5b94cafb717f6cc14 .av-special-heading-tag{\nfont-size:18px;\n}\n.av-special-heading.av-7vl77jf-33dcfb7034d3edc5b94cafb717f6cc14 .special-heading-inner-border{\nborder-color:#0092d0;\n}\n.av-special-heading.av-7vl77jf-33dcfb7034d3edc5b94cafb717f6cc14 .av-subheading{\nfont-size:15px;\n}\n\n@media only screen and (min-width: 480px) and (max-width: 767px){ \n#top #wrap_all .av-special-heading.av-7vl77jf-33dcfb7034d3edc5b94cafb717f6cc14 .av-special-heading-tag{\nfont-size:0.8em;\n}\n}\n\n@media only screen and (max-width: 479px){ \n#top #wrap_all .av-special-heading.av-7vl77jf-33dcfb7034d3edc5b94cafb717f6cc14 .av-special-heading-tag{\nfont-size:0.8em;\n}\n}\n<\/style>\n<div  id=\"sinmargen\"  class='av-special-heading av-7vl77jf-33dcfb7034d3edc5b94cafb717f6cc14 av-special-heading-h4 custom-color-heading blockquote modern-quote  avia-builder-el-123  el_after_av_textblock  avia-builder-el-last  av-inherit-size'><h4 class='av-special-heading-tag '  itemprop=\"headline\"  >Instalaciones hidr\u00e1ulicas de la sierra de Madrid<\/h4><div class='av_custom_color av-subheading av-subheading_below'><p>A partir de: <strong>Segundo ciclo de Primaria<\/strong><\/p>\n<\/div><div class=\"special-heading-border\"><div class=\"special-heading-inner-border\"><\/div><\/div><\/div><\/p><\/div><div class='av-flex-placeholder'><\/div>\n<style type=\"text\/css\" data-created_by=\"avia_inline_auto\" id=\"style-css-av-rrcuqz-b9023c82d2625cee46e0b6a29d2523da\">\n.flex_column.av-rrcuqz-b9023c82d2625cee46e0b6a29d2523da{\nwidth:22.75%;\nmargin-left:0;\n}\n#top .flex_column_table.av-equal-height-column-flextable.av-rrcuqz-b9023c82d2625cee46e0b6a29d2523da .av-flex-placeholder{\nwidth:3%;\n}\n<\/style>\n<div  class='flex_column av-rrcuqz-b9023c82d2625cee46e0b6a29d2523da av_one_fourth  avia-builder-el-124  el_after_av_one_fourth  el_before_av_one_fourth  flex_column_table_cell av-equal-height-column av-align-top avia-link-column av-column-link avia-link-column-hover  column-top-margin'    data-link-column-url=\"https:\/\/www.fundacioncanal.com\/canaleduca\/recursos-didacticos\/funcionamiento-del-alcantarillado-y-drenaje\/\"  data-link-column-target=\"_blank\"   ><a class=\"av-screen-reader-only\" href=https:\/\/www.fundacioncanal.com\/canaleduca\/recursos-didacticos\/funcionamiento-del-alcantarillado-y-drenaje\/  target=\"_blank\" >Link to: Funcionamiento del alcantarillado y drenaje<\/a><p>\n<style type=\"text\/css\" data-created_by=\"avia_inline_auto\" id=\"style-css-av-pvb0az-98b387ca40ad284e06a290a479de9917\">\n.avia-image-container.av-pvb0az-98b387ca40ad284e06a290a479de9917 img.avia_image{\nbox-shadow:none;\n}\n.avia-image-container.av-pvb0az-98b387ca40ad284e06a290a479de9917 .av-image-caption-overlay-center{\ncolor:#ffffff;\n}\n<\/style>\n<div  class='avia-image-container av-pvb0az-98b387ca40ad284e06a290a479de9917 av-styling- avia-align-center  avia-builder-el-125  el_before_av_textblock  avia-builder-el-first '   itemprop=\"image\" itemscope=\"itemscope\" itemtype=\"https:\/\/schema.org\/ImageObject\" ><div class=\"avia-image-container-inner\"><div class=\"avia-image-overlay-wrap\"><img decoding=\"async\" fetchpriority=\"high\" class='wp-image-33596 avia-img-lazy-loading-not-33596 avia_image ' src=\"https:\/\/www.fundacioncanal.com\/canaleduca\/wp-content\/uploads\/2024\/01\/av39.jpg\" alt='av39' title='av39'  height=\"998\" width=\"1774\"  itemprop=\"thumbnailUrl\" srcset=\"https:\/\/www.fundacioncanal.com\/canaleduca\/wp-content\/uploads\/2024\/01\/av39.jpg 1774w, https:\/\/www.fundacioncanal.com\/canaleduca\/wp-content\/uploads\/2024\/01\/av39-300x169.jpg 300w, https:\/\/www.fundacioncanal.com\/canaleduca\/wp-content\/uploads\/2024\/01\/av39-1030x579.jpg 1030w, https:\/\/www.fundacioncanal.com\/canaleduca\/wp-content\/uploads\/2024\/01\/av39-768x432.jpg 768w, https:\/\/www.fundacioncanal.com\/canaleduca\/wp-content\/uploads\/2024\/01\/av39-1536x864.jpg 1536w, https:\/\/www.fundacioncanal.com\/canaleduca\/wp-content\/uploads\/2024\/01\/av39-1500x844.jpg 1500w, https:\/\/www.fundacioncanal.com\/canaleduca\/wp-content\/uploads\/2024\/01\/av39-705x397.jpg 705w\" sizes=\"(max-width: 1774px) 100vw, 1774px\" \/><\/div><\/div><\/div><br \/>\n\n<style type=\"text\/css\" data-created_by=\"avia_inline_auto\" id=\"style-css-av-6jgyiyz-adc4135aebf6e0e32c032c71f412568f\">\n#top .av_textblock_section.av-6jgyiyz-adc4135aebf6e0e32c032c71f412568f .avia_textblock{\nfont-size:12px;\ncolor:#ffffff;\n}\n<\/style>\n<section  class='av_textblock_section av-6jgyiyz-adc4135aebf6e0e32c032c71f412568f '   itemscope=\"itemscope\" itemtype=\"https:\/\/schema.org\/CreativeWork\" ><div class='avia_textblock video-corto av_inherit_color'  itemprop=\"text\" ><p>V\u00eddeo corto<\/p>\n<\/div><\/section><br \/>\n\n<style type=\"text\/css\" data-created_by=\"avia_inline_auto\" id=\"style-css-av-626djor-5972e8b2c951372579cea491d0c0e9cf\">\n#top .av-special-heading.av-626djor-5972e8b2c951372579cea491d0c0e9cf{\npadding-bottom:0;\ncolor:#0092d0;\nfont-size:18px;\n}\nbody .av-special-heading.av-626djor-5972e8b2c951372579cea491d0c0e9cf .av-special-heading-tag .heading-char{\nfont-size:25px;\n}\n#top #wrap_all .av-special-heading.av-626djor-5972e8b2c951372579cea491d0c0e9cf .av-special-heading-tag{\nfont-size:18px;\n}\n.av-special-heading.av-626djor-5972e8b2c951372579cea491d0c0e9cf .special-heading-inner-border{\nborder-color:#0092d0;\n}\n.av-special-heading.av-626djor-5972e8b2c951372579cea491d0c0e9cf .av-subheading{\nfont-size:15px;\n}\n\n@media only screen and (min-width: 480px) and (max-width: 767px){ \n#top #wrap_all .av-special-heading.av-626djor-5972e8b2c951372579cea491d0c0e9cf .av-special-heading-tag{\nfont-size:0.8em;\n}\n}\n\n@media only screen and (max-width: 479px){ \n#top #wrap_all .av-special-heading.av-626djor-5972e8b2c951372579cea491d0c0e9cf .av-special-heading-tag{\nfont-size:0.8em;\n}\n}\n<\/style>\n<div  id=\"sinmargen\"  class='av-special-heading av-626djor-5972e8b2c951372579cea491d0c0e9cf av-special-heading-h4 custom-color-heading blockquote modern-quote  avia-builder-el-127  el_after_av_textblock  avia-builder-el-last  av-inherit-size'><h4 class='av-special-heading-tag '  itemprop=\"headline\"  >Funcionamiento del alcantarillado y drenaje<\/h4><div class='av_custom_color av-subheading av-subheading_below'><p>A partir de: <strong>Segundo ciclo de Primaria<\/strong><\/p>\n<\/div><div class=\"special-heading-border\"><div class=\"special-heading-inner-border\"><\/div><\/div><\/div><\/p><\/div><div class='av-flex-placeholder'><\/div>\n<style type=\"text\/css\" data-created_by=\"avia_inline_auto\" id=\"style-css-av-5pjmnu3-c6b5845eb9d96bbf7df182200d4ba5c6\">\n.flex_column.av-5pjmnu3-c6b5845eb9d96bbf7df182200d4ba5c6{\nwidth:22.75%;\nmargin-left:0;\n}\n#top .flex_column_table.av-equal-height-column-flextable.av-5pjmnu3-c6b5845eb9d96bbf7df182200d4ba5c6 .av-flex-placeholder{\nwidth:3%;\n}\n<\/style>\n<div  class='flex_column av-5pjmnu3-c6b5845eb9d96bbf7df182200d4ba5c6 av_one_fourth  avia-builder-el-128  el_after_av_one_fourth  el_before_av_one_fourth  flex_column_table_cell av-equal-height-column av-align-top avia-link-column av-column-link avia-link-column-hover  column-top-margin'    data-link-column-url=\"https:\/\/www.fundacioncanal.com\/canaleduca\/recursos-didacticos\/estacion-depuradora-de-aguas-residuales-edar\/\"  data-link-column-target=\"_blank\"   ><a class=\"av-screen-reader-only\" href=https:\/\/www.fundacioncanal.com\/canaleduca\/recursos-didacticos\/estacion-depuradora-de-aguas-residuales-edar\/  target=\"_blank\" >Link to: Estaci\u00f3n Depuradora de Aguas Residuales (EDAR)<\/a><p>\n<style type=\"text\/css\" data-created_by=\"avia_inline_auto\" id=\"style-css-av-5aemgob-bc65d17f3b9520929bd953786449457e\">\n.avia-image-container.av-5aemgob-bc65d17f3b9520929bd953786449457e img.avia_image{\nbox-shadow:none;\n}\n.avia-image-container.av-5aemgob-bc65d17f3b9520929bd953786449457e .av-image-caption-overlay-center{\ncolor:#ffffff;\n}\n<\/style>\n<div  class='avia-image-container av-5aemgob-bc65d17f3b9520929bd953786449457e av-styling- avia-align-center  avia-builder-el-129  el_before_av_textblock  avia-builder-el-first '   itemprop=\"image\" itemscope=\"itemscope\" itemtype=\"https:\/\/schema.org\/ImageObject\" ><div class=\"avia-image-container-inner\"><div class=\"avia-image-overlay-wrap\"><img decoding=\"async\" fetchpriority=\"high\" class='wp-image-33598 avia-img-lazy-loading-not-33598 avia_image ' src=\"https:\/\/www.fundacioncanal.com\/canaleduca\/wp-content\/uploads\/2024\/01\/av40.jpg\" alt='av40' title='av40'  height=\"998\" width=\"1774\"  itemprop=\"thumbnailUrl\" srcset=\"https:\/\/www.fundacioncanal.com\/canaleduca\/wp-content\/uploads\/2024\/01\/av40.jpg 1774w, https:\/\/www.fundacioncanal.com\/canaleduca\/wp-content\/uploads\/2024\/01\/av40-300x169.jpg 300w, https:\/\/www.fundacioncanal.com\/canaleduca\/wp-content\/uploads\/2024\/01\/av40-1030x579.jpg 1030w, https:\/\/www.fundacioncanal.com\/canaleduca\/wp-content\/uploads\/2024\/01\/av40-768x432.jpg 768w, https:\/\/www.fundacioncanal.com\/canaleduca\/wp-content\/uploads\/2024\/01\/av40-1536x864.jpg 1536w, https:\/\/www.fundacioncanal.com\/canaleduca\/wp-content\/uploads\/2024\/01\/av40-1500x844.jpg 1500w, https:\/\/www.fundacioncanal.com\/canaleduca\/wp-content\/uploads\/2024\/01\/av40-705x397.jpg 705w\" sizes=\"(max-width: 1774px) 100vw, 1774px\" \/><\/div><\/div><\/div><br \/>\n\n<style type=\"text\/css\" data-created_by=\"avia_inline_auto\" id=\"style-css-av-4prlhpn-0e2a06a0a5b61235496c605afb9882d0\">\n#top .av_textblock_section.av-4prlhpn-0e2a06a0a5b61235496c605afb9882d0 .avia_textblock{\nfont-size:12px;\ncolor:#ffffff;\n}\n<\/style>\n<section  class='av_textblock_section av-4prlhpn-0e2a06a0a5b61235496c605afb9882d0 '   itemscope=\"itemscope\" itemtype=\"https:\/\/schema.org\/CreativeWork\" ><div class='avia_textblock video-corto av_inherit_color'  itemprop=\"text\" ><p>V\u00eddeo corto<\/p>\n<\/div><\/section><br \/>\n\n<style type=\"text\/css\" data-created_by=\"avia_inline_auto\" id=\"style-css-av-4apbvxn-c76b5559abe4df70978c988393fac8c9\">\n#top .av-special-heading.av-4apbvxn-c76b5559abe4df70978c988393fac8c9{\npadding-bottom:0;\ncolor:#0092d0;\nfont-size:18px;\n}\nbody .av-special-heading.av-4apbvxn-c76b5559abe4df70978c988393fac8c9 .av-special-heading-tag .heading-char{\nfont-size:25px;\n}\n#top #wrap_all .av-special-heading.av-4apbvxn-c76b5559abe4df70978c988393fac8c9 .av-special-heading-tag{\nfont-size:18px;\n}\n.av-special-heading.av-4apbvxn-c76b5559abe4df70978c988393fac8c9 .special-heading-inner-border{\nborder-color:#0092d0;\n}\n.av-special-heading.av-4apbvxn-c76b5559abe4df70978c988393fac8c9 .av-subheading{\nfont-size:15px;\n}\n\n@media only screen and (min-width: 480px) and (max-width: 767px){ \n#top #wrap_all .av-special-heading.av-4apbvxn-c76b5559abe4df70978c988393fac8c9 .av-special-heading-tag{\nfont-size:0.8em;\n}\n}\n\n@media only screen and (max-width: 479px){ \n#top #wrap_all .av-special-heading.av-4apbvxn-c76b5559abe4df70978c988393fac8c9 .av-special-heading-tag{\nfont-size:0.8em;\n}\n}\n<\/style>\n<div  id=\"sinmargen\"  class='av-special-heading av-4apbvxn-c76b5559abe4df70978c988393fac8c9 av-special-heading-h4 custom-color-heading blockquote modern-quote  avia-builder-el-131  el_after_av_textblock  avia-builder-el-last  av-inherit-size'><h4 class='av-special-heading-tag '  itemprop=\"headline\"  >Estaci\u00f3n Depuradora de Aguas Residuales (EDAR)<\/h4><div class='av_custom_color av-subheading av-subheading_below'><p>A partir de: <strong>Segundo ciclo de Primaria<\/strong><\/p>\n<\/div><div class=\"special-heading-border\"><div class=\"special-heading-inner-border\"><\/div><\/div><\/div><\/p><\/div><div class='av-flex-placeholder'><\/div>\n<style type=\"text\/css\" data-created_by=\"avia_inline_auto\" id=\"style-css-av-414uhbf-f203cabfe95254f247cba85d2f43f0f3\">\n.flex_column.av-414uhbf-f203cabfe95254f247cba85d2f43f0f3{\nwidth:22.75%;\nmargin-left:0;\n}\n#top .flex_column_table.av-equal-height-column-flextable.av-414uhbf-f203cabfe95254f247cba85d2f43f0f3 .av-flex-placeholder{\nwidth:3%;\n}\n<\/style>\n<div  class='flex_column av-414uhbf-f203cabfe95254f247cba85d2f43f0f3 av_one_fourth  avia-builder-el-132  el_after_av_one_fourth  el_before_av_one_fourth  flex_column_table_cell av-equal-height-column av-align-top avia-link-column av-column-link avia-link-column-hover  column-top-margin'    data-link-column-url=\"https:\/\/www.fundacioncanal.com\/canaleduca\/recursos-didacticos\/aportaciones-a-los-embalses\/\"  data-link-column-target=\"_blank\"   ><a class=\"av-screen-reader-only\" href=https:\/\/www.fundacioncanal.com\/canaleduca\/recursos-didacticos\/aportaciones-a-los-embalses\/  target=\"_blank\" >Link to: Aportaciones a los embalses<\/a><p>\n<style type=\"text\/css\" data-created_by=\"avia_inline_auto\" id=\"style-css-av-3nihvhn-23008fbd299c95ec2ae2ba76cd3771c7\">\n.avia-image-container.av-3nihvhn-23008fbd299c95ec2ae2ba76cd3771c7 img.avia_image{\nbox-shadow:none;\n}\n.avia-image-container.av-3nihvhn-23008fbd299c95ec2ae2ba76cd3771c7 .av-image-caption-overlay-center{\ncolor:#ffffff;\n}\n<\/style>\n<div  class='avia-image-container av-3nihvhn-23008fbd299c95ec2ae2ba76cd3771c7 av-styling- avia-align-center  avia-builder-el-133  el_before_av_textblock  avia-builder-el-first '   itemprop=\"image\" itemscope=\"itemscope\" itemtype=\"https:\/\/schema.org\/ImageObject\" ><div class=\"avia-image-container-inner\"><div class=\"avia-image-overlay-wrap\"><img decoding=\"async\" fetchpriority=\"high\" class='wp-image-33600 avia-img-lazy-loading-not-33600 avia_image ' src=\"https:\/\/www.fundacioncanal.com\/canaleduca\/wp-content\/uploads\/2024\/01\/av52.jpg\" alt='av52' title='av52'  height=\"998\" width=\"1774\"  itemprop=\"thumbnailUrl\" srcset=\"https:\/\/www.fundacioncanal.com\/canaleduca\/wp-content\/uploads\/2024\/01\/av52.jpg 1774w, https:\/\/www.fundacioncanal.com\/canaleduca\/wp-content\/uploads\/2024\/01\/av52-300x169.jpg 300w, https:\/\/www.fundacioncanal.com\/canaleduca\/wp-content\/uploads\/2024\/01\/av52-1030x579.jpg 1030w, https:\/\/www.fundacioncanal.com\/canaleduca\/wp-content\/uploads\/2024\/01\/av52-768x432.jpg 768w, https:\/\/www.fundacioncanal.com\/canaleduca\/wp-content\/uploads\/2024\/01\/av52-1536x864.jpg 1536w, https:\/\/www.fundacioncanal.com\/canaleduca\/wp-content\/uploads\/2024\/01\/av52-1500x844.jpg 1500w, https:\/\/www.fundacioncanal.com\/canaleduca\/wp-content\/uploads\/2024\/01\/av52-705x397.jpg 705w\" sizes=\"(max-width: 1774px) 100vw, 1774px\" \/><\/div><\/div><\/div><br \/>\n\n<style type=\"text\/css\" data-created_by=\"avia_inline_auto\" id=\"style-css-av-2y2owrv-28eeab7a5c9e879be4463fe5db98545b\">\n#top .av_textblock_section.av-2y2owrv-28eeab7a5c9e879be4463fe5db98545b .avia_textblock{\nfont-size:12px;\ncolor:#ffffff;\n}\n<\/style>\n<section  class='av_textblock_section av-2y2owrv-28eeab7a5c9e879be4463fe5db98545b '   itemscope=\"itemscope\" itemtype=\"https:\/\/schema.org\/CreativeWork\" ><div class='avia_textblock video-corto av_inherit_color'  itemprop=\"text\" ><p>V\u00eddeo corto<\/p>\n<\/div><\/section><br \/>\n\n<style type=\"text\/css\" data-created_by=\"avia_inline_auto\" id=\"style-css-av-2qdwhmz-131e21261738777f9c0a133474a63233\">\n#top .av-special-heading.av-2qdwhmz-131e21261738777f9c0a133474a63233{\npadding-bottom:0;\ncolor:#0092d0;\nfont-size:18px;\n}\nbody .av-special-heading.av-2qdwhmz-131e21261738777f9c0a133474a63233 .av-special-heading-tag .heading-char{\nfont-size:25px;\n}\n#top #wrap_all .av-special-heading.av-2qdwhmz-131e21261738777f9c0a133474a63233 .av-special-heading-tag{\nfont-size:18px;\n}\n.av-special-heading.av-2qdwhmz-131e21261738777f9c0a133474a63233 .special-heading-inner-border{\nborder-color:#0092d0;\n}\n.av-special-heading.av-2qdwhmz-131e21261738777f9c0a133474a63233 .av-subheading{\nfont-size:15px;\n}\n\n@media only screen and (min-width: 480px) and (max-width: 767px){ \n#top #wrap_all .av-special-heading.av-2qdwhmz-131e21261738777f9c0a133474a63233 .av-special-heading-tag{\nfont-size:0.8em;\n}\n}\n\n@media only screen and (max-width: 479px){ \n#top #wrap_all .av-special-heading.av-2qdwhmz-131e21261738777f9c0a133474a63233 .av-special-heading-tag{\nfont-size:0.8em;\n}\n}\n<\/style>\n<div  id=\"sinmargen\"  class='av-special-heading av-2qdwhmz-131e21261738777f9c0a133474a63233 av-special-heading-h4 custom-color-heading blockquote modern-quote  avia-builder-el-135  el_after_av_textblock  avia-builder-el-last  av-inherit-size'><h4 class='av-special-heading-tag '  itemprop=\"headline\"  >Aportaciones a los embalses<\/h4><div class='av_custom_color av-subheading av-subheading_below'><p>A partir de: <strong>Segundo ciclo de Primaria<\/strong><\/p>\n<\/div><div class=\"special-heading-border\"><div class=\"special-heading-inner-border\"><\/div><\/div><\/div><\/p><\/div><\/div><!--close column table wrapper. Autoclose: 1 --><div class='flex_column_table av-m490dlqc-b127c450935003c543e49be8547383c1 sc-av_one_fourth av-equal-height-column-flextable'>\n<style type=\"text\/css\" data-created_by=\"avia_inline_auto\" id=\"style-css-av-m490dlqc-b127c450935003c543e49be8547383c1\">\n.flex_column.av-m490dlqc-b127c450935003c543e49be8547383c1{\nwidth:22.75%;\nmargin-left:0;\n}\n#top .flex_column_table.av-equal-height-column-flextable.av-m490dlqc-b127c450935003c543e49be8547383c1 .av-flex-placeholder{\nwidth:3%;\n}\n<\/style>\n<div  class='flex_column av-m490dlqc-b127c450935003c543e49be8547383c1 av_one_fourth  avia-builder-el-136  el_after_av_one_fourth  el_before_av_one_fourth  first flex_column_table_cell av-equal-height-column av-align-top avia-link-column av-column-link avia-link-column-hover  column-top-margin'    data-link-column-url=\"https:\/\/www.fundacioncanal.com\/canaleduca\/recursos-didacticos\/aguas-subterraneas-invisibles-pero-imprescindibles\/\"  data-link-column-target=\"_blank\"   ><a class=\"av-screen-reader-only\" href=https:\/\/www.fundacioncanal.com\/canaleduca\/recursos-didacticos\/aguas-subterraneas-invisibles-pero-imprescindibles\/  target=\"_blank\" >Link to: Aguas subterr\u00e1neas. Invisibles pero imprescindibles<\/a><p>\n<style type=\"text\/css\" data-created_by=\"avia_inline_auto\" id=\"style-css-av-m490d233-19bea86ca0de6966412f5991f8ec8996\">\n.avia-image-container.av-m490d233-19bea86ca0de6966412f5991f8ec8996 img.avia_image{\nbox-shadow:none;\n}\n.avia-image-container.av-m490d233-19bea86ca0de6966412f5991f8ec8996 .av-image-caption-overlay-center{\ncolor:#ffffff;\n}\n<\/style>\n<div  class='avia-image-container av-m490d233-19bea86ca0de6966412f5991f8ec8996 av-styling- avia-align-center  avia-builder-el-137  el_before_av_textblock  avia-builder-el-first '   itemprop=\"image\" itemscope=\"itemscope\" itemtype=\"https:\/\/schema.org\/ImageObject\" ><div class=\"avia-image-container-inner\"><div class=\"avia-image-overlay-wrap\"><img decoding=\"async\" fetchpriority=\"high\" class='wp-image-38380 avia-img-lazy-loading-not-38380 avia_image ' src=\"https:\/\/www.fundacioncanal.com\/canaleduca\/wp-content\/uploads\/2024\/12\/aguas-subterraneas.jpg\" alt='aguas subterraneas' title='aguas subterraneas'  height=\"998\" width=\"1774\"  itemprop=\"thumbnailUrl\" srcset=\"https:\/\/www.fundacioncanal.com\/canaleduca\/wp-content\/uploads\/2024\/12\/aguas-subterraneas.jpg 1774w, https:\/\/www.fundacioncanal.com\/canaleduca\/wp-content\/uploads\/2024\/12\/aguas-subterraneas-300x169.jpg 300w, https:\/\/www.fundacioncanal.com\/canaleduca\/wp-content\/uploads\/2024\/12\/aguas-subterraneas-1030x579.jpg 1030w, https:\/\/www.fundacioncanal.com\/canaleduca\/wp-content\/uploads\/2024\/12\/aguas-subterraneas-768x432.jpg 768w, https:\/\/www.fundacioncanal.com\/canaleduca\/wp-content\/uploads\/2024\/12\/aguas-subterraneas-1536x864.jpg 1536w, https:\/\/www.fundacioncanal.com\/canaleduca\/wp-content\/uploads\/2024\/12\/aguas-subterraneas-1500x844.jpg 1500w, https:\/\/www.fundacioncanal.com\/canaleduca\/wp-content\/uploads\/2024\/12\/aguas-subterraneas-705x397.jpg 705w\" sizes=\"(max-width: 1774px) 100vw, 1774px\" \/><\/div><\/div><\/div><br \/>\n\n<style type=\"text\/css\" data-created_by=\"avia_inline_auto\" id=\"style-css-av-7ppcej-c96a05902ed8a03a82b49146cdb20dab\">\n#top .av_textblock_section.av-7ppcej-c96a05902ed8a03a82b49146cdb20dab .avia_textblock{\nfont-size:12px;\ncolor:#ffffff;\n}\n<\/style>\n<section  class='av_textblock_section av-7ppcej-c96a05902ed8a03a82b49146cdb20dab '   itemscope=\"itemscope\" itemtype=\"https:\/\/schema.org\/CreativeWork\" ><div class='avia_textblock video-blog av_inherit_color'  itemprop=\"text\" ><p>Videoblog<\/p>\n<\/div><\/section><br \/>\n\n<style type=\"text\/css\" data-created_by=\"avia_inline_auto\" id=\"style-css-av-m490bt2y-8ca1bbe2f224faf42c363b5898306bd2\">\n#top .av-special-heading.av-m490bt2y-8ca1bbe2f224faf42c363b5898306bd2{\npadding-bottom:0;\ncolor:#0092d0;\nfont-size:18px;\n}\nbody .av-special-heading.av-m490bt2y-8ca1bbe2f224faf42c363b5898306bd2 .av-special-heading-tag .heading-char{\nfont-size:25px;\n}\n#top #wrap_all .av-special-heading.av-m490bt2y-8ca1bbe2f224faf42c363b5898306bd2 .av-special-heading-tag{\nfont-size:18px;\n}\n.av-special-heading.av-m490bt2y-8ca1bbe2f224faf42c363b5898306bd2 .special-heading-inner-border{\nborder-color:#0092d0;\n}\n.av-special-heading.av-m490bt2y-8ca1bbe2f224faf42c363b5898306bd2 .av-subheading{\nfont-size:15px;\n}\n\n@media only screen and (min-width: 480px) and (max-width: 767px){ \n#top #wrap_all .av-special-heading.av-m490bt2y-8ca1bbe2f224faf42c363b5898306bd2 .av-special-heading-tag{\nfont-size:0.8em;\n}\n}\n\n@media only screen and (max-width: 479px){ \n#top #wrap_all .av-special-heading.av-m490bt2y-8ca1bbe2f224faf42c363b5898306bd2 .av-special-heading-tag{\nfont-size:0.8em;\n}\n}\n<\/style>\n<div  id=\"sinmargen\"  class='av-special-heading av-m490bt2y-8ca1bbe2f224faf42c363b5898306bd2 av-special-heading-h4 custom-color-heading blockquote modern-quote  avia-builder-el-139  el_after_av_textblock  avia-builder-el-last  av-inherit-size'><h4 class='av-special-heading-tag '  itemprop=\"headline\"  >Aguas subterr\u00e1neas. Invisibles pero imprescindibles<\/h4><div class='av_custom_color av-subheading av-subheading_below'><p>A partir de: <strong>Tercer ciclo de Primaria<\/strong><\/p>\n<\/div><div class=\"special-heading-border\"><div class=\"special-heading-inner-border\"><\/div><\/div><\/div><\/p><\/div><div class='av-flex-placeholder'><\/div>\n<style type=\"text\/css\" data-created_by=\"avia_inline_auto\" id=\"style-css-av-12stu7f-7c8320d2cf2a4def89b63d41ecc8eff8\">\n.flex_column.av-12stu7f-7c8320d2cf2a4def89b63d41ecc8eff8{\nwidth:22.75%;\nmargin-left:0;\n}\n#top .flex_column_table.av-equal-height-column-flextable.av-12stu7f-7c8320d2cf2a4def89b63d41ecc8eff8 .av-flex-placeholder{\nwidth:3%;\n}\n<\/style>\n<div  class='flex_column av-12stu7f-7c8320d2cf2a4def89b63d41ecc8eff8 av_one_fourth  avia-builder-el-140  el_after_av_one_fourth  el_before_av_one_fourth  flex_column_table_cell av-equal-height-column av-align-top avia-link-column av-column-link avia-link-column-hover  column-top-margin'    data-link-column-url=\"https:\/\/www.fundacioncanal.com\/canaleduca\/recursos-didacticos\/agua-mas-depurada\/\"  data-link-column-target=\"_blank\"   ><a class=\"av-screen-reader-only\" href=https:\/\/www.fundacioncanal.com\/canaleduca\/recursos-didacticos\/agua-mas-depurada\/  target=\"_blank\" >Link to: Agua m\u00e1s depurada<\/a><p>\n<style type=\"text\/css\" data-created_by=\"avia_inline_auto\" id=\"style-css-av-mbjizzc3-5171842a55e89047e1655322be362ba8\">\n.avia-image-container.av-mbjizzc3-5171842a55e89047e1655322be362ba8 img.avia_image{\nbox-shadow:none;\n}\n.avia-image-container.av-mbjizzc3-5171842a55e89047e1655322be362ba8 .av-image-caption-overlay-center{\ncolor:#ffffff;\n}\n<\/style>\n<div  class='avia-image-container av-mbjizzc3-5171842a55e89047e1655322be362ba8 av-styling- avia-align-center  avia-builder-el-141  el_before_av_textblock  avia-builder-el-first '   itemprop=\"image\" itemscope=\"itemscope\" itemtype=\"https:\/\/schema.org\/ImageObject\" ><div class=\"avia-image-container-inner\"><div class=\"avia-image-overlay-wrap\"><img decoding=\"async\" fetchpriority=\"high\" class='wp-image-38693 avia-img-lazy-loading-not-38693 avia_image ' src=\"https:\/\/www.fundacioncanal.com\/canaleduca\/wp-content\/uploads\/2025\/06\/agua-depurada.jpg\" alt='agua depurada' title='agua depurada'  height=\"998\" width=\"1774\"  itemprop=\"thumbnailUrl\" srcset=\"https:\/\/www.fundacioncanal.com\/canaleduca\/wp-content\/uploads\/2025\/06\/agua-depurada.jpg 1774w, https:\/\/www.fundacioncanal.com\/canaleduca\/wp-content\/uploads\/2025\/06\/agua-depurada-300x169.jpg 300w, https:\/\/www.fundacioncanal.com\/canaleduca\/wp-content\/uploads\/2025\/06\/agua-depurada-1030x579.jpg 1030w, https:\/\/www.fundacioncanal.com\/canaleduca\/wp-content\/uploads\/2025\/06\/agua-depurada-768x432.jpg 768w, https:\/\/www.fundacioncanal.com\/canaleduca\/wp-content\/uploads\/2025\/06\/agua-depurada-1536x864.jpg 1536w, https:\/\/www.fundacioncanal.com\/canaleduca\/wp-content\/uploads\/2025\/06\/agua-depurada-1500x844.jpg 1500w, https:\/\/www.fundacioncanal.com\/canaleduca\/wp-content\/uploads\/2025\/06\/agua-depurada-705x397.jpg 705w\" sizes=\"(max-width: 1774px) 100vw, 1774px\" \/><\/div><\/div><\/div><br \/>\n\n<style type=\"text\/css\" data-created_by=\"avia_inline_auto\" id=\"style-css-av-m9oxwr-c8ca5dfafe708b8688aff728fe4e3bac\">\n#top .av_textblock_section.av-m9oxwr-c8ca5dfafe708b8688aff728fe4e3bac .avia_textblock{\nfont-size:12px;\ncolor:#ffffff;\n}\n<\/style>\n<section  class='av_textblock_section av-m9oxwr-c8ca5dfafe708b8688aff728fe4e3bac '   itemscope=\"itemscope\" itemtype=\"https:\/\/schema.org\/CreativeWork\" ><div class='avia_textblock video-blog av_inherit_color'  itemprop=\"text\" ><p>Videoblog<\/p>\n<\/div><\/section><br \/>\n\n<style type=\"text\/css\" data-created_by=\"avia_inline_auto\" id=\"style-css-av-mbjiy21b-f168944bf775164e91f0a9f34d7d99f6\">\n#top .av-special-heading.av-mbjiy21b-f168944bf775164e91f0a9f34d7d99f6{\npadding-bottom:0;\ncolor:#0092d0;\nfont-size:18px;\n}\nbody .av-special-heading.av-mbjiy21b-f168944bf775164e91f0a9f34d7d99f6 .av-special-heading-tag .heading-char{\nfont-size:25px;\n}\n#top #wrap_all .av-special-heading.av-mbjiy21b-f168944bf775164e91f0a9f34d7d99f6 .av-special-heading-tag{\nfont-size:18px;\n}\n.av-special-heading.av-mbjiy21b-f168944bf775164e91f0a9f34d7d99f6 .special-heading-inner-border{\nborder-color:#0092d0;\n}\n.av-special-heading.av-mbjiy21b-f168944bf775164e91f0a9f34d7d99f6 .av-subheading{\nfont-size:15px;\n}\n\n@media only screen and (min-width: 480px) and (max-width: 767px){ \n#top #wrap_all .av-special-heading.av-mbjiy21b-f168944bf775164e91f0a9f34d7d99f6 .av-special-heading-tag{\nfont-size:0.8em;\n}\n}\n\n@media only screen and (max-width: 479px){ \n#top #wrap_all .av-special-heading.av-mbjiy21b-f168944bf775164e91f0a9f34d7d99f6 .av-special-heading-tag{\nfont-size:0.8em;\n}\n}\n<\/style>\n<div  id=\"sinmargen\"  class='av-special-heading av-mbjiy21b-f168944bf775164e91f0a9f34d7d99f6 av-special-heading-h4 custom-color-heading blockquote modern-quote  avia-builder-el-143  el_after_av_textblock  avia-builder-el-last  av-inherit-size'><h4 class='av-special-heading-tag '  itemprop=\"headline\"  >Agua m\u00e1s depurada <\/h4><div class='av_custom_color av-subheading av-subheading_below'><p>A partir de: <strong>Tercer ciclo de Primaria<\/strong><\/p>\n<\/div><div class=\"special-heading-border\"><div class=\"special-heading-inner-border\"><\/div><\/div><\/div><\/p><\/div><div class='av-flex-placeholder'><\/div>\n<style type=\"text\/css\" data-created_by=\"avia_inline_auto\" id=\"style-css-av-19s4wnf-7c139af348006e1f3bacd4523b99063e\">\n.flex_column.av-19s4wnf-7c139af348006e1f3bacd4523b99063e{\nwidth:22.75%;\nmargin-left:0;\n}\n#top .flex_column_table.av-equal-height-column-flextable.av-19s4wnf-7c139af348006e1f3bacd4523b99063e .av-flex-placeholder{\nwidth:3%;\n}\n<\/style>\n<div  class='flex_column av-19s4wnf-7c139af348006e1f3bacd4523b99063e av_one_fourth  avia-builder-el-144  el_after_av_one_fourth  el_before_av_one_fourth  flex_column_table_cell av-equal-height-column av-align-top  column-top-margin'     ><\/div><div class='av-flex-placeholder'><\/div>\n<style type=\"text\/css\" data-created_by=\"avia_inline_auto\" id=\"style-css-av-ju8d57-192bd4d5d7e9f57fa2baf7fedbeb7afa\">\n.flex_column.av-ju8d57-192bd4d5d7e9f57fa2baf7fedbeb7afa{\nwidth:22.75%;\nmargin-left:0;\n}\n#top .flex_column_table.av-equal-height-column-flextable.av-ju8d57-192bd4d5d7e9f57fa2baf7fedbeb7afa .av-flex-placeholder{\nwidth:3%;\n}\n<\/style>\n<div  class='flex_column av-ju8d57-192bd4d5d7e9f57fa2baf7fedbeb7afa av_one_fourth  avia-builder-el-145  el_after_av_one_fourth  avia-builder-el-last  flex_column_table_cell av-equal-height-column av-align-top  column-top-margin'     ><\/div><\/div><!--close column table wrapper. Autoclose: 1 -->\n\n<\/div><\/div><\/div><!-- close content main div --><\/div><\/div>\n<style type=\"text\/css\" data-created_by=\"avia_inline_auto\" id=\"style-css-av-1lg1xm3-12dad77124b129d43fecf917ba783fa5\">\n.avia-section.av-1lg1xm3-12dad77124b129d43fecf917ba783fa5{\nbackground-color:#f9f9f9;\nbackground-image:unset;\n}\n<\/style>\n<div id='energia'  class='avia-section av-1lg1xm3-12dad77124b129d43fecf917ba783fa5 main_color avia-section-default avia-no-border-styling  avia-builder-el-146  el_after_av_section  el_before_av_section  avia-bg-style-scroll container_wrap fullsize'  ><div class='container av-section-cont-open' ><div class='template-page content  av-content-full alpha units'><div class='post-entry post-entry-type-page post-entry-36107'><div class='entry-content-wrapper clearfix'>\n<div  class='flex_column av-zew9ij-702a5739f69ffa9c11ed34e6dcc399ce av_four_fifth  avia-builder-el-147  el_before_av_one_fifth  avia-builder-el-first  first flex_column_div  '     ><style type=\"text\/css\" data-created_by=\"avia_inline_auto\" id=\"style-css-av-lu8ws1za-3206e926d573196519c5faddbb48ea9e\">\n#top .av-special-heading.av-lu8ws1za-3206e926d573196519c5faddbb48ea9e{\npadding-bottom:0;\ncolor:#ea3323;\n}\nbody .av-special-heading.av-lu8ws1za-3206e926d573196519c5faddbb48ea9e .av-special-heading-tag .heading-char{\nfont-size:25px;\n}\n.av-special-heading.av-lu8ws1za-3206e926d573196519c5faddbb48ea9e .special-heading-inner-border{\nborder-color:#ea3323;\n}\n.av-special-heading.av-lu8ws1za-3206e926d573196519c5faddbb48ea9e .av-subheading{\nfont-size:15px;\n}\n<\/style>\n<div  class='av-special-heading av-lu8ws1za-3206e926d573196519c5faddbb48ea9e av-special-heading-h2 custom-color-heading blockquote modern-quote  avia-builder-el-148  avia-builder-el-no-sibling  titulete'><h2 class='av-special-heading-tag '  itemprop=\"headline\"  >Agua, energ\u00eda, agricultura e industria<\/h2><div class=\"special-heading-border\"><div class=\"special-heading-inner-border\"><\/div><\/div><\/div><\/div><div  class='flex_column av-sc70x7-d2418421d802c98cb02233493c3b61eb av_one_fifth  avia-builder-el-149  el_after_av_four_fifth  el_before_av_one_fourth  flex_column_div  '     ><style type=\"text\/css\" data-created_by=\"avia_inline_auto\" id=\"style-css-av-lu8wsi67-2d6b0f102f1635e0bbdde7d447187f84\">\n.av_font_icon.av-lu8wsi67-2d6b0f102f1635e0bbdde7d447187f84{\ncolor:#ea3323;\nborder-color:#ea3323;\n}\n.avia-svg-icon.av-lu8wsi67-2d6b0f102f1635e0bbdde7d447187f84 svg:first-child{\nstroke:#ea3323;\nfill:#ea3323;\n}\n.av_font_icon.av-lu8wsi67-2d6b0f102f1635e0bbdde7d447187f84 .av-icon-char{\nfont-size:50px;\nline-height:50px;\n}\n<\/style>\n<span  class='av_font_icon av-lu8wsi67-2d6b0f102f1635e0bbdde7d447187f84 avia_animate_when_visible av-icon-style- avia-icon-pos-right avia-iconfont avia-font-iconos-agua-2-fontello avia-icon-animate'><span class='av-icon-char' data-av_icon='\ue805' data-av_iconfont='iconos-agua-2-fontello' aria-hidden=\"true\" ><\/span><\/span><\/div><div class='flex_column_table av-26nbn57-4a965a95f362371ca46dcd07f4054d02 sc-av_one_fourth av-equal-height-column-flextable'>\n<style type=\"text\/css\" data-created_by=\"avia_inline_auto\" id=\"style-css-av-26nbn57-4a965a95f362371ca46dcd07f4054d02\">\n.flex_column.av-26nbn57-4a965a95f362371ca46dcd07f4054d02{\nwidth:22.75%;\nmargin-left:0;\n}\n#top .flex_column_table.av-equal-height-column-flextable.av-26nbn57-4a965a95f362371ca46dcd07f4054d02 .av-flex-placeholder{\nwidth:3%;\n}\n<\/style>\n<div  class='flex_column av-26nbn57-4a965a95f362371ca46dcd07f4054d02 av_one_fourth  avia-builder-el-151  el_after_av_one_fifth  el_before_av_one_fourth  first flex_column_table_cell av-equal-height-column av-align-top avia-link-column av-column-link avia-link-column-hover  column-top-margin'    data-link-column-url=\"https:\/\/www.fundacioncanal.com\/canaleduca\/recursos-didacticos\/energias-derivadas-del-agua\/\"  data-link-column-target=\"_blank\"   ><a class=\"av-screen-reader-only\" href=https:\/\/www.fundacioncanal.com\/canaleduca\/recursos-didacticos\/energias-derivadas-del-agua\/  target=\"_blank\" >Link to: Energ\u00edas derivadas del agua<\/a><p>\n<style type=\"text\/css\" data-created_by=\"avia_inline_auto\" id=\"style-css-av-1okn03v-63c0260a87226dae3f73c80228627d40\">\n.avia-image-container.av-1okn03v-63c0260a87226dae3f73c80228627d40 img.avia_image{\nbox-shadow:none;\n}\n.avia-image-container.av-1okn03v-63c0260a87226dae3f73c80228627d40 .av-image-caption-overlay-center{\ncolor:#ffffff;\n}\n<\/style>\n<div  class='avia-image-container av-1okn03v-63c0260a87226dae3f73c80228627d40 av-styling- avia-align-center  avia-builder-el-152  el_before_av_textblock  avia-builder-el-first '   itemprop=\"image\" itemscope=\"itemscope\" itemtype=\"https:\/\/schema.org\/ImageObject\" ><div class=\"avia-image-container-inner\"><div class=\"avia-image-overlay-wrap\"><img decoding=\"async\" fetchpriority=\"high\" class='wp-image-33464 avia-img-lazy-loading-not-33464 avia_image ' src=\"https:\/\/www.fundacioncanal.com\/canaleduca\/wp-content\/uploads\/2024\/01\/av27.jpg\" alt='av27' title='av27'  height=\"998\" width=\"1774\"  itemprop=\"thumbnailUrl\" srcset=\"https:\/\/www.fundacioncanal.com\/canaleduca\/wp-content\/uploads\/2024\/01\/av27.jpg 1774w, https:\/\/www.fundacioncanal.com\/canaleduca\/wp-content\/uploads\/2024\/01\/av27-300x169.jpg 300w, https:\/\/www.fundacioncanal.com\/canaleduca\/wp-content\/uploads\/2024\/01\/av27-1030x579.jpg 1030w, https:\/\/www.fundacioncanal.com\/canaleduca\/wp-content\/uploads\/2024\/01\/av27-768x432.jpg 768w, https:\/\/www.fundacioncanal.com\/canaleduca\/wp-content\/uploads\/2024\/01\/av27-1536x864.jpg 1536w, https:\/\/www.fundacioncanal.com\/canaleduca\/wp-content\/uploads\/2024\/01\/av27-1500x844.jpg 1500w, https:\/\/www.fundacioncanal.com\/canaleduca\/wp-content\/uploads\/2024\/01\/av27-705x397.jpg 705w\" sizes=\"(max-width: 1774px) 100vw, 1774px\" \/><\/div><\/div><\/div><br \/>\n\n<style type=\"text\/css\" data-created_by=\"avia_inline_auto\" id=\"style-css-av-11f2017-ab5599b0432256a8464786a5e2ca123d\">\n#top .av_textblock_section.av-11f2017-ab5599b0432256a8464786a5e2ca123d .avia_textblock{\nfont-size:12px;\ncolor:#ffffff;\n}\n<\/style>\n<section  class='av_textblock_section av-11f2017-ab5599b0432256a8464786a5e2ca123d '   itemscope=\"itemscope\" itemtype=\"https:\/\/schema.org\/CreativeWork\" ><div class='avia_textblock video-corto av_inherit_color'  itemprop=\"text\" ><p>V\u00eddeo corto<\/p>\n<\/div><\/section><br \/>\n\n<style type=\"text\/css\" data-created_by=\"avia_inline_auto\" id=\"style-css-av-mjvgcr-76bb813d26ac09233ac7fa613ece5129\">\n#top .av-special-heading.av-mjvgcr-76bb813d26ac09233ac7fa613ece5129{\npadding-bottom:0;\ncolor:#0092d0;\nfont-size:18px;\n}\nbody .av-special-heading.av-mjvgcr-76bb813d26ac09233ac7fa613ece5129 .av-special-heading-tag .heading-char{\nfont-size:25px;\n}\n#top #wrap_all .av-special-heading.av-mjvgcr-76bb813d26ac09233ac7fa613ece5129 .av-special-heading-tag{\nfont-size:18px;\n}\n.av-special-heading.av-mjvgcr-76bb813d26ac09233ac7fa613ece5129 .special-heading-inner-border{\nborder-color:#0092d0;\n}\n.av-special-heading.av-mjvgcr-76bb813d26ac09233ac7fa613ece5129 .av-subheading{\nfont-size:15px;\n}\n\n@media only screen and (min-width: 480px) and (max-width: 767px){ \n#top #wrap_all .av-special-heading.av-mjvgcr-76bb813d26ac09233ac7fa613ece5129 .av-special-heading-tag{\nfont-size:0.8em;\n}\n}\n\n@media only screen and (max-width: 479px){ \n#top #wrap_all .av-special-heading.av-mjvgcr-76bb813d26ac09233ac7fa613ece5129 .av-special-heading-tag{\nfont-size:0.8em;\n}\n}\n<\/style>\n<div  id=\"sinmargen\"  class='av-special-heading av-mjvgcr-76bb813d26ac09233ac7fa613ece5129 av-special-heading-h4 custom-color-heading blockquote modern-quote  avia-builder-el-154  el_after_av_textblock  avia-builder-el-last  av-inherit-size'><h4 class='av-special-heading-tag '  itemprop=\"headline\"  >Energ\u00edas derivadas del agua<\/h4><div class='av_custom_color av-subheading av-subheading_below'><p>A partir de: <strong>Segundo ciclo de Primaria<\/strong><\/p>\n<\/div><div class=\"special-heading-border\"><div class=\"special-heading-inner-border\"><\/div><\/div><\/div><\/p><\/div><div class='av-flex-placeholder'><\/div>\n<style type=\"text\/css\" data-created_by=\"avia_inline_auto\" id=\"style-css-av-ulcjqln-c6e837cbd88da0e68f328b7d5a68d4b5\">\n.flex_column.av-ulcjqln-c6e837cbd88da0e68f328b7d5a68d4b5{\nwidth:22.75%;\nmargin-left:0;\n}\n#top .flex_column_table.av-equal-height-column-flextable.av-ulcjqln-c6e837cbd88da0e68f328b7d5a68d4b5 .av-flex-placeholder{\nwidth:3%;\n}\n<\/style>\n<div  class='flex_column av-ulcjqln-c6e837cbd88da0e68f328b7d5a68d4b5 av_one_fourth  avia-builder-el-155  el_after_av_one_fourth  el_before_av_one_fourth  flex_column_table_cell av-equal-height-column av-align-top avia-link-column av-column-link avia-link-column-hover  column-top-margin'    data-link-column-url=\"https:\/\/www.fundacioncanal.com\/canaleduca\/recursos-didacticos\/energias-renovables-sobre-el-agua\/\"  data-link-column-target=\"_blank\"   ><a class=\"av-screen-reader-only\" href=https:\/\/www.fundacioncanal.com\/canaleduca\/recursos-didacticos\/energias-renovables-sobre-el-agua\/  target=\"_blank\" >Link to: Energ\u00edas renovables sobre el agua<\/a><p>\n<style type=\"text\/css\" data-created_by=\"avia_inline_auto\" id=\"style-css-av-ubb3h8r-f0e264d6b253e0c4631a086662bfbc7e\">\n.avia-image-container.av-ubb3h8r-f0e264d6b253e0c4631a086662bfbc7e img.avia_image{\nbox-shadow:none;\n}\n.avia-image-container.av-ubb3h8r-f0e264d6b253e0c4631a086662bfbc7e .av-image-caption-overlay-center{\ncolor:#ffffff;\n}\n<\/style>\n<div  class='avia-image-container av-ubb3h8r-f0e264d6b253e0c4631a086662bfbc7e av-styling- avia-align-center  avia-builder-el-156  el_before_av_textblock  avia-builder-el-first '   itemprop=\"image\" itemscope=\"itemscope\" itemtype=\"https:\/\/schema.org\/ImageObject\" ><div class=\"avia-image-container-inner\"><div class=\"avia-image-overlay-wrap\"><img decoding=\"async\" fetchpriority=\"high\" class='wp-image-33466 avia-img-lazy-loading-not-33466 avia_image ' src=\"https:\/\/www.fundacioncanal.com\/canaleduca\/wp-content\/uploads\/2024\/01\/av60.jpg\" alt='av60' title='av60'  height=\"998\" width=\"1774\"  itemprop=\"thumbnailUrl\" srcset=\"https:\/\/www.fundacioncanal.com\/canaleduca\/wp-content\/uploads\/2024\/01\/av60.jpg 1774w, https:\/\/www.fundacioncanal.com\/canaleduca\/wp-content\/uploads\/2024\/01\/av60-300x169.jpg 300w, https:\/\/www.fundacioncanal.com\/canaleduca\/wp-content\/uploads\/2024\/01\/av60-1030x579.jpg 1030w, https:\/\/www.fundacioncanal.com\/canaleduca\/wp-content\/uploads\/2024\/01\/av60-768x432.jpg 768w, https:\/\/www.fundacioncanal.com\/canaleduca\/wp-content\/uploads\/2024\/01\/av60-1536x864.jpg 1536w, https:\/\/www.fundacioncanal.com\/canaleduca\/wp-content\/uploads\/2024\/01\/av60-1500x844.jpg 1500w, https:\/\/www.fundacioncanal.com\/canaleduca\/wp-content\/uploads\/2024\/01\/av60-705x397.jpg 705w\" sizes=\"(max-width: 1774px) 100vw, 1774px\" \/><\/div><\/div><\/div><br \/>\n\n<style type=\"text\/css\" data-created_by=\"avia_inline_auto\" id=\"style-css-av-2ypht8r-64303d25469ce6e202d72cc250dc3fca\">\n#top .av_textblock_section.av-2ypht8r-64303d25469ce6e202d72cc250dc3fca .avia_textblock{\nfont-size:12px;\ncolor:#ffffff;\n}\n<\/style>\n<section  class='av_textblock_section av-2ypht8r-64303d25469ce6e202d72cc250dc3fca '   itemscope=\"itemscope\" itemtype=\"https:\/\/schema.org\/CreativeWork\" ><div class='avia_textblock video-corto av_inherit_color'  itemprop=\"text\" ><p>V\u00eddeo corto<\/p>\n<\/div><\/section><br \/>\n\n<style type=\"text\/css\" data-created_by=\"avia_inline_auto\" id=\"style-css-av-t0ccpjf-c6d28c3b4289697d3314c8e5296b0399\">\n#top .av-special-heading.av-t0ccpjf-c6d28c3b4289697d3314c8e5296b0399{\npadding-bottom:0;\ncolor:#0092d0;\nfont-size:18px;\n}\nbody .av-special-heading.av-t0ccpjf-c6d28c3b4289697d3314c8e5296b0399 .av-special-heading-tag .heading-char{\nfont-size:25px;\n}\n#top #wrap_all .av-special-heading.av-t0ccpjf-c6d28c3b4289697d3314c8e5296b0399 .av-special-heading-tag{\nfont-size:18px;\n}\n.av-special-heading.av-t0ccpjf-c6d28c3b4289697d3314c8e5296b0399 .special-heading-inner-border{\nborder-color:#0092d0;\n}\n.av-special-heading.av-t0ccpjf-c6d28c3b4289697d3314c8e5296b0399 .av-subheading{\nfont-size:15px;\n}\n\n@media only screen and (min-width: 480px) and (max-width: 767px){ \n#top #wrap_all .av-special-heading.av-t0ccpjf-c6d28c3b4289697d3314c8e5296b0399 .av-special-heading-tag{\nfont-size:0.8em;\n}\n}\n\n@media only screen and (max-width: 479px){ \n#top #wrap_all .av-special-heading.av-t0ccpjf-c6d28c3b4289697d3314c8e5296b0399 .av-special-heading-tag{\nfont-size:0.8em;\n}\n}\n<\/style>\n<div  id=\"sinmargen\"  class='av-special-heading av-t0ccpjf-c6d28c3b4289697d3314c8e5296b0399 av-special-heading-h4 custom-color-heading blockquote modern-quote  avia-builder-el-158  el_after_av_textblock  avia-builder-el-last  av-inherit-size'><h4 class='av-special-heading-tag '  itemprop=\"headline\"  >Energ\u00edas renovables sobre el agua<\/h4><div class='av_custom_color av-subheading av-subheading_below'><p>A partir de: <strong>Segundo ciclo de Primaria<\/strong><\/p>\n<\/div><div class=\"special-heading-border\"><div class=\"special-heading-inner-border\"><\/div><\/div><\/div><\/p><\/div><div class='av-flex-placeholder'><\/div>\n<style type=\"text\/css\" data-created_by=\"avia_inline_auto\" id=\"style-css-av-so67tgr-85e6ad82a2a43f8b4a1fc67cc7fdbd8f\">\n.flex_column.av-so67tgr-85e6ad82a2a43f8b4a1fc67cc7fdbd8f{\nwidth:22.75%;\nmargin-left:0;\n}\n#top .flex_column_table.av-equal-height-column-flextable.av-so67tgr-85e6ad82a2a43f8b4a1fc67cc7fdbd8f .av-flex-placeholder{\nwidth:3%;\n}\n<\/style>\n<div  class='flex_column av-so67tgr-85e6ad82a2a43f8b4a1fc67cc7fdbd8f av_one_fourth  avia-builder-el-159  el_after_av_one_fourth  el_before_av_one_fourth  flex_column_table_cell av-equal-height-column av-align-top avia-link-column av-column-link avia-link-column-hover  column-top-margin'    data-link-column-url=\"https:\/\/www.fundacioncanal.com\/canaleduca\/recursos-didacticos\/energia-maremotriz\/\"  data-link-column-target=\"_blank\"   ><a class=\"av-screen-reader-only\" href=https:\/\/www.fundacioncanal.com\/canaleduca\/recursos-didacticos\/energia-maremotriz\/  target=\"_blank\" >Link to: Energ\u00eda maremotriz<\/a><p>\n<style type=\"text\/css\" data-created_by=\"avia_inline_auto\" id=\"style-css-av-2uh0p7v-e522c76e767c2680e0b6dbb4827a59ed\">\n.avia-image-container.av-2uh0p7v-e522c76e767c2680e0b6dbb4827a59ed img.avia_image{\nbox-shadow:none;\n}\n.avia-image-container.av-2uh0p7v-e522c76e767c2680e0b6dbb4827a59ed .av-image-caption-overlay-center{\ncolor:#ffffff;\n}\n<\/style>\n<div  class='avia-image-container av-2uh0p7v-e522c76e767c2680e0b6dbb4827a59ed av-styling- avia-align-center  avia-builder-el-160  el_before_av_textblock  avia-builder-el-first '   itemprop=\"image\" itemscope=\"itemscope\" itemtype=\"https:\/\/schema.org\/ImageObject\" ><div class=\"avia-image-container-inner\"><div class=\"avia-image-overlay-wrap\"><img decoding=\"async\" fetchpriority=\"high\" class='wp-image-33467 avia-img-lazy-loading-not-33467 avia_image ' src=\"https:\/\/www.fundacioncanal.com\/canaleduca\/wp-content\/uploads\/2024\/01\/av61.jpg\" alt='av61' title='av61'  height=\"998\" width=\"1774\"  itemprop=\"thumbnailUrl\" srcset=\"https:\/\/www.fundacioncanal.com\/canaleduca\/wp-content\/uploads\/2024\/01\/av61.jpg 1774w, https:\/\/www.fundacioncanal.com\/canaleduca\/wp-content\/uploads\/2024\/01\/av61-300x169.jpg 300w, https:\/\/www.fundacioncanal.com\/canaleduca\/wp-content\/uploads\/2024\/01\/av61-1030x579.jpg 1030w, https:\/\/www.fundacioncanal.com\/canaleduca\/wp-content\/uploads\/2024\/01\/av61-768x432.jpg 768w, https:\/\/www.fundacioncanal.com\/canaleduca\/wp-content\/uploads\/2024\/01\/av61-1536x864.jpg 1536w, https:\/\/www.fundacioncanal.com\/canaleduca\/wp-content\/uploads\/2024\/01\/av61-1500x844.jpg 1500w, https:\/\/www.fundacioncanal.com\/canaleduca\/wp-content\/uploads\/2024\/01\/av61-705x397.jpg 705w\" sizes=\"(max-width: 1774px) 100vw, 1774px\" \/><\/div><\/div><\/div><br \/>\n\n<style type=\"text\/css\" data-created_by=\"avia_inline_auto\" id=\"style-css-av-rwh0wcr-52ff1511b9d4d31db189a40dd4f433a5\">\n#top .av_textblock_section.av-rwh0wcr-52ff1511b9d4d31db189a40dd4f433a5 .avia_textblock{\nfont-size:12px;\ncolor:#ffffff;\n}\n<\/style>\n<section  class='av_textblock_section av-rwh0wcr-52ff1511b9d4d31db189a40dd4f433a5 '   itemscope=\"itemscope\" itemtype=\"https:\/\/schema.org\/CreativeWork\" ><div class='avia_textblock video-corto av_inherit_color'  itemprop=\"text\" ><p>V\u00eddeo corto<\/p>\n<\/div><\/section><br \/>\n\n<style type=\"text\/css\" data-created_by=\"avia_inline_auto\" id=\"style-css-av-rivt0kr-53ebed234775a4fe62368adbd5a70850\">\n#top .av-special-heading.av-rivt0kr-53ebed234775a4fe62368adbd5a70850{\npadding-bottom:0;\ncolor:#0092d0;\nfont-size:18px;\n}\nbody .av-special-heading.av-rivt0kr-53ebed234775a4fe62368adbd5a70850 .av-special-heading-tag .heading-char{\nfont-size:25px;\n}\n#top #wrap_all .av-special-heading.av-rivt0kr-53ebed234775a4fe62368adbd5a70850 .av-special-heading-tag{\nfont-size:18px;\n}\n.av-special-heading.av-rivt0kr-53ebed234775a4fe62368adbd5a70850 .special-heading-inner-border{\nborder-color:#0092d0;\n}\n.av-special-heading.av-rivt0kr-53ebed234775a4fe62368adbd5a70850 .av-subheading{\nfont-size:15px;\n}\n\n@media only screen and (min-width: 480px) and (max-width: 767px){ \n#top #wrap_all .av-special-heading.av-rivt0kr-53ebed234775a4fe62368adbd5a70850 .av-special-heading-tag{\nfont-size:0.8em;\n}\n}\n\n@media only screen and (max-width: 479px){ \n#top #wrap_all .av-special-heading.av-rivt0kr-53ebed234775a4fe62368adbd5a70850 .av-special-heading-tag{\nfont-size:0.8em;\n}\n}\n<\/style>\n<div  id=\"sinmargen\"  class='av-special-heading av-rivt0kr-53ebed234775a4fe62368adbd5a70850 av-special-heading-h4 custom-color-heading blockquote modern-quote  avia-builder-el-162  el_after_av_textblock  avia-builder-el-last  av-inherit-size'><h4 class='av-special-heading-tag '  itemprop=\"headline\"  >Energ\u00eda mareomotriz<\/h4><div class='av_custom_color av-subheading av-subheading_below'><p>A partir de: <strong>Segundo ciclo de Primaria<\/strong><\/p>\n<\/div><div class=\"special-heading-border\"><div class=\"special-heading-inner-border\"><\/div><\/div><\/div><\/p><\/div><div class='av-flex-placeholder'><\/div>\n<style type=\"text\/css\" data-created_by=\"avia_inline_auto\" id=\"style-css-av-qqtvf4b-2ea09ade8164f4744ebd7f897bf41564\">\n.flex_column.av-qqtvf4b-2ea09ade8164f4744ebd7f897bf41564{\nwidth:22.75%;\nmargin-left:0;\n}\n#top .flex_column_table.av-equal-height-column-flextable.av-qqtvf4b-2ea09ade8164f4744ebd7f897bf41564 .av-flex-placeholder{\nwidth:3%;\n}\n<\/style>\n<div  class='flex_column av-qqtvf4b-2ea09ade8164f4744ebd7f897bf41564 av_one_fourth  avia-builder-el-163  el_after_av_one_fourth  el_before_av_one_fourth  flex_column_table_cell av-equal-height-column av-align-top avia-link-column av-column-link avia-link-column-hover  column-top-margin'    data-link-column-url=\"https:\/\/www.fundacioncanal.com\/canaleduca\/recursos-didacticos\/riegos-tradicionales-de-cultivos-agricolas\/\"  data-link-column-target=\"_blank\"   ><a class=\"av-screen-reader-only\" href=https:\/\/www.fundacioncanal.com\/canaleduca\/recursos-didacticos\/riegos-tradicionales-de-cultivos-agricolas\/  target=\"_blank\" >Link to: Riegos tradicionales de cultivos agr\u00edcolas<\/a><p>\n<style type=\"text\/css\" data-created_by=\"avia_inline_auto\" id=\"style-css-av-q9sa32j-12a70de090aa4fda98a4eea515fcbfad\">\n.avia-image-container.av-q9sa32j-12a70de090aa4fda98a4eea515fcbfad img.avia_image{\nbox-shadow:none;\n}\n.avia-image-container.av-q9sa32j-12a70de090aa4fda98a4eea515fcbfad .av-image-caption-overlay-center{\ncolor:#ffffff;\n}\n<\/style>\n<div  class='avia-image-container av-q9sa32j-12a70de090aa4fda98a4eea515fcbfad av-styling- avia-align-center  avia-builder-el-164  el_before_av_textblock  avia-builder-el-first '   itemprop=\"image\" itemscope=\"itemscope\" itemtype=\"https:\/\/schema.org\/ImageObject\" ><div class=\"avia-image-container-inner\"><div class=\"avia-image-overlay-wrap\"><img decoding=\"async\" fetchpriority=\"high\" class='wp-image-33469 avia-img-lazy-loading-not-33469 avia_image ' src=\"https:\/\/www.fundacioncanal.com\/canaleduca\/wp-content\/uploads\/2024\/01\/av32.jpg\" alt='av32' title='av32'  height=\"998\" width=\"1774\"  itemprop=\"thumbnailUrl\" srcset=\"https:\/\/www.fundacioncanal.com\/canaleduca\/wp-content\/uploads\/2024\/01\/av32.jpg 1774w, https:\/\/www.fundacioncanal.com\/canaleduca\/wp-content\/uploads\/2024\/01\/av32-300x169.jpg 300w, https:\/\/www.fundacioncanal.com\/canaleduca\/wp-content\/uploads\/2024\/01\/av32-1030x579.jpg 1030w, https:\/\/www.fundacioncanal.com\/canaleduca\/wp-content\/uploads\/2024\/01\/av32-768x432.jpg 768w, https:\/\/www.fundacioncanal.com\/canaleduca\/wp-content\/uploads\/2024\/01\/av32-1536x864.jpg 1536w, https:\/\/www.fundacioncanal.com\/canaleduca\/wp-content\/uploads\/2024\/01\/av32-1500x844.jpg 1500w, https:\/\/www.fundacioncanal.com\/canaleduca\/wp-content\/uploads\/2024\/01\/av32-705x397.jpg 705w\" sizes=\"(max-width: 1774px) 100vw, 1774px\" \/><\/div><\/div><\/div><br \/>\n\n<style type=\"text\/css\" data-created_by=\"avia_inline_auto\" id=\"style-css-av-pxne7d7-c0bb2f96f0af69b62447ab13421b86c5\">\n#top .av_textblock_section.av-pxne7d7-c0bb2f96f0af69b62447ab13421b86c5 .avia_textblock{\nfont-size:12px;\ncolor:#ffffff;\n}\n<\/style>\n<section  class='av_textblock_section av-pxne7d7-c0bb2f96f0af69b62447ab13421b86c5 '   itemscope=\"itemscope\" itemtype=\"https:\/\/schema.org\/CreativeWork\" ><div class='avia_textblock video-corto av_inherit_color'  itemprop=\"text\" ><p>V\u00eddeo corto<\/p>\n<\/div><\/section><br \/>\n\n<style type=\"text\/css\" data-created_by=\"avia_inline_auto\" id=\"style-css-av-pmgkbgr-c0017cce04ef170ca563358da4e592e3\">\n#top .av-special-heading.av-pmgkbgr-c0017cce04ef170ca563358da4e592e3{\npadding-bottom:0;\ncolor:#0092d0;\nfont-size:18px;\n}\nbody .av-special-heading.av-pmgkbgr-c0017cce04ef170ca563358da4e592e3 .av-special-heading-tag .heading-char{\nfont-size:25px;\n}\n#top #wrap_all .av-special-heading.av-pmgkbgr-c0017cce04ef170ca563358da4e592e3 .av-special-heading-tag{\nfont-size:18px;\n}\n.av-special-heading.av-pmgkbgr-c0017cce04ef170ca563358da4e592e3 .special-heading-inner-border{\nborder-color:#0092d0;\n}\n.av-special-heading.av-pmgkbgr-c0017cce04ef170ca563358da4e592e3 .av-subheading{\nfont-size:15px;\n}\n\n@media only screen and (min-width: 480px) and (max-width: 767px){ \n#top #wrap_all .av-special-heading.av-pmgkbgr-c0017cce04ef170ca563358da4e592e3 .av-special-heading-tag{\nfont-size:0.8em;\n}\n}\n\n@media only screen and (max-width: 479px){ \n#top #wrap_all .av-special-heading.av-pmgkbgr-c0017cce04ef170ca563358da4e592e3 .av-special-heading-tag{\nfont-size:0.8em;\n}\n}\n<\/style>\n<div  id=\"sinmargen\"  class='av-special-heading av-pmgkbgr-c0017cce04ef170ca563358da4e592e3 av-special-heading-h4 custom-color-heading blockquote modern-quote  avia-builder-el-166  el_after_av_textblock  avia-builder-el-last  av-inherit-size'><h4 class='av-special-heading-tag '  itemprop=\"headline\"  >Riegos tradicionales de cultivos agr\u00edcolas<\/h4><div class='av_custom_color av-subheading av-subheading_below'><p>A partir de: <strong>Segundo ciclo de Primaria<\/strong><\/p>\n<\/div><div class=\"special-heading-border\"><div class=\"special-heading-inner-border\"><\/div><\/div><\/div><\/p><\/div><\/div><!--close column table wrapper. Autoclose: 1 --><div class='flex_column_table av-p5lglwr-ee6f17661bddc4455833c0c12bf95c80 sc-av_one_fourth av-equal-height-column-flextable'>\n<style type=\"text\/css\" data-created_by=\"avia_inline_auto\" id=\"style-css-av-p5lglwr-ee6f17661bddc4455833c0c12bf95c80\">\n.flex_column.av-p5lglwr-ee6f17661bddc4455833c0c12bf95c80{\nwidth:22.75%;\nmargin-left:0;\n}\n#top .flex_column_table.av-equal-height-column-flextable.av-p5lglwr-ee6f17661bddc4455833c0c12bf95c80 .av-flex-placeholder{\nwidth:3%;\n}\n<\/style>\n<div  class='flex_column av-p5lglwr-ee6f17661bddc4455833c0c12bf95c80 av_one_fourth  avia-builder-el-167  el_after_av_one_fourth  el_before_av_one_fourth  first flex_column_table_cell av-equal-height-column av-align-top avia-link-column av-column-link avia-link-column-hover  column-top-margin'    data-link-column-url=\"https:\/\/www.fundacioncanal.com\/canaleduca\/recursos-didacticos\/riego-eficiente\/\"  data-link-column-target=\"_blank\"   ><a class=\"av-screen-reader-only\" href=https:\/\/www.fundacioncanal.com\/canaleduca\/recursos-didacticos\/riego-eficiente\/  target=\"_blank\" >Link to: Riego eficiente<\/a><p>\n<style type=\"text\/css\" data-created_by=\"avia_inline_auto\" id=\"style-css-av-old0r9n-cc8aa275790482aaef19c4c31d460364\">\n.avia-image-container.av-old0r9n-cc8aa275790482aaef19c4c31d460364 img.avia_image{\nbox-shadow:none;\n}\n.avia-image-container.av-old0r9n-cc8aa275790482aaef19c4c31d460364 .av-image-caption-overlay-center{\ncolor:#ffffff;\n}\n<\/style>\n<div  class='avia-image-container av-old0r9n-cc8aa275790482aaef19c4c31d460364 av-styling- avia-align-center  avia-builder-el-168  el_before_av_textblock  avia-builder-el-first '   itemprop=\"image\" itemscope=\"itemscope\" itemtype=\"https:\/\/schema.org\/ImageObject\" ><div class=\"avia-image-container-inner\"><div class=\"avia-image-overlay-wrap\"><img decoding=\"async\" fetchpriority=\"high\" class='wp-image-35371 avia-img-lazy-loading-not-35371 avia_image ' src=\"https:\/\/www.fundacioncanal.com\/canaleduca\/wp-content\/uploads\/2024\/02\/av28.jpg\" alt='av28' title='av28'  height=\"998\" width=\"1774\"  itemprop=\"thumbnailUrl\" srcset=\"https:\/\/www.fundacioncanal.com\/canaleduca\/wp-content\/uploads\/2024\/02\/av28.jpg 1774w, https:\/\/www.fundacioncanal.com\/canaleduca\/wp-content\/uploads\/2024\/02\/av28-300x169.jpg 300w, https:\/\/www.fundacioncanal.com\/canaleduca\/wp-content\/uploads\/2024\/02\/av28-1030x579.jpg 1030w, https:\/\/www.fundacioncanal.com\/canaleduca\/wp-content\/uploads\/2024\/02\/av28-768x432.jpg 768w, https:\/\/www.fundacioncanal.com\/canaleduca\/wp-content\/uploads\/2024\/02\/av28-1536x864.jpg 1536w, https:\/\/www.fundacioncanal.com\/canaleduca\/wp-content\/uploads\/2024\/02\/av28-1500x844.jpg 1500w, https:\/\/www.fundacioncanal.com\/canaleduca\/wp-content\/uploads\/2024\/02\/av28-705x397.jpg 705w\" sizes=\"(max-width: 1774px) 100vw, 1774px\" \/><\/div><\/div><\/div><br \/>\n\n<style type=\"text\/css\" data-created_by=\"avia_inline_auto\" id=\"style-css-av-o8o0fbf-38694dbdcd69d36fb40b80a14ba39e26\">\n#top .av_textblock_section.av-o8o0fbf-38694dbdcd69d36fb40b80a14ba39e26 .avia_textblock{\nfont-size:12px;\ncolor:#ffffff;\n}\n<\/style>\n<section  class='av_textblock_section av-o8o0fbf-38694dbdcd69d36fb40b80a14ba39e26 '   itemscope=\"itemscope\" itemtype=\"https:\/\/schema.org\/CreativeWork\" ><div class='avia_textblock video-corto av_inherit_color'  itemprop=\"text\" ><p>V\u00eddeo corto<\/p>\n<\/div><\/section><br \/>\n\n<style type=\"text\/css\" data-created_by=\"avia_inline_auto\" id=\"style-css-av-njjtewb-a5546ec63f97e951417a038822f415cf\">\n#top .av-special-heading.av-njjtewb-a5546ec63f97e951417a038822f415cf{\npadding-bottom:0;\ncolor:#0092d0;\nfont-size:18px;\n}\nbody .av-special-heading.av-njjtewb-a5546ec63f97e951417a038822f415cf .av-special-heading-tag .heading-char{\nfont-size:25px;\n}\n#top #wrap_all .av-special-heading.av-njjtewb-a5546ec63f97e951417a038822f415cf .av-special-heading-tag{\nfont-size:18px;\n}\n.av-special-heading.av-njjtewb-a5546ec63f97e951417a038822f415cf .special-heading-inner-border{\nborder-color:#0092d0;\n}\n.av-special-heading.av-njjtewb-a5546ec63f97e951417a038822f415cf .av-subheading{\nfont-size:15px;\n}\n\n@media only screen and (min-width: 480px) and (max-width: 767px){ \n#top #wrap_all .av-special-heading.av-njjtewb-a5546ec63f97e951417a038822f415cf .av-special-heading-tag{\nfont-size:0.8em;\n}\n}\n\n@media only screen and (max-width: 479px){ \n#top #wrap_all .av-special-heading.av-njjtewb-a5546ec63f97e951417a038822f415cf .av-special-heading-tag{\nfont-size:0.8em;\n}\n}\n<\/style>\n<div  id=\"sinmargen\"  class='av-special-heading av-njjtewb-a5546ec63f97e951417a038822f415cf av-special-heading-h4 custom-color-heading blockquote modern-quote  avia-builder-el-170  el_after_av_textblock  avia-builder-el-last  av-inherit-size'><h4 class='av-special-heading-tag '  itemprop=\"headline\"  >Riego eficiente<\/h4><div class='av_custom_color av-subheading av-subheading_below'><p>A partir de: <strong>Segundo ciclo de Primaria<\/strong><\/p>\n<\/div><div class=\"special-heading-border\"><div class=\"special-heading-inner-border\"><\/div><\/div><\/div><\/p><\/div><div class='av-flex-placeholder'><\/div>\n<style type=\"text\/css\" data-created_by=\"avia_inline_auto\" id=\"style-css-av-nadsua3-be144cfa78451da8dda5494049bdb9c9\">\n.flex_column.av-nadsua3-be144cfa78451da8dda5494049bdb9c9{\nwidth:22.75%;\nmargin-left:0;\n}\n#top .flex_column_table.av-equal-height-column-flextable.av-nadsua3-be144cfa78451da8dda5494049bdb9c9 .av-flex-placeholder{\nwidth:3%;\n}\n<\/style>\n<div  class='flex_column av-nadsua3-be144cfa78451da8dda5494049bdb9c9 av_one_fourth  avia-builder-el-171  el_after_av_one_fourth  el_before_av_one_fourth  flex_column_table_cell av-equal-height-column av-align-top avia-link-column av-column-link avia-link-column-hover  column-top-margin'    data-link-column-url=\"https:\/\/www.fundacioncanal.com\/canaleduca\/recursos-didacticos\/huella-hidrica-en-la-agricultura\/\"  data-link-column-target=\"_blank\"   ><a class=\"av-screen-reader-only\" href=https:\/\/www.fundacioncanal.com\/canaleduca\/recursos-didacticos\/huella-hidrica-en-la-agricultura\/  target=\"_blank\" >Link to: Huella h\u00eddrica en la agricultura<\/a><p>\n<style type=\"text\/css\" data-created_by=\"avia_inline_auto\" id=\"style-css-av-mndzqrv-83cdc800f5a03dbc58f661490e48dbaa\">\n.avia-image-container.av-mndzqrv-83cdc800f5a03dbc58f661490e48dbaa img.avia_image{\nbox-shadow:none;\n}\n.avia-image-container.av-mndzqrv-83cdc800f5a03dbc58f661490e48dbaa .av-image-caption-overlay-center{\ncolor:#ffffff;\n}\n<\/style>\n<div  class='avia-image-container av-mndzqrv-83cdc800f5a03dbc58f661490e48dbaa av-styling- avia-align-center  avia-builder-el-172  el_before_av_textblock  avia-builder-el-first '   itemprop=\"image\" itemscope=\"itemscope\" itemtype=\"https:\/\/schema.org\/ImageObject\" ><div class=\"avia-image-container-inner\"><div class=\"avia-image-overlay-wrap\"><img decoding=\"async\" fetchpriority=\"high\" class='wp-image-33474 avia-img-lazy-loading-not-33474 avia_image ' src=\"https:\/\/www.fundacioncanal.com\/canaleduca\/wp-content\/uploads\/2024\/01\/av29.jpg\" alt='av29' title='av29'  height=\"998\" width=\"1774\"  itemprop=\"thumbnailUrl\" srcset=\"https:\/\/www.fundacioncanal.com\/canaleduca\/wp-content\/uploads\/2024\/01\/av29.jpg 1774w, https:\/\/www.fundacioncanal.com\/canaleduca\/wp-content\/uploads\/2024\/01\/av29-300x169.jpg 300w, https:\/\/www.fundacioncanal.com\/canaleduca\/wp-content\/uploads\/2024\/01\/av29-1030x579.jpg 1030w, https:\/\/www.fundacioncanal.com\/canaleduca\/wp-content\/uploads\/2024\/01\/av29-768x432.jpg 768w, https:\/\/www.fundacioncanal.com\/canaleduca\/wp-content\/uploads\/2024\/01\/av29-1536x864.jpg 1536w, https:\/\/www.fundacioncanal.com\/canaleduca\/wp-content\/uploads\/2024\/01\/av29-1500x844.jpg 1500w, https:\/\/www.fundacioncanal.com\/canaleduca\/wp-content\/uploads\/2024\/01\/av29-705x397.jpg 705w\" sizes=\"(max-width: 1774px) 100vw, 1774px\" \/><\/div><\/div><\/div><br \/>\n\n<style type=\"text\/css\" data-created_by=\"avia_inline_auto\" id=\"style-css-av-m4jmg3v-89eedc8f0f41d53f0d6e9bc17df16c43\">\n#top .av_textblock_section.av-m4jmg3v-89eedc8f0f41d53f0d6e9bc17df16c43 .avia_textblock{\nfont-size:12px;\ncolor:#ffffff;\n}\n<\/style>\n<section  class='av_textblock_section av-m4jmg3v-89eedc8f0f41d53f0d6e9bc17df16c43 '   itemscope=\"itemscope\" itemtype=\"https:\/\/schema.org\/CreativeWork\" ><div class='avia_textblock video-corto av_inherit_color'  itemprop=\"text\" ><p>V\u00eddeo corto<\/p>\n<\/div><\/section><br \/>\n\n<style type=\"text\/css\" data-created_by=\"avia_inline_auto\" id=\"style-css-av-lngayej-240bd001833c806151ed1e39f8498dcf\">\n#top .av-special-heading.av-lngayej-240bd001833c806151ed1e39f8498dcf{\npadding-bottom:0;\ncolor:#0092d0;\nfont-size:18px;\n}\nbody .av-special-heading.av-lngayej-240bd001833c806151ed1e39f8498dcf .av-special-heading-tag .heading-char{\nfont-size:25px;\n}\n#top #wrap_all .av-special-heading.av-lngayej-240bd001833c806151ed1e39f8498dcf .av-special-heading-tag{\nfont-size:18px;\n}\n.av-special-heading.av-lngayej-240bd001833c806151ed1e39f8498dcf .special-heading-inner-border{\nborder-color:#0092d0;\n}\n.av-special-heading.av-lngayej-240bd001833c806151ed1e39f8498dcf .av-subheading{\nfont-size:15px;\n}\n\n@media only screen and (min-width: 480px) and (max-width: 767px){ \n#top #wrap_all .av-special-heading.av-lngayej-240bd001833c806151ed1e39f8498dcf .av-special-heading-tag{\nfont-size:0.8em;\n}\n}\n\n@media only screen and (max-width: 479px){ \n#top #wrap_all .av-special-heading.av-lngayej-240bd001833c806151ed1e39f8498dcf .av-special-heading-tag{\nfont-size:0.8em;\n}\n}\n<\/style>\n<div  id=\"sinmargen\"  class='av-special-heading av-lngayej-240bd001833c806151ed1e39f8498dcf av-special-heading-h4 custom-color-heading blockquote modern-quote  avia-builder-el-174  el_after_av_textblock  avia-builder-el-last  av-inherit-size'><h4 class='av-special-heading-tag '  itemprop=\"headline\"  >Huella h\u00eddrica en la agricultura<\/h4><div class='av_custom_color av-subheading av-subheading_below'><p>A partir de: <strong>Segundo ciclo de Primaria<\/strong><\/p>\n<\/div><div class=\"special-heading-border\"><div class=\"special-heading-inner-border\"><\/div><\/div><\/div><\/p><\/div><div class='av-flex-placeholder'><\/div>\n<style type=\"text\/css\" data-created_by=\"avia_inline_auto\" id=\"style-css-av-l81poej-be134507b597a339463c42badcde1544\">\n.flex_column.av-l81poej-be134507b597a339463c42badcde1544{\nwidth:22.75%;\nmargin-left:0;\n}\n#top .flex_column_table.av-equal-height-column-flextable.av-l81poej-be134507b597a339463c42badcde1544 .av-flex-placeholder{\nwidth:3%;\n}\n<\/style>\n<div  class='flex_column av-l81poej-be134507b597a339463c42badcde1544 av_one_fourth  avia-builder-el-175  el_after_av_one_fourth  el_before_av_one_fourth  flex_column_table_cell av-equal-height-column av-align-top avia-link-column av-column-link avia-link-column-hover  column-top-margin'    data-link-column-url=\"https:\/\/www.fundacioncanal.com\/canaleduca\/recursos-didacticos\/el-agua-en-los-procesos-industriales\/\"  data-link-column-target=\"_blank\"   ><a class=\"av-screen-reader-only\" href=https:\/\/www.fundacioncanal.com\/canaleduca\/recursos-didacticos\/el-agua-en-los-procesos-industriales\/  target=\"_blank\" >Link to: El agua en los procesos industriales<\/a><p>\n<style type=\"text\/css\" data-created_by=\"avia_inline_auto\" id=\"style-css-av-l1fv08b-7d0e0882df91ce0c8fbf4105fef9ef03\">\n.avia-image-container.av-l1fv08b-7d0e0882df91ce0c8fbf4105fef9ef03 img.avia_image{\nbox-shadow:none;\n}\n.avia-image-container.av-l1fv08b-7d0e0882df91ce0c8fbf4105fef9ef03 .av-image-caption-overlay-center{\ncolor:#ffffff;\n}\n<\/style>\n<div  class='avia-image-container av-l1fv08b-7d0e0882df91ce0c8fbf4105fef9ef03 av-styling- avia-align-center  avia-builder-el-176  el_before_av_textblock  avia-builder-el-first '   itemprop=\"image\" itemscope=\"itemscope\" itemtype=\"https:\/\/schema.org\/ImageObject\" ><div class=\"avia-image-container-inner\"><div class=\"avia-image-overlay-wrap\"><img decoding=\"async\" fetchpriority=\"high\" class='wp-image-33475 avia-img-lazy-loading-not-33475 avia_image ' src=\"https:\/\/www.fundacioncanal.com\/canaleduca\/wp-content\/uploads\/2024\/01\/av47.jpg\" alt='av47' title='av47'  height=\"998\" width=\"1774\"  itemprop=\"thumbnailUrl\" srcset=\"https:\/\/www.fundacioncanal.com\/canaleduca\/wp-content\/uploads\/2024\/01\/av47.jpg 1774w, https:\/\/www.fundacioncanal.com\/canaleduca\/wp-content\/uploads\/2024\/01\/av47-300x169.jpg 300w, https:\/\/www.fundacioncanal.com\/canaleduca\/wp-content\/uploads\/2024\/01\/av47-1030x579.jpg 1030w, https:\/\/www.fundacioncanal.com\/canaleduca\/wp-content\/uploads\/2024\/01\/av47-768x432.jpg 768w, https:\/\/www.fundacioncanal.com\/canaleduca\/wp-content\/uploads\/2024\/01\/av47-1536x864.jpg 1536w, https:\/\/www.fundacioncanal.com\/canaleduca\/wp-content\/uploads\/2024\/01\/av47-1500x844.jpg 1500w, https:\/\/www.fundacioncanal.com\/canaleduca\/wp-content\/uploads\/2024\/01\/av47-705x397.jpg 705w\" sizes=\"(max-width: 1774px) 100vw, 1774px\" \/><\/div><\/div><\/div><br \/>\n\n<style type=\"text\/css\" data-created_by=\"avia_inline_auto\" id=\"style-css-av-kddh0q3-87232bbbd0515c630c1c3aa78f5eebb6\">\n#top .av_textblock_section.av-kddh0q3-87232bbbd0515c630c1c3aa78f5eebb6 .avia_textblock{\nfont-size:12px;\ncolor:#ffffff;\n}\n<\/style>\n<section  class='av_textblock_section av-kddh0q3-87232bbbd0515c630c1c3aa78f5eebb6 '   itemscope=\"itemscope\" itemtype=\"https:\/\/schema.org\/CreativeWork\" ><div class='avia_textblock video-corto av_inherit_color'  itemprop=\"text\" ><p>V\u00eddeo corto<\/p>\n<\/div><\/section><br \/>\n\n<style type=\"text\/css\" data-created_by=\"avia_inline_auto\" id=\"style-css-av-jztqpyj-57e428b7ef6bdd6d6f9c7f8a335204f0\">\n#top .av-special-heading.av-jztqpyj-57e428b7ef6bdd6d6f9c7f8a335204f0{\npadding-bottom:0;\ncolor:#0092d0;\nfont-size:18px;\n}\nbody .av-special-heading.av-jztqpyj-57e428b7ef6bdd6d6f9c7f8a335204f0 .av-special-heading-tag .heading-char{\nfont-size:25px;\n}\n#top #wrap_all .av-special-heading.av-jztqpyj-57e428b7ef6bdd6d6f9c7f8a335204f0 .av-special-heading-tag{\nfont-size:18px;\n}\n.av-special-heading.av-jztqpyj-57e428b7ef6bdd6d6f9c7f8a335204f0 .special-heading-inner-border{\nborder-color:#0092d0;\n}\n.av-special-heading.av-jztqpyj-57e428b7ef6bdd6d6f9c7f8a335204f0 .av-subheading{\nfont-size:15px;\n}\n\n@media only screen and (min-width: 480px) and (max-width: 767px){ \n#top #wrap_all .av-special-heading.av-jztqpyj-57e428b7ef6bdd6d6f9c7f8a335204f0 .av-special-heading-tag{\nfont-size:0.8em;\n}\n}\n\n@media only screen and (max-width: 479px){ \n#top #wrap_all .av-special-heading.av-jztqpyj-57e428b7ef6bdd6d6f9c7f8a335204f0 .av-special-heading-tag{\nfont-size:0.8em;\n}\n}\n<\/style>\n<div  id=\"sinmargen\"  class='av-special-heading av-jztqpyj-57e428b7ef6bdd6d6f9c7f8a335204f0 av-special-heading-h4 custom-color-heading blockquote modern-quote  avia-builder-el-178  el_after_av_textblock  avia-builder-el-last  av-inherit-size'><h4 class='av-special-heading-tag '  itemprop=\"headline\"  >El agua en los procesos industriales<\/h4><div class='av_custom_color av-subheading av-subheading_below'><p>A partir de: <strong>ESO<\/strong><\/p>\n<\/div><div class=\"special-heading-border\"><div class=\"special-heading-inner-border\"><\/div><\/div><\/div><\/p><\/div><div class='av-flex-placeholder'><\/div>\n<style type=\"text\/css\" data-created_by=\"avia_inline_auto\" id=\"style-css-av-jg215ez-5f591eef0ea6e705a9800c0665f02b85\">\n.flex_column.av-jg215ez-5f591eef0ea6e705a9800c0665f02b85{\nwidth:22.75%;\nmargin-left:0;\n}\n#top .flex_column_table.av-equal-height-column-flextable.av-jg215ez-5f591eef0ea6e705a9800c0665f02b85 .av-flex-placeholder{\nwidth:3%;\n}\n<\/style>\n<div  class='flex_column av-jg215ez-5f591eef0ea6e705a9800c0665f02b85 av_one_fourth  avia-builder-el-179  el_after_av_one_fourth  el_before_av_one_fourth  flex_column_table_cell av-equal-height-column av-align-top avia-link-column av-column-link avia-link-column-hover  column-top-margin'    data-link-column-url=\"https:\/\/www.fundacioncanal.com\/canaleduca\/recursos-didacticos\/el-agua-como-medio-de-transporte\/\"  data-link-column-target=\"_blank\"   ><a class=\"av-screen-reader-only\" href=https:\/\/www.fundacioncanal.com\/canaleduca\/recursos-didacticos\/el-agua-como-medio-de-transporte\/  target=\"_blank\" >Link to: El agua como medio de transporte<\/a><p>\n<style type=\"text\/css\" data-created_by=\"avia_inline_auto\" id=\"style-css-av-j4j45xn-15250933076432fd764a73293fc76123\">\n.avia-image-container.av-j4j45xn-15250933076432fd764a73293fc76123 img.avia_image{\nbox-shadow:none;\n}\n.avia-image-container.av-j4j45xn-15250933076432fd764a73293fc76123 .av-image-caption-overlay-center{\ncolor:#ffffff;\n}\n<\/style>\n<div  class='avia-image-container av-j4j45xn-15250933076432fd764a73293fc76123 av-styling- avia-align-center  avia-builder-el-180  el_before_av_textblock  avia-builder-el-first '   itemprop=\"image\" itemscope=\"itemscope\" itemtype=\"https:\/\/schema.org\/ImageObject\" ><div class=\"avia-image-container-inner\"><div class=\"avia-image-overlay-wrap\"><img decoding=\"async\" fetchpriority=\"high\" class='wp-image-33477 avia-img-lazy-loading-not-33477 avia_image ' src=\"https:\/\/www.fundacioncanal.com\/canaleduca\/wp-content\/uploads\/2024\/01\/av49.jpg\" alt='av49' title='av49'  height=\"998\" width=\"1774\"  itemprop=\"thumbnailUrl\" srcset=\"https:\/\/www.fundacioncanal.com\/canaleduca\/wp-content\/uploads\/2024\/01\/av49.jpg 1774w, https:\/\/www.fundacioncanal.com\/canaleduca\/wp-content\/uploads\/2024\/01\/av49-300x169.jpg 300w, https:\/\/www.fundacioncanal.com\/canaleduca\/wp-content\/uploads\/2024\/01\/av49-1030x579.jpg 1030w, https:\/\/www.fundacioncanal.com\/canaleduca\/wp-content\/uploads\/2024\/01\/av49-768x432.jpg 768w, https:\/\/www.fundacioncanal.com\/canaleduca\/wp-content\/uploads\/2024\/01\/av49-1536x864.jpg 1536w, https:\/\/www.fundacioncanal.com\/canaleduca\/wp-content\/uploads\/2024\/01\/av49-1500x844.jpg 1500w, https:\/\/www.fundacioncanal.com\/canaleduca\/wp-content\/uploads\/2024\/01\/av49-705x397.jpg 705w\" sizes=\"(max-width: 1774px) 100vw, 1774px\" \/><\/div><\/div><\/div><br \/>\n\n<style type=\"text\/css\" data-created_by=\"avia_inline_auto\" id=\"style-css-av-ij7z4yz-5dfb97513e2e38e90cb9fc055444b3ce\">\n#top .av_textblock_section.av-ij7z4yz-5dfb97513e2e38e90cb9fc055444b3ce .avia_textblock{\nfont-size:12px;\ncolor:#ffffff;\n}\n<\/style>\n<section  class='av_textblock_section av-ij7z4yz-5dfb97513e2e38e90cb9fc055444b3ce '   itemscope=\"itemscope\" itemtype=\"https:\/\/schema.org\/CreativeWork\" ><div class='avia_textblock video-corto av_inherit_color'  itemprop=\"text\" ><p>V\u00eddeo corto<\/p>\n<\/div><\/section><br \/>\n\n<style type=\"text\/css\" data-created_by=\"avia_inline_auto\" id=\"style-css-av-i4ixctn-da0868346e10176893df70b7b6cf73f9\">\n#top .av-special-heading.av-i4ixctn-da0868346e10176893df70b7b6cf73f9{\npadding-bottom:0;\ncolor:#0092d0;\nfont-size:18px;\n}\nbody .av-special-heading.av-i4ixctn-da0868346e10176893df70b7b6cf73f9 .av-special-heading-tag .heading-char{\nfont-size:25px;\n}\n#top #wrap_all .av-special-heading.av-i4ixctn-da0868346e10176893df70b7b6cf73f9 .av-special-heading-tag{\nfont-size:18px;\n}\n.av-special-heading.av-i4ixctn-da0868346e10176893df70b7b6cf73f9 .special-heading-inner-border{\nborder-color:#0092d0;\n}\n.av-special-heading.av-i4ixctn-da0868346e10176893df70b7b6cf73f9 .av-subheading{\nfont-size:15px;\n}\n\n@media only screen and (min-width: 480px) and (max-width: 767px){ \n#top #wrap_all .av-special-heading.av-i4ixctn-da0868346e10176893df70b7b6cf73f9 .av-special-heading-tag{\nfont-size:0.8em;\n}\n}\n\n@media only screen and (max-width: 479px){ \n#top #wrap_all .av-special-heading.av-i4ixctn-da0868346e10176893df70b7b6cf73f9 .av-special-heading-tag{\nfont-size:0.8em;\n}\n}\n<\/style>\n<div  id=\"sinmargen\"  class='av-special-heading av-i4ixctn-da0868346e10176893df70b7b6cf73f9 av-special-heading-h4 custom-color-heading blockquote modern-quote  avia-builder-el-182  el_after_av_textblock  avia-builder-el-last  av-inherit-size'><h4 class='av-special-heading-tag '  itemprop=\"headline\"  >El agua como medio de transporte<\/h4><div class='av_custom_color av-subheading av-subheading_below'><p>A partir de: <strong>ESO<\/strong><\/p>\n<\/div><div class=\"special-heading-border\"><div class=\"special-heading-inner-border\"><\/div><\/div><\/div><\/p><\/div><\/div><!--close column table wrapper. Autoclose: 1 --><div class='flex_column_table av-hopzj57-bdf703867f04f1287f56c6aac01966cd sc-av_one_fourth av-equal-height-column-flextable'>\n<style type=\"text\/css\" data-created_by=\"avia_inline_auto\" id=\"style-css-av-hopzj57-bdf703867f04f1287f56c6aac01966cd\">\n.flex_column.av-hopzj57-bdf703867f04f1287f56c6aac01966cd{\nwidth:22.75%;\nmargin-left:0;\n}\n#top .flex_column_table.av-equal-height-column-flextable.av-hopzj57-bdf703867f04f1287f56c6aac01966cd .av-flex-placeholder{\nwidth:3%;\n}\n<\/style>\n<div  class='flex_column av-hopzj57-bdf703867f04f1287f56c6aac01966cd av_one_fourth  avia-builder-el-183  el_after_av_one_fourth  el_before_av_one_fourth  first flex_column_table_cell av-equal-height-column av-align-top avia-link-column av-column-link avia-link-column-hover  column-top-margin'    data-link-column-url=\"https:\/\/www.fundacioncanal.com\/canaleduca\/recursos-didacticos\/transporte-maritimo-sostenible\/\"  data-link-column-target=\"_blank\"   ><a class=\"av-screen-reader-only\" href=https:\/\/www.fundacioncanal.com\/canaleduca\/recursos-didacticos\/transporte-maritimo-sostenible\/  target=\"_blank\" >Link to: Transporte mar\u00edtimo sostenible<\/a><p>\n<style type=\"text\/css\" data-created_by=\"avia_inline_auto\" id=\"style-css-av-h88c7uz-f96daf9b3a920bbef7cd3af457d7386d\">\n.avia-image-container.av-h88c7uz-f96daf9b3a920bbef7cd3af457d7386d img.avia_image{\nbox-shadow:none;\n}\n.avia-image-container.av-h88c7uz-f96daf9b3a920bbef7cd3af457d7386d .av-image-caption-overlay-center{\ncolor:#ffffff;\n}\n<\/style>\n<div  class='avia-image-container av-h88c7uz-f96daf9b3a920bbef7cd3af457d7386d av-styling- avia-align-center  avia-builder-el-184  el_before_av_textblock  avia-builder-el-first '   itemprop=\"image\" itemscope=\"itemscope\" itemtype=\"https:\/\/schema.org\/ImageObject\" ><div class=\"avia-image-container-inner\"><div class=\"avia-image-overlay-wrap\"><img decoding=\"async\" fetchpriority=\"high\" class='wp-image-33478 avia-img-lazy-loading-not-33478 avia_image ' src=\"https:\/\/www.fundacioncanal.com\/canaleduca\/wp-content\/uploads\/2024\/01\/av82.jpg\" alt='av82' title='av82'  height=\"998\" width=\"1774\"  itemprop=\"thumbnailUrl\" srcset=\"https:\/\/www.fundacioncanal.com\/canaleduca\/wp-content\/uploads\/2024\/01\/av82.jpg 1774w, https:\/\/www.fundacioncanal.com\/canaleduca\/wp-content\/uploads\/2024\/01\/av82-300x169.jpg 300w, https:\/\/www.fundacioncanal.com\/canaleduca\/wp-content\/uploads\/2024\/01\/av82-1030x579.jpg 1030w, https:\/\/www.fundacioncanal.com\/canaleduca\/wp-content\/uploads\/2024\/01\/av82-768x432.jpg 768w, https:\/\/www.fundacioncanal.com\/canaleduca\/wp-content\/uploads\/2024\/01\/av82-1536x864.jpg 1536w, https:\/\/www.fundacioncanal.com\/canaleduca\/wp-content\/uploads\/2024\/01\/av82-1500x844.jpg 1500w, https:\/\/www.fundacioncanal.com\/canaleduca\/wp-content\/uploads\/2024\/01\/av82-705x397.jpg 705w\" sizes=\"(max-width: 1774px) 100vw, 1774px\" \/><\/div><\/div><\/div><br \/>\n\n<style type=\"text\/css\" data-created_by=\"avia_inline_auto\" id=\"style-css-av-gogzia3-dc5af3c081155da1eb577b6cc23b4d41\">\n#top .av_textblock_section.av-gogzia3-dc5af3c081155da1eb577b6cc23b4d41 .avia_textblock{\nfont-size:12px;\ncolor:#ffffff;\n}\n<\/style>\n<section  class='av_textblock_section av-gogzia3-dc5af3c081155da1eb577b6cc23b4d41 '   itemscope=\"itemscope\" itemtype=\"https:\/\/schema.org\/CreativeWork\" ><div class='avia_textblock video-corto av_inherit_color'  itemprop=\"text\" ><p>V\u00eddeo corto<\/p>\n<\/div><\/section><br \/>\n\n<style type=\"text\/css\" data-created_by=\"avia_inline_auto\" id=\"style-css-av-g6jyhhn-fe487420b2d4ac23ab2a081249fe186d\">\n#top .av-special-heading.av-g6jyhhn-fe487420b2d4ac23ab2a081249fe186d{\npadding-bottom:0;\ncolor:#0092d0;\nfont-size:18px;\n}\nbody .av-special-heading.av-g6jyhhn-fe487420b2d4ac23ab2a081249fe186d .av-special-heading-tag .heading-char{\nfont-size:25px;\n}\n#top #wrap_all .av-special-heading.av-g6jyhhn-fe487420b2d4ac23ab2a081249fe186d .av-special-heading-tag{\nfont-size:18px;\n}\n.av-special-heading.av-g6jyhhn-fe487420b2d4ac23ab2a081249fe186d .special-heading-inner-border{\nborder-color:#0092d0;\n}\n.av-special-heading.av-g6jyhhn-fe487420b2d4ac23ab2a081249fe186d .av-subheading{\nfont-size:15px;\n}\n\n@media only screen and (min-width: 480px) and (max-width: 767px){ \n#top #wrap_all .av-special-heading.av-g6jyhhn-fe487420b2d4ac23ab2a081249fe186d .av-special-heading-tag{\nfont-size:0.8em;\n}\n}\n\n@media only screen and (max-width: 479px){ \n#top #wrap_all .av-special-heading.av-g6jyhhn-fe487420b2d4ac23ab2a081249fe186d .av-special-heading-tag{\nfont-size:0.8em;\n}\n}\n<\/style>\n<div  id=\"sinmargen\"  class='av-special-heading av-g6jyhhn-fe487420b2d4ac23ab2a081249fe186d av-special-heading-h4 custom-color-heading blockquote modern-quote  avia-builder-el-186  el_after_av_textblock  avia-builder-el-last  av-inherit-size'><h4 class='av-special-heading-tag '  itemprop=\"headline\"  >Transporte mar\u00edtimo sostenible<\/h4><div class='av_custom_color av-subheading av-subheading_below'><p>A partir de: <strong>Tercer ciclo de Primaria<\/strong><\/p>\n<\/div><div class=\"special-heading-border\"><div class=\"special-heading-inner-border\"><\/div><\/div><\/div><\/p><\/div><div class='av-flex-placeholder'><\/div>\n<style type=\"text\/css\" data-created_by=\"avia_inline_auto\" id=\"style-css-av-fqii5uz-7b3c11065a6e1313b56642681b2e0b91\">\n.flex_column.av-fqii5uz-7b3c11065a6e1313b56642681b2e0b91{\nwidth:22.75%;\nmargin-left:0;\n}\n#top .flex_column_table.av-equal-height-column-flextable.av-fqii5uz-7b3c11065a6e1313b56642681b2e0b91 .av-flex-placeholder{\nwidth:3%;\n}\n<\/style>\n<div  class='flex_column av-fqii5uz-7b3c11065a6e1313b56642681b2e0b91 av_one_fourth  avia-builder-el-187  el_after_av_one_fourth  el_before_av_one_fourth  flex_column_table_cell av-equal-height-column av-align-top avia-link-column av-column-link avia-link-column-hover  column-top-margin'    data-link-column-url=\"https:\/\/www.fundacioncanal.com\/canaleduca\/recursos-didacticos\/acuicultura\/\"  data-link-column-target=\"_blank\"   ><a class=\"av-screen-reader-only\" href=https:\/\/www.fundacioncanal.com\/canaleduca\/recursos-didacticos\/acuicultura\/  target=\"_blank\" >Link to: Acuicultura<\/a><p>\n<style type=\"text\/css\" data-created_by=\"avia_inline_auto\" id=\"style-css-av-f7j4tpn-7ed127fe47b949f576360cfccbf73025\">\n.avia-image-container.av-f7j4tpn-7ed127fe47b949f576360cfccbf73025 img.avia_image{\nbox-shadow:none;\n}\n.avia-image-container.av-f7j4tpn-7ed127fe47b949f576360cfccbf73025 .av-image-caption-overlay-center{\ncolor:#ffffff;\n}\n<\/style>\n<div  class='avia-image-container av-f7j4tpn-7ed127fe47b949f576360cfccbf73025 av-styling- avia-align-center  avia-builder-el-188  el_before_av_textblock  avia-builder-el-first '   itemprop=\"image\" itemscope=\"itemscope\" itemtype=\"https:\/\/schema.org\/ImageObject\" ><div class=\"avia-image-container-inner\"><div class=\"avia-image-overlay-wrap\"><img decoding=\"async\" fetchpriority=\"high\" class='wp-image-33622 avia-img-lazy-loading-not-33622 avia_image ' src=\"https:\/\/www.fundacioncanal.com\/canaleduca\/wp-content\/uploads\/2024\/01\/av83.jpg\" alt='av83' title='av83'  height=\"998\" width=\"1774\"  itemprop=\"thumbnailUrl\" srcset=\"https:\/\/www.fundacioncanal.com\/canaleduca\/wp-content\/uploads\/2024\/01\/av83.jpg 1774w, https:\/\/www.fundacioncanal.com\/canaleduca\/wp-content\/uploads\/2024\/01\/av83-300x169.jpg 300w, https:\/\/www.fundacioncanal.com\/canaleduca\/wp-content\/uploads\/2024\/01\/av83-1030x579.jpg 1030w, https:\/\/www.fundacioncanal.com\/canaleduca\/wp-content\/uploads\/2024\/01\/av83-768x432.jpg 768w, https:\/\/www.fundacioncanal.com\/canaleduca\/wp-content\/uploads\/2024\/01\/av83-1536x864.jpg 1536w, https:\/\/www.fundacioncanal.com\/canaleduca\/wp-content\/uploads\/2024\/01\/av83-1500x844.jpg 1500w, https:\/\/www.fundacioncanal.com\/canaleduca\/wp-content\/uploads\/2024\/01\/av83-705x397.jpg 705w\" sizes=\"(max-width: 1774px) 100vw, 1774px\" \/><\/div><\/div><\/div><br \/>\n\n<style type=\"text\/css\" data-created_by=\"avia_inline_auto\" id=\"style-css-av-f4hvs7f-6e1a6c4cde2914066c2cc170f2caa6af\">\n#top .av_textblock_section.av-f4hvs7f-6e1a6c4cde2914066c2cc170f2caa6af .avia_textblock{\nfont-size:12px;\ncolor:#ffffff;\n}\n<\/style>\n<section  class='av_textblock_section av-f4hvs7f-6e1a6c4cde2914066c2cc170f2caa6af '   itemscope=\"itemscope\" itemtype=\"https:\/\/schema.org\/CreativeWork\" ><div class='avia_textblock video-corto av_inherit_color'  itemprop=\"text\" ><p>V\u00eddeo corto<\/p>\n<\/div><\/section><br \/>\n\n<style type=\"text\/css\" data-created_by=\"avia_inline_auto\" id=\"style-css-av-ed0hn4b-52b64551e1bdd61db6abc8dade136265\">\n#top .av-special-heading.av-ed0hn4b-52b64551e1bdd61db6abc8dade136265{\npadding-bottom:0;\ncolor:#0092d0;\nfont-size:18px;\n}\nbody .av-special-heading.av-ed0hn4b-52b64551e1bdd61db6abc8dade136265 .av-special-heading-tag .heading-char{\nfont-size:25px;\n}\n#top #wrap_all .av-special-heading.av-ed0hn4b-52b64551e1bdd61db6abc8dade136265 .av-special-heading-tag{\nfont-size:18px;\n}\n.av-special-heading.av-ed0hn4b-52b64551e1bdd61db6abc8dade136265 .special-heading-inner-border{\nborder-color:#0092d0;\n}\n.av-special-heading.av-ed0hn4b-52b64551e1bdd61db6abc8dade136265 .av-subheading{\nfont-size:15px;\n}\n\n@media only screen and (min-width: 480px) and (max-width: 767px){ \n#top #wrap_all .av-special-heading.av-ed0hn4b-52b64551e1bdd61db6abc8dade136265 .av-special-heading-tag{\nfont-size:0.8em;\n}\n}\n\n@media only screen and (max-width: 479px){ \n#top #wrap_all .av-special-heading.av-ed0hn4b-52b64551e1bdd61db6abc8dade136265 .av-special-heading-tag{\nfont-size:0.8em;\n}\n}\n<\/style>\n<div  id=\"sinmargen\"  class='av-special-heading av-ed0hn4b-52b64551e1bdd61db6abc8dade136265 av-special-heading-h4 custom-color-heading blockquote modern-quote  avia-builder-el-190  el_after_av_textblock  avia-builder-el-last  av-inherit-size'><h4 class='av-special-heading-tag '  itemprop=\"headline\"  >Acuicultura<\/h4><div class='av_custom_color av-subheading av-subheading_below'><p>A partir de: <strong>Segundo ciclo de Primaria<\/strong><\/p>\n<\/div><div class=\"special-heading-border\"><div class=\"special-heading-inner-border\"><\/div><\/div><\/div><\/p><\/div><div class='av-flex-placeholder'><\/div>\n<style type=\"text\/css\" data-created_by=\"avia_inline_auto\" id=\"style-css-av-1e5bccr-955a812fef0eccf161452de299ccfc21\">\n.flex_column.av-1e5bccr-955a812fef0eccf161452de299ccfc21{\nwidth:22.75%;\nmargin-left:0;\n}\n#top .flex_column_table.av-equal-height-column-flextable.av-1e5bccr-955a812fef0eccf161452de299ccfc21 .av-flex-placeholder{\nwidth:3%;\n}\n<\/style>\n<div  class='flex_column av-1e5bccr-955a812fef0eccf161452de299ccfc21 av_one_fourth  avia-builder-el-191  el_after_av_one_fourth  el_before_av_one_fourth  flex_column_table_cell av-equal-height-column av-align-top  column-top-margin'     ><\/div><div class='av-flex-placeholder'><\/div>\n<style type=\"text\/css\" data-created_by=\"avia_inline_auto\" id=\"style-css-av-dd9rmiz-a7c80a895b96c3c2f6e1af1b1b04a8c9\">\n.flex_column.av-dd9rmiz-a7c80a895b96c3c2f6e1af1b1b04a8c9{\nwidth:22.75%;\nmargin-left:0;\n}\n#top .flex_column_table.av-equal-height-column-flextable.av-dd9rmiz-a7c80a895b96c3c2f6e1af1b1b04a8c9 .av-flex-placeholder{\nwidth:3%;\n}\n<\/style>\n<div  class='flex_column av-dd9rmiz-a7c80a895b96c3c2f6e1af1b1b04a8c9 av_one_fourth  avia-builder-el-192  el_after_av_one_fourth  el_before_av_one_fourth  flex_column_table_cell av-equal-height-column av-align-top  column-top-margin'     ><\/div><\/div><!--close column table wrapper. Autoclose: 1 --><div class='flex_column_table av-430d1bf-c7c4f3b10139522b2069c19cec3f7297 sc-av_one_fourth av-equal-height-column-flextable'>\n<style type=\"text\/css\" data-created_by=\"avia_inline_auto\" id=\"style-css-av-430d1bf-c7c4f3b10139522b2069c19cec3f7297\">\n.flex_column.av-430d1bf-c7c4f3b10139522b2069c19cec3f7297{\nwidth:22.75%;\nmargin-left:0;\n}\n#top .flex_column_table.av-equal-height-column-flextable.av-430d1bf-c7c4f3b10139522b2069c19cec3f7297 .av-flex-placeholder{\nwidth:3%;\n}\n<\/style>\n<div  class='flex_column av-430d1bf-c7c4f3b10139522b2069c19cec3f7297 av_one_fourth  avia-builder-el-193  el_after_av_one_fourth  el_before_av_one_fourth  first flex_column_table_cell av-equal-height-column av-align-top avia-link-column av-column-link avia-link-column-hover  column-top-margin'    data-link-column-url=\"https:\/\/www.fundacioncanal.com\/canaleduca\/recursos-didacticos\/agua-y-alimentacion\/\"  data-link-column-target=\"_blank\"   ><a class=\"av-screen-reader-only\" href=https:\/\/www.fundacioncanal.com\/canaleduca\/recursos-didacticos\/agua-y-alimentacion\/  target=\"_blank\" >Link to: Agua y alimentaci\u00f3n<\/a><p>\n<style type=\"text\/css\" data-created_by=\"avia_inline_auto\" id=\"style-css-av-39s1dl7-0eb3121e4d08ace4980d568de918508d\">\n.avia-image-container.av-39s1dl7-0eb3121e4d08ace4980d568de918508d img.avia_image{\nbox-shadow:none;\n}\n.avia-image-container.av-39s1dl7-0eb3121e4d08ace4980d568de918508d .av-image-caption-overlay-center{\ncolor:#ffffff;\n}\n<\/style>\n<div  class='avia-image-container av-39s1dl7-0eb3121e4d08ace4980d568de918508d av-styling- avia-align-center  avia-builder-el-194  el_before_av_textblock  avia-builder-el-first '   itemprop=\"image\" itemscope=\"itemscope\" itemtype=\"https:\/\/schema.org\/ImageObject\" ><div class=\"avia-image-container-inner\"><div class=\"avia-image-overlay-wrap\"><img decoding=\"async\" fetchpriority=\"high\" class='wp-image-35807 avia-img-lazy-loading-not-35807 avia_image ' src=\"https:\/\/www.fundacioncanal.com\/canaleduca\/wp-content\/uploads\/2024\/03\/av01-adela.jpg\" alt='av01 adela' title='av01 adela'  height=\"998\" width=\"1774\"  itemprop=\"thumbnailUrl\" srcset=\"https:\/\/www.fundacioncanal.com\/canaleduca\/wp-content\/uploads\/2024\/03\/av01-adela.jpg 1774w, https:\/\/www.fundacioncanal.com\/canaleduca\/wp-content\/uploads\/2024\/03\/av01-adela-300x169.jpg 300w, https:\/\/www.fundacioncanal.com\/canaleduca\/wp-content\/uploads\/2024\/03\/av01-adela-1030x579.jpg 1030w, https:\/\/www.fundacioncanal.com\/canaleduca\/wp-content\/uploads\/2024\/03\/av01-adela-768x432.jpg 768w, https:\/\/www.fundacioncanal.com\/canaleduca\/wp-content\/uploads\/2024\/03\/av01-adela-1536x864.jpg 1536w, https:\/\/www.fundacioncanal.com\/canaleduca\/wp-content\/uploads\/2024\/03\/av01-adela-1500x844.jpg 1500w, https:\/\/www.fundacioncanal.com\/canaleduca\/wp-content\/uploads\/2024\/03\/av01-adela-705x397.jpg 705w\" sizes=\"(max-width: 1774px) 100vw, 1774px\" \/><\/div><\/div><\/div><br \/>\n\n<style type=\"text\/css\" data-created_by=\"avia_inline_auto\" id=\"style-css-av-2uy1p4b-2f51043fc0f3508ae0ae2855f732cf36\">\n#top .av_textblock_section.av-2uy1p4b-2f51043fc0f3508ae0ae2855f732cf36 .avia_textblock{\nfont-size:12px;\ncolor:#ffffff;\n}\n<\/style>\n<section  class='av_textblock_section av-2uy1p4b-2f51043fc0f3508ae0ae2855f732cf36 '   itemscope=\"itemscope\" itemtype=\"https:\/\/schema.org\/CreativeWork\" ><div class='avia_textblock video-blog av_inherit_color'  itemprop=\"text\" ><p>Videoblog<\/p>\n<\/div><\/section><br \/>\n\n<style type=\"text\/css\" data-created_by=\"avia_inline_auto\" id=\"style-css-av-98askr-e3828bb7b517df2ae11f30145a4e5776\">\n#top .av-special-heading.av-98askr-e3828bb7b517df2ae11f30145a4e5776{\npadding-bottom:0;\ncolor:#0092d0;\nfont-size:18px;\n}\nbody .av-special-heading.av-98askr-e3828bb7b517df2ae11f30145a4e5776 .av-special-heading-tag .heading-char{\nfont-size:25px;\n}\n#top #wrap_all .av-special-heading.av-98askr-e3828bb7b517df2ae11f30145a4e5776 .av-special-heading-tag{\nfont-size:18px;\n}\n.av-special-heading.av-98askr-e3828bb7b517df2ae11f30145a4e5776 .special-heading-inner-border{\nborder-color:#0092d0;\n}\n.av-special-heading.av-98askr-e3828bb7b517df2ae11f30145a4e5776 .av-subheading{\nfont-size:15px;\n}\n\n@media only screen and (min-width: 480px) and (max-width: 767px){ \n#top #wrap_all .av-special-heading.av-98askr-e3828bb7b517df2ae11f30145a4e5776 .av-special-heading-tag{\nfont-size:0.8em;\n}\n}\n\n@media only screen and (max-width: 479px){ \n#top #wrap_all .av-special-heading.av-98askr-e3828bb7b517df2ae11f30145a4e5776 .av-special-heading-tag{\nfont-size:0.8em;\n}\n}\n<\/style>\n<div  id=\"sinmargen\"  class='av-special-heading av-98askr-e3828bb7b517df2ae11f30145a4e5776 av-special-heading-h4 custom-color-heading blockquote modern-quote  avia-builder-el-196  el_after_av_textblock  avia-builder-el-last  av-inherit-size'><h4 class='av-special-heading-tag '  itemprop=\"headline\"  >Agua y alimentaci\u00f3n<\/h4><div class='av_custom_color av-subheading av-subheading_below'><p>A partir de: <strong>Tercer ciclo de Primaria<\/strong><\/p>\n<\/div><div class=\"special-heading-border\"><div class=\"special-heading-inner-border\"><\/div><\/div><\/div><\/p><\/div><div class='av-flex-placeholder'><\/div>\n<style type=\"text\/css\" data-created_by=\"avia_inline_auto\" id=\"style-css-av-d20m5d7-b0b0c8d9971a49ac0aea7248581dadfa\">\n.flex_column.av-d20m5d7-b0b0c8d9971a49ac0aea7248581dadfa{\nwidth:22.75%;\nmargin-left:0;\n}\n#top .flex_column_table.av-equal-height-column-flextable.av-d20m5d7-b0b0c8d9971a49ac0aea7248581dadfa .av-flex-placeholder{\nwidth:3%;\n}\n<\/style>\n<div  class='flex_column av-d20m5d7-b0b0c8d9971a49ac0aea7248581dadfa av_one_fourth  avia-builder-el-197  el_after_av_one_fourth  el_before_av_one_fourth  flex_column_table_cell av-equal-height-column av-align-top avia-link-column av-column-link avia-link-column-hover  column-top-margin'    data-link-column-url=\"https:\/\/www.fundacioncanal.com\/canaleduca\/recursos-didacticos\/la-tecnologia-aliada-frente-al-cambio-climatico\/\"  data-link-column-target=\"_blank\"   ><a class=\"av-screen-reader-only\" href=https:\/\/www.fundacioncanal.com\/canaleduca\/recursos-didacticos\/la-tecnologia-aliada-frente-al-cambio-climatico\/  target=\"_blank\" >Link to: La tecnolog\u00eda, aliada frente al cambio clim\u00e1tico<\/a><p>\n<style type=\"text\/css\" data-created_by=\"avia_inline_auto\" id=\"style-css-av-ctayzvv-bd66b938c88b4d3e5083266f9f06489f\">\n.avia-image-container.av-ctayzvv-bd66b938c88b4d3e5083266f9f06489f img.avia_image{\nbox-shadow:none;\n}\n.avia-image-container.av-ctayzvv-bd66b938c88b4d3e5083266f9f06489f .av-image-caption-overlay-center{\ncolor:#ffffff;\n}\n<\/style>\n<div  class='avia-image-container av-ctayzvv-bd66b938c88b4d3e5083266f9f06489f av-styling- avia-align-center  avia-builder-el-198  el_before_av_textblock  avia-builder-el-first '   itemprop=\"image\" itemscope=\"itemscope\" itemtype=\"https:\/\/schema.org\/ImageObject\" ><div class=\"avia-image-container-inner\"><div class=\"avia-image-overlay-wrap\"><img decoding=\"async\" fetchpriority=\"high\" class='wp-image-35811 avia-img-lazy-loading-not-35811 avia_image ' src=\"https:\/\/www.fundacioncanal.com\/canaleduca\/wp-content\/uploads\/2024\/03\/av05-adela.jpg\" alt='av05 adela' title='av05 adela'  height=\"998\" width=\"1774\"  itemprop=\"thumbnailUrl\" srcset=\"https:\/\/www.fundacioncanal.com\/canaleduca\/wp-content\/uploads\/2024\/03\/av05-adela.jpg 1774w, https:\/\/www.fundacioncanal.com\/canaleduca\/wp-content\/uploads\/2024\/03\/av05-adela-300x169.jpg 300w, https:\/\/www.fundacioncanal.com\/canaleduca\/wp-content\/uploads\/2024\/03\/av05-adela-1030x579.jpg 1030w, https:\/\/www.fundacioncanal.com\/canaleduca\/wp-content\/uploads\/2024\/03\/av05-adela-768x432.jpg 768w, https:\/\/www.fundacioncanal.com\/canaleduca\/wp-content\/uploads\/2024\/03\/av05-adela-1536x864.jpg 1536w, https:\/\/www.fundacioncanal.com\/canaleduca\/wp-content\/uploads\/2024\/03\/av05-adela-1500x844.jpg 1500w, https:\/\/www.fundacioncanal.com\/canaleduca\/wp-content\/uploads\/2024\/03\/av05-adela-705x397.jpg 705w\" sizes=\"(max-width: 1774px) 100vw, 1774px\" \/><\/div><\/div><\/div><br \/>\n\n<style type=\"text\/css\" data-created_by=\"avia_inline_auto\" id=\"style-css-av-c3q1pd7-b2843bfd8642f39f4d2aa5ff98eb63a1\">\n#top .av_textblock_section.av-c3q1pd7-b2843bfd8642f39f4d2aa5ff98eb63a1 .avia_textblock{\nfont-size:12px;\ncolor:#ffffff;\n}\n<\/style>\n<section  class='av_textblock_section av-c3q1pd7-b2843bfd8642f39f4d2aa5ff98eb63a1 '   itemscope=\"itemscope\" itemtype=\"https:\/\/schema.org\/CreativeWork\" ><div class='avia_textblock video-blog av_inherit_color'  itemprop=\"text\" ><p>Videoblog<\/p>\n<\/div><\/section><br \/>\n\n<style type=\"text\/css\" data-created_by=\"avia_inline_auto\" id=\"style-css-av-bxggk97-ba60cf71d10ca15c837a7f70199a2d31\">\n#top .av-special-heading.av-bxggk97-ba60cf71d10ca15c837a7f70199a2d31{\npadding-bottom:0;\ncolor:#0092d0;\nfont-size:18px;\n}\nbody .av-special-heading.av-bxggk97-ba60cf71d10ca15c837a7f70199a2d31 .av-special-heading-tag .heading-char{\nfont-size:25px;\n}\n#top #wrap_all .av-special-heading.av-bxggk97-ba60cf71d10ca15c837a7f70199a2d31 .av-special-heading-tag{\nfont-size:18px;\n}\n.av-special-heading.av-bxggk97-ba60cf71d10ca15c837a7f70199a2d31 .special-heading-inner-border{\nborder-color:#0092d0;\n}\n.av-special-heading.av-bxggk97-ba60cf71d10ca15c837a7f70199a2d31 .av-subheading{\nfont-size:15px;\n}\n\n@media only screen and (min-width: 480px) and (max-width: 767px){ \n#top #wrap_all .av-special-heading.av-bxggk97-ba60cf71d10ca15c837a7f70199a2d31 .av-special-heading-tag{\nfont-size:0.8em;\n}\n}\n\n@media only screen and (max-width: 479px){ \n#top #wrap_all .av-special-heading.av-bxggk97-ba60cf71d10ca15c837a7f70199a2d31 .av-special-heading-tag{\nfont-size:0.8em;\n}\n}\n<\/style>\n<div  id=\"sinmargen\"  class='av-special-heading av-bxggk97-ba60cf71d10ca15c837a7f70199a2d31 av-special-heading-h4 custom-color-heading blockquote modern-quote  avia-builder-el-200  el_after_av_textblock  avia-builder-el-last  av-inherit-size'><h4 class='av-special-heading-tag '  itemprop=\"headline\"  >La tecnolog\u00eda, aliada frente al cambio clim\u00e1tico<\/h4><div class='av_custom_color av-subheading av-subheading_below'><p>A partir de: <strong>Tercer ciclo de Primaria<\/strong><\/p>\n<\/div><div class=\"special-heading-border\"><div class=\"special-heading-inner-border\"><\/div><\/div><\/div><\/p><\/div><div class='av-flex-placeholder'><\/div>\n<style type=\"text\/css\" data-created_by=\"avia_inline_auto\" id=\"style-css-av-b6q1cvf-5cf8e611f97b255c35a9a6da5724285b\">\n.flex_column.av-b6q1cvf-5cf8e611f97b255c35a9a6da5724285b{\nwidth:22.75%;\nmargin-left:0;\n}\n#top .flex_column_table.av-equal-height-column-flextable.av-b6q1cvf-5cf8e611f97b255c35a9a6da5724285b .av-flex-placeholder{\nwidth:3%;\n}\n<\/style>\n<div  class='flex_column av-b6q1cvf-5cf8e611f97b255c35a9a6da5724285b av_one_fourth  avia-builder-el-201  el_after_av_one_fourth  el_before_av_one_fourth  flex_column_table_cell av-equal-height-column av-align-top avia-link-column av-column-link avia-link-column-hover  column-top-margin'    data-link-column-url=\"https:\/\/www.fundacioncanal.com\/canaleduca\/recursos-didacticos\/independencia-energetica\/\"  data-link-column-target=\"_blank\"   ><a class=\"av-screen-reader-only\" href=https:\/\/www.fundacioncanal.com\/canaleduca\/recursos-didacticos\/independencia-energetica\/  target=\"_blank\" >Link to: Independencia energ\u00e9tica<\/a><p>\n<style type=\"text\/css\" data-created_by=\"avia_inline_auto\" id=\"style-css-av-aofhsnf-88f31a33c27fa7e8ed4873e2b026ff25\">\n.avia-image-container.av-aofhsnf-88f31a33c27fa7e8ed4873e2b026ff25 img.avia_image{\nbox-shadow:none;\n}\n.avia-image-container.av-aofhsnf-88f31a33c27fa7e8ed4873e2b026ff25 .av-image-caption-overlay-center{\ncolor:#ffffff;\n}\n<\/style>\n<div  class='avia-image-container av-aofhsnf-88f31a33c27fa7e8ed4873e2b026ff25 av-styling- avia-align-center  avia-builder-el-202  el_before_av_textblock  avia-builder-el-first '   itemprop=\"image\" itemscope=\"itemscope\" itemtype=\"https:\/\/schema.org\/ImageObject\" ><div class=\"avia-image-container-inner\"><div class=\"avia-image-overlay-wrap\"><img decoding=\"async\" fetchpriority=\"high\" class='wp-image-35968 avia-img-lazy-loading-not-35968 avia_image ' src=\"https:\/\/www.fundacioncanal.com\/canaleduca\/wp-content\/uploads\/2024\/03\/av10-2-adela.jpg\" alt='av10 2 adela' title='av10 2 adela'  height=\"998\" width=\"1774\"  itemprop=\"thumbnailUrl\" srcset=\"https:\/\/www.fundacioncanal.com\/canaleduca\/wp-content\/uploads\/2024\/03\/av10-2-adela.jpg 1774w, https:\/\/www.fundacioncanal.com\/canaleduca\/wp-content\/uploads\/2024\/03\/av10-2-adela-300x169.jpg 300w, https:\/\/www.fundacioncanal.com\/canaleduca\/wp-content\/uploads\/2024\/03\/av10-2-adela-1030x579.jpg 1030w, https:\/\/www.fundacioncanal.com\/canaleduca\/wp-content\/uploads\/2024\/03\/av10-2-adela-768x432.jpg 768w, https:\/\/www.fundacioncanal.com\/canaleduca\/wp-content\/uploads\/2024\/03\/av10-2-adela-1536x864.jpg 1536w, https:\/\/www.fundacioncanal.com\/canaleduca\/wp-content\/uploads\/2024\/03\/av10-2-adela-1500x844.jpg 1500w, https:\/\/www.fundacioncanal.com\/canaleduca\/wp-content\/uploads\/2024\/03\/av10-2-adela-705x397.jpg 705w\" sizes=\"(max-width: 1774px) 100vw, 1774px\" \/><\/div><\/div><\/div><br \/>\n\n<style type=\"text\/css\" data-created_by=\"avia_inline_auto\" id=\"style-css-av-akchve3-790929d70b45a820f897a4bb6c808812\">\n#top .av_textblock_section.av-akchve3-790929d70b45a820f897a4bb6c808812 .avia_textblock{\nfont-size:12px;\ncolor:#ffffff;\n}\n<\/style>\n<section  class='av_textblock_section av-akchve3-790929d70b45a820f897a4bb6c808812 '   itemscope=\"itemscope\" itemtype=\"https:\/\/schema.org\/CreativeWork\" ><div class='avia_textblock video-blog av_inherit_color'  itemprop=\"text\" ><p>Videoblog<\/p>\n<\/div><\/section><br \/>\n\n<style type=\"text\/css\" data-created_by=\"avia_inline_auto\" id=\"style-css-av-9rbhuej-021e71846315dcc3ef9b0f0f9035fdb3\">\n#top .av-special-heading.av-9rbhuej-021e71846315dcc3ef9b0f0f9035fdb3{\npadding-bottom:0;\ncolor:#0092d0;\nfont-size:18px;\n}\nbody .av-special-heading.av-9rbhuej-021e71846315dcc3ef9b0f0f9035fdb3 .av-special-heading-tag .heading-char{\nfont-size:25px;\n}\n#top #wrap_all .av-special-heading.av-9rbhuej-021e71846315dcc3ef9b0f0f9035fdb3 .av-special-heading-tag{\nfont-size:18px;\n}\n.av-special-heading.av-9rbhuej-021e71846315dcc3ef9b0f0f9035fdb3 .special-heading-inner-border{\nborder-color:#0092d0;\n}\n.av-special-heading.av-9rbhuej-021e71846315dcc3ef9b0f0f9035fdb3 .av-subheading{\nfont-size:15px;\n}\n\n@media only screen and (min-width: 480px) and (max-width: 767px){ \n#top #wrap_all .av-special-heading.av-9rbhuej-021e71846315dcc3ef9b0f0f9035fdb3 .av-special-heading-tag{\nfont-size:0.8em;\n}\n}\n\n@media only screen and (max-width: 479px){ \n#top #wrap_all .av-special-heading.av-9rbhuej-021e71846315dcc3ef9b0f0f9035fdb3 .av-special-heading-tag{\nfont-size:0.8em;\n}\n}\n<\/style>\n<div  id=\"sinmargen\"  class='av-special-heading av-9rbhuej-021e71846315dcc3ef9b0f0f9035fdb3 av-special-heading-h4 custom-color-heading blockquote modern-quote  avia-builder-el-204  el_after_av_textblock  avia-builder-el-last  av-inherit-size'><h4 class='av-special-heading-tag '  itemprop=\"headline\"  >Independencia energ\u00e9tica<\/h4><div class='av_custom_color av-subheading av-subheading_below'><p>A partir de: <strong>Tercer ciclo de Primaria<\/strong><\/p>\n<\/div><div class=\"special-heading-border\"><div class=\"special-heading-inner-border\"><\/div><\/div><\/div><\/p><\/div><div class='av-flex-placeholder'><\/div>\n<style type=\"text\/css\" data-created_by=\"avia_inline_auto\" id=\"style-css-av-9dveaff-e3eaacc2bf41d5080cd73a274653952a\">\n.flex_column.av-9dveaff-e3eaacc2bf41d5080cd73a274653952a{\nwidth:22.75%;\nmargin-left:0;\n}\n#top .flex_column_table.av-equal-height-column-flextable.av-9dveaff-e3eaacc2bf41d5080cd73a274653952a .av-flex-placeholder{\nwidth:3%;\n}\n<\/style>\n<div  class='flex_column av-9dveaff-e3eaacc2bf41d5080cd73a274653952a av_one_fourth  avia-builder-el-205  el_after_av_one_fourth  el_before_av_one_fourth  flex_column_table_cell av-equal-height-column av-align-top avia-link-column av-column-link avia-link-column-hover  column-top-margin'    data-link-column-url=\"https:\/\/www.fundacioncanal.com\/canaleduca\/recursos-didacticos\/como-reducir-las-emisiones-de-co2\/\"  data-link-column-target=\"_blank\"   ><a class=\"av-screen-reader-only\" href=https:\/\/www.fundacioncanal.com\/canaleduca\/recursos-didacticos\/como-reducir-las-emisiones-de-co2\/  target=\"_blank\" >Link to: \u00bfC\u00f3mo reducir las emisiones de CO2?<\/a><p>\n<style type=\"text\/css\" data-created_by=\"avia_inline_auto\" id=\"style-css-av-8zsm4az-47bdecf40a11c54c90e1744425ad8b3b\">\n.avia-image-container.av-8zsm4az-47bdecf40a11c54c90e1744425ad8b3b img.avia_image{\nbox-shadow:none;\n}\n.avia-image-container.av-8zsm4az-47bdecf40a11c54c90e1744425ad8b3b .av-image-caption-overlay-center{\ncolor:#ffffff;\n}\n<\/style>\n<div  class='avia-image-container av-8zsm4az-47bdecf40a11c54c90e1744425ad8b3b av-styling- avia-align-center  avia-builder-el-206  el_before_av_textblock  avia-builder-el-first '   itemprop=\"image\" itemscope=\"itemscope\" itemtype=\"https:\/\/schema.org\/ImageObject\" ><div class=\"avia-image-container-inner\"><div class=\"avia-image-overlay-wrap\"><img decoding=\"async\" fetchpriority=\"high\" class='wp-image-35971 avia-img-lazy-loading-not-35971 avia_image ' src=\"https:\/\/www.fundacioncanal.com\/canaleduca\/wp-content\/uploads\/2024\/03\/av11-2-adela.jpg\" alt='av11 2 adela' title='av11 2 adela'  height=\"998\" width=\"1774\"  itemprop=\"thumbnailUrl\" srcset=\"https:\/\/www.fundacioncanal.com\/canaleduca\/wp-content\/uploads\/2024\/03\/av11-2-adela.jpg 1774w, https:\/\/www.fundacioncanal.com\/canaleduca\/wp-content\/uploads\/2024\/03\/av11-2-adela-300x169.jpg 300w, https:\/\/www.fundacioncanal.com\/canaleduca\/wp-content\/uploads\/2024\/03\/av11-2-adela-1030x579.jpg 1030w, https:\/\/www.fundacioncanal.com\/canaleduca\/wp-content\/uploads\/2024\/03\/av11-2-adela-768x432.jpg 768w, https:\/\/www.fundacioncanal.com\/canaleduca\/wp-content\/uploads\/2024\/03\/av11-2-adela-1536x864.jpg 1536w, https:\/\/www.fundacioncanal.com\/canaleduca\/wp-content\/uploads\/2024\/03\/av11-2-adela-1500x844.jpg 1500w, https:\/\/www.fundacioncanal.com\/canaleduca\/wp-content\/uploads\/2024\/03\/av11-2-adela-705x397.jpg 705w\" sizes=\"(max-width: 1774px) 100vw, 1774px\" \/><\/div><\/div><\/div><br \/>\n\n<style type=\"text\/css\" data-created_by=\"avia_inline_auto\" id=\"style-css-av-8igd4iz-053baadf6dbce7db6d53138e9f63586c\">\n#top .av_textblock_section.av-8igd4iz-053baadf6dbce7db6d53138e9f63586c .avia_textblock{\nfont-size:12px;\ncolor:#ffffff;\n}\n<\/style>\n<section  class='av_textblock_section av-8igd4iz-053baadf6dbce7db6d53138e9f63586c '   itemscope=\"itemscope\" itemtype=\"https:\/\/schema.org\/CreativeWork\" ><div class='avia_textblock video-blog av_inherit_color'  itemprop=\"text\" ><p>Videoblog<\/p>\n<\/div><\/section><br \/>\n\n<style type=\"text\/css\" data-created_by=\"avia_inline_auto\" id=\"style-css-av-7xoijkb-38e2bea1abb5248f520604c5a450dfcb\">\n#top .av-special-heading.av-7xoijkb-38e2bea1abb5248f520604c5a450dfcb{\npadding-bottom:0;\ncolor:#0092d0;\nfont-size:18px;\n}\nbody .av-special-heading.av-7xoijkb-38e2bea1abb5248f520604c5a450dfcb .av-special-heading-tag .heading-char{\nfont-size:25px;\n}\n#top #wrap_all .av-special-heading.av-7xoijkb-38e2bea1abb5248f520604c5a450dfcb .av-special-heading-tag{\nfont-size:18px;\n}\n.av-special-heading.av-7xoijkb-38e2bea1abb5248f520604c5a450dfcb .special-heading-inner-border{\nborder-color:#0092d0;\n}\n.av-special-heading.av-7xoijkb-38e2bea1abb5248f520604c5a450dfcb .av-subheading{\nfont-size:15px;\n}\n\n@media only screen and (min-width: 480px) and (max-width: 767px){ \n#top #wrap_all .av-special-heading.av-7xoijkb-38e2bea1abb5248f520604c5a450dfcb .av-special-heading-tag{\nfont-size:0.8em;\n}\n}\n\n@media only screen and (max-width: 479px){ \n#top #wrap_all .av-special-heading.av-7xoijkb-38e2bea1abb5248f520604c5a450dfcb .av-special-heading-tag{\nfont-size:0.8em;\n}\n}\n<\/style>\n<div  id=\"sinmargen\"  class='av-special-heading av-7xoijkb-38e2bea1abb5248f520604c5a450dfcb av-special-heading-h4 custom-color-heading blockquote modern-quote  avia-builder-el-208  el_after_av_textblock  avia-builder-el-last  av-inherit-size'><h4 class='av-special-heading-tag '  itemprop=\"headline\"  >\u00bfC\u00f3mo reducir las emisiones de CO<sub>2<\/sub>?<\/h4><div class='av_custom_color av-subheading av-subheading_below'><p>A partir de: <strong>Tercer ciclo de Primaria<\/strong><\/p>\n<\/div><div class=\"special-heading-border\"><div class=\"special-heading-inner-border\"><\/div><\/div><\/div><\/p><\/div><\/div><!--close column table wrapper. Autoclose: 1 --><div class='flex_column_table av-rd4le3-35f06abbe276d40644af035db98cab76 sc-av_one_fourth av-equal-height-column-flextable'>\n<style type=\"text\/css\" data-created_by=\"avia_inline_auto\" id=\"style-css-av-rd4le3-35f06abbe276d40644af035db98cab76\">\n.flex_column.av-rd4le3-35f06abbe276d40644af035db98cab76{\nwidth:22.75%;\nmargin-left:0;\n}\n#top .flex_column_table.av-equal-height-column-flextable.av-rd4le3-35f06abbe276d40644af035db98cab76 .av-flex-placeholder{\nwidth:3%;\n}\n<\/style>\n<div  class='flex_column av-rd4le3-35f06abbe276d40644af035db98cab76 av_one_fourth  avia-builder-el-209  el_after_av_one_fourth  el_before_av_one_fourth  first flex_column_table_cell av-equal-height-column av-align-top avia-link-column av-column-link avia-link-column-hover  column-top-margin'    data-link-column-url=\"https:\/\/www.fundacioncanal.com\/canaleduca\/recursos-didacticos\/beneficios-de-la-energia-sostenible\/\"  data-link-column-target=\"_blank\"   ><a class=\"av-screen-reader-only\" href=https:\/\/www.fundacioncanal.com\/canaleduca\/recursos-didacticos\/beneficios-de-la-energia-sostenible\/  target=\"_blank\" >Link to: Beneficios de la energ\u00eda sostenible<\/a><p>\n<style type=\"text\/css\" data-created_by=\"avia_inline_auto\" id=\"style-css-av-6zg5ei3-45893712d73840d26483001ef23ab872\">\n.avia-image-container.av-6zg5ei3-45893712d73840d26483001ef23ab872 img.avia_image{\nbox-shadow:none;\n}\n.avia-image-container.av-6zg5ei3-45893712d73840d26483001ef23ab872 .av-image-caption-overlay-center{\ncolor:#ffffff;\n}\n<\/style>\n<div  class='avia-image-container av-6zg5ei3-45893712d73840d26483001ef23ab872 av-styling- avia-align-center  avia-builder-el-210  el_before_av_textblock  avia-builder-el-first '   itemprop=\"image\" itemscope=\"itemscope\" itemtype=\"https:\/\/schema.org\/ImageObject\" ><div class=\"avia-image-container-inner\"><div class=\"avia-image-overlay-wrap\"><img decoding=\"async\" fetchpriority=\"high\" class='wp-image-35975 avia-img-lazy-loading-not-35975 avia_image ' src=\"https:\/\/www.fundacioncanal.com\/canaleduca\/wp-content\/uploads\/2024\/03\/av14-2-adela.jpg\" alt='av14 2 adela' title='av14 2 adela'  height=\"998\" width=\"1774\"  itemprop=\"thumbnailUrl\" srcset=\"https:\/\/www.fundacioncanal.com\/canaleduca\/wp-content\/uploads\/2024\/03\/av14-2-adela.jpg 1774w, https:\/\/www.fundacioncanal.com\/canaleduca\/wp-content\/uploads\/2024\/03\/av14-2-adela-300x169.jpg 300w, https:\/\/www.fundacioncanal.com\/canaleduca\/wp-content\/uploads\/2024\/03\/av14-2-adela-1030x579.jpg 1030w, https:\/\/www.fundacioncanal.com\/canaleduca\/wp-content\/uploads\/2024\/03\/av14-2-adela-768x432.jpg 768w, https:\/\/www.fundacioncanal.com\/canaleduca\/wp-content\/uploads\/2024\/03\/av14-2-adela-1536x864.jpg 1536w, https:\/\/www.fundacioncanal.com\/canaleduca\/wp-content\/uploads\/2024\/03\/av14-2-adela-1500x844.jpg 1500w, https:\/\/www.fundacioncanal.com\/canaleduca\/wp-content\/uploads\/2024\/03\/av14-2-adela-705x397.jpg 705w\" sizes=\"(max-width: 1774px) 100vw, 1774px\" \/><\/div><\/div><\/div><br \/>\n\n<style type=\"text\/css\" data-created_by=\"avia_inline_auto\" id=\"style-css-av-6m7umjv-847eb3d1e09e3920a4addf6f98a93a6b\">\n#top .av_textblock_section.av-6m7umjv-847eb3d1e09e3920a4addf6f98a93a6b .avia_textblock{\nfont-size:12px;\ncolor:#ffffff;\n}\n<\/style>\n<section  class='av_textblock_section av-6m7umjv-847eb3d1e09e3920a4addf6f98a93a6b '   itemscope=\"itemscope\" itemtype=\"https:\/\/schema.org\/CreativeWork\" ><div class='avia_textblock video-blog av_inherit_color'  itemprop=\"text\" ><p>Videoblog<\/p>\n<\/div><\/section><br \/>\n\n<style type=\"text\/css\" data-created_by=\"avia_inline_auto\" id=\"style-css-av-670rerv-802d46b191c8335950819d77bde8473f\">\n#top .av-special-heading.av-670rerv-802d46b191c8335950819d77bde8473f{\npadding-bottom:0;\ncolor:#0092d0;\nfont-size:18px;\n}\nbody .av-special-heading.av-670rerv-802d46b191c8335950819d77bde8473f .av-special-heading-tag .heading-char{\nfont-size:25px;\n}\n#top #wrap_all .av-special-heading.av-670rerv-802d46b191c8335950819d77bde8473f .av-special-heading-tag{\nfont-size:18px;\n}\n.av-special-heading.av-670rerv-802d46b191c8335950819d77bde8473f .special-heading-inner-border{\nborder-color:#0092d0;\n}\n.av-special-heading.av-670rerv-802d46b191c8335950819d77bde8473f .av-subheading{\nfont-size:15px;\n}\n\n@media only screen and (min-width: 480px) and (max-width: 767px){ \n#top #wrap_all .av-special-heading.av-670rerv-802d46b191c8335950819d77bde8473f .av-special-heading-tag{\nfont-size:0.8em;\n}\n}\n\n@media only screen and (max-width: 479px){ \n#top #wrap_all .av-special-heading.av-670rerv-802d46b191c8335950819d77bde8473f .av-special-heading-tag{\nfont-size:0.8em;\n}\n}\n<\/style>\n<div  id=\"sinmargen\"  class='av-special-heading av-670rerv-802d46b191c8335950819d77bde8473f av-special-heading-h4 custom-color-heading blockquote modern-quote  avia-builder-el-212  el_after_av_textblock  avia-builder-el-last  av-inherit-size'><h4 class='av-special-heading-tag '  itemprop=\"headline\"  >Beneficios de la energ\u00eda sostenible<\/h4><div class='av_custom_color av-subheading av-subheading_below'><p>A partir de: <strong>Tercer ciclo de Primaria<\/strong><\/p>\n<\/div><div class=\"special-heading-border\"><div class=\"special-heading-inner-border\"><\/div><\/div><\/div><\/p><\/div><div class='av-flex-placeholder'><\/div>\n<style type=\"text\/css\" data-created_by=\"avia_inline_auto\" id=\"style-css-av-1cnm1l7-1f3f05549ea9454249fa93db1876a509\">\n.flex_column.av-1cnm1l7-1f3f05549ea9454249fa93db1876a509{\nwidth:22.75%;\nmargin-left:0;\n}\n#top .flex_column_table.av-equal-height-column-flextable.av-1cnm1l7-1f3f05549ea9454249fa93db1876a509 .av-flex-placeholder{\nwidth:3%;\n}\n<\/style>\n<div  class='flex_column av-1cnm1l7-1f3f05549ea9454249fa93db1876a509 av_one_fourth  avia-builder-el-213  el_after_av_one_fourth  el_before_av_one_fourth  flex_column_table_cell av-equal-height-column av-align-top avia-link-column av-column-link avia-link-column-hover  column-top-margin'    data-link-column-url=\"https:\/\/www.fundacioncanal.com\/canaleduca\/recursos-didacticos\/energias-limpias-sobre-agua-2\/\"  data-link-column-target=\"_blank\"   ><a class=\"av-screen-reader-only\" href=https:\/\/www.fundacioncanal.com\/canaleduca\/recursos-didacticos\/energias-limpias-sobre-agua-2\/  target=\"_blank\" >Link to: Energ\u00edas limpias sobre agua<\/a><p>\n<style type=\"text\/css\" data-created_by=\"avia_inline_auto\" id=\"style-css-av-m4904mf4-af7dbfc4a7cd5a386a35c9bb41fe29a0\">\n.avia-image-container.av-m4904mf4-af7dbfc4a7cd5a386a35c9bb41fe29a0 img.avia_image{\nbox-shadow:none;\n}\n.avia-image-container.av-m4904mf4-af7dbfc4a7cd5a386a35c9bb41fe29a0 .av-image-caption-overlay-center{\ncolor:#ffffff;\n}\n<\/style>\n<div  class='avia-image-container av-m4904mf4-af7dbfc4a7cd5a386a35c9bb41fe29a0 av-styling- avia-align-center  avia-builder-el-214  el_before_av_textblock  avia-builder-el-first '   itemprop=\"image\" itemscope=\"itemscope\" itemtype=\"https:\/\/schema.org\/ImageObject\" ><div class=\"avia-image-container-inner\"><div class=\"avia-image-overlay-wrap\"><img decoding=\"async\" fetchpriority=\"high\" class='wp-image-38374 avia-img-lazy-loading-not-38374 avia_image ' src=\"https:\/\/www.fundacioncanal.com\/canaleduca\/wp-content\/uploads\/2024\/12\/energias-limpias-sobre-agua.jpg\" alt='energias limpias sobre agua' title='energias limpias sobre agua'  height=\"998\" width=\"1774\"  itemprop=\"thumbnailUrl\" srcset=\"https:\/\/www.fundacioncanal.com\/canaleduca\/wp-content\/uploads\/2024\/12\/energias-limpias-sobre-agua.jpg 1774w, https:\/\/www.fundacioncanal.com\/canaleduca\/wp-content\/uploads\/2024\/12\/energias-limpias-sobre-agua-300x169.jpg 300w, https:\/\/www.fundacioncanal.com\/canaleduca\/wp-content\/uploads\/2024\/12\/energias-limpias-sobre-agua-1030x579.jpg 1030w, https:\/\/www.fundacioncanal.com\/canaleduca\/wp-content\/uploads\/2024\/12\/energias-limpias-sobre-agua-768x432.jpg 768w, https:\/\/www.fundacioncanal.com\/canaleduca\/wp-content\/uploads\/2024\/12\/energias-limpias-sobre-agua-1536x864.jpg 1536w, https:\/\/www.fundacioncanal.com\/canaleduca\/wp-content\/uploads\/2024\/12\/energias-limpias-sobre-agua-1500x844.jpg 1500w, https:\/\/www.fundacioncanal.com\/canaleduca\/wp-content\/uploads\/2024\/12\/energias-limpias-sobre-agua-705x397.jpg 705w\" sizes=\"(max-width: 1774px) 100vw, 1774px\" \/><\/div><\/div><\/div><br \/>\n\n<style type=\"text\/css\" data-created_by=\"avia_inline_auto\" id=\"style-css-av-vatrd7-05ffd5e1f9f5212b700f54268f0462f4\">\n#top .av_textblock_section.av-vatrd7-05ffd5e1f9f5212b700f54268f0462f4 .avia_textblock{\nfont-size:12px;\ncolor:#ffffff;\n}\n<\/style>\n<section  class='av_textblock_section av-vatrd7-05ffd5e1f9f5212b700f54268f0462f4 '   itemscope=\"itemscope\" itemtype=\"https:\/\/schema.org\/CreativeWork\" ><div class='avia_textblock video-blog av_inherit_color'  itemprop=\"text\" ><p>Videoblog<\/p>\n<\/div><\/section><br \/>\n\n<style type=\"text\/css\" data-created_by=\"avia_inline_auto\" id=\"style-css-av-m4904s1l-67ec377cd0cc420af5418183dc2e62b5\">\n#top .av-special-heading.av-m4904s1l-67ec377cd0cc420af5418183dc2e62b5{\npadding-bottom:0;\ncolor:#0092d0;\nfont-size:18px;\n}\nbody .av-special-heading.av-m4904s1l-67ec377cd0cc420af5418183dc2e62b5 .av-special-heading-tag .heading-char{\nfont-size:25px;\n}\n#top #wrap_all .av-special-heading.av-m4904s1l-67ec377cd0cc420af5418183dc2e62b5 .av-special-heading-tag{\nfont-size:18px;\n}\n.av-special-heading.av-m4904s1l-67ec377cd0cc420af5418183dc2e62b5 .special-heading-inner-border{\nborder-color:#0092d0;\n}\n.av-special-heading.av-m4904s1l-67ec377cd0cc420af5418183dc2e62b5 .av-subheading{\nfont-size:15px;\n}\n\n@media only screen and (min-width: 480px) and (max-width: 767px){ \n#top #wrap_all .av-special-heading.av-m4904s1l-67ec377cd0cc420af5418183dc2e62b5 .av-special-heading-tag{\nfont-size:0.8em;\n}\n}\n\n@media only screen and (max-width: 479px){ \n#top #wrap_all .av-special-heading.av-m4904s1l-67ec377cd0cc420af5418183dc2e62b5 .av-special-heading-tag{\nfont-size:0.8em;\n}\n}\n<\/style>\n<div  id=\"sinmargen\"  class='av-special-heading av-m4904s1l-67ec377cd0cc420af5418183dc2e62b5 av-special-heading-h4 custom-color-heading blockquote modern-quote  avia-builder-el-216  el_after_av_textblock  avia-builder-el-last  av-inherit-size'><h4 class='av-special-heading-tag '  itemprop=\"headline\"  >Energ\u00edas limpias sobre agua<\/h4><div class='av_custom_color av-subheading av-subheading_below'><p>A partir de: <strong>Tercer ciclo de Primaria<\/strong><\/p>\n<\/div><div class=\"special-heading-border\"><div class=\"special-heading-inner-border\"><\/div><\/div><\/div><\/p><\/div><div class='av-flex-placeholder'><\/div>\n<style type=\"text\/css\" data-created_by=\"avia_inline_auto\" id=\"style-css-av-19zr96z-e7f8cc40fd44d7f0c936eb51eba148bc\">\n.flex_column.av-19zr96z-e7f8cc40fd44d7f0c936eb51eba148bc{\nwidth:22.75%;\nmargin-left:0;\n}\n#top .flex_column_table.av-equal-height-column-flextable.av-19zr96z-e7f8cc40fd44d7f0c936eb51eba148bc .av-flex-placeholder{\nwidth:3%;\n}\n<\/style>\n<div  class='flex_column av-19zr96z-e7f8cc40fd44d7f0c936eb51eba148bc av_one_fourth  avia-builder-el-217  el_after_av_one_fourth  el_before_av_one_fourth  flex_column_table_cell av-equal-height-column av-align-top avia-link-column av-column-link avia-link-column-hover  column-top-margin'    data-link-column-url=\"https:\/\/www.fundacioncanal.com\/canaleduca\/recursos-didacticos\/consumo-responsable-2\/\"  data-link-column-target=\"_blank\"   ><a class=\"av-screen-reader-only\" href=https:\/\/www.fundacioncanal.com\/canaleduca\/recursos-didacticos\/consumo-responsable-2\/  target=\"_blank\" >Link to: Consumo responsable<\/a><p>\n<style type=\"text\/css\" data-created_by=\"avia_inline_auto\" id=\"style-css-av-mhp3oy0c-526899444af7eed2df7a75d4ed3d0344\">\n.avia-image-container.av-mhp3oy0c-526899444af7eed2df7a75d4ed3d0344 img.avia_image{\nbox-shadow:none;\n}\n.avia-image-container.av-mhp3oy0c-526899444af7eed2df7a75d4ed3d0344 .av-image-caption-overlay-center{\ncolor:#ffffff;\n}\n<\/style>\n<div  class='avia-image-container av-mhp3oy0c-526899444af7eed2df7a75d4ed3d0344 av-styling- avia-align-center  avia-builder-el-218  el_before_av_textblock  avia-builder-el-first '   itemprop=\"image\" itemscope=\"itemscope\" itemtype=\"https:\/\/schema.org\/ImageObject\" ><div class=\"avia-image-container-inner\"><div class=\"avia-image-overlay-wrap\"><img decoding=\"async\" fetchpriority=\"high\" class='wp-image-39879 avia-img-lazy-loading-not-39879 avia_image ' src=\"https:\/\/www.fundacioncanal.com\/canaleduca\/wp-content\/uploads\/2025\/11\/consumo-responsable.jpg\" alt='consumo responsable' title='consumo responsable'  height=\"998\" width=\"1774\"  itemprop=\"thumbnailUrl\" srcset=\"https:\/\/www.fundacioncanal.com\/canaleduca\/wp-content\/uploads\/2025\/11\/consumo-responsable.jpg 1774w, https:\/\/www.fundacioncanal.com\/canaleduca\/wp-content\/uploads\/2025\/11\/consumo-responsable-300x169.jpg 300w, https:\/\/www.fundacioncanal.com\/canaleduca\/wp-content\/uploads\/2025\/11\/consumo-responsable-1030x579.jpg 1030w, https:\/\/www.fundacioncanal.com\/canaleduca\/wp-content\/uploads\/2025\/11\/consumo-responsable-768x432.jpg 768w, https:\/\/www.fundacioncanal.com\/canaleduca\/wp-content\/uploads\/2025\/11\/consumo-responsable-1536x864.jpg 1536w, https:\/\/www.fundacioncanal.com\/canaleduca\/wp-content\/uploads\/2025\/11\/consumo-responsable-1500x844.jpg 1500w, https:\/\/www.fundacioncanal.com\/canaleduca\/wp-content\/uploads\/2025\/11\/consumo-responsable-705x397.jpg 705w\" sizes=\"(max-width: 1774px) 100vw, 1774px\" \/><\/div><\/div><\/div><br \/>\n\n<style type=\"text\/css\" data-created_by=\"avia_inline_auto\" id=\"style-css-av-uxq823-b1e1dd5b0cae1754617fb00398d10743\">\n#top .av_textblock_section.av-uxq823-b1e1dd5b0cae1754617fb00398d10743 .avia_textblock{\nfont-size:12px;\ncolor:#ffffff;\n}\n<\/style>\n<section  class='av_textblock_section av-uxq823-b1e1dd5b0cae1754617fb00398d10743 '   itemscope=\"itemscope\" itemtype=\"https:\/\/schema.org\/CreativeWork\" ><div class='avia_textblock video-blog av_inherit_color'  itemprop=\"text\" ><p>Videoblog<\/p>\n<\/div><\/section><br \/>\n\n<style type=\"text\/css\" data-created_by=\"avia_inline_auto\" id=\"style-css-av-mhp3pbll-0bc08036c6c0b1342f956365994c8095\">\n#top .av-special-heading.av-mhp3pbll-0bc08036c6c0b1342f956365994c8095{\npadding-bottom:0;\ncolor:#0092d0;\nfont-size:18px;\n}\nbody .av-special-heading.av-mhp3pbll-0bc08036c6c0b1342f956365994c8095 .av-special-heading-tag .heading-char{\nfont-size:25px;\n}\n#top #wrap_all .av-special-heading.av-mhp3pbll-0bc08036c6c0b1342f956365994c8095 .av-special-heading-tag{\nfont-size:18px;\n}\n.av-special-heading.av-mhp3pbll-0bc08036c6c0b1342f956365994c8095 .special-heading-inner-border{\nborder-color:#0092d0;\n}\n.av-special-heading.av-mhp3pbll-0bc08036c6c0b1342f956365994c8095 .av-subheading{\nfont-size:15px;\n}\n\n@media only screen and (min-width: 480px) and (max-width: 767px){ \n#top #wrap_all .av-special-heading.av-mhp3pbll-0bc08036c6c0b1342f956365994c8095 .av-special-heading-tag{\nfont-size:0.8em;\n}\n}\n\n@media only screen and (max-width: 479px){ \n#top #wrap_all .av-special-heading.av-mhp3pbll-0bc08036c6c0b1342f956365994c8095 .av-special-heading-tag{\nfont-size:0.8em;\n}\n}\n<\/style>\n<div  id=\"sinmargen\"  class='av-special-heading av-mhp3pbll-0bc08036c6c0b1342f956365994c8095 av-special-heading-h4 custom-color-heading blockquote modern-quote  avia-builder-el-220  el_after_av_textblock  avia-builder-el-last  av-inherit-size'><h4 class='av-special-heading-tag '  itemprop=\"headline\"  >Consumo responsable<\/h4><div class='av_custom_color av-subheading av-subheading_below'><p>A partir de: <strong>Tercer ciclo de Primaria<\/strong><\/p>\n<\/div><div class=\"special-heading-border\"><div class=\"special-heading-inner-border\"><\/div><\/div><\/div><\/p><\/div><div class='av-flex-placeholder'><\/div>\n<style type=\"text\/css\" data-created_by=\"avia_inline_auto\" id=\"style-css-av-4ozwu2z-a6c38012733a3295603f02c9dafa3dba\">\n.flex_column.av-4ozwu2z-a6c38012733a3295603f02c9dafa3dba{\nwidth:22.75%;\nmargin-left:0;\n}\n#top .flex_column_table.av-equal-height-column-flextable.av-4ozwu2z-a6c38012733a3295603f02c9dafa3dba .av-flex-placeholder{\nwidth:3%;\n}\n<\/style>\n<div  class='flex_column av-4ozwu2z-a6c38012733a3295603f02c9dafa3dba av_one_fourth  avia-builder-el-221  el_after_av_one_fourth  el_before_av_one_fourth  flex_column_table_cell av-equal-height-column av-align-top  column-top-margin'     ><\/div><\/div><!--close column table wrapper. Autoclose: 1 --><div class='flex_column_table av-2a2bsq3-c86d51a8e622041794d1545407494c3a sc-av_one_fourth av-equal-height-column-flextable'>\n<style type=\"text\/css\" data-created_by=\"avia_inline_auto\" id=\"style-css-av-2a2bsq3-c86d51a8e622041794d1545407494c3a\">\n.flex_column.av-2a2bsq3-c86d51a8e622041794d1545407494c3a{\nwidth:22.75%;\nmargin-left:0;\n}\n#top .flex_column_table.av-equal-height-column-flextable.av-2a2bsq3-c86d51a8e622041794d1545407494c3a .av-flex-placeholder{\nwidth:3%;\n}\n<\/style>\n<div  class='flex_column av-2a2bsq3-c86d51a8e622041794d1545407494c3a av_one_fourth  avia-builder-el-222  el_after_av_one_fourth  el_before_av_one_fourth  first flex_column_table_cell av-equal-height-column av-align-top avia-link-column av-column-link avia-link-column-hover  column-top-margin'    data-link-column-url=\"https:\/\/www.fundacioncanal.com\/canaleduca\/recursos-didacticos\/como-puede-ayudar-la-inteligencia-artificial-a-nuestro-planeta\/\"  data-link-column-target=\"_blank\"   ><a class=\"av-screen-reader-only\" href=https:\/\/www.fundacioncanal.com\/canaleduca\/recursos-didacticos\/como-puede-ayudar-la-inteligencia-artificial-a-nuestro-planeta\/  target=\"_blank\" >Link to: \u00bfC\u00f3mo puede ayudar la inteligencia artificial a nuestro planeta?<\/a><p>\n<style type=\"text\/css\" data-created_by=\"avia_inline_auto\" id=\"style-css-av-1irwfez-b9a3e756a974a3c0dc7e39c985b9a028\">\n.avia-image-container.av-1irwfez-b9a3e756a974a3c0dc7e39c985b9a028 img.avia_image{\nbox-shadow:none;\n}\n.avia-image-container.av-1irwfez-b9a3e756a974a3c0dc7e39c985b9a028 .av-image-caption-overlay-center{\ncolor:#ffffff;\n}\n<\/style>\n<div  class='avia-image-container av-1irwfez-b9a3e756a974a3c0dc7e39c985b9a028 av-styling- avia-align-center  avia-builder-el-223  el_before_av_textblock  avia-builder-el-first '   itemprop=\"image\" itemscope=\"itemscope\" itemtype=\"https:\/\/schema.org\/ImageObject\" ><div class=\"avia-image-container-inner\"><div class=\"avia-image-overlay-wrap\"><img decoding=\"async\" fetchpriority=\"high\" class='wp-image-35977 avia-img-lazy-loading-not-35977 avia_image ' src=\"https:\/\/www.fundacioncanal.com\/canaleduca\/wp-content\/uploads\/2024\/03\/av01-2-conferencia.jpg\" alt='av01 2 conferencia' title='av01 2 conferencia'  height=\"998\" width=\"1774\"  itemprop=\"thumbnailUrl\" srcset=\"https:\/\/www.fundacioncanal.com\/canaleduca\/wp-content\/uploads\/2024\/03\/av01-2-conferencia.jpg 1774w, https:\/\/www.fundacioncanal.com\/canaleduca\/wp-content\/uploads\/2024\/03\/av01-2-conferencia-300x169.jpg 300w, https:\/\/www.fundacioncanal.com\/canaleduca\/wp-content\/uploads\/2024\/03\/av01-2-conferencia-1030x579.jpg 1030w, https:\/\/www.fundacioncanal.com\/canaleduca\/wp-content\/uploads\/2024\/03\/av01-2-conferencia-768x432.jpg 768w, https:\/\/www.fundacioncanal.com\/canaleduca\/wp-content\/uploads\/2024\/03\/av01-2-conferencia-1536x864.jpg 1536w, https:\/\/www.fundacioncanal.com\/canaleduca\/wp-content\/uploads\/2024\/03\/av01-2-conferencia-1500x844.jpg 1500w, https:\/\/www.fundacioncanal.com\/canaleduca\/wp-content\/uploads\/2024\/03\/av01-2-conferencia-705x397.jpg 705w\" sizes=\"(max-width: 1774px) 100vw, 1774px\" \/><\/div><\/div><\/div><br \/>\n\n<style type=\"text\/css\" data-created_by=\"avia_inline_auto\" id=\"style-css-av-1decenf-0fc27c5f265646399777da66ec488c5f\">\n#top .av_textblock_section.av-1decenf-0fc27c5f265646399777da66ec488c5f .avia_textblock{\nfont-size:12px;\ncolor:#ffffff;\n}\n<\/style>\n<section  class='av_textblock_section av-1decenf-0fc27c5f265646399777da66ec488c5f '   itemscope=\"itemscope\" itemtype=\"https:\/\/schema.org\/CreativeWork\" ><div class='avia_textblock video-conferencia av_inherit_color'  itemprop=\"text\" ><p>V\u00eddeo conferencia<\/p>\n<\/div><\/section><br \/>\n\n<style type=\"text\/css\" data-created_by=\"avia_inline_auto\" id=\"style-css-av-ook32j-f72f83ad9ae79b9250f243a30ac63524\">\n#top .av-special-heading.av-ook32j-f72f83ad9ae79b9250f243a30ac63524{\npadding-bottom:0;\ncolor:#0092d0;\nfont-size:18px;\n}\nbody .av-special-heading.av-ook32j-f72f83ad9ae79b9250f243a30ac63524 .av-special-heading-tag .heading-char{\nfont-size:25px;\n}\n#top #wrap_all .av-special-heading.av-ook32j-f72f83ad9ae79b9250f243a30ac63524 .av-special-heading-tag{\nfont-size:18px;\n}\n.av-special-heading.av-ook32j-f72f83ad9ae79b9250f243a30ac63524 .special-heading-inner-border{\nborder-color:#0092d0;\n}\n.av-special-heading.av-ook32j-f72f83ad9ae79b9250f243a30ac63524 .av-subheading{\nfont-size:15px;\n}\n\n@media only screen and (min-width: 480px) and (max-width: 767px){ \n#top #wrap_all .av-special-heading.av-ook32j-f72f83ad9ae79b9250f243a30ac63524 .av-special-heading-tag{\nfont-size:0.8em;\n}\n}\n\n@media only screen and (max-width: 479px){ \n#top #wrap_all .av-special-heading.av-ook32j-f72f83ad9ae79b9250f243a30ac63524 .av-special-heading-tag{\nfont-size:0.8em;\n}\n}\n<\/style>\n<div  id=\"sinmargen\"  class='av-special-heading av-ook32j-f72f83ad9ae79b9250f243a30ac63524 av-special-heading-h4 custom-color-heading blockquote modern-quote  avia-builder-el-225  el_after_av_textblock  avia-builder-el-last  av-inherit-size'><h4 class='av-special-heading-tag '  itemprop=\"headline\"  >\u00bfC\u00f3mo puede ayudar la inteligencia artificial a nuestro planeta?<\/h4><div class='av_custom_color av-subheading av-subheading_below'><p>A partir de: <strong>ESO<\/strong><\/p>\n<\/div><div class=\"special-heading-border\"><div class=\"special-heading-inner-border\"><\/div><\/div><\/div><\/p><\/div><div class='av-flex-placeholder'><\/div>\n<style type=\"text\/css\" data-created_by=\"avia_inline_auto\" id=\"style-css-av-4a4wpvv-88bb5cb401dcfca3fa2f834182d17713\">\n.flex_column.av-4a4wpvv-88bb5cb401dcfca3fa2f834182d17713{\nwidth:22.75%;\nmargin-left:0;\n}\n#top .flex_column_table.av-equal-height-column-flextable.av-4a4wpvv-88bb5cb401dcfca3fa2f834182d17713 .av-flex-placeholder{\nwidth:3%;\n}\n<\/style>\n<div  class='flex_column av-4a4wpvv-88bb5cb401dcfca3fa2f834182d17713 av_one_fourth  avia-builder-el-226  el_after_av_one_fourth  el_before_av_one_fourth  flex_column_table_cell av-equal-height-column av-align-top avia-link-column av-column-link avia-link-column-hover  column-top-margin'    data-link-column-url=\"https:\/\/www.fundacioncanal.com\/canaleduca\/recursos-didacticos\/el-cambio-climatico-desde-el-espacio\/\"  data-link-column-target=\"_blank\"   ><a class=\"av-screen-reader-only\" href=https:\/\/www.fundacioncanal.com\/canaleduca\/recursos-didacticos\/el-cambio-climatico-desde-el-espacio\/  target=\"_blank\" >Link to: El cambio clim\u00e1tico desde el espacio<\/a><p>\n<style type=\"text\/css\" data-created_by=\"avia_inline_auto\" id=\"style-css-av-3ucv1m3-3b567a783b496726fa316fb50a670aed\">\n.avia-image-container.av-3ucv1m3-3b567a783b496726fa316fb50a670aed img.avia_image{\nbox-shadow:none;\n}\n.avia-image-container.av-3ucv1m3-3b567a783b496726fa316fb50a670aed .av-image-caption-overlay-center{\ncolor:#ffffff;\n}\n<\/style>\n<div  class='avia-image-container av-3ucv1m3-3b567a783b496726fa316fb50a670aed av-styling- avia-align-center  avia-builder-el-227  el_before_av_textblock  avia-builder-el-first '   itemprop=\"image\" itemscope=\"itemscope\" itemtype=\"https:\/\/schema.org\/ImageObject\" ><div class=\"avia-image-container-inner\"><div class=\"avia-image-overlay-wrap\"><img decoding=\"async\" fetchpriority=\"high\" class='wp-image-35978 avia-img-lazy-loading-not-35978 avia_image ' src=\"https:\/\/www.fundacioncanal.com\/canaleduca\/wp-content\/uploads\/2024\/03\/av02-2-conferencia.jpg\" alt='av02 2 conferencia' title='av02 2 conferencia'  height=\"998\" width=\"1774\"  itemprop=\"thumbnailUrl\" srcset=\"https:\/\/www.fundacioncanal.com\/canaleduca\/wp-content\/uploads\/2024\/03\/av02-2-conferencia.jpg 1774w, https:\/\/www.fundacioncanal.com\/canaleduca\/wp-content\/uploads\/2024\/03\/av02-2-conferencia-300x169.jpg 300w, https:\/\/www.fundacioncanal.com\/canaleduca\/wp-content\/uploads\/2024\/03\/av02-2-conferencia-1030x579.jpg 1030w, https:\/\/www.fundacioncanal.com\/canaleduca\/wp-content\/uploads\/2024\/03\/av02-2-conferencia-768x432.jpg 768w, https:\/\/www.fundacioncanal.com\/canaleduca\/wp-content\/uploads\/2024\/03\/av02-2-conferencia-1536x864.jpg 1536w, https:\/\/www.fundacioncanal.com\/canaleduca\/wp-content\/uploads\/2024\/03\/av02-2-conferencia-1500x844.jpg 1500w, https:\/\/www.fundacioncanal.com\/canaleduca\/wp-content\/uploads\/2024\/03\/av02-2-conferencia-705x397.jpg 705w\" sizes=\"(max-width: 1774px) 100vw, 1774px\" \/><\/div><\/div><\/div><br \/>\n\n<style type=\"text\/css\" data-created_by=\"avia_inline_auto\" id=\"style-css-av-3iyvygb-afd62fffb94e4f8a0a29f96addd75ddf\">\n#top .av_textblock_section.av-3iyvygb-afd62fffb94e4f8a0a29f96addd75ddf .avia_textblock{\nfont-size:12px;\ncolor:#ffffff;\n}\n<\/style>\n<section  class='av_textblock_section av-3iyvygb-afd62fffb94e4f8a0a29f96addd75ddf '   itemscope=\"itemscope\" itemtype=\"https:\/\/schema.org\/CreativeWork\" ><div class='avia_textblock video-conferencia av_inherit_color'  itemprop=\"text\" ><p>V\u00eddeo conferencia<\/p>\n<\/div><\/section><br \/>\n\n<style type=\"text\/css\" data-created_by=\"avia_inline_auto\" id=\"style-css-av-31wkwh7-52a9f235747e688af6c2bae43d07821d\">\n#top .av-special-heading.av-31wkwh7-52a9f235747e688af6c2bae43d07821d{\npadding-bottom:0;\ncolor:#0092d0;\nfont-size:18px;\n}\nbody .av-special-heading.av-31wkwh7-52a9f235747e688af6c2bae43d07821d .av-special-heading-tag .heading-char{\nfont-size:25px;\n}\n#top #wrap_all .av-special-heading.av-31wkwh7-52a9f235747e688af6c2bae43d07821d .av-special-heading-tag{\nfont-size:18px;\n}\n.av-special-heading.av-31wkwh7-52a9f235747e688af6c2bae43d07821d .special-heading-inner-border{\nborder-color:#0092d0;\n}\n.av-special-heading.av-31wkwh7-52a9f235747e688af6c2bae43d07821d .av-subheading{\nfont-size:15px;\n}\n\n@media only screen and (min-width: 480px) and (max-width: 767px){ \n#top #wrap_all .av-special-heading.av-31wkwh7-52a9f235747e688af6c2bae43d07821d .av-special-heading-tag{\nfont-size:0.8em;\n}\n}\n\n@media only screen and (max-width: 479px){ \n#top #wrap_all .av-special-heading.av-31wkwh7-52a9f235747e688af6c2bae43d07821d .av-special-heading-tag{\nfont-size:0.8em;\n}\n}\n<\/style>\n<div  id=\"sinmargen\"  class='av-special-heading av-31wkwh7-52a9f235747e688af6c2bae43d07821d av-special-heading-h4 custom-color-heading blockquote modern-quote  avia-builder-el-229  el_after_av_textblock  avia-builder-el-last  av-inherit-size'><h4 class='av-special-heading-tag '  itemprop=\"headline\"  >El cambio clim\u00e1tico desde el espacio<\/h4><div class='av_custom_color av-subheading av-subheading_below'><p>A partir de: <strong>ESO<\/strong><\/p>\n<\/div><div class=\"special-heading-border\"><div class=\"special-heading-inner-border\"><\/div><\/div><\/div><\/p><\/div><div class='av-flex-placeholder'><\/div>\n<style type=\"text\/css\" data-created_by=\"avia_inline_auto\" id=\"style-css-av-2k1r6mj-7bfe6bdf06450ca4e4f58dc5f7ff260a\">\n.flex_column.av-2k1r6mj-7bfe6bdf06450ca4e4f58dc5f7ff260a{\nwidth:22.75%;\nmargin-left:0;\n}\n#top .flex_column_table.av-equal-height-column-flextable.av-2k1r6mj-7bfe6bdf06450ca4e4f58dc5f7ff260a .av-flex-placeholder{\nwidth:3%;\n}\n<\/style>\n<div  class='flex_column av-2k1r6mj-7bfe6bdf06450ca4e4f58dc5f7ff260a av_one_fourth  avia-builder-el-230  el_after_av_one_fourth  el_before_av_one_fourth  flex_column_table_cell av-equal-height-column av-align-top avia-link-column av-column-link avia-link-column-hover  column-top-margin'    data-link-column-url=\"https:\/\/www.fundacioncanal.com\/canaleduca\/recursos-didacticos\/tu-energia-es-renovable\/\"  data-link-column-target=\"_blank\"   ><a class=\"av-screen-reader-only\" href=https:\/\/www.fundacioncanal.com\/canaleduca\/recursos-didacticos\/tu-energia-es-renovable\/  target=\"_blank\" >Link to: Tu energ\u00eda es renovable<\/a><p>\n<style type=\"text\/css\" data-created_by=\"avia_inline_auto\" id=\"style-css-av-27nzy0b-c64b06ee5ff5d66b06fb8538a009f122\">\n.avia-image-container.av-27nzy0b-c64b06ee5ff5d66b06fb8538a009f122 img.avia_image{\nbox-shadow:none;\n}\n.avia-image-container.av-27nzy0b-c64b06ee5ff5d66b06fb8538a009f122 .av-image-caption-overlay-center{\ncolor:#ffffff;\n}\n<\/style>\n<div  class='avia-image-container av-27nzy0b-c64b06ee5ff5d66b06fb8538a009f122 av-styling- avia-align-center  avia-builder-el-231  el_before_av_textblock  avia-builder-el-first '   itemprop=\"image\" itemscope=\"itemscope\" itemtype=\"https:\/\/schema.org\/ImageObject\" ><div class=\"avia-image-container-inner\"><div class=\"avia-image-overlay-wrap\"><img decoding=\"async\" fetchpriority=\"high\" class='wp-image-39536 avia-img-lazy-loading-not-39536 avia_image ' src=\"https:\/\/www.fundacioncanal.com\/canaleduca\/wp-content\/uploads\/2025\/09\/av06-conferencia.webp\" alt='av06 conferencia' title='av06 conferencia'  height=\"998\" width=\"1774\"  itemprop=\"thumbnailUrl\" srcset=\"https:\/\/www.fundacioncanal.com\/canaleduca\/wp-content\/uploads\/2025\/09\/av06-conferencia.webp 1774w, https:\/\/www.fundacioncanal.com\/canaleduca\/wp-content\/uploads\/2025\/09\/av06-conferencia-300x169.webp 300w, https:\/\/www.fundacioncanal.com\/canaleduca\/wp-content\/uploads\/2025\/09\/av06-conferencia-1030x579.webp 1030w, https:\/\/www.fundacioncanal.com\/canaleduca\/wp-content\/uploads\/2025\/09\/av06-conferencia-768x432.webp 768w, https:\/\/www.fundacioncanal.com\/canaleduca\/wp-content\/uploads\/2025\/09\/av06-conferencia-1536x864.webp 1536w, https:\/\/www.fundacioncanal.com\/canaleduca\/wp-content\/uploads\/2025\/09\/av06-conferencia-1500x844.webp 1500w, https:\/\/www.fundacioncanal.com\/canaleduca\/wp-content\/uploads\/2025\/09\/av06-conferencia-705x397.webp 705w\" sizes=\"(max-width: 1774px) 100vw, 1774px\" \/><\/div><\/div><\/div><br \/>\n\n<style type=\"text\/css\" data-created_by=\"avia_inline_auto\" id=\"style-css-av-1u1ah7v-740cfecd4b8b6aa6f7466703126f2fa8\">\n#top .av_textblock_section.av-1u1ah7v-740cfecd4b8b6aa6f7466703126f2fa8 .avia_textblock{\nfont-size:12px;\ncolor:#ffffff;\n}\n<\/style>\n<section  class='av_textblock_section av-1u1ah7v-740cfecd4b8b6aa6f7466703126f2fa8 '   itemscope=\"itemscope\" itemtype=\"https:\/\/schema.org\/CreativeWork\" ><div class='avia_textblock video-conferencia av_inherit_color'  itemprop=\"text\" ><p>V\u00eddeo conferencia<\/p>\n<\/div><\/section><br \/>\n\n<style type=\"text\/css\" data-created_by=\"avia_inline_auto\" id=\"style-css-av-17ay68b-4c254f5255d1ee26cbfc5f41079f4faa\">\n#top .av-special-heading.av-17ay68b-4c254f5255d1ee26cbfc5f41079f4faa{\npadding-bottom:0;\ncolor:#0092d0;\nfont-size:18px;\n}\nbody .av-special-heading.av-17ay68b-4c254f5255d1ee26cbfc5f41079f4faa .av-special-heading-tag .heading-char{\nfont-size:25px;\n}\n#top #wrap_all .av-special-heading.av-17ay68b-4c254f5255d1ee26cbfc5f41079f4faa .av-special-heading-tag{\nfont-size:18px;\n}\n.av-special-heading.av-17ay68b-4c254f5255d1ee26cbfc5f41079f4faa .special-heading-inner-border{\nborder-color:#0092d0;\n}\n.av-special-heading.av-17ay68b-4c254f5255d1ee26cbfc5f41079f4faa .av-subheading{\nfont-size:15px;\n}\n\n@media only screen and (min-width: 480px) and (max-width: 767px){ \n#top #wrap_all .av-special-heading.av-17ay68b-4c254f5255d1ee26cbfc5f41079f4faa .av-special-heading-tag{\nfont-size:0.8em;\n}\n}\n\n@media only screen and (max-width: 479px){ \n#top #wrap_all .av-special-heading.av-17ay68b-4c254f5255d1ee26cbfc5f41079f4faa .av-special-heading-tag{\nfont-size:0.8em;\n}\n}\n<\/style>\n<div  id=\"sinmargen\"  class='av-special-heading av-17ay68b-4c254f5255d1ee26cbfc5f41079f4faa av-special-heading-h4 custom-color-heading blockquote modern-quote  avia-builder-el-233  el_after_av_textblock  avia-builder-el-last  av-inherit-size'><h4 class='av-special-heading-tag '  itemprop=\"headline\"  >Tu energ\u00eda es renovable<\/h4><div class='av_custom_color av-subheading av-subheading_below'><p>A partir de: <strong>ESO<\/strong><\/p>\n<\/div><div class=\"special-heading-border\"><div class=\"special-heading-inner-border\"><\/div><\/div><\/div><\/p><\/div><div class='av-flex-placeholder'><\/div>\n<style type=\"text\/css\" data-created_by=\"avia_inline_auto\" id=\"style-css-av-nvk9wr-9f639bd1bb6781184c76cfcc041f9820\">\n.flex_column.av-nvk9wr-9f639bd1bb6781184c76cfcc041f9820{\nwidth:22.75%;\nmargin-left:0;\n}\n#top .flex_column_table.av-equal-height-column-flextable.av-nvk9wr-9f639bd1bb6781184c76cfcc041f9820 .av-flex-placeholder{\nwidth:3%;\n}\n<\/style>\n<div  class='flex_column av-nvk9wr-9f639bd1bb6781184c76cfcc041f9820 av_one_fourth  avia-builder-el-234  el_after_av_one_fourth  avia-builder-el-last  flex_column_table_cell av-equal-height-column av-align-top  column-top-margin'     ><\/div><\/div><!--close column table wrapper. Autoclose: 1 -->\n\n<\/div><\/div><\/div><!-- close content main div --><\/div><\/div><div id='uso-consumo'  class='avia-section av-lu8xeb4p-20c2a73b7739a3e88a2a6711b1e4f3ae main_color avia-section-default avia-no-border-styling  avia-builder-el-235  el_after_av_section  el_before_av_section  avia-bg-style-scroll container_wrap fullsize'  ><div class='container av-section-cont-open' ><div class='template-page content  av-content-full alpha units'><div class='post-entry post-entry-type-page post-entry-36107'><div class='entry-content-wrapper clearfix'>\n<div  class='flex_column av-1bfqeaz-afc40a3bce1a69fad4b77a05f367e0b1 av_four_fifth  avia-builder-el-236  el_before_av_one_fifth  avia-builder-el-first  first flex_column_div  '     ><style type=\"text\/css\" data-created_by=\"avia_inline_auto\" id=\"style-css-av-lu8xewjd-1ace9bbda58ac9267c1c25f3701cf6c6\">\n#top .av-special-heading.av-lu8xewjd-1ace9bbda58ac9267c1c25f3701cf6c6{\npadding-bottom:0;\ncolor:#9fce63;\n}\nbody .av-special-heading.av-lu8xewjd-1ace9bbda58ac9267c1c25f3701cf6c6 .av-special-heading-tag .heading-char{\nfont-size:25px;\n}\n.av-special-heading.av-lu8xewjd-1ace9bbda58ac9267c1c25f3701cf6c6 .special-heading-inner-border{\nborder-color:#9fce63;\n}\n.av-special-heading.av-lu8xewjd-1ace9bbda58ac9267c1c25f3701cf6c6 .av-subheading{\nfont-size:15px;\n}\n<\/style>\n<div  class='av-special-heading av-lu8xewjd-1ace9bbda58ac9267c1c25f3701cf6c6 av-special-heading-h2 custom-color-heading blockquote modern-quote  avia-builder-el-237  avia-builder-el-no-sibling  titulete'><h2 class='av-special-heading-tag '  itemprop=\"headline\"  >Uso y consumo de agua<\/h2><div class=\"special-heading-border\"><div class=\"special-heading-inner-border\"><\/div><\/div><\/div><\/div><div  class='flex_column av-mix5sb-375275ba91a5ac5e990b715ede48ef60 av_one_fifth  avia-builder-el-238  el_after_av_four_fifth  el_before_av_one_fourth  flex_column_div  '     ><style type=\"text\/css\" data-created_by=\"avia_inline_auto\" id=\"style-css-av-lu8xg1mf-13f1fd6a50c8dfcecd4de3e1906ab48c\">\n.av_font_icon.av-lu8xg1mf-13f1fd6a50c8dfcecd4de3e1906ab48c{\ncolor:#9fce63;\nborder-color:#9fce63;\n}\n.avia-svg-icon.av-lu8xg1mf-13f1fd6a50c8dfcecd4de3e1906ab48c svg:first-child{\nstroke:#9fce63;\nfill:#9fce63;\n}\n.av_font_icon.av-lu8xg1mf-13f1fd6a50c8dfcecd4de3e1906ab48c .av-icon-char{\nfont-size:50px;\nline-height:50px;\n}\n<\/style>\n<span  class='av_font_icon av-lu8xg1mf-13f1fd6a50c8dfcecd4de3e1906ab48c avia_animate_when_visible av-icon-style- avia-icon-pos-right avia-iconfont avia-font-iconos-agua-fontello avia-icon-animate'><span class='av-icon-char' data-av_icon='\ue805' data-av_iconfont='iconos-agua-fontello' aria-hidden=\"true\" ><\/span><\/span><\/div><div class='flex_column_table av-l59lxn-7e3ad5b3e62e73328235a88219756668 sc-av_one_fourth av-equal-height-column-flextable'>\n<style type=\"text\/css\" data-created_by=\"avia_inline_auto\" id=\"style-css-av-l59lxn-7e3ad5b3e62e73328235a88219756668\">\n.flex_column.av-l59lxn-7e3ad5b3e62e73328235a88219756668{\nwidth:22.75%;\nmargin-left:0;\n}\n#top .flex_column_table.av-equal-height-column-flextable.av-l59lxn-7e3ad5b3e62e73328235a88219756668 .av-flex-placeholder{\nwidth:3%;\n}\n<\/style>\n<div  class='flex_column av-l59lxn-7e3ad5b3e62e73328235a88219756668 av_one_fourth  avia-builder-el-240  el_after_av_one_fifth  el_before_av_one_fourth  first flex_column_table_cell av-equal-height-column av-align-top avia-link-column av-column-link avia-link-column-hover  column-top-margin'    data-link-column-url=\"https:\/\/www.fundacioncanal.com\/canaleduca\/recursos-didacticos\/drenaje-urbano-sostenible\/\"  data-link-column-target=\"_blank\"   ><a class=\"av-screen-reader-only\" href=https:\/\/www.fundacioncanal.com\/canaleduca\/recursos-didacticos\/drenaje-urbano-sostenible\/  target=\"_blank\" >Link to: Drenaje urbano sostenible<\/a><p>\n<style type=\"text\/css\" data-created_by=\"avia_inline_auto\" id=\"style-css-av-5h4n62z-53a97e3ea33ab164ee0f27f81ac3db95\">\n.avia-image-container.av-5h4n62z-53a97e3ea33ab164ee0f27f81ac3db95 img.avia_image{\nbox-shadow:none;\n}\n.avia-image-container.av-5h4n62z-53a97e3ea33ab164ee0f27f81ac3db95 .av-image-caption-overlay-center{\ncolor:#ffffff;\n}\n<\/style>\n<div  class='avia-image-container av-5h4n62z-53a97e3ea33ab164ee0f27f81ac3db95 av-styling- avia-align-center  avia-builder-el-241  el_before_av_textblock  avia-builder-el-first '   itemprop=\"image\" itemscope=\"itemscope\" itemtype=\"https:\/\/schema.org\/ImageObject\" ><div class=\"avia-image-container-inner\"><div class=\"avia-image-overlay-wrap\"><img decoding=\"async\" fetchpriority=\"high\" class='wp-image-35374 avia-img-lazy-loading-not-35374 avia_image ' src=\"https:\/\/www.fundacioncanal.com\/canaleduca\/wp-content\/uploads\/2024\/02\/av35.jpg\" alt='av35' title='av35'  height=\"998\" width=\"1774\"  itemprop=\"thumbnailUrl\" srcset=\"https:\/\/www.fundacioncanal.com\/canaleduca\/wp-content\/uploads\/2024\/02\/av35.jpg 1774w, https:\/\/www.fundacioncanal.com\/canaleduca\/wp-content\/uploads\/2024\/02\/av35-300x169.jpg 300w, https:\/\/www.fundacioncanal.com\/canaleduca\/wp-content\/uploads\/2024\/02\/av35-1030x579.jpg 1030w, https:\/\/www.fundacioncanal.com\/canaleduca\/wp-content\/uploads\/2024\/02\/av35-768x432.jpg 768w, https:\/\/www.fundacioncanal.com\/canaleduca\/wp-content\/uploads\/2024\/02\/av35-1536x864.jpg 1536w, https:\/\/www.fundacioncanal.com\/canaleduca\/wp-content\/uploads\/2024\/02\/av35-1500x844.jpg 1500w, https:\/\/www.fundacioncanal.com\/canaleduca\/wp-content\/uploads\/2024\/02\/av35-705x397.jpg 705w\" sizes=\"(max-width: 1774px) 100vw, 1774px\" \/><\/div><\/div><\/div><br \/>\n\n<style type=\"text\/css\" data-created_by=\"avia_inline_auto\" id=\"style-css-av-50am1ez-a4a6ccf815ac41a5a200169cf5ffab6c\">\n#top .av_textblock_section.av-50am1ez-a4a6ccf815ac41a5a200169cf5ffab6c .avia_textblock{\nfont-size:12px;\ncolor:#ffffff;\n}\n<\/style>\n<section  class='av_textblock_section av-50am1ez-a4a6ccf815ac41a5a200169cf5ffab6c '   itemscope=\"itemscope\" itemtype=\"https:\/\/schema.org\/CreativeWork\" ><div class='avia_textblock video-corto av_inherit_color'  itemprop=\"text\" ><p>V\u00eddeo corto<\/p>\n<\/div><\/section><br \/>\n\n<style type=\"text\/css\" data-created_by=\"avia_inline_auto\" id=\"style-css-av-4l83uzv-251293c3b2076ba877ec467c27355b2e\">\n#top .av-special-heading.av-4l83uzv-251293c3b2076ba877ec467c27355b2e{\npadding-bottom:0;\ncolor:#0092d0;\nfont-size:18px;\n}\nbody .av-special-heading.av-4l83uzv-251293c3b2076ba877ec467c27355b2e .av-special-heading-tag .heading-char{\nfont-size:25px;\n}\n#top #wrap_all .av-special-heading.av-4l83uzv-251293c3b2076ba877ec467c27355b2e .av-special-heading-tag{\nfont-size:18px;\n}\n.av-special-heading.av-4l83uzv-251293c3b2076ba877ec467c27355b2e .special-heading-inner-border{\nborder-color:#0092d0;\n}\n.av-special-heading.av-4l83uzv-251293c3b2076ba877ec467c27355b2e .av-subheading{\nfont-size:15px;\n}\n\n@media only screen and (min-width: 480px) and (max-width: 767px){ \n#top #wrap_all .av-special-heading.av-4l83uzv-251293c3b2076ba877ec467c27355b2e .av-special-heading-tag{\nfont-size:0.8em;\n}\n}\n\n@media only screen and (max-width: 479px){ \n#top #wrap_all .av-special-heading.av-4l83uzv-251293c3b2076ba877ec467c27355b2e .av-special-heading-tag{\nfont-size:0.8em;\n}\n}\n<\/style>\n<div  id=\"sinmargen\"  class='av-special-heading av-4l83uzv-251293c3b2076ba877ec467c27355b2e av-special-heading-h4 custom-color-heading blockquote modern-quote  avia-builder-el-243  el_after_av_textblock  avia-builder-el-last  av-inherit-size'><h4 class='av-special-heading-tag '  itemprop=\"headline\"  >Drenaje urbano sostenible<\/h4><div class='av_custom_color av-subheading av-subheading_below'><p>A partir de: <strong>Tercer ciclo de Primaria<\/strong><\/p>\n<\/div><div class=\"special-heading-border\"><div class=\"special-heading-inner-border\"><\/div><\/div><\/div><\/p><\/div><div class='av-flex-placeholder'><\/div>\n<style type=\"text\/css\" data-created_by=\"avia_inline_auto\" id=\"style-css-av-f0732x7-235dc3d12c00a3afd545e02e33bea477\">\n.flex_column.av-f0732x7-235dc3d12c00a3afd545e02e33bea477{\nwidth:22.75%;\nmargin-left:0;\n}\n#top .flex_column_table.av-equal-height-column-flextable.av-f0732x7-235dc3d12c00a3afd545e02e33bea477 .av-flex-placeholder{\nwidth:3%;\n}\n<\/style>\n<div  class='flex_column av-f0732x7-235dc3d12c00a3afd545e02e33bea477 av_one_fourth  avia-builder-el-244  el_after_av_one_fourth  el_before_av_one_fourth  flex_column_table_cell av-equal-height-column av-align-top avia-link-column av-column-link avia-link-column-hover  column-top-margin'    data-link-column-url=\"https:\/\/www.fundacioncanal.com\/canaleduca\/recursos-didacticos\/el-agua-en-la-limpieza-urbana\/\"  data-link-column-target=\"_blank\"   ><a class=\"av-screen-reader-only\" href=https:\/\/www.fundacioncanal.com\/canaleduca\/recursos-didacticos\/el-agua-en-la-limpieza-urbana\/  target=\"_blank\" >Link to: El agua en la limpieza urbana<\/a><p>\n<style type=\"text\/css\" data-created_by=\"avia_inline_auto\" id=\"style-css-av-ek5xh3f-594d5a02818051ce3bdbbeca5601fbd0\">\n.avia-image-container.av-ek5xh3f-594d5a02818051ce3bdbbeca5601fbd0 img.avia_image{\nbox-shadow:none;\n}\n.avia-image-container.av-ek5xh3f-594d5a02818051ce3bdbbeca5601fbd0 .av-image-caption-overlay-center{\ncolor:#ffffff;\n}\n<\/style>\n<div  class='avia-image-container av-ek5xh3f-594d5a02818051ce3bdbbeca5601fbd0 av-styling- avia-align-center  avia-builder-el-245  el_before_av_textblock  avia-builder-el-first '   itemprop=\"image\" itemscope=\"itemscope\" itemtype=\"https:\/\/schema.org\/ImageObject\" ><div class=\"avia-image-container-inner\"><div class=\"avia-image-overlay-wrap\"><img decoding=\"async\" fetchpriority=\"high\" class='wp-image-33607 avia-img-lazy-loading-not-33607 avia_image ' src=\"https:\/\/www.fundacioncanal.com\/canaleduca\/wp-content\/uploads\/2024\/01\/av36.jpg\" alt='av36' title='av36'  height=\"998\" width=\"1774\"  itemprop=\"thumbnailUrl\" srcset=\"https:\/\/www.fundacioncanal.com\/canaleduca\/wp-content\/uploads\/2024\/01\/av36.jpg 1774w, https:\/\/www.fundacioncanal.com\/canaleduca\/wp-content\/uploads\/2024\/01\/av36-300x169.jpg 300w, https:\/\/www.fundacioncanal.com\/canaleduca\/wp-content\/uploads\/2024\/01\/av36-1030x579.jpg 1030w, https:\/\/www.fundacioncanal.com\/canaleduca\/wp-content\/uploads\/2024\/01\/av36-768x432.jpg 768w, https:\/\/www.fundacioncanal.com\/canaleduca\/wp-content\/uploads\/2024\/01\/av36-1536x864.jpg 1536w, https:\/\/www.fundacioncanal.com\/canaleduca\/wp-content\/uploads\/2024\/01\/av36-1500x844.jpg 1500w, https:\/\/www.fundacioncanal.com\/canaleduca\/wp-content\/uploads\/2024\/01\/av36-705x397.jpg 705w\" sizes=\"(max-width: 1774px) 100vw, 1774px\" \/><\/div><\/div><\/div><br \/>\n\n<style type=\"text\/css\" data-created_by=\"avia_inline_auto\" id=\"style-css-av-dzinxhn-12da9aa1276596963acaa0d56ca3ce6d\">\n#top .av_textblock_section.av-dzinxhn-12da9aa1276596963acaa0d56ca3ce6d .avia_textblock{\nfont-size:12px;\ncolor:#ffffff;\n}\n<\/style>\n<section  class='av_textblock_section av-dzinxhn-12da9aa1276596963acaa0d56ca3ce6d '   itemscope=\"itemscope\" itemtype=\"https:\/\/schema.org\/CreativeWork\" ><div class='avia_textblock video-corto av_inherit_color'  itemprop=\"text\" ><p>V\u00eddeo corto<\/p>\n<\/div><\/section><br \/>\n\n<style type=\"text\/css\" data-created_by=\"avia_inline_auto\" id=\"style-css-av-lu9cjfql-0ccafe5eaa35791bb7d646e0d12149bf\">\n#top .av-special-heading.av-lu9cjfql-0ccafe5eaa35791bb7d646e0d12149bf{\npadding-bottom:0;\ncolor:#0092d0;\nfont-size:18px;\n}\nbody .av-special-heading.av-lu9cjfql-0ccafe5eaa35791bb7d646e0d12149bf .av-special-heading-tag .heading-char{\nfont-size:25px;\n}\n#top #wrap_all .av-special-heading.av-lu9cjfql-0ccafe5eaa35791bb7d646e0d12149bf .av-special-heading-tag{\nfont-size:18px;\n}\n.av-special-heading.av-lu9cjfql-0ccafe5eaa35791bb7d646e0d12149bf .special-heading-inner-border{\nborder-color:#0092d0;\n}\n.av-special-heading.av-lu9cjfql-0ccafe5eaa35791bb7d646e0d12149bf .av-subheading{\nfont-size:15px;\n}\n\n@media only screen and (min-width: 480px) and (max-width: 767px){ \n#top #wrap_all .av-special-heading.av-lu9cjfql-0ccafe5eaa35791bb7d646e0d12149bf .av-special-heading-tag{\nfont-size:0.8em;\n}\n}\n\n@media only screen and (max-width: 479px){ \n#top #wrap_all .av-special-heading.av-lu9cjfql-0ccafe5eaa35791bb7d646e0d12149bf .av-special-heading-tag{\nfont-size:0.8em;\n}\n}\n<\/style>\n<div  id=\"sinmargen\"  class='av-special-heading av-lu9cjfql-0ccafe5eaa35791bb7d646e0d12149bf av-special-heading-h4 custom-color-heading blockquote modern-quote  avia-builder-el-247  el_after_av_textblock  avia-builder-el-last  av-inherit-size'><h4 class='av-special-heading-tag '  itemprop=\"headline\"  >El agua en la limpieza urbana<\/h4><div class='av_custom_color av-subheading av-subheading_below'><p>A partir de: <strong>Tercer ciclo de Primaria<\/strong><\/p>\n<\/div><div class=\"special-heading-border\"><div class=\"special-heading-inner-border\"><\/div><\/div><\/div><\/p><\/div><div class='av-flex-placeholder'><\/div>\n<style type=\"text\/css\" data-created_by=\"avia_inline_auto\" id=\"style-css-av-dp92157-a2be29ae10c785f9870fd7a5213f4c1d\">\n.flex_column.av-dp92157-a2be29ae10c785f9870fd7a5213f4c1d{\nwidth:22.75%;\nmargin-left:0;\n}\n#top .flex_column_table.av-equal-height-column-flextable.av-dp92157-a2be29ae10c785f9870fd7a5213f4c1d .av-flex-placeholder{\nwidth:3%;\n}\n<\/style>\n<div  class='flex_column av-dp92157-a2be29ae10c785f9870fd7a5213f4c1d av_one_fourth  avia-builder-el-248  el_after_av_one_fourth  el_before_av_one_fourth  flex_column_table_cell av-equal-height-column av-align-top avia-link-column av-column-link avia-link-column-hover  column-top-margin'    data-link-column-url=\"https:\/\/www.fundacioncanal.com\/canaleduca\/recursos-didacticos\/haman-y-banos-arabes\/\"  data-link-column-target=\"_blank\"   ><a class=\"av-screen-reader-only\" href=https:\/\/www.fundacioncanal.com\/canaleduca\/recursos-didacticos\/haman-y-banos-arabes\/  target=\"_blank\" >Link to: Ham\u00e1n y ba\u00f1os \u00e1rabes<\/a><p>\n<style type=\"text\/css\" data-created_by=\"avia_inline_auto\" id=\"style-css-av-da940mj-bb970d4e8edaba36e7980a3fc365f977\">\n.avia-image-container.av-da940mj-bb970d4e8edaba36e7980a3fc365f977 img.avia_image{\nbox-shadow:none;\n}\n.avia-image-container.av-da940mj-bb970d4e8edaba36e7980a3fc365f977 .av-image-caption-overlay-center{\ncolor:#ffffff;\n}\n<\/style>\n<div  class='avia-image-container av-da940mj-bb970d4e8edaba36e7980a3fc365f977 av-styling- avia-align-center  avia-builder-el-249  el_before_av_textblock  avia-builder-el-first '   itemprop=\"image\" itemscope=\"itemscope\" itemtype=\"https:\/\/schema.org\/ImageObject\" ><div class=\"avia-image-container-inner\"><div class=\"avia-image-overlay-wrap\"><img decoding=\"async\" fetchpriority=\"high\" class='wp-image-33610 avia-img-lazy-loading-not-33610 avia_image ' src=\"https:\/\/www.fundacioncanal.com\/canaleduca\/wp-content\/uploads\/2024\/01\/av37.jpg\" alt='av37' title='av37'  height=\"998\" width=\"1774\"  itemprop=\"thumbnailUrl\" srcset=\"https:\/\/www.fundacioncanal.com\/canaleduca\/wp-content\/uploads\/2024\/01\/av37.jpg 1774w, https:\/\/www.fundacioncanal.com\/canaleduca\/wp-content\/uploads\/2024\/01\/av37-300x169.jpg 300w, https:\/\/www.fundacioncanal.com\/canaleduca\/wp-content\/uploads\/2024\/01\/av37-1030x579.jpg 1030w, https:\/\/www.fundacioncanal.com\/canaleduca\/wp-content\/uploads\/2024\/01\/av37-768x432.jpg 768w, https:\/\/www.fundacioncanal.com\/canaleduca\/wp-content\/uploads\/2024\/01\/av37-1536x864.jpg 1536w, https:\/\/www.fundacioncanal.com\/canaleduca\/wp-content\/uploads\/2024\/01\/av37-1500x844.jpg 1500w, https:\/\/www.fundacioncanal.com\/canaleduca\/wp-content\/uploads\/2024\/01\/av37-705x397.jpg 705w\" sizes=\"(max-width: 1774px) 100vw, 1774px\" \/><\/div><\/div><\/div><br \/>\n\n<style type=\"text\/css\" data-created_by=\"avia_inline_auto\" id=\"style-css-av-curq02z-49037ff6e8254d4284236e8614d45188\">\n#top .av_textblock_section.av-curq02z-49037ff6e8254d4284236e8614d45188 .avia_textblock{\nfont-size:12px;\ncolor:#ffffff;\n}\n<\/style>\n<section  class='av_textblock_section av-curq02z-49037ff6e8254d4284236e8614d45188 '   itemscope=\"itemscope\" itemtype=\"https:\/\/schema.org\/CreativeWork\" ><div class='avia_textblock video-corto av_inherit_color'  itemprop=\"text\" ><p>V\u00eddeo corto<\/p>\n<\/div><\/section><br \/>\n\n<style type=\"text\/css\" data-created_by=\"avia_inline_auto\" id=\"style-css-av-lu9ck9kd-5a045762e6343a992a039b35c561cca7\">\n#top .av-special-heading.av-lu9ck9kd-5a045762e6343a992a039b35c561cca7{\npadding-bottom:0;\ncolor:#0092d0;\nfont-size:18px;\n}\nbody .av-special-heading.av-lu9ck9kd-5a045762e6343a992a039b35c561cca7 .av-special-heading-tag .heading-char{\nfont-size:25px;\n}\n#top #wrap_all .av-special-heading.av-lu9ck9kd-5a045762e6343a992a039b35c561cca7 .av-special-heading-tag{\nfont-size:18px;\n}\n.av-special-heading.av-lu9ck9kd-5a045762e6343a992a039b35c561cca7 .special-heading-inner-border{\nborder-color:#0092d0;\n}\n.av-special-heading.av-lu9ck9kd-5a045762e6343a992a039b35c561cca7 .av-subheading{\nfont-size:15px;\n}\n\n@media only screen and (min-width: 480px) and (max-width: 767px){ \n#top #wrap_all .av-special-heading.av-lu9ck9kd-5a045762e6343a992a039b35c561cca7 .av-special-heading-tag{\nfont-size:0.8em;\n}\n}\n\n@media only screen and (max-width: 479px){ \n#top #wrap_all .av-special-heading.av-lu9ck9kd-5a045762e6343a992a039b35c561cca7 .av-special-heading-tag{\nfont-size:0.8em;\n}\n}\n<\/style>\n<div  id=\"sinmargen\"  class='av-special-heading av-lu9ck9kd-5a045762e6343a992a039b35c561cca7 av-special-heading-h4 custom-color-heading blockquote modern-quote  avia-builder-el-251  el_after_av_textblock  avia-builder-el-last  av-inherit-size'><h4 class='av-special-heading-tag '  itemprop=\"headline\"  >Ham\u00e1n y ba\u00f1os \u00e1rabes<\/h4><div class='av_custom_color av-subheading av-subheading_below'><p>A partir de: <strong>Segundo ciclo de Primaria<\/strong><\/p>\n<\/div><div class=\"special-heading-border\"><div class=\"special-heading-inner-border\"><\/div><\/div><\/div><\/p><\/div><div class='av-flex-placeholder'><\/div>\n<style type=\"text\/css\" data-created_by=\"avia_inline_auto\" id=\"style-css-av-c497v1n-5294313d2423a1539bcb19090bb943cf\">\n.flex_column.av-c497v1n-5294313d2423a1539bcb19090bb943cf{\nwidth:22.75%;\nmargin-left:0;\n}\n#top .flex_column_table.av-equal-height-column-flextable.av-c497v1n-5294313d2423a1539bcb19090bb943cf .av-flex-placeholder{\nwidth:3%;\n}\n<\/style>\n<div  class='flex_column av-c497v1n-5294313d2423a1539bcb19090bb943cf av_one_fourth  avia-builder-el-252  el_after_av_one_fourth  el_before_av_one_fourth  flex_column_table_cell av-equal-height-column av-align-top avia-link-column av-column-link avia-link-column-hover  column-top-margin'    data-link-column-url=\"https:\/\/www.fundacioncanal.com\/canaleduca\/recursos-didacticos\/vaporizacion-como-sistema-de-refrigeracion\/\"  data-link-column-target=\"_blank\"   ><a class=\"av-screen-reader-only\" href=https:\/\/www.fundacioncanal.com\/canaleduca\/recursos-didacticos\/vaporizacion-como-sistema-de-refrigeracion\/  target=\"_blank\" >Link to: Vaporizaci\u00f3n como sistema de refrigeraci\u00f3n<\/a><p>\n<style type=\"text\/css\" data-created_by=\"avia_inline_auto\" id=\"style-css-av-bkbhtaj-a25b1bee36e9554b343302e3c0a33ee0\">\n.avia-image-container.av-bkbhtaj-a25b1bee36e9554b343302e3c0a33ee0 img.avia_image{\nbox-shadow:none;\n}\n.avia-image-container.av-bkbhtaj-a25b1bee36e9554b343302e3c0a33ee0 .av-image-caption-overlay-center{\ncolor:#ffffff;\n}\n<\/style>\n<div  class='avia-image-container av-bkbhtaj-a25b1bee36e9554b343302e3c0a33ee0 av-styling- avia-align-center  avia-builder-el-253  el_before_av_textblock  avia-builder-el-first '   itemprop=\"image\" itemscope=\"itemscope\" itemtype=\"https:\/\/schema.org\/ImageObject\" ><div class=\"avia-image-container-inner\"><div class=\"avia-image-overlay-wrap\"><img decoding=\"async\" fetchpriority=\"high\" class='wp-image-33611 avia-img-lazy-loading-not-33611 avia_image ' src=\"https:\/\/www.fundacioncanal.com\/canaleduca\/wp-content\/uploads\/2024\/01\/av38.jpg\" alt='av38' title='av38'  height=\"998\" width=\"1774\"  itemprop=\"thumbnailUrl\" srcset=\"https:\/\/www.fundacioncanal.com\/canaleduca\/wp-content\/uploads\/2024\/01\/av38.jpg 1774w, https:\/\/www.fundacioncanal.com\/canaleduca\/wp-content\/uploads\/2024\/01\/av38-300x169.jpg 300w, https:\/\/www.fundacioncanal.com\/canaleduca\/wp-content\/uploads\/2024\/01\/av38-1030x579.jpg 1030w, https:\/\/www.fundacioncanal.com\/canaleduca\/wp-content\/uploads\/2024\/01\/av38-768x432.jpg 768w, https:\/\/www.fundacioncanal.com\/canaleduca\/wp-content\/uploads\/2024\/01\/av38-1536x864.jpg 1536w, https:\/\/www.fundacioncanal.com\/canaleduca\/wp-content\/uploads\/2024\/01\/av38-1500x844.jpg 1500w, https:\/\/www.fundacioncanal.com\/canaleduca\/wp-content\/uploads\/2024\/01\/av38-705x397.jpg 705w\" sizes=\"(max-width: 1774px) 100vw, 1774px\" \/><\/div><\/div><\/div><br \/>\n\n<style type=\"text\/css\" data-created_by=\"avia_inline_auto\" id=\"style-css-av-b3miv9n-736d2d26875cc07ba4f94672770b9b17\">\n#top .av_textblock_section.av-b3miv9n-736d2d26875cc07ba4f94672770b9b17 .avia_textblock{\nfont-size:12px;\ncolor:#ffffff;\n}\n<\/style>\n<section  class='av_textblock_section av-b3miv9n-736d2d26875cc07ba4f94672770b9b17 '   itemscope=\"itemscope\" itemtype=\"https:\/\/schema.org\/CreativeWork\" ><div class='avia_textblock video-corto av_inherit_color'  itemprop=\"text\" ><p>V\u00eddeo corto<\/p>\n<\/div><\/section><br \/>\n\n<style type=\"text\/css\" data-created_by=\"avia_inline_auto\" id=\"style-css-av-lu9ckctf-5de833cad09e9dc611183556669f3699\">\n#top .av-special-heading.av-lu9ckctf-5de833cad09e9dc611183556669f3699{\npadding-bottom:0;\ncolor:#0092d0;\nfont-size:18px;\n}\nbody .av-special-heading.av-lu9ckctf-5de833cad09e9dc611183556669f3699 .av-special-heading-tag .heading-char{\nfont-size:25px;\n}\n#top #wrap_all .av-special-heading.av-lu9ckctf-5de833cad09e9dc611183556669f3699 .av-special-heading-tag{\nfont-size:18px;\n}\n.av-special-heading.av-lu9ckctf-5de833cad09e9dc611183556669f3699 .special-heading-inner-border{\nborder-color:#0092d0;\n}\n.av-special-heading.av-lu9ckctf-5de833cad09e9dc611183556669f3699 .av-subheading{\nfont-size:15px;\n}\n\n@media only screen and (min-width: 480px) and (max-width: 767px){ \n#top #wrap_all .av-special-heading.av-lu9ckctf-5de833cad09e9dc611183556669f3699 .av-special-heading-tag{\nfont-size:0.8em;\n}\n}\n\n@media only screen and (max-width: 479px){ \n#top #wrap_all .av-special-heading.av-lu9ckctf-5de833cad09e9dc611183556669f3699 .av-special-heading-tag{\nfont-size:0.8em;\n}\n}\n<\/style>\n<div  id=\"sinmargen\"  class='av-special-heading av-lu9ckctf-5de833cad09e9dc611183556669f3699 av-special-heading-h4 custom-color-heading blockquote modern-quote  avia-builder-el-255  el_after_av_textblock  avia-builder-el-last  av-inherit-size'><h4 class='av-special-heading-tag '  itemprop=\"headline\"  >Vaporizaci\u00f3n como sistema de refrigeraci\u00f3n<\/h4><div class='av_custom_color av-subheading av-subheading_below'><p>A partir de: <strong>Segundo ciclo de Primaria<\/strong><\/p>\n<\/div><div class=\"special-heading-border\"><div class=\"special-heading-inner-border\"><\/div><\/div><\/div><\/p><\/div><\/div><!--close column table wrapper. Autoclose: 1 --><div class='flex_column_table av-as0zkq3-4a0cf5177e3efb5339e33e3a9c3d0830 sc-av_one_fourth av-equal-height-column-flextable'>\n<style type=\"text\/css\" data-created_by=\"avia_inline_auto\" id=\"style-css-av-as0zkq3-4a0cf5177e3efb5339e33e3a9c3d0830\">\n.flex_column.av-as0zkq3-4a0cf5177e3efb5339e33e3a9c3d0830{\nwidth:22.75%;\nmargin-left:0;\n}\n#top .flex_column_table.av-equal-height-column-flextable.av-as0zkq3-4a0cf5177e3efb5339e33e3a9c3d0830 .av-flex-placeholder{\nwidth:3%;\n}\n<\/style>\n<div  class='flex_column av-as0zkq3-4a0cf5177e3efb5339e33e3a9c3d0830 av_one_fourth  avia-builder-el-256  el_after_av_one_fourth  el_before_av_one_fourth  first flex_column_table_cell av-equal-height-column av-align-top avia-link-column av-column-link avia-link-column-hover  column-top-margin'    data-link-column-url=\"https:\/\/www.fundacioncanal.com\/canaleduca\/recursos-didacticos\/consumo-responsable-de-agua-en-el-hogar\/\"  data-link-column-target=\"_blank\"   ><a class=\"av-screen-reader-only\" href=https:\/\/www.fundacioncanal.com\/canaleduca\/recursos-didacticos\/consumo-responsable-de-agua-en-el-hogar\/  target=\"_blank\" >Link to: Consumo responsable de agua en el hogar<\/a><p>\n<style type=\"text\/css\" data-created_by=\"avia_inline_auto\" id=\"style-css-av-aaw27or-a44431a87bc6d03ceb4830740b1580ae\">\n.avia-image-container.av-aaw27or-a44431a87bc6d03ceb4830740b1580ae img.avia_image{\nbox-shadow:none;\n}\n.avia-image-container.av-aaw27or-a44431a87bc6d03ceb4830740b1580ae .av-image-caption-overlay-center{\ncolor:#ffffff;\n}\n<\/style>\n<div  class='avia-image-container av-aaw27or-a44431a87bc6d03ceb4830740b1580ae av-styling- avia-align-center  avia-builder-el-257  el_before_av_textblock  avia-builder-el-first '   itemprop=\"image\" itemscope=\"itemscope\" itemtype=\"https:\/\/schema.org\/ImageObject\" ><div class=\"avia-image-container-inner\"><div class=\"avia-image-overlay-wrap\"><img decoding=\"async\" fetchpriority=\"high\" class='wp-image-33614 avia-img-lazy-loading-not-33614 avia_image ' src=\"https:\/\/www.fundacioncanal.com\/canaleduca\/wp-content\/uploads\/2024\/01\/av42.jpg\" alt='av42' title='av42'  height=\"998\" width=\"1774\"  itemprop=\"thumbnailUrl\" srcset=\"https:\/\/www.fundacioncanal.com\/canaleduca\/wp-content\/uploads\/2024\/01\/av42.jpg 1774w, https:\/\/www.fundacioncanal.com\/canaleduca\/wp-content\/uploads\/2024\/01\/av42-300x169.jpg 300w, https:\/\/www.fundacioncanal.com\/canaleduca\/wp-content\/uploads\/2024\/01\/av42-1030x579.jpg 1030w, https:\/\/www.fundacioncanal.com\/canaleduca\/wp-content\/uploads\/2024\/01\/av42-768x432.jpg 768w, https:\/\/www.fundacioncanal.com\/canaleduca\/wp-content\/uploads\/2024\/01\/av42-1536x864.jpg 1536w, https:\/\/www.fundacioncanal.com\/canaleduca\/wp-content\/uploads\/2024\/01\/av42-1500x844.jpg 1500w, https:\/\/www.fundacioncanal.com\/canaleduca\/wp-content\/uploads\/2024\/01\/av42-705x397.jpg 705w\" sizes=\"(max-width: 1774px) 100vw, 1774px\" \/><\/div><\/div><\/div><br \/>\n\n<style type=\"text\/css\" data-created_by=\"avia_inline_auto\" id=\"style-css-av-9tgf1rf-c65cb2ef7a8319936091f78034483436\">\n#top .av_textblock_section.av-9tgf1rf-c65cb2ef7a8319936091f78034483436 .avia_textblock{\nfont-size:12px;\ncolor:#ffffff;\n}\n<\/style>\n<section  class='av_textblock_section av-9tgf1rf-c65cb2ef7a8319936091f78034483436 '   itemscope=\"itemscope\" itemtype=\"https:\/\/schema.org\/CreativeWork\" ><div class='avia_textblock video-corto av_inherit_color'  itemprop=\"text\" ><p>V\u00eddeo corto<\/p>\n<\/div><\/section><br \/>\n\n<style type=\"text\/css\" data-created_by=\"avia_inline_auto\" id=\"style-css-av-lu9ckh1r-00734f6890d9f4bf15fd0c8fd0f8c436\">\n#top .av-special-heading.av-lu9ckh1r-00734f6890d9f4bf15fd0c8fd0f8c436{\npadding-bottom:0;\ncolor:#0092d0;\nfont-size:18px;\n}\nbody .av-special-heading.av-lu9ckh1r-00734f6890d9f4bf15fd0c8fd0f8c436 .av-special-heading-tag .heading-char{\nfont-size:25px;\n}\n#top #wrap_all .av-special-heading.av-lu9ckh1r-00734f6890d9f4bf15fd0c8fd0f8c436 .av-special-heading-tag{\nfont-size:18px;\n}\n.av-special-heading.av-lu9ckh1r-00734f6890d9f4bf15fd0c8fd0f8c436 .special-heading-inner-border{\nborder-color:#0092d0;\n}\n.av-special-heading.av-lu9ckh1r-00734f6890d9f4bf15fd0c8fd0f8c436 .av-subheading{\nfont-size:15px;\n}\n\n@media only screen and (min-width: 480px) and (max-width: 767px){ \n#top #wrap_all .av-special-heading.av-lu9ckh1r-00734f6890d9f4bf15fd0c8fd0f8c436 .av-special-heading-tag{\nfont-size:0.8em;\n}\n}\n\n@media only screen and (max-width: 479px){ \n#top #wrap_all .av-special-heading.av-lu9ckh1r-00734f6890d9f4bf15fd0c8fd0f8c436 .av-special-heading-tag{\nfont-size:0.8em;\n}\n}\n<\/style>\n<div  id=\"sinmargen\"  class='av-special-heading av-lu9ckh1r-00734f6890d9f4bf15fd0c8fd0f8c436 av-special-heading-h4 custom-color-heading blockquote modern-quote  avia-builder-el-259  el_after_av_textblock  avia-builder-el-last  av-inherit-size'><h4 class='av-special-heading-tag '  itemprop=\"headline\"  >Consumo responsable de agua en el hogar<\/h4><div class='av_custom_color av-subheading av-subheading_below'><p>A partir de: <strong>Segundo ciclo de Primaria<\/strong><\/p>\n<\/div><div class=\"special-heading-border\"><div class=\"special-heading-inner-border\"><\/div><\/div><\/div><\/p><\/div><div class='av-flex-placeholder'><\/div>\n<style type=\"text\/css\" data-created_by=\"avia_inline_auto\" id=\"style-css-av-9mjba97-e22c0aeb2f5260322fcb7fcc0cb0ea68\">\n.flex_column.av-9mjba97-e22c0aeb2f5260322fcb7fcc0cb0ea68{\nwidth:22.75%;\nmargin-left:0;\n}\n#top .flex_column_table.av-equal-height-column-flextable.av-9mjba97-e22c0aeb2f5260322fcb7fcc0cb0ea68 .av-flex-placeholder{\nwidth:3%;\n}\n<\/style>\n<div  class='flex_column av-9mjba97-e22c0aeb2f5260322fcb7fcc0cb0ea68 av_one_fourth  avia-builder-el-260  el_after_av_one_fourth  el_before_av_one_fourth  flex_column_table_cell av-equal-height-column av-align-top avia-link-column av-column-link avia-link-column-hover  column-top-margin'    data-link-column-url=\"https:\/\/www.fundacioncanal.com\/canaleduca\/recursos-didacticos\/consumo-de-agua-en-los-electrodomesticos\/\"  data-link-column-target=\"_blank\"   ><a class=\"av-screen-reader-only\" href=https:\/\/www.fundacioncanal.com\/canaleduca\/recursos-didacticos\/consumo-de-agua-en-los-electrodomesticos\/  target=\"_blank\" >Link to: Consumo de agua en los electrodom\u00e9sticos<\/a><p>\n<style type=\"text\/css\" data-created_by=\"avia_inline_auto\" id=\"style-css-av-91c5v1n-6e73077061e2af1e6da48e02451f3a5e\">\n.avia-image-container.av-91c5v1n-6e73077061e2af1e6da48e02451f3a5e img.avia_image{\nbox-shadow:none;\n}\n.avia-image-container.av-91c5v1n-6e73077061e2af1e6da48e02451f3a5e .av-image-caption-overlay-center{\ncolor:#ffffff;\n}\n<\/style>\n<div  class='avia-image-container av-91c5v1n-6e73077061e2af1e6da48e02451f3a5e av-styling- avia-align-center  avia-builder-el-261  el_before_av_textblock  avia-builder-el-first '   itemprop=\"image\" itemscope=\"itemscope\" itemtype=\"https:\/\/schema.org\/ImageObject\" ><div class=\"avia-image-container-inner\"><div class=\"avia-image-overlay-wrap\"><img decoding=\"async\" fetchpriority=\"high\" class='wp-image-33615 avia-img-lazy-loading-not-33615 avia_image ' src=\"https:\/\/www.fundacioncanal.com\/canaleduca\/wp-content\/uploads\/2024\/01\/av43.jpg\" alt='av43' title='av43'  height=\"998\" width=\"1774\"  itemprop=\"thumbnailUrl\" srcset=\"https:\/\/www.fundacioncanal.com\/canaleduca\/wp-content\/uploads\/2024\/01\/av43.jpg 1774w, https:\/\/www.fundacioncanal.com\/canaleduca\/wp-content\/uploads\/2024\/01\/av43-300x169.jpg 300w, https:\/\/www.fundacioncanal.com\/canaleduca\/wp-content\/uploads\/2024\/01\/av43-1030x579.jpg 1030w, https:\/\/www.fundacioncanal.com\/canaleduca\/wp-content\/uploads\/2024\/01\/av43-768x432.jpg 768w, https:\/\/www.fundacioncanal.com\/canaleduca\/wp-content\/uploads\/2024\/01\/av43-1536x864.jpg 1536w, https:\/\/www.fundacioncanal.com\/canaleduca\/wp-content\/uploads\/2024\/01\/av43-1500x844.jpg 1500w, https:\/\/www.fundacioncanal.com\/canaleduca\/wp-content\/uploads\/2024\/01\/av43-705x397.jpg 705w\" sizes=\"(max-width: 1774px) 100vw, 1774px\" \/><\/div><\/div><\/div><br \/>\n\n<style type=\"text\/css\" data-created_by=\"avia_inline_auto\" id=\"style-css-av-8eobksr-42869e69a0ff32ca3a9659a8926c04f9\">\n#top .av_textblock_section.av-8eobksr-42869e69a0ff32ca3a9659a8926c04f9 .avia_textblock{\nfont-size:12px;\ncolor:#ffffff;\n}\n<\/style>\n<section  class='av_textblock_section av-8eobksr-42869e69a0ff32ca3a9659a8926c04f9 '   itemscope=\"itemscope\" itemtype=\"https:\/\/schema.org\/CreativeWork\" ><div class='avia_textblock video-corto av_inherit_color'  itemprop=\"text\" ><p>V\u00eddeo corto<\/p>\n<\/div><\/section><br \/>\n\n<style type=\"text\/css\" data-created_by=\"avia_inline_auto\" id=\"style-css-av-lu9ckkcb-cca801f202d14f6b3bd2560cd71e03ab\">\n#top .av-special-heading.av-lu9ckkcb-cca801f202d14f6b3bd2560cd71e03ab{\npadding-bottom:0;\ncolor:#0092d0;\nfont-size:18px;\n}\nbody .av-special-heading.av-lu9ckkcb-cca801f202d14f6b3bd2560cd71e03ab .av-special-heading-tag .heading-char{\nfont-size:25px;\n}\n#top #wrap_all .av-special-heading.av-lu9ckkcb-cca801f202d14f6b3bd2560cd71e03ab .av-special-heading-tag{\nfont-size:18px;\n}\n.av-special-heading.av-lu9ckkcb-cca801f202d14f6b3bd2560cd71e03ab .special-heading-inner-border{\nborder-color:#0092d0;\n}\n.av-special-heading.av-lu9ckkcb-cca801f202d14f6b3bd2560cd71e03ab .av-subheading{\nfont-size:15px;\n}\n\n@media only screen and (min-width: 480px) and (max-width: 767px){ \n#top #wrap_all .av-special-heading.av-lu9ckkcb-cca801f202d14f6b3bd2560cd71e03ab .av-special-heading-tag{\nfont-size:0.8em;\n}\n}\n\n@media only screen and (max-width: 479px){ \n#top #wrap_all .av-special-heading.av-lu9ckkcb-cca801f202d14f6b3bd2560cd71e03ab .av-special-heading-tag{\nfont-size:0.8em;\n}\n}\n<\/style>\n<div  id=\"sinmargen\"  class='av-special-heading av-lu9ckkcb-cca801f202d14f6b3bd2560cd71e03ab av-special-heading-h4 custom-color-heading blockquote modern-quote  avia-builder-el-263  el_after_av_textblock  avia-builder-el-last  av-inherit-size'><h4 class='av-special-heading-tag '  itemprop=\"headline\"  >Consumo de agua en los electrodom\u00e9sticos<\/h4><div class='av_custom_color av-subheading av-subheading_below'><p>A partir de: <strong>Segundo ciclo de Primaria<\/strong><\/p>\n<\/div><div class=\"special-heading-border\"><div class=\"special-heading-inner-border\"><\/div><\/div><\/div><\/p><\/div><div class='av-flex-placeholder'><\/div>\n<style type=\"text\/css\" data-created_by=\"avia_inline_auto\" id=\"style-css-av-873cbxn-1e2d193a531141206a53480f54ab424d\">\n.flex_column.av-873cbxn-1e2d193a531141206a53480f54ab424d{\nwidth:22.75%;\nmargin-left:0;\n}\n#top .flex_column_table.av-equal-height-column-flextable.av-873cbxn-1e2d193a531141206a53480f54ab424d .av-flex-placeholder{\nwidth:3%;\n}\n<\/style>\n<div  class='flex_column av-873cbxn-1e2d193a531141206a53480f54ab424d av_one_fourth  avia-builder-el-264  el_after_av_one_fourth  el_before_av_one_fourth  flex_column_table_cell av-equal-height-column av-align-top avia-link-column av-column-link avia-link-column-hover  column-top-margin'    data-link-column-url=\"https:\/\/www.fundacioncanal.com\/canaleduca\/recursos-didacticos\/consumo-de-agua-en-el-bano\/\"  data-link-column-target=\"_blank\"   ><a class=\"av-screen-reader-only\" href=https:\/\/www.fundacioncanal.com\/canaleduca\/recursos-didacticos\/consumo-de-agua-en-el-bano\/  target=\"_blank\" >Link to: Consumo de agua en el ba\u00f1o<\/a><p>\n<style type=\"text\/css\" data-created_by=\"avia_inline_auto\" id=\"style-css-av-rbkv7v-748f163ac56322dc86e4b8d08e743a1d\">\n.avia-image-container.av-rbkv7v-748f163ac56322dc86e4b8d08e743a1d img.avia_image{\nbox-shadow:none;\n}\n.avia-image-container.av-rbkv7v-748f163ac56322dc86e4b8d08e743a1d .av-image-caption-overlay-center{\ncolor:#ffffff;\n}\n<\/style>\n<div  class='avia-image-container av-rbkv7v-748f163ac56322dc86e4b8d08e743a1d av-styling- avia-align-center  avia-builder-el-265  el_before_av_textblock  avia-builder-el-first '   itemprop=\"image\" itemscope=\"itemscope\" itemtype=\"https:\/\/schema.org\/ImageObject\" ><div class=\"avia-image-container-inner\"><div class=\"avia-image-overlay-wrap\"><img decoding=\"async\" fetchpriority=\"high\" class='wp-image-33618 avia-img-lazy-loading-not-33618 avia_image ' src=\"https:\/\/www.fundacioncanal.com\/canaleduca\/wp-content\/uploads\/2024\/01\/av44-45-46.jpg\" alt='av44 45 46' title='av44 45 46'  height=\"998\" width=\"1774\"  itemprop=\"thumbnailUrl\" srcset=\"https:\/\/www.fundacioncanal.com\/canaleduca\/wp-content\/uploads\/2024\/01\/av44-45-46.jpg 1774w, https:\/\/www.fundacioncanal.com\/canaleduca\/wp-content\/uploads\/2024\/01\/av44-45-46-300x169.jpg 300w, https:\/\/www.fundacioncanal.com\/canaleduca\/wp-content\/uploads\/2024\/01\/av44-45-46-1030x579.jpg 1030w, https:\/\/www.fundacioncanal.com\/canaleduca\/wp-content\/uploads\/2024\/01\/av44-45-46-768x432.jpg 768w, https:\/\/www.fundacioncanal.com\/canaleduca\/wp-content\/uploads\/2024\/01\/av44-45-46-1536x864.jpg 1536w, https:\/\/www.fundacioncanal.com\/canaleduca\/wp-content\/uploads\/2024\/01\/av44-45-46-1500x844.jpg 1500w, https:\/\/www.fundacioncanal.com\/canaleduca\/wp-content\/uploads\/2024\/01\/av44-45-46-705x397.jpg 705w\" sizes=\"(max-width: 1774px) 100vw, 1774px\" \/><\/div><\/div><\/div><br \/>\n\n<style type=\"text\/css\" data-created_by=\"avia_inline_auto\" id=\"style-css-av-79dqcff-67c6c609c01cdd9b776fab8b9949c395\">\n#top .av_textblock_section.av-79dqcff-67c6c609c01cdd9b776fab8b9949c395 .avia_textblock{\nfont-size:12px;\ncolor:#ffffff;\n}\n<\/style>\n<section  class='av_textblock_section av-79dqcff-67c6c609c01cdd9b776fab8b9949c395 '   itemscope=\"itemscope\" itemtype=\"https:\/\/schema.org\/CreativeWork\" ><div class='avia_textblock video-corto av_inherit_color'  itemprop=\"text\" ><p>V\u00eddeo corto<\/p>\n<\/div><\/section><br \/>\n\n<style type=\"text\/css\" data-created_by=\"avia_inline_auto\" id=\"style-css-av-lu9cko60-d4386e7d2733c0736411fe74f06fafbf\">\n#top .av-special-heading.av-lu9cko60-d4386e7d2733c0736411fe74f06fafbf{\npadding-bottom:0;\ncolor:#0092d0;\nfont-size:18px;\n}\nbody .av-special-heading.av-lu9cko60-d4386e7d2733c0736411fe74f06fafbf .av-special-heading-tag .heading-char{\nfont-size:25px;\n}\n#top #wrap_all .av-special-heading.av-lu9cko60-d4386e7d2733c0736411fe74f06fafbf .av-special-heading-tag{\nfont-size:18px;\n}\n.av-special-heading.av-lu9cko60-d4386e7d2733c0736411fe74f06fafbf .special-heading-inner-border{\nborder-color:#0092d0;\n}\n.av-special-heading.av-lu9cko60-d4386e7d2733c0736411fe74f06fafbf .av-subheading{\nfont-size:15px;\n}\n\n@media only screen and (min-width: 480px) and (max-width: 767px){ \n#top #wrap_all .av-special-heading.av-lu9cko60-d4386e7d2733c0736411fe74f06fafbf .av-special-heading-tag{\nfont-size:0.8em;\n}\n}\n\n@media only screen and (max-width: 479px){ \n#top #wrap_all .av-special-heading.av-lu9cko60-d4386e7d2733c0736411fe74f06fafbf .av-special-heading-tag{\nfont-size:0.8em;\n}\n}\n<\/style>\n<div  id=\"sinmargen\"  class='av-special-heading av-lu9cko60-d4386e7d2733c0736411fe74f06fafbf av-special-heading-h4 custom-color-heading blockquote modern-quote  avia-builder-el-267  el_after_av_textblock  avia-builder-el-last  av-inherit-size'><h4 class='av-special-heading-tag '  itemprop=\"headline\"  >Consumo de agua en el ba\u00f1o<\/h4><div class='av_custom_color av-subheading av-subheading_below'><p>A partir de: <strong>Segundo ciclo de Primaria<\/strong><\/p>\n<\/div><div class=\"special-heading-border\"><div class=\"special-heading-inner-border\"><\/div><\/div><\/div><\/p><\/div><div class='av-flex-placeholder'><\/div>\n<style type=\"text\/css\" data-created_by=\"avia_inline_auto\" id=\"style-css-av-6jrsm6j-6ba0b057c79e8577f919b993dedb90eb\">\n.flex_column.av-6jrsm6j-6ba0b057c79e8577f919b993dedb90eb{\nwidth:22.75%;\nmargin-left:0;\n}\n#top .flex_column_table.av-equal-height-column-flextable.av-6jrsm6j-6ba0b057c79e8577f919b993dedb90eb .av-flex-placeholder{\nwidth:3%;\n}\n<\/style>\n<div  class='flex_column av-6jrsm6j-6ba0b057c79e8577f919b993dedb90eb av_one_fourth  avia-builder-el-268  el_after_av_one_fourth  el_before_av_one_fourth  flex_column_table_cell av-equal-height-column av-align-top avia-link-column av-column-link avia-link-column-hover  column-top-margin'    data-link-column-url=\"https:\/\/www.fundacioncanal.com\/canaleduca\/recursos-didacticos\/islas-de-plasticos\/\"  data-link-column-target=\"_blank\"   ><a class=\"av-screen-reader-only\" href=https:\/\/www.fundacioncanal.com\/canaleduca\/recursos-didacticos\/islas-de-plasticos\/  target=\"_blank\" >Link to: Islas de pl\u00e1sticos<\/a><p>\n<style type=\"text\/css\" data-created_by=\"avia_inline_auto\" id=\"style-css-av-6680697-d82fe51e9353c72671fc20c197b04923\">\n.avia-image-container.av-6680697-d82fe51e9353c72671fc20c197b04923 img.avia_image{\nbox-shadow:none;\n}\n.avia-image-container.av-6680697-d82fe51e9353c72671fc20c197b04923 .av-image-caption-overlay-center{\ncolor:#ffffff;\n}\n<\/style>\n<div  class='avia-image-container av-6680697-d82fe51e9353c72671fc20c197b04923 av-styling- avia-align-center  avia-builder-el-269  el_before_av_textblock  avia-builder-el-first '   itemprop=\"image\" itemscope=\"itemscope\" itemtype=\"https:\/\/schema.org\/ImageObject\" ><div class=\"avia-image-container-inner\"><div class=\"avia-image-overlay-wrap\"><img decoding=\"async\" fetchpriority=\"high\" class='wp-image-33621 avia-img-lazy-loading-not-33621 avia_image ' src=\"https:\/\/www.fundacioncanal.com\/canaleduca\/wp-content\/uploads\/2024\/01\/av79.jpg\" alt='av79' title='av79'  height=\"998\" width=\"1774\"  itemprop=\"thumbnailUrl\" srcset=\"https:\/\/www.fundacioncanal.com\/canaleduca\/wp-content\/uploads\/2024\/01\/av79.jpg 1774w, https:\/\/www.fundacioncanal.com\/canaleduca\/wp-content\/uploads\/2024\/01\/av79-300x169.jpg 300w, https:\/\/www.fundacioncanal.com\/canaleduca\/wp-content\/uploads\/2024\/01\/av79-1030x579.jpg 1030w, https:\/\/www.fundacioncanal.com\/canaleduca\/wp-content\/uploads\/2024\/01\/av79-768x432.jpg 768w, https:\/\/www.fundacioncanal.com\/canaleduca\/wp-content\/uploads\/2024\/01\/av79-1536x864.jpg 1536w, https:\/\/www.fundacioncanal.com\/canaleduca\/wp-content\/uploads\/2024\/01\/av79-1500x844.jpg 1500w, https:\/\/www.fundacioncanal.com\/canaleduca\/wp-content\/uploads\/2024\/01\/av79-705x397.jpg 705w\" sizes=\"(max-width: 1774px) 100vw, 1774px\" \/><\/div><\/div><\/div><br \/>\n\n<style type=\"text\/css\" data-created_by=\"avia_inline_auto\" id=\"style-css-av-5ulzqff-9bf728ae316fe10a0f95fe1c69be6ae2\">\n#top .av_textblock_section.av-5ulzqff-9bf728ae316fe10a0f95fe1c69be6ae2 .avia_textblock{\nfont-size:12px;\ncolor:#ffffff;\n}\n<\/style>\n<section  class='av_textblock_section av-5ulzqff-9bf728ae316fe10a0f95fe1c69be6ae2 '   itemscope=\"itemscope\" itemtype=\"https:\/\/schema.org\/CreativeWork\" ><div class='avia_textblock video-corto av_inherit_color'  itemprop=\"text\" ><p>V\u00eddeo corto<\/p>\n<\/div><\/section><br \/>\n\n<style type=\"text\/css\" data-created_by=\"avia_inline_auto\" id=\"style-css-av-5frn6zv-aacf5f8468a6fbb4943cf19323ee4ea0\">\n#top .av-special-heading.av-5frn6zv-aacf5f8468a6fbb4943cf19323ee4ea0{\npadding-bottom:0;\ncolor:#0092d0;\nfont-size:18px;\n}\nbody .av-special-heading.av-5frn6zv-aacf5f8468a6fbb4943cf19323ee4ea0 .av-special-heading-tag .heading-char{\nfont-size:25px;\n}\n#top #wrap_all .av-special-heading.av-5frn6zv-aacf5f8468a6fbb4943cf19323ee4ea0 .av-special-heading-tag{\nfont-size:18px;\n}\n.av-special-heading.av-5frn6zv-aacf5f8468a6fbb4943cf19323ee4ea0 .special-heading-inner-border{\nborder-color:#0092d0;\n}\n.av-special-heading.av-5frn6zv-aacf5f8468a6fbb4943cf19323ee4ea0 .av-subheading{\nfont-size:15px;\n}\n\n@media only screen and (min-width: 480px) and (max-width: 767px){ \n#top #wrap_all .av-special-heading.av-5frn6zv-aacf5f8468a6fbb4943cf19323ee4ea0 .av-special-heading-tag{\nfont-size:0.8em;\n}\n}\n\n@media only screen and (max-width: 479px){ \n#top #wrap_all .av-special-heading.av-5frn6zv-aacf5f8468a6fbb4943cf19323ee4ea0 .av-special-heading-tag{\nfont-size:0.8em;\n}\n}\n<\/style>\n<div  id=\"sinmargen\"  class='av-special-heading av-5frn6zv-aacf5f8468a6fbb4943cf19323ee4ea0 av-special-heading-h4 custom-color-heading blockquote modern-quote  avia-builder-el-271  el_after_av_textblock  avia-builder-el-last  av-inherit-size'><h4 class='av-special-heading-tag '  itemprop=\"headline\"  >Islas de pl\u00e1sticos<\/h4><div class='av_custom_color av-subheading av-subheading_below'><p><strong>Todas las etapas<\/strong><\/p>\n<\/div><div class=\"special-heading-border\"><div class=\"special-heading-inner-border\"><\/div><\/div><\/div><\/p><\/div><\/div><!--close column table wrapper. Autoclose: 1 --><div class='flex_column_table av-3wyko8b-17554543b6c1bc232f0b9cb16e78c764 sc-av_one_fourth av-equal-height-column-flextable'>\n<style type=\"text\/css\" data-created_by=\"avia_inline_auto\" id=\"style-css-av-3wyko8b-17554543b6c1bc232f0b9cb16e78c764\">\n.flex_column.av-3wyko8b-17554543b6c1bc232f0b9cb16e78c764{\nwidth:22.75%;\nmargin-left:0;\n}\n#top .flex_column_table.av-equal-height-column-flextable.av-3wyko8b-17554543b6c1bc232f0b9cb16e78c764 .av-flex-placeholder{\nwidth:3%;\n}\n<\/style>\n<div  class='flex_column av-3wyko8b-17554543b6c1bc232f0b9cb16e78c764 av_one_fourth  avia-builder-el-272  el_after_av_one_fourth  el_before_av_one_fourth  first flex_column_table_cell av-equal-height-column av-align-top avia-link-column av-column-link avia-link-column-hover  column-top-margin'    data-link-column-url=\"https:\/\/www.fundacioncanal.com\/canaleduca\/recursos-didacticos\/como-adaptarse-al-cambio-climatico\/\"  data-link-column-target=\"_blank\"   ><a class=\"av-screen-reader-only\" href=https:\/\/www.fundacioncanal.com\/canaleduca\/recursos-didacticos\/como-adaptarse-al-cambio-climatico\/  target=\"_blank\" >Link to: \u00bfC\u00f3mo adaptarse al cambio clim\u00e1tico?<\/a><p>\n<style type=\"text\/css\" data-created_by=\"avia_inline_auto\" id=\"style-css-av-3dxh6ff-6b75b5c1823d5c9804301ff72e0353ca\">\n.avia-image-container.av-3dxh6ff-6b75b5c1823d5c9804301ff72e0353ca img.avia_image{\nbox-shadow:none;\n}\n.avia-image-container.av-3dxh6ff-6b75b5c1823d5c9804301ff72e0353ca .av-image-caption-overlay-center{\ncolor:#ffffff;\n}\n<\/style>\n<div  class='avia-image-container av-3dxh6ff-6b75b5c1823d5c9804301ff72e0353ca av-styling- avia-align-center  avia-builder-el-273  el_before_av_textblock  avia-builder-el-first '   itemprop=\"image\" itemscope=\"itemscope\" itemtype=\"https:\/\/schema.org\/ImageObject\" ><div class=\"avia-image-container-inner\"><div class=\"avia-image-overlay-wrap\"><img decoding=\"async\" fetchpriority=\"high\" class='wp-image-35837 avia-img-lazy-loading-not-35837 avia_image ' src=\"https:\/\/www.fundacioncanal.com\/canaleduca\/wp-content\/uploads\/2024\/03\/av13-adela.jpg\" alt='av13 adela' title='av13 adela'  height=\"998\" width=\"1774\"  itemprop=\"thumbnailUrl\" srcset=\"https:\/\/www.fundacioncanal.com\/canaleduca\/wp-content\/uploads\/2024\/03\/av13-adela.jpg 1774w, https:\/\/www.fundacioncanal.com\/canaleduca\/wp-content\/uploads\/2024\/03\/av13-adela-300x169.jpg 300w, https:\/\/www.fundacioncanal.com\/canaleduca\/wp-content\/uploads\/2024\/03\/av13-adela-1030x579.jpg 1030w, https:\/\/www.fundacioncanal.com\/canaleduca\/wp-content\/uploads\/2024\/03\/av13-adela-768x432.jpg 768w, https:\/\/www.fundacioncanal.com\/canaleduca\/wp-content\/uploads\/2024\/03\/av13-adela-1536x864.jpg 1536w, https:\/\/www.fundacioncanal.com\/canaleduca\/wp-content\/uploads\/2024\/03\/av13-adela-1500x844.jpg 1500w, https:\/\/www.fundacioncanal.com\/canaleduca\/wp-content\/uploads\/2024\/03\/av13-adela-705x397.jpg 705w\" sizes=\"(max-width: 1774px) 100vw, 1774px\" \/><\/div><\/div><\/div><br \/>\n\n<style type=\"text\/css\" data-created_by=\"avia_inline_auto\" id=\"style-css-av-2vpjx9n-6c302f5b69cce4ddae041b7ac56355c3\">\n#top .av_textblock_section.av-2vpjx9n-6c302f5b69cce4ddae041b7ac56355c3 .avia_textblock{\nfont-size:12px;\ncolor:#ffffff;\n}\n<\/style>\n<section  class='av_textblock_section av-2vpjx9n-6c302f5b69cce4ddae041b7ac56355c3 '   itemscope=\"itemscope\" itemtype=\"https:\/\/schema.org\/CreativeWork\" ><div class='avia_textblock video-blog av_inherit_color'  itemprop=\"text\" ><p>Videoblog<\/p>\n<\/div><\/section><br \/>\n\n<style type=\"text\/css\" data-created_by=\"avia_inline_auto\" id=\"style-css-av-2hy0uh7-94ce0a9999805a7922e1fba76e564707\">\n#top .av-special-heading.av-2hy0uh7-94ce0a9999805a7922e1fba76e564707{\npadding-bottom:0;\ncolor:#0092d0;\nfont-size:18px;\n}\nbody .av-special-heading.av-2hy0uh7-94ce0a9999805a7922e1fba76e564707 .av-special-heading-tag .heading-char{\nfont-size:25px;\n}\n#top #wrap_all .av-special-heading.av-2hy0uh7-94ce0a9999805a7922e1fba76e564707 .av-special-heading-tag{\nfont-size:18px;\n}\n.av-special-heading.av-2hy0uh7-94ce0a9999805a7922e1fba76e564707 .special-heading-inner-border{\nborder-color:#0092d0;\n}\n.av-special-heading.av-2hy0uh7-94ce0a9999805a7922e1fba76e564707 .av-subheading{\nfont-size:15px;\n}\n\n@media only screen and (min-width: 480px) and (max-width: 767px){ \n#top #wrap_all .av-special-heading.av-2hy0uh7-94ce0a9999805a7922e1fba76e564707 .av-special-heading-tag{\nfont-size:0.8em;\n}\n}\n\n@media only screen and (max-width: 479px){ \n#top #wrap_all .av-special-heading.av-2hy0uh7-94ce0a9999805a7922e1fba76e564707 .av-special-heading-tag{\nfont-size:0.8em;\n}\n}\n<\/style>\n<div  id=\"sinmargen\"  class='av-special-heading av-2hy0uh7-94ce0a9999805a7922e1fba76e564707 av-special-heading-h4 custom-color-heading blockquote modern-quote  avia-builder-el-275  el_after_av_textblock  avia-builder-el-last  av-inherit-size'><h4 class='av-special-heading-tag '  itemprop=\"headline\"  >\u00bfC\u00f3mo adaptarse al cambio clim\u00e1tico?<\/h4><div class='av_custom_color av-subheading av-subheading_below'><p>A partir de: <strong>Tercer ciclo de Primaria<\/strong><\/p>\n<\/div><div class=\"special-heading-border\"><div class=\"special-heading-inner-border\"><\/div><\/div><\/div><\/p><\/div><div class='av-flex-placeholder'><\/div>\n<style type=\"text\/css\" data-created_by=\"avia_inline_auto\" id=\"style-css-av-51h8obv-b8d52b32c979ad6137746b1ce5f81a29\">\n.flex_column.av-51h8obv-b8d52b32c979ad6137746b1ce5f81a29{\nwidth:22.75%;\nmargin-left:0;\n}\n#top .flex_column_table.av-equal-height-column-flextable.av-51h8obv-b8d52b32c979ad6137746b1ce5f81a29 .av-flex-placeholder{\nwidth:3%;\n}\n<\/style>\n<div  class='flex_column av-51h8obv-b8d52b32c979ad6137746b1ce5f81a29 av_one_fourth  avia-builder-el-276  el_after_av_one_fourth  el_before_av_one_fourth  flex_column_table_cell av-equal-height-column av-align-top avia-link-column av-column-link avia-link-column-hover  column-top-margin'    data-link-column-url=\"https:\/\/www.fundacioncanal.com\/canaleduca\/recursos-didacticos\/el-agua-esta-en-el-centro-de-la-adaptacion-al-cambio-climatico\/\"  data-link-column-target=\"_blank\"   ><a class=\"av-screen-reader-only\" href=https:\/\/www.fundacioncanal.com\/canaleduca\/recursos-didacticos\/el-agua-esta-en-el-centro-de-la-adaptacion-al-cambio-climatico\/  target=\"_blank\" >Link to: El agua est\u00e1 en el centro de la adaptaci\u00f3n al cambio clim\u00e1tico<\/a><p>\n<style type=\"text\/css\" data-created_by=\"avia_inline_auto\" id=\"style-css-av-49t6h9n-c5e9143d281b22e9848e5257cc023efb\">\n.avia-image-container.av-49t6h9n-c5e9143d281b22e9848e5257cc023efb img.avia_image{\nbox-shadow:none;\n}\n.avia-image-container.av-49t6h9n-c5e9143d281b22e9848e5257cc023efb .av-image-caption-overlay-center{\ncolor:#ffffff;\n}\n<\/style>\n<div  class='avia-image-container av-49t6h9n-c5e9143d281b22e9848e5257cc023efb av-styling- avia-align-center  avia-builder-el-277  el_before_av_textblock  avia-builder-el-first '   itemprop=\"image\" itemscope=\"itemscope\" itemtype=\"https:\/\/schema.org\/ImageObject\" ><div class=\"avia-image-container-inner\"><div class=\"avia-image-overlay-wrap\"><img decoding=\"async\" fetchpriority=\"high\" class='wp-image-35788 avia-img-lazy-loading-not-35788 avia_image ' src=\"https:\/\/www.fundacioncanal.com\/canaleduca\/wp-content\/uploads\/2024\/03\/av09-adela.jpg\" alt='av09 adela' title='av09 adela'  height=\"998\" width=\"1774\"  itemprop=\"thumbnailUrl\" srcset=\"https:\/\/www.fundacioncanal.com\/canaleduca\/wp-content\/uploads\/2024\/03\/av09-adela.jpg 1774w, https:\/\/www.fundacioncanal.com\/canaleduca\/wp-content\/uploads\/2024\/03\/av09-adela-300x169.jpg 300w, https:\/\/www.fundacioncanal.com\/canaleduca\/wp-content\/uploads\/2024\/03\/av09-adela-1030x579.jpg 1030w, https:\/\/www.fundacioncanal.com\/canaleduca\/wp-content\/uploads\/2024\/03\/av09-adela-768x432.jpg 768w, https:\/\/www.fundacioncanal.com\/canaleduca\/wp-content\/uploads\/2024\/03\/av09-adela-1536x864.jpg 1536w, https:\/\/www.fundacioncanal.com\/canaleduca\/wp-content\/uploads\/2024\/03\/av09-adela-1500x844.jpg 1500w, https:\/\/www.fundacioncanal.com\/canaleduca\/wp-content\/uploads\/2024\/03\/av09-adela-705x397.jpg 705w\" sizes=\"(max-width: 1774px) 100vw, 1774px\" \/><\/div><\/div><\/div><br \/>\n\n<style type=\"text\/css\" data-created_by=\"avia_inline_auto\" id=\"style-css-av-43c39xn-0b34e196937798ca3063119fb3bf3d80\">\n#top .av_textblock_section.av-43c39xn-0b34e196937798ca3063119fb3bf3d80 .avia_textblock{\nfont-size:12px;\ncolor:#ffffff;\n}\n<\/style>\n<section  class='av_textblock_section av-43c39xn-0b34e196937798ca3063119fb3bf3d80 '   itemscope=\"itemscope\" itemtype=\"https:\/\/schema.org\/CreativeWork\" ><div class='avia_textblock video-blog av_inherit_color'  itemprop=\"text\" ><p>Videoblog<\/p>\n<\/div><\/section><br \/>\n\n<style type=\"text\/css\" data-created_by=\"avia_inline_auto\" id=\"style-css-av-3d6qtd7-192cb6f91ddc55ce5e74cd6bb466d615\">\n#top .av-special-heading.av-3d6qtd7-192cb6f91ddc55ce5e74cd6bb466d615{\npadding-bottom:0;\ncolor:#0092d0;\nfont-size:18px;\n}\nbody .av-special-heading.av-3d6qtd7-192cb6f91ddc55ce5e74cd6bb466d615 .av-special-heading-tag .heading-char{\nfont-size:25px;\n}\n#top #wrap_all .av-special-heading.av-3d6qtd7-192cb6f91ddc55ce5e74cd6bb466d615 .av-special-heading-tag{\nfont-size:18px;\n}\n.av-special-heading.av-3d6qtd7-192cb6f91ddc55ce5e74cd6bb466d615 .special-heading-inner-border{\nborder-color:#0092d0;\n}\n.av-special-heading.av-3d6qtd7-192cb6f91ddc55ce5e74cd6bb466d615 .av-subheading{\nfont-size:15px;\n}\n\n@media only screen and (min-width: 480px) and (max-width: 767px){ \n#top #wrap_all .av-special-heading.av-3d6qtd7-192cb6f91ddc55ce5e74cd6bb466d615 .av-special-heading-tag{\nfont-size:0.8em;\n}\n}\n\n@media only screen and (max-width: 479px){ \n#top #wrap_all .av-special-heading.av-3d6qtd7-192cb6f91ddc55ce5e74cd6bb466d615 .av-special-heading-tag{\nfont-size:0.8em;\n}\n}\n<\/style>\n<div  id=\"sinmargen\"  class='av-special-heading av-3d6qtd7-192cb6f91ddc55ce5e74cd6bb466d615 av-special-heading-h4 custom-color-heading blockquote modern-quote  avia-builder-el-279  el_after_av_textblock  avia-builder-el-last  av-inherit-size'><h4 class='av-special-heading-tag '  itemprop=\"headline\"  >El agua est\u00e1 en el centro de la adaptaci\u00f3n al cambio clim\u00e1tico<\/h4><div class='av_custom_color av-subheading av-subheading_below'><p>A partir de: <strong>Tercer ciclo de Primaria<\/strong><\/p>\n<\/div><div class=\"special-heading-border\"><div class=\"special-heading-inner-border\"><\/div><\/div><\/div><\/p><\/div><div class='av-flex-placeholder'><\/div>\n<style type=\"text\/css\" data-created_by=\"avia_inline_auto\" id=\"style-css-av-30c9anf-18425ad6678cf7431e7d074ba5fdf2ea\">\n.flex_column.av-30c9anf-18425ad6678cf7431e7d074ba5fdf2ea{\nwidth:22.75%;\nmargin-left:0;\n}\n#top .flex_column_table.av-equal-height-column-flextable.av-30c9anf-18425ad6678cf7431e7d074ba5fdf2ea .av-flex-placeholder{\nwidth:3%;\n}\n<\/style>\n<div  class='flex_column av-30c9anf-18425ad6678cf7431e7d074ba5fdf2ea av_one_fourth  avia-builder-el-280  el_after_av_one_fourth  el_before_av_one_fourth  flex_column_table_cell av-equal-height-column av-align-top avia-link-column av-column-link avia-link-column-hover  column-top-margin'    data-link-column-url=\"https:\/\/www.fundacioncanal.com\/canaleduca\/recursos-didacticos\/limpiar-los-rios-para-proteger-los-oceanos\/\"  data-link-column-target=\"_blank\"   ><a class=\"av-screen-reader-only\" href=https:\/\/www.fundacioncanal.com\/canaleduca\/recursos-didacticos\/limpiar-los-rios-para-proteger-los-oceanos\/  target=\"_blank\" >Link to: Limpiar los r\u00edos para proteger los oc\u00e9anos<\/a><p>\n<style type=\"text\/css\" data-created_by=\"avia_inline_auto\" id=\"style-css-av-lu9d4odx-a5c5a78bb77adc4b2ad4ea18f8036433\">\n.avia-image-container.av-lu9d4odx-a5c5a78bb77adc4b2ad4ea18f8036433 img.avia_image{\nbox-shadow:none;\n}\n.avia-image-container.av-lu9d4odx-a5c5a78bb77adc4b2ad4ea18f8036433 .av-image-caption-overlay-center{\ncolor:#ffffff;\n}\n<\/style>\n<div  class='avia-image-container av-lu9d4odx-a5c5a78bb77adc4b2ad4ea18f8036433 av-styling- avia-align-center  avia-builder-el-281  el_before_av_textblock  avia-builder-el-first '   itemprop=\"image\" itemscope=\"itemscope\" itemtype=\"https:\/\/schema.org\/ImageObject\" ><div class=\"avia-image-container-inner\"><div class=\"avia-image-overlay-wrap\"><img decoding=\"async\" fetchpriority=\"high\" class='wp-image-36085 avia-img-lazy-loading-not-36085 avia_image ' src=\"https:\/\/www.fundacioncanal.com\/canaleduca\/wp-content\/uploads\/2024\/03\/limpiar-los-rios-para-proteger-los-oceanos.jpg\" alt='limpiar los rios para proteger los oceanos' title='limpiar los rios para proteger los oceanos'  height=\"998\" width=\"1774\"  itemprop=\"thumbnailUrl\" srcset=\"https:\/\/www.fundacioncanal.com\/canaleduca\/wp-content\/uploads\/2024\/03\/limpiar-los-rios-para-proteger-los-oceanos.jpg 1774w, https:\/\/www.fundacioncanal.com\/canaleduca\/wp-content\/uploads\/2024\/03\/limpiar-los-rios-para-proteger-los-oceanos-300x169.jpg 300w, https:\/\/www.fundacioncanal.com\/canaleduca\/wp-content\/uploads\/2024\/03\/limpiar-los-rios-para-proteger-los-oceanos-1030x579.jpg 1030w, https:\/\/www.fundacioncanal.com\/canaleduca\/wp-content\/uploads\/2024\/03\/limpiar-los-rios-para-proteger-los-oceanos-768x432.jpg 768w, https:\/\/www.fundacioncanal.com\/canaleduca\/wp-content\/uploads\/2024\/03\/limpiar-los-rios-para-proteger-los-oceanos-1536x864.jpg 1536w, https:\/\/www.fundacioncanal.com\/canaleduca\/wp-content\/uploads\/2024\/03\/limpiar-los-rios-para-proteger-los-oceanos-1500x844.jpg 1500w, https:\/\/www.fundacioncanal.com\/canaleduca\/wp-content\/uploads\/2024\/03\/limpiar-los-rios-para-proteger-los-oceanos-705x397.jpg 705w\" sizes=\"(max-width: 1774px) 100vw, 1774px\" \/><\/div><\/div><\/div><br \/>\n\n<style type=\"text\/css\" data-created_by=\"avia_inline_auto\" id=\"style-css-av-2o087or-d8aba6910462cd3acbd454aeed517f63\">\n#top .av_textblock_section.av-2o087or-d8aba6910462cd3acbd454aeed517f63 .avia_textblock{\nfont-size:12px;\ncolor:#ffffff;\n}\n<\/style>\n<section  class='av_textblock_section av-2o087or-d8aba6910462cd3acbd454aeed517f63 '   itemscope=\"itemscope\" itemtype=\"https:\/\/schema.org\/CreativeWork\" ><div class='avia_textblock video-blog av_inherit_color'  itemprop=\"text\" ><p>Videoblog<\/p>\n<\/div><\/section><br \/>\n\n<style type=\"text\/css\" data-created_by=\"avia_inline_auto\" id=\"style-css-av-lu9d3xxr-b2f31b90ca2a104322ab062d5397b633\">\n#top .av-special-heading.av-lu9d3xxr-b2f31b90ca2a104322ab062d5397b633{\npadding-bottom:0;\ncolor:#0092d0;\nfont-size:18px;\n}\nbody .av-special-heading.av-lu9d3xxr-b2f31b90ca2a104322ab062d5397b633 .av-special-heading-tag .heading-char{\nfont-size:25px;\n}\n#top #wrap_all .av-special-heading.av-lu9d3xxr-b2f31b90ca2a104322ab062d5397b633 .av-special-heading-tag{\nfont-size:18px;\n}\n.av-special-heading.av-lu9d3xxr-b2f31b90ca2a104322ab062d5397b633 .special-heading-inner-border{\nborder-color:#0092d0;\n}\n.av-special-heading.av-lu9d3xxr-b2f31b90ca2a104322ab062d5397b633 .av-subheading{\nfont-size:15px;\n}\n\n@media only screen and (min-width: 480px) and (max-width: 767px){ \n#top #wrap_all .av-special-heading.av-lu9d3xxr-b2f31b90ca2a104322ab062d5397b633 .av-special-heading-tag{\nfont-size:0.8em;\n}\n}\n\n@media only screen and (max-width: 479px){ \n#top #wrap_all .av-special-heading.av-lu9d3xxr-b2f31b90ca2a104322ab062d5397b633 .av-special-heading-tag{\nfont-size:0.8em;\n}\n}\n<\/style>\n<div  id=\"sinmargen\"  class='av-special-heading av-lu9d3xxr-b2f31b90ca2a104322ab062d5397b633 av-special-heading-h4 custom-color-heading blockquote modern-quote  avia-builder-el-283  el_after_av_textblock  avia-builder-el-last  av-inherit-size'><h4 class='av-special-heading-tag '  itemprop=\"headline\"  >Limpiar los r\u00edos para proteger los oc\u00e9anos<\/h4><div class='av_custom_color av-subheading av-subheading_below'><p>A partir de: <strong>Tercer ciclo de Primaria<\/strong><\/p>\n<\/div><div class=\"special-heading-border\"><div class=\"special-heading-inner-border\"><\/div><\/div><\/div><\/p><\/div><div class='av-flex-placeholder'><\/div>\n<style type=\"text\/css\" data-created_by=\"avia_inline_auto\" id=\"style-css-av-15ys7e3-55fba0bf02d70b73b7faba44c1ac8473\">\n.flex_column.av-15ys7e3-55fba0bf02d70b73b7faba44c1ac8473{\nwidth:22.75%;\nmargin-left:0;\n}\n#top .flex_column_table.av-equal-height-column-flextable.av-15ys7e3-55fba0bf02d70b73b7faba44c1ac8473 .av-flex-placeholder{\nwidth:3%;\n}\n<\/style>\n<div  class='flex_column av-15ys7e3-55fba0bf02d70b73b7faba44c1ac8473 av_one_fourth  avia-builder-el-284  el_after_av_one_fourth  el_before_av_one_fourth  flex_column_table_cell av-equal-height-column av-align-top avia-link-column av-column-link avia-link-column-hover  column-top-margin'    data-link-column-url=\"https:\/\/www.fundacioncanal.com\/canaleduca\/recursos-didacticos\/agua-responsable-2\/\"  data-link-column-target=\"_blank\"   ><a class=\"av-screen-reader-only\" href=https:\/\/www.fundacioncanal.com\/canaleduca\/recursos-didacticos\/agua-responsable-2\/  target=\"_blank\" >Link to: Agua responsable<\/a><p>\n<style type=\"text\/css\" data-created_by=\"avia_inline_auto\" id=\"style-css-av-lzbem00t-fbe1bc0b69bec457faa1512d96e6a3df\">\n.avia-image-container.av-lzbem00t-fbe1bc0b69bec457faa1512d96e6a3df img.avia_image{\nbox-shadow:none;\n}\n.avia-image-container.av-lzbem00t-fbe1bc0b69bec457faa1512d96e6a3df .av-image-caption-overlay-center{\ncolor:#ffffff;\n}\n<\/style>\n<div  class='avia-image-container av-lzbem00t-fbe1bc0b69bec457faa1512d96e6a3df av-styling- avia-align-center  avia-builder-el-285  el_before_av_textblock  avia-builder-el-first '   itemprop=\"image\" itemscope=\"itemscope\" itemtype=\"https:\/\/schema.org\/ImageObject\" ><div class=\"avia-image-container-inner\"><div class=\"avia-image-overlay-wrap\"><img decoding=\"async\" fetchpriority=\"high\" class='wp-image-37191 avia-img-lazy-loading-not-37191 avia_image ' src=\"https:\/\/www.fundacioncanal.com\/canaleduca\/wp-content\/uploads\/2024\/08\/agua-responsable.png\" alt='agua responsable' title='agua responsable'  height=\"1090\" width=\"1930\"  itemprop=\"thumbnailUrl\" srcset=\"https:\/\/www.fundacioncanal.com\/canaleduca\/wp-content\/uploads\/2024\/08\/agua-responsable.png 1930w, https:\/\/www.fundacioncanal.com\/canaleduca\/wp-content\/uploads\/2024\/08\/agua-responsable-300x169.png 300w, https:\/\/www.fundacioncanal.com\/canaleduca\/wp-content\/uploads\/2024\/08\/agua-responsable-1030x582.png 1030w, https:\/\/www.fundacioncanal.com\/canaleduca\/wp-content\/uploads\/2024\/08\/agua-responsable-768x434.png 768w, https:\/\/www.fundacioncanal.com\/canaleduca\/wp-content\/uploads\/2024\/08\/agua-responsable-1536x867.png 1536w, https:\/\/www.fundacioncanal.com\/canaleduca\/wp-content\/uploads\/2024\/08\/agua-responsable-1500x847.png 1500w, https:\/\/www.fundacioncanal.com\/canaleduca\/wp-content\/uploads\/2024\/08\/agua-responsable-705x398.png 705w\" sizes=\"(max-width: 1930px) 100vw, 1930px\" \/><\/div><\/div><\/div><br \/>\n\n<style type=\"text\/css\" data-created_by=\"avia_inline_auto\" id=\"style-css-av-k2kfm3-0593a37211cd51751878728d6b9fa5b0\">\n#top .av_textblock_section.av-k2kfm3-0593a37211cd51751878728d6b9fa5b0 .avia_textblock{\nfont-size:12px;\ncolor:#ffffff;\n}\n<\/style>\n<section  class='av_textblock_section av-k2kfm3-0593a37211cd51751878728d6b9fa5b0 '   itemscope=\"itemscope\" itemtype=\"https:\/\/schema.org\/CreativeWork\" ><div class='avia_textblock video-blog av_inherit_color'  itemprop=\"text\" ><p>Videoblog<\/p>\n<\/div><\/section><br \/>\n\n<style type=\"text\/css\" data-created_by=\"avia_inline_auto\" id=\"style-css-av-lzbejnkt-144ee252c4b726eac42fa2cf142fcbba\">\n#top .av-special-heading.av-lzbejnkt-144ee252c4b726eac42fa2cf142fcbba{\npadding-bottom:0;\ncolor:#0092d0;\nfont-size:18px;\n}\nbody .av-special-heading.av-lzbejnkt-144ee252c4b726eac42fa2cf142fcbba .av-special-heading-tag .heading-char{\nfont-size:25px;\n}\n#top #wrap_all .av-special-heading.av-lzbejnkt-144ee252c4b726eac42fa2cf142fcbba .av-special-heading-tag{\nfont-size:18px;\n}\n.av-special-heading.av-lzbejnkt-144ee252c4b726eac42fa2cf142fcbba .special-heading-inner-border{\nborder-color:#0092d0;\n}\n.av-special-heading.av-lzbejnkt-144ee252c4b726eac42fa2cf142fcbba .av-subheading{\nfont-size:15px;\n}\n\n@media only screen and (min-width: 480px) and (max-width: 767px){ \n#top #wrap_all .av-special-heading.av-lzbejnkt-144ee252c4b726eac42fa2cf142fcbba .av-special-heading-tag{\nfont-size:0.8em;\n}\n}\n\n@media only screen and (max-width: 479px){ \n#top #wrap_all .av-special-heading.av-lzbejnkt-144ee252c4b726eac42fa2cf142fcbba .av-special-heading-tag{\nfont-size:0.8em;\n}\n}\n<\/style>\n<div  id=\"sinmargen\"  class='av-special-heading av-lzbejnkt-144ee252c4b726eac42fa2cf142fcbba av-special-heading-h4 custom-color-heading blockquote modern-quote  avia-builder-el-287  el_after_av_textblock  avia-builder-el-last  av-inherit-size'><h4 class='av-special-heading-tag '  itemprop=\"headline\"  >Agua responsable<\/h4><div class='av_custom_color av-subheading av-subheading_below'><p>A partir de: <strong>Tercer ciclo de Primaria<\/strong><\/p>\n<\/div><div class=\"special-heading-border\"><div class=\"special-heading-inner-border\"><\/div><\/div><\/div><\/p><\/div><\/div><!--close column table wrapper. Autoclose: 1 --><div class='flex_column_table av-1wz5ckr-26beb139f76a1cfd6ea4b3288b0675d7 sc-av_one_fourth av-equal-height-column-flextable'>\n<style type=\"text\/css\" data-created_by=\"avia_inline_auto\" id=\"style-css-av-1wz5ckr-26beb139f76a1cfd6ea4b3288b0675d7\">\n.flex_column.av-1wz5ckr-26beb139f76a1cfd6ea4b3288b0675d7{\nwidth:22.75%;\nmargin-left:0;\n}\n#top .flex_column_table.av-equal-height-column-flextable.av-1wz5ckr-26beb139f76a1cfd6ea4b3288b0675d7 .av-flex-placeholder{\nwidth:3%;\n}\n<\/style>\n<div  class='flex_column av-1wz5ckr-26beb139f76a1cfd6ea4b3288b0675d7 av_one_fourth  avia-builder-el-288  el_after_av_one_fourth  el_before_av_one_fourth  first flex_column_table_cell av-equal-height-column av-align-top avia-link-column av-column-link avia-link-column-hover  column-top-margin'    data-link-column-url=\"https:\/\/www.fundacioncanal.com\/canaleduca\/recursos-didacticos\/del-artico-al-indico-en-solitario\/\"  data-link-column-target=\"_blank\"   ><a class=\"av-screen-reader-only\" href=https:\/\/www.fundacioncanal.com\/canaleduca\/recursos-didacticos\/del-artico-al-indico-en-solitario\/  target=\"_blank\" >Link to: Del \u00c1rtico al \u00cdndico en solitario<\/a><p>\n<style type=\"text\/css\" data-created_by=\"avia_inline_auto\" id=\"style-css-av-lu9d5pkl-2ab9fd5a6f1ffe4240cd8462e50298fc\">\n.avia-image-container.av-lu9d5pkl-2ab9fd5a6f1ffe4240cd8462e50298fc img.avia_image{\nbox-shadow:none;\n}\n.avia-image-container.av-lu9d5pkl-2ab9fd5a6f1ffe4240cd8462e50298fc .av-image-caption-overlay-center{\ncolor:#ffffff;\n}\n<\/style>\n<div  class='avia-image-container av-lu9d5pkl-2ab9fd5a6f1ffe4240cd8462e50298fc av-styling- avia-align-center  avia-builder-el-289  el_before_av_textblock  avia-builder-el-first '   itemprop=\"image\" itemscope=\"itemscope\" itemtype=\"https:\/\/schema.org\/ImageObject\" ><div class=\"avia-image-container-inner\"><div class=\"avia-image-overlay-wrap\"><img decoding=\"async\" fetchpriority=\"high\" class='wp-image-36083 avia-img-lazy-loading-not-36083 avia_image ' src=\"https:\/\/www.fundacioncanal.com\/canaleduca\/wp-content\/uploads\/2024\/03\/del-artico-al-indico-en-solitario.jpg\" alt='del artico al indico en solitario' title='del artico al indico en solitario'  height=\"998\" width=\"1774\"  itemprop=\"thumbnailUrl\" srcset=\"https:\/\/www.fundacioncanal.com\/canaleduca\/wp-content\/uploads\/2024\/03\/del-artico-al-indico-en-solitario.jpg 1774w, https:\/\/www.fundacioncanal.com\/canaleduca\/wp-content\/uploads\/2024\/03\/del-artico-al-indico-en-solitario-300x169.jpg 300w, https:\/\/www.fundacioncanal.com\/canaleduca\/wp-content\/uploads\/2024\/03\/del-artico-al-indico-en-solitario-1030x579.jpg 1030w, https:\/\/www.fundacioncanal.com\/canaleduca\/wp-content\/uploads\/2024\/03\/del-artico-al-indico-en-solitario-768x432.jpg 768w, https:\/\/www.fundacioncanal.com\/canaleduca\/wp-content\/uploads\/2024\/03\/del-artico-al-indico-en-solitario-1536x864.jpg 1536w, https:\/\/www.fundacioncanal.com\/canaleduca\/wp-content\/uploads\/2024\/03\/del-artico-al-indico-en-solitario-1500x844.jpg 1500w, https:\/\/www.fundacioncanal.com\/canaleduca\/wp-content\/uploads\/2024\/03\/del-artico-al-indico-en-solitario-705x397.jpg 705w\" sizes=\"(max-width: 1774px) 100vw, 1774px\" \/><\/div><\/div><\/div><br \/>\n\n<style type=\"text\/css\" data-created_by=\"avia_inline_auto\" id=\"style-css-av-1fuvkaz-8367aba0b95b4afb20612131d3e52339\">\n#top .av_textblock_section.av-1fuvkaz-8367aba0b95b4afb20612131d3e52339 .avia_textblock{\nfont-size:12px;\ncolor:#ffffff;\n}\n<\/style>\n<section  class='av_textblock_section av-1fuvkaz-8367aba0b95b4afb20612131d3e52339 '   itemscope=\"itemscope\" itemtype=\"https:\/\/schema.org\/CreativeWork\" ><div class='avia_textblock video-conferencia av_inherit_color'  itemprop=\"text\" ><p>V\u00eddeo conferencia<\/p>\n<\/div><\/section><br \/>\n\n<style type=\"text\/css\" data-created_by=\"avia_inline_auto\" id=\"style-css-av-lu9d575s-aeab07c4a736a2c84f1d89528c3fd0dc\">\n#top .av-special-heading.av-lu9d575s-aeab07c4a736a2c84f1d89528c3fd0dc{\npadding-bottom:0;\ncolor:#0092d0;\nfont-size:18px;\n}\nbody .av-special-heading.av-lu9d575s-aeab07c4a736a2c84f1d89528c3fd0dc .av-special-heading-tag .heading-char{\nfont-size:25px;\n}\n#top #wrap_all .av-special-heading.av-lu9d575s-aeab07c4a736a2c84f1d89528c3fd0dc .av-special-heading-tag{\nfont-size:18px;\n}\n.av-special-heading.av-lu9d575s-aeab07c4a736a2c84f1d89528c3fd0dc .special-heading-inner-border{\nborder-color:#0092d0;\n}\n.av-special-heading.av-lu9d575s-aeab07c4a736a2c84f1d89528c3fd0dc .av-subheading{\nfont-size:15px;\n}\n\n@media only screen and (min-width: 480px) and (max-width: 767px){ \n#top #wrap_all .av-special-heading.av-lu9d575s-aeab07c4a736a2c84f1d89528c3fd0dc .av-special-heading-tag{\nfont-size:0.8em;\n}\n}\n\n@media only screen and (max-width: 479px){ \n#top #wrap_all .av-special-heading.av-lu9d575s-aeab07c4a736a2c84f1d89528c3fd0dc .av-special-heading-tag{\nfont-size:0.8em;\n}\n}\n<\/style>\n<div  id=\"sinmargen\"  class='av-special-heading av-lu9d575s-aeab07c4a736a2c84f1d89528c3fd0dc av-special-heading-h4 custom-color-heading blockquote modern-quote  avia-builder-el-291  el_after_av_textblock  avia-builder-el-last  av-inherit-size'><h4 class='av-special-heading-tag '  itemprop=\"headline\"  >Del \u00c1rtico al \u00cdndico en solitario<\/h4><div class='av_custom_color av-subheading av-subheading_below'><p>A partir de: <strong>ESO<\/strong><\/p>\n<\/div><div class=\"special-heading-border\"><div class=\"special-heading-inner-border\"><\/div><\/div><\/div><\/p><\/div><div class='av-flex-placeholder'><\/div>\n<style type=\"text\/css\" data-created_by=\"avia_inline_auto\" id=\"style-css-av-1di5kx7-578977d10d9af3f23f8c003709563bf3\">\n.flex_column.av-1di5kx7-578977d10d9af3f23f8c003709563bf3{\nwidth:22.75%;\nmargin-left:0;\n}\n#top .flex_column_table.av-equal-height-column-flextable.av-1di5kx7-578977d10d9af3f23f8c003709563bf3 .av-flex-placeholder{\nwidth:3%;\n}\n<\/style>\n<div  class='flex_column av-1di5kx7-578977d10d9af3f23f8c003709563bf3 av_one_fourth  avia-builder-el-292  el_after_av_one_fourth  el_before_av_one_fourth  flex_column_table_cell av-equal-height-column av-align-top  column-top-margin'     ><\/div><div class='av-flex-placeholder'><\/div>\n<style type=\"text\/css\" data-created_by=\"avia_inline_auto\" id=\"style-css-av-ri4mvf-8332e79366bcd4f1b625fd46a60d393c\">\n.flex_column.av-ri4mvf-8332e79366bcd4f1b625fd46a60d393c{\nwidth:22.75%;\nmargin-left:0;\n}\n#top .flex_column_table.av-equal-height-column-flextable.av-ri4mvf-8332e79366bcd4f1b625fd46a60d393c .av-flex-placeholder{\nwidth:3%;\n}\n<\/style>\n<div  class='flex_column av-ri4mvf-8332e79366bcd4f1b625fd46a60d393c av_one_fourth  avia-builder-el-293  el_after_av_one_fourth  el_before_av_one_fourth  flex_column_table_cell av-equal-height-column av-align-top  column-top-margin'     ><\/div><div class='av-flex-placeholder'><\/div>\n<style type=\"text\/css\" data-created_by=\"avia_inline_auto\" id=\"style-css-av-q4w357-d7811b27554ae5162842514c3603260a\">\n.flex_column.av-q4w357-d7811b27554ae5162842514c3603260a{\nwidth:22.75%;\nmargin-left:0;\n}\n#top .flex_column_table.av-equal-height-column-flextable.av-q4w357-d7811b27554ae5162842514c3603260a .av-flex-placeholder{\nwidth:3%;\n}\n<\/style>\n<div  class='flex_column av-q4w357-d7811b27554ae5162842514c3603260a av_one_fourth  avia-builder-el-294  el_after_av_one_fourth  avia-builder-el-last  flex_column_table_cell av-equal-height-column av-align-top  column-top-margin'     ><\/div><\/div><!--close column table wrapper. Autoclose: 1 -->\n\n<\/div><\/div><\/div><!-- close content main div --><\/div><\/div>\n<style type=\"text\/css\" data-created_by=\"avia_inline_auto\" id=\"style-css-av-lu8xk8am-93006904f6032e77aa7cb99fe537fe88\">\n.avia-section.av-lu8xk8am-93006904f6032e77aa7cb99fe537fe88{\nbackground-color:#f9f9f9;\nbackground-image:unset;\n}\n<\/style>\n<div id='politicas-gestion'  class='avia-section av-lu8xk8am-93006904f6032e77aa7cb99fe537fe88 main_color avia-section-default avia-no-border-styling  avia-builder-el-295  el_after_av_section  el_before_av_section  avia-bg-style-scroll container_wrap fullsize'  ><div class='container av-section-cont-open' ><div class='template-page content  av-content-full alpha units'><div class='post-entry post-entry-type-page post-entry-36107'><div class='entry-content-wrapper clearfix'>\n<div  class='flex_column av-yznkff-642eef71acc50f2dc52e5ebd57e54325 av_four_fifth  avia-builder-el-296  el_before_av_one_fifth  avia-builder-el-first  first flex_column_div  '     ><style type=\"text\/css\" data-created_by=\"avia_inline_auto\" id=\"style-css-av-lu8xiqvb-11d294a84c7053e60f985b7178e53fc4\">\n#top .av-special-heading.av-lu8xiqvb-11d294a84c7053e60f985b7178e53fc4{\npadding-bottom:0;\ncolor:#b8912f;\n}\nbody .av-special-heading.av-lu8xiqvb-11d294a84c7053e60f985b7178e53fc4 .av-special-heading-tag .heading-char{\nfont-size:25px;\n}\n.av-special-heading.av-lu8xiqvb-11d294a84c7053e60f985b7178e53fc4 .special-heading-inner-border{\nborder-color:#b8912f;\n}\n.av-special-heading.av-lu8xiqvb-11d294a84c7053e60f985b7178e53fc4 .av-subheading{\nfont-size:15px;\n}\n<\/style>\n<div  class='av-special-heading av-lu8xiqvb-11d294a84c7053e60f985b7178e53fc4 av-special-heading-h2 custom-color-heading blockquote modern-quote  avia-builder-el-297  avia-builder-el-no-sibling  titulete'><h2 class='av-special-heading-tag '  itemprop=\"headline\"  >Pol\u00edticas y gesti\u00f3n del agua<\/h2><div class=\"special-heading-border\"><div class=\"special-heading-inner-border\"><\/div><\/div><\/div><\/div><div  class='flex_column av-qjjcmj-e0f2dd73a15906997583a84b0e4d45be av_one_fifth  avia-builder-el-298  el_after_av_four_fifth  el_before_av_one_fourth  flex_column_div  '     ><style type=\"text\/css\" data-created_by=\"avia_inline_auto\" id=\"style-css-av-lu8xl738-c186049bbcd02c459797a9cfba66de56\">\n.av_font_icon.av-lu8xl738-c186049bbcd02c459797a9cfba66de56{\ncolor:#b8912f;\nborder-color:#b8912f;\n}\n.avia-svg-icon.av-lu8xl738-c186049bbcd02c459797a9cfba66de56 svg:first-child{\nstroke:#b8912f;\nfill:#b8912f;\n}\n.av_font_icon.av-lu8xl738-c186049bbcd02c459797a9cfba66de56 .av-icon-char{\nfont-size:50px;\nline-height:50px;\n}\n<\/style>\n<span  class='av_font_icon av-lu8xl738-c186049bbcd02c459797a9cfba66de56 avia_animate_when_visible av-icon-style- avia-icon-pos-right avia-iconfont avia-font-iconos-agua-fontello avia-icon-animate'><span class='av-icon-char' data-av_icon='\ue806' data-av_iconfont='iconos-agua-fontello' aria-hidden=\"true\" ><\/span><\/span><\/div><div class='flex_column_table av-7ncrhfv-119b3a766335b8cd63e3b7f45f1ea812 sc-av_one_fourth av-equal-height-column-flextable'>\n<style type=\"text\/css\" data-created_by=\"avia_inline_auto\" id=\"style-css-av-7ncrhfv-119b3a766335b8cd63e3b7f45f1ea812\">\n.flex_column.av-7ncrhfv-119b3a766335b8cd63e3b7f45f1ea812{\nwidth:22.75%;\nmargin-left:0;\n}\n#top .flex_column_table.av-equal-height-column-flextable.av-7ncrhfv-119b3a766335b8cd63e3b7f45f1ea812 .av-flex-placeholder{\nwidth:3%;\n}\n<\/style>\n<div  class='flex_column av-7ncrhfv-119b3a766335b8cd63e3b7f45f1ea812 av_one_fourth  avia-builder-el-300  el_after_av_one_fifth  el_before_av_one_fourth  first flex_column_table_cell av-equal-height-column av-align-top avia-link-column av-column-link avia-link-column-hover  column-top-margin'    data-link-column-url=\"https:\/\/www.fundacioncanal.com\/canaleduca\/recursos-didacticos\/politicas-internacionales-de-gestion-del-agua\/\"  data-link-column-target=\"_blank\"   ><a class=\"av-screen-reader-only\" href=https:\/\/www.fundacioncanal.com\/canaleduca\/recursos-didacticos\/politicas-internacionales-de-gestion-del-agua\/  target=\"_blank\" >Link to: Pol\u00edticas internacionales de gesti\u00f3n del agua<\/a><p>\n<style type=\"text\/css\" data-created_by=\"avia_inline_auto\" id=\"style-css-av-795vf8r-c36070c91d5b503bd11fba15b11edee5\">\n.avia-image-container.av-795vf8r-c36070c91d5b503bd11fba15b11edee5 img.avia_image{\nbox-shadow:none;\n}\n.avia-image-container.av-795vf8r-c36070c91d5b503bd11fba15b11edee5 .av-image-caption-overlay-center{\ncolor:#ffffff;\n}\n<\/style>\n<div  class='avia-image-container av-795vf8r-c36070c91d5b503bd11fba15b11edee5 av-styling- avia-align-center  avia-builder-el-301  el_before_av_textblock  avia-builder-el-first '   itemprop=\"image\" itemscope=\"itemscope\" itemtype=\"https:\/\/schema.org\/ImageObject\" ><div class=\"avia-image-container-inner\"><div class=\"avia-image-overlay-wrap\"><img decoding=\"async\" fetchpriority=\"high\" class='wp-image-33482 avia-img-lazy-loading-not-33482 avia_image ' src=\"https:\/\/www.fundacioncanal.com\/canaleduca\/wp-content\/uploads\/2024\/01\/av53.jpg\" alt='av53' title='av53'  height=\"998\" width=\"1774\"  itemprop=\"thumbnailUrl\" srcset=\"https:\/\/www.fundacioncanal.com\/canaleduca\/wp-content\/uploads\/2024\/01\/av53.jpg 1774w, https:\/\/www.fundacioncanal.com\/canaleduca\/wp-content\/uploads\/2024\/01\/av53-300x169.jpg 300w, https:\/\/www.fundacioncanal.com\/canaleduca\/wp-content\/uploads\/2024\/01\/av53-1030x579.jpg 1030w, https:\/\/www.fundacioncanal.com\/canaleduca\/wp-content\/uploads\/2024\/01\/av53-768x432.jpg 768w, https:\/\/www.fundacioncanal.com\/canaleduca\/wp-content\/uploads\/2024\/01\/av53-1536x864.jpg 1536w, https:\/\/www.fundacioncanal.com\/canaleduca\/wp-content\/uploads\/2024\/01\/av53-1500x844.jpg 1500w, https:\/\/www.fundacioncanal.com\/canaleduca\/wp-content\/uploads\/2024\/01\/av53-705x397.jpg 705w\" sizes=\"(max-width: 1774px) 100vw, 1774px\" \/><\/div><\/div><\/div><br \/>\n\n<style type=\"text\/css\" data-created_by=\"avia_inline_auto\" id=\"style-css-av-6okt6kr-d57fb5aa9d2cb9fad4f29638febb0bcf\">\n#top .av_textblock_section.av-6okt6kr-d57fb5aa9d2cb9fad4f29638febb0bcf .avia_textblock{\nfont-size:12px;\ncolor:#ffffff;\n}\n<\/style>\n<section  class='av_textblock_section av-6okt6kr-d57fb5aa9d2cb9fad4f29638febb0bcf '   itemscope=\"itemscope\" itemtype=\"https:\/\/schema.org\/CreativeWork\" ><div class='avia_textblock video-corto av_inherit_color'  itemprop=\"text\" ><p>V\u00eddeo corto<\/p>\n<\/div><\/section><br \/>\n\n<style type=\"text\/css\" data-created_by=\"avia_inline_auto\" id=\"style-css-av-6ckic8b-df9f958996fb08b469fdaa18ec75ab5e\">\n#top .av-special-heading.av-6ckic8b-df9f958996fb08b469fdaa18ec75ab5e{\npadding-bottom:0;\ncolor:#0092d0;\nfont-size:18px;\n}\nbody .av-special-heading.av-6ckic8b-df9f958996fb08b469fdaa18ec75ab5e .av-special-heading-tag .heading-char{\nfont-size:25px;\n}\n#top #wrap_all .av-special-heading.av-6ckic8b-df9f958996fb08b469fdaa18ec75ab5e .av-special-heading-tag{\nfont-size:18px;\n}\n.av-special-heading.av-6ckic8b-df9f958996fb08b469fdaa18ec75ab5e .special-heading-inner-border{\nborder-color:#0092d0;\n}\n.av-special-heading.av-6ckic8b-df9f958996fb08b469fdaa18ec75ab5e .av-subheading{\nfont-size:15px;\n}\n\n@media only screen and (min-width: 480px) and (max-width: 767px){ \n#top #wrap_all .av-special-heading.av-6ckic8b-df9f958996fb08b469fdaa18ec75ab5e .av-special-heading-tag{\nfont-size:0.8em;\n}\n}\n\n@media only screen and (max-width: 479px){ \n#top #wrap_all .av-special-heading.av-6ckic8b-df9f958996fb08b469fdaa18ec75ab5e .av-special-heading-tag{\nfont-size:0.8em;\n}\n}\n<\/style>\n<div  id=\"sinmargen\"  class='av-special-heading av-6ckic8b-df9f958996fb08b469fdaa18ec75ab5e av-special-heading-h4 custom-color-heading blockquote modern-quote  avia-builder-el-303  el_after_av_textblock  avia-builder-el-last  av-inherit-size'><h4 class='av-special-heading-tag '  itemprop=\"headline\"  >Pol\u00edticas internacionales de gesti\u00f3n del agua<\/h4><div class='av_custom_color av-subheading av-subheading_below'><p>A partir de: <strong>Tercer ciclo de Primaria<\/strong><\/p>\n<\/div><div class=\"special-heading-border\"><div class=\"special-heading-inner-border\"><\/div><\/div><\/div><\/p><\/div><div class='av-flex-placeholder'><\/div>\n<style type=\"text\/css\" data-created_by=\"avia_inline_auto\" id=\"style-css-av-8etk6x7-fd21563d64fb1232b9b5fbda5c6f21a4\">\n.flex_column.av-8etk6x7-fd21563d64fb1232b9b5fbda5c6f21a4{\nwidth:22.75%;\nmargin-left:0;\n}\n#top .flex_column_table.av-equal-height-column-flextable.av-8etk6x7-fd21563d64fb1232b9b5fbda5c6f21a4 .av-flex-placeholder{\nwidth:3%;\n}\n<\/style>\n<div  class='flex_column av-8etk6x7-fd21563d64fb1232b9b5fbda5c6f21a4 av_one_fourth  avia-builder-el-304  el_after_av_one_fourth  el_before_av_one_fourth  flex_column_table_cell av-equal-height-column av-align-top avia-link-column av-column-link avia-link-column-hover  column-top-margin'    data-link-column-url=\"https:\/\/www.fundacioncanal.com\/canaleduca\/recursos-didacticos\/la-gran-muralla-verde\/\"  data-link-column-target=\"_blank\"   ><a class=\"av-screen-reader-only\" href=https:\/\/www.fundacioncanal.com\/canaleduca\/recursos-didacticos\/la-gran-muralla-verde\/  target=\"_blank\" >Link to: La Gran Muralla Verde<\/a><p>\n<style type=\"text\/css\" data-created_by=\"avia_inline_auto\" id=\"style-css-av-80glicr-73c0057ff2eed991376bd3d96065f9cc\">\n.avia-image-container.av-80glicr-73c0057ff2eed991376bd3d96065f9cc img.avia_image{\nbox-shadow:none;\n}\n.avia-image-container.av-80glicr-73c0057ff2eed991376bd3d96065f9cc .av-image-caption-overlay-center{\ncolor:#ffffff;\n}\n<\/style>\n<div  class='avia-image-container av-80glicr-73c0057ff2eed991376bd3d96065f9cc av-styling- avia-align-center  avia-builder-el-305  el_before_av_textblock  avia-builder-el-first '   itemprop=\"image\" itemscope=\"itemscope\" itemtype=\"https:\/\/schema.org\/ImageObject\" ><div class=\"avia-image-container-inner\"><div class=\"avia-image-overlay-wrap\"><img decoding=\"async\" fetchpriority=\"high\" class='wp-image-33483 avia-img-lazy-loading-not-33483 avia_image ' src=\"https:\/\/www.fundacioncanal.com\/canaleduca\/wp-content\/uploads\/2024\/01\/av54.jpg\" alt='av54' title='av54'  height=\"998\" width=\"1774\"  itemprop=\"thumbnailUrl\" srcset=\"https:\/\/www.fundacioncanal.com\/canaleduca\/wp-content\/uploads\/2024\/01\/av54.jpg 1774w, https:\/\/www.fundacioncanal.com\/canaleduca\/wp-content\/uploads\/2024\/01\/av54-300x169.jpg 300w, https:\/\/www.fundacioncanal.com\/canaleduca\/wp-content\/uploads\/2024\/01\/av54-1030x579.jpg 1030w, https:\/\/www.fundacioncanal.com\/canaleduca\/wp-content\/uploads\/2024\/01\/av54-768x432.jpg 768w, https:\/\/www.fundacioncanal.com\/canaleduca\/wp-content\/uploads\/2024\/01\/av54-1536x864.jpg 1536w, https:\/\/www.fundacioncanal.com\/canaleduca\/wp-content\/uploads\/2024\/01\/av54-1500x844.jpg 1500w, https:\/\/www.fundacioncanal.com\/canaleduca\/wp-content\/uploads\/2024\/01\/av54-705x397.jpg 705w\" sizes=\"(max-width: 1774px) 100vw, 1774px\" \/><\/div><\/div><\/div><br \/>\n\n<style type=\"text\/css\" data-created_by=\"avia_inline_auto\" id=\"style-css-av-7f707kb-c4e8c466e93db113000139752c580c93\">\n#top .av_textblock_section.av-7f707kb-c4e8c466e93db113000139752c580c93 .avia_textblock{\nfont-size:12px;\ncolor:#ffffff;\n}\n<\/style>\n<section  class='av_textblock_section av-7f707kb-c4e8c466e93db113000139752c580c93 '   itemscope=\"itemscope\" itemtype=\"https:\/\/schema.org\/CreativeWork\" ><div class='avia_textblock video-corto av_inherit_color'  itemprop=\"text\" ><p>V\u00eddeo corto<\/p>\n<\/div><\/section><br \/>\n\n<style type=\"text\/css\" data-created_by=\"avia_inline_auto\" id=\"style-css-av-6ylyq4r-f17f3ea172ba02791a8bf058b0c273f1\">\n#top .av-special-heading.av-6ylyq4r-f17f3ea172ba02791a8bf058b0c273f1{\npadding-bottom:0;\ncolor:#0092d0;\nfont-size:18px;\n}\nbody .av-special-heading.av-6ylyq4r-f17f3ea172ba02791a8bf058b0c273f1 .av-special-heading-tag .heading-char{\nfont-size:25px;\n}\n#top #wrap_all .av-special-heading.av-6ylyq4r-f17f3ea172ba02791a8bf058b0c273f1 .av-special-heading-tag{\nfont-size:18px;\n}\n.av-special-heading.av-6ylyq4r-f17f3ea172ba02791a8bf058b0c273f1 .special-heading-inner-border{\nborder-color:#0092d0;\n}\n.av-special-heading.av-6ylyq4r-f17f3ea172ba02791a8bf058b0c273f1 .av-subheading{\nfont-size:15px;\n}\n\n@media only screen and (min-width: 480px) and (max-width: 767px){ \n#top #wrap_all .av-special-heading.av-6ylyq4r-f17f3ea172ba02791a8bf058b0c273f1 .av-special-heading-tag{\nfont-size:0.8em;\n}\n}\n\n@media only screen and (max-width: 479px){ \n#top #wrap_all .av-special-heading.av-6ylyq4r-f17f3ea172ba02791a8bf058b0c273f1 .av-special-heading-tag{\nfont-size:0.8em;\n}\n}\n<\/style>\n<div  id=\"sinmargen\"  class='av-special-heading av-6ylyq4r-f17f3ea172ba02791a8bf058b0c273f1 av-special-heading-h4 custom-color-heading blockquote modern-quote  avia-builder-el-307  el_after_av_textblock  avia-builder-el-last  av-inherit-size'><h4 class='av-special-heading-tag '  itemprop=\"headline\"  >La Gran Muralla Verde<\/h4><div class='av_custom_color av-subheading av-subheading_below'><p>A partir de: <strong>Segundo ciclo de Primaria<\/strong><\/p>\n<\/div><div class=\"special-heading-border\"><div class=\"special-heading-inner-border\"><\/div><\/div><\/div><\/p><\/div><div class='av-flex-placeholder'><\/div>\n<style type=\"text\/css\" data-created_by=\"avia_inline_auto\" id=\"style-css-av-6uaxg7f-052594b434cb67cd105774d288314044\">\n.flex_column.av-6uaxg7f-052594b434cb67cd105774d288314044{\nwidth:22.75%;\nmargin-left:0;\n}\n#top .flex_column_table.av-equal-height-column-flextable.av-6uaxg7f-052594b434cb67cd105774d288314044 .av-flex-placeholder{\nwidth:3%;\n}\n<\/style>\n<div  class='flex_column av-6uaxg7f-052594b434cb67cd105774d288314044 av_one_fourth  avia-builder-el-308  el_after_av_one_fourth  el_before_av_one_fourth  flex_column_table_cell av-equal-height-column av-align-top avia-link-column av-column-link avia-link-column-hover  column-top-margin'    data-link-column-url=\"https:\/\/www.fundacioncanal.com\/canaleduca\/recursos-didacticos\/desecacion-del-mar-de-aral\/\"  data-link-column-target=\"_blank\"   ><a class=\"av-screen-reader-only\" href=https:\/\/www.fundacioncanal.com\/canaleduca\/recursos-didacticos\/desecacion-del-mar-de-aral\/  target=\"_blank\" >Link to: Desecaci\u00f3n del Mar de Aral<\/a><p>\n<style type=\"text\/css\" data-created_by=\"avia_inline_auto\" id=\"style-css-av-6czvbmz-3d32d44d445b13f7f4d1c1f375ffaaa0\">\n.avia-image-container.av-6czvbmz-3d32d44d445b13f7f4d1c1f375ffaaa0 img.avia_image{\nbox-shadow:none;\n}\n.avia-image-container.av-6czvbmz-3d32d44d445b13f7f4d1c1f375ffaaa0 .av-image-caption-overlay-center{\ncolor:#ffffff;\n}\n<\/style>\n<div  class='avia-image-container av-6czvbmz-3d32d44d445b13f7f4d1c1f375ffaaa0 av-styling- avia-align-center  avia-builder-el-309  el_before_av_textblock  avia-builder-el-first '   itemprop=\"image\" itemscope=\"itemscope\" itemtype=\"https:\/\/schema.org\/ImageObject\" ><div class=\"avia-image-container-inner\"><div class=\"avia-image-overlay-wrap\"><img decoding=\"async\" fetchpriority=\"high\" class='wp-image-33484 avia-img-lazy-loading-not-33484 avia_image ' src=\"https:\/\/www.fundacioncanal.com\/canaleduca\/wp-content\/uploads\/2024\/01\/av55.jpg\" alt='av55' title='av55'  height=\"998\" width=\"1774\"  itemprop=\"thumbnailUrl\" srcset=\"https:\/\/www.fundacioncanal.com\/canaleduca\/wp-content\/uploads\/2024\/01\/av55.jpg 1774w, https:\/\/www.fundacioncanal.com\/canaleduca\/wp-content\/uploads\/2024\/01\/av55-300x169.jpg 300w, https:\/\/www.fundacioncanal.com\/canaleduca\/wp-content\/uploads\/2024\/01\/av55-1030x579.jpg 1030w, https:\/\/www.fundacioncanal.com\/canaleduca\/wp-content\/uploads\/2024\/01\/av55-768x432.jpg 768w, https:\/\/www.fundacioncanal.com\/canaleduca\/wp-content\/uploads\/2024\/01\/av55-1536x864.jpg 1536w, https:\/\/www.fundacioncanal.com\/canaleduca\/wp-content\/uploads\/2024\/01\/av55-1500x844.jpg 1500w, https:\/\/www.fundacioncanal.com\/canaleduca\/wp-content\/uploads\/2024\/01\/av55-705x397.jpg 705w\" sizes=\"(max-width: 1774px) 100vw, 1774px\" \/><\/div><\/div><\/div><br \/>\n\n<style type=\"text\/css\" data-created_by=\"avia_inline_auto\" id=\"style-css-av-5shltij-9c9efacbf18894e0b6596a1c664c573b\">\n#top .av_textblock_section.av-5shltij-9c9efacbf18894e0b6596a1c664c573b .avia_textblock{\nfont-size:12px;\ncolor:#ffffff;\n}\n<\/style>\n<section  class='av_textblock_section av-5shltij-9c9efacbf18894e0b6596a1c664c573b '   itemscope=\"itemscope\" itemtype=\"https:\/\/schema.org\/CreativeWork\" ><div class='avia_textblock video-corto av_inherit_color'  itemprop=\"text\" ><p>V\u00eddeo corto<\/p>\n<\/div><\/section><br \/>\n\n<style type=\"text\/css\" data-created_by=\"avia_inline_auto\" id=\"style-css-av-j16etn-ff96820a03a5260d0d1df13ed91a5c66\">\n#top .av-special-heading.av-j16etn-ff96820a03a5260d0d1df13ed91a5c66{\npadding-bottom:0;\ncolor:#0092d0;\nfont-size:18px;\n}\nbody .av-special-heading.av-j16etn-ff96820a03a5260d0d1df13ed91a5c66 .av-special-heading-tag .heading-char{\nfont-size:25px;\n}\n#top #wrap_all .av-special-heading.av-j16etn-ff96820a03a5260d0d1df13ed91a5c66 .av-special-heading-tag{\nfont-size:18px;\n}\n.av-special-heading.av-j16etn-ff96820a03a5260d0d1df13ed91a5c66 .special-heading-inner-border{\nborder-color:#0092d0;\n}\n.av-special-heading.av-j16etn-ff96820a03a5260d0d1df13ed91a5c66 .av-subheading{\nfont-size:15px;\n}\n\n@media only screen and (min-width: 480px) and (max-width: 767px){ \n#top #wrap_all .av-special-heading.av-j16etn-ff96820a03a5260d0d1df13ed91a5c66 .av-special-heading-tag{\nfont-size:0.8em;\n}\n}\n\n@media only screen and (max-width: 479px){ \n#top #wrap_all .av-special-heading.av-j16etn-ff96820a03a5260d0d1df13ed91a5c66 .av-special-heading-tag{\nfont-size:0.8em;\n}\n}\n<\/style>\n<div  id=\"sinmargen\"  class='av-special-heading av-j16etn-ff96820a03a5260d0d1df13ed91a5c66 av-special-heading-h4 custom-color-heading blockquote modern-quote  avia-builder-el-311  el_after_av_textblock  avia-builder-el-last  av-inherit-size'><h4 class='av-special-heading-tag '  itemprop=\"headline\"  >Desecaci\u00f3n del Mar de Aral<\/h4><div class='av_custom_color av-subheading av-subheading_below'><p>A partir de: <strong>Segundo ciclo de Primaria<\/strong><\/p>\n<\/div><div class=\"special-heading-border\"><div class=\"special-heading-inner-border\"><\/div><\/div><\/div><\/p><\/div><div class='av-flex-placeholder'><\/div>\n<style type=\"text\/css\" data-created_by=\"avia_inline_auto\" id=\"style-css-av-gwjx9n-0a2409201b4ea31e07e0fbd343035f8b\">\n.flex_column.av-gwjx9n-0a2409201b4ea31e07e0fbd343035f8b{\nwidth:22.75%;\nmargin-left:0;\n}\n#top .flex_column_table.av-equal-height-column-flextable.av-gwjx9n-0a2409201b4ea31e07e0fbd343035f8b .av-flex-placeholder{\nwidth:3%;\n}\n<\/style>\n<div  class='flex_column av-gwjx9n-0a2409201b4ea31e07e0fbd343035f8b av_one_fourth  avia-builder-el-312  el_after_av_one_fourth  el_before_av_one_fourth  flex_column_table_cell av-equal-height-column av-align-top avia-link-column av-column-link avia-link-column-hover  column-top-margin'    data-link-column-url=\"https:\/\/www.fundacioncanal.com\/canaleduca\/recursos-didacticos\/soluciones-sostenibles-rio-senegal\/\"  data-link-column-target=\"_blank\"   ><a class=\"av-screen-reader-only\" href=https:\/\/www.fundacioncanal.com\/canaleduca\/recursos-didacticos\/soluciones-sostenibles-rio-senegal\/  target=\"_blank\" >Link to: Soluciones sostenibles en el r\u00edo Senegal<\/a><p>\n<style type=\"text\/css\" data-created_by=\"avia_inline_auto\" id=\"style-css-av-4gxjqcr-b6c73544b59ac374a518637e968c649a\">\n.avia-image-container.av-4gxjqcr-b6c73544b59ac374a518637e968c649a img.avia_image{\nbox-shadow:none;\n}\n.avia-image-container.av-4gxjqcr-b6c73544b59ac374a518637e968c649a .av-image-caption-overlay-center{\ncolor:#ffffff;\n}\n<\/style>\n<div  class='avia-image-container av-4gxjqcr-b6c73544b59ac374a518637e968c649a av-styling- avia-align-center  avia-builder-el-313  el_before_av_textblock  avia-builder-el-first '   itemprop=\"image\" itemscope=\"itemscope\" itemtype=\"https:\/\/schema.org\/ImageObject\" ><div class=\"avia-image-container-inner\"><div class=\"avia-image-overlay-wrap\"><img decoding=\"async\" fetchpriority=\"high\" class='wp-image-33487 avia-img-lazy-loading-not-33487 avia_image ' src=\"https:\/\/www.fundacioncanal.com\/canaleduca\/wp-content\/uploads\/2024\/01\/av56.jpg\" alt='av56' title='av56'  height=\"998\" width=\"1774\"  itemprop=\"thumbnailUrl\" srcset=\"https:\/\/www.fundacioncanal.com\/canaleduca\/wp-content\/uploads\/2024\/01\/av56.jpg 1774w, https:\/\/www.fundacioncanal.com\/canaleduca\/wp-content\/uploads\/2024\/01\/av56-300x169.jpg 300w, https:\/\/www.fundacioncanal.com\/canaleduca\/wp-content\/uploads\/2024\/01\/av56-1030x579.jpg 1030w, https:\/\/www.fundacioncanal.com\/canaleduca\/wp-content\/uploads\/2024\/01\/av56-768x432.jpg 768w, https:\/\/www.fundacioncanal.com\/canaleduca\/wp-content\/uploads\/2024\/01\/av56-1536x864.jpg 1536w, https:\/\/www.fundacioncanal.com\/canaleduca\/wp-content\/uploads\/2024\/01\/av56-1500x844.jpg 1500w, https:\/\/www.fundacioncanal.com\/canaleduca\/wp-content\/uploads\/2024\/01\/av56-705x397.jpg 705w\" sizes=\"(max-width: 1774px) 100vw, 1774px\" \/><\/div><\/div><\/div><br \/>\n\n<style type=\"text\/css\" data-created_by=\"avia_inline_auto\" id=\"style-css-av-3ykkajv-3f3f463b7fb80704dc71ba04ce27e2a3\">\n#top .av_textblock_section.av-3ykkajv-3f3f463b7fb80704dc71ba04ce27e2a3 .avia_textblock{\nfont-size:12px;\ncolor:#ffffff;\n}\n<\/style>\n<section  class='av_textblock_section av-3ykkajv-3f3f463b7fb80704dc71ba04ce27e2a3 '   itemscope=\"itemscope\" itemtype=\"https:\/\/schema.org\/CreativeWork\" ><div class='avia_textblock video-corto av_inherit_color'  itemprop=\"text\" ><p>V\u00eddeo corto<\/p>\n<\/div><\/section><br \/>\n\n<style type=\"text\/css\" data-created_by=\"avia_inline_auto\" id=\"style-css-av-3n3qbor-9ed70759b1041daf42f34fdf802deb6d\">\n#top .av-special-heading.av-3n3qbor-9ed70759b1041daf42f34fdf802deb6d{\npadding-bottom:0;\ncolor:#0092d0;\nfont-size:18px;\n}\nbody .av-special-heading.av-3n3qbor-9ed70759b1041daf42f34fdf802deb6d .av-special-heading-tag .heading-char{\nfont-size:25px;\n}\n#top #wrap_all .av-special-heading.av-3n3qbor-9ed70759b1041daf42f34fdf802deb6d .av-special-heading-tag{\nfont-size:18px;\n}\n.av-special-heading.av-3n3qbor-9ed70759b1041daf42f34fdf802deb6d .special-heading-inner-border{\nborder-color:#0092d0;\n}\n.av-special-heading.av-3n3qbor-9ed70759b1041daf42f34fdf802deb6d .av-subheading{\nfont-size:15px;\n}\n\n@media only screen and (min-width: 480px) and (max-width: 767px){ \n#top #wrap_all .av-special-heading.av-3n3qbor-9ed70759b1041daf42f34fdf802deb6d .av-special-heading-tag{\nfont-size:0.8em;\n}\n}\n\n@media only screen and (max-width: 479px){ \n#top #wrap_all .av-special-heading.av-3n3qbor-9ed70759b1041daf42f34fdf802deb6d .av-special-heading-tag{\nfont-size:0.8em;\n}\n}\n<\/style>\n<div  id=\"sinmargen\"  class='av-special-heading av-3n3qbor-9ed70759b1041daf42f34fdf802deb6d av-special-heading-h4 custom-color-heading blockquote modern-quote  avia-builder-el-315  el_after_av_textblock  avia-builder-el-last  av-inherit-size'><h4 class='av-special-heading-tag '  itemprop=\"headline\"  >Soluciones sostenibles en el r\u00edo Senegal<\/h4><div class='av_custom_color av-subheading av-subheading_below'><p>A partir de: <strong>Segundo ciclo de Primaria<\/strong><\/p>\n<\/div><div class=\"special-heading-border\"><div class=\"special-heading-inner-border\"><\/div><\/div><\/div><\/p><\/div><\/div><!--close column table wrapper. Autoclose: 1 --><div class='flex_column_table av-5lqc3qj-bd75053ff5b58aad1dc14e08e495b4f2 sc-av_one_fourth av-equal-height-column-flextable'>\n<style type=\"text\/css\" data-created_by=\"avia_inline_auto\" id=\"style-css-av-5lqc3qj-bd75053ff5b58aad1dc14e08e495b4f2\">\n.flex_column.av-5lqc3qj-bd75053ff5b58aad1dc14e08e495b4f2{\nwidth:22.75%;\nmargin-left:0;\n}\n#top .flex_column_table.av-equal-height-column-flextable.av-5lqc3qj-bd75053ff5b58aad1dc14e08e495b4f2 .av-flex-placeholder{\nwidth:3%;\n}\n<\/style>\n<div  class='flex_column av-5lqc3qj-bd75053ff5b58aad1dc14e08e495b4f2 av_one_fourth  avia-builder-el-316  el_after_av_one_fourth  el_before_av_one_fourth  first flex_column_table_cell av-equal-height-column av-align-top avia-link-column av-column-link avia-link-column-hover  column-top-margin'    data-link-column-url=\"https:\/\/www.fundacioncanal.com\/canaleduca\/recursos-didacticos\/el-cambio-climatico-es-tambien-un-cambio-de-oportunidades-de-empleo\/\"  data-link-column-target=\"_blank\"   ><a class=\"av-screen-reader-only\" href=https:\/\/www.fundacioncanal.com\/canaleduca\/recursos-didacticos\/el-cambio-climatico-es-tambien-un-cambio-de-oportunidades-de-empleo\/  target=\"_blank\" >Link to: El cambio clim\u00e1tico es tambi\u00e9n un cambio de oportunidades de empleo<\/a><p>\n<style type=\"text\/css\" data-created_by=\"avia_inline_auto\" id=\"style-css-av-5hm5b9n-4f358d5ed58d030db70c5c036d1245ab\">\n.avia-image-container.av-5hm5b9n-4f358d5ed58d030db70c5c036d1245ab img.avia_image{\nbox-shadow:none;\n}\n.avia-image-container.av-5hm5b9n-4f358d5ed58d030db70c5c036d1245ab .av-image-caption-overlay-center{\ncolor:#ffffff;\n}\n<\/style>\n<div  class='avia-image-container av-5hm5b9n-4f358d5ed58d030db70c5c036d1245ab av-styling- avia-align-center  avia-builder-el-317  el_before_av_textblock  avia-builder-el-first '   itemprop=\"image\" itemscope=\"itemscope\" itemtype=\"https:\/\/schema.org\/ImageObject\" ><div class=\"avia-image-container-inner\"><div class=\"avia-image-overlay-wrap\"><img decoding=\"async\" fetchpriority=\"high\" class='wp-image-35834 avia-img-lazy-loading-not-35834 avia_image ' src=\"https:\/\/www.fundacioncanal.com\/canaleduca\/wp-content\/uploads\/2024\/03\/av06-adela.jpg\" alt='av06 adela' title='av06 adela'  height=\"998\" width=\"1774\"  itemprop=\"thumbnailUrl\" srcset=\"https:\/\/www.fundacioncanal.com\/canaleduca\/wp-content\/uploads\/2024\/03\/av06-adela.jpg 1774w, https:\/\/www.fundacioncanal.com\/canaleduca\/wp-content\/uploads\/2024\/03\/av06-adela-300x169.jpg 300w, https:\/\/www.fundacioncanal.com\/canaleduca\/wp-content\/uploads\/2024\/03\/av06-adela-1030x579.jpg 1030w, https:\/\/www.fundacioncanal.com\/canaleduca\/wp-content\/uploads\/2024\/03\/av06-adela-768x432.jpg 768w, https:\/\/www.fundacioncanal.com\/canaleduca\/wp-content\/uploads\/2024\/03\/av06-adela-1536x864.jpg 1536w, https:\/\/www.fundacioncanal.com\/canaleduca\/wp-content\/uploads\/2024\/03\/av06-adela-1500x844.jpg 1500w, https:\/\/www.fundacioncanal.com\/canaleduca\/wp-content\/uploads\/2024\/03\/av06-adela-705x397.jpg 705w\" sizes=\"(max-width: 1774px) 100vw, 1774px\" \/><\/div><\/div><\/div><br \/>\n\n<style type=\"text\/css\" data-created_by=\"avia_inline_auto\" id=\"style-css-av-512w4nf-2695a8dc8f2e0f3f866a4dcef4c55592\">\n#top .av_textblock_section.av-512w4nf-2695a8dc8f2e0f3f866a4dcef4c55592 .avia_textblock{\nfont-size:12px;\ncolor:#ffffff;\n}\n<\/style>\n<section  class='av_textblock_section av-512w4nf-2695a8dc8f2e0f3f866a4dcef4c55592 '   itemscope=\"itemscope\" itemtype=\"https:\/\/schema.org\/CreativeWork\" ><div class='avia_textblock video-blog av_inherit_color'  itemprop=\"text\" ><p>Videoblog<\/p>\n<\/div><\/section><br \/>\n\n<style type=\"text\/css\" data-created_by=\"avia_inline_auto\" id=\"style-css-av-4dc8drf-3164b402d3dca4efd94f6256ce710b17\">\n#top .av-special-heading.av-4dc8drf-3164b402d3dca4efd94f6256ce710b17{\npadding-bottom:0;\ncolor:#0092d0;\nfont-size:18px;\n}\nbody .av-special-heading.av-4dc8drf-3164b402d3dca4efd94f6256ce710b17 .av-special-heading-tag .heading-char{\nfont-size:25px;\n}\n#top #wrap_all .av-special-heading.av-4dc8drf-3164b402d3dca4efd94f6256ce710b17 .av-special-heading-tag{\nfont-size:18px;\n}\n.av-special-heading.av-4dc8drf-3164b402d3dca4efd94f6256ce710b17 .special-heading-inner-border{\nborder-color:#0092d0;\n}\n.av-special-heading.av-4dc8drf-3164b402d3dca4efd94f6256ce710b17 .av-subheading{\nfont-size:15px;\n}\n\n@media only screen and (min-width: 480px) and (max-width: 767px){ \n#top #wrap_all .av-special-heading.av-4dc8drf-3164b402d3dca4efd94f6256ce710b17 .av-special-heading-tag{\nfont-size:0.8em;\n}\n}\n\n@media only screen and (max-width: 479px){ \n#top #wrap_all .av-special-heading.av-4dc8drf-3164b402d3dca4efd94f6256ce710b17 .av-special-heading-tag{\nfont-size:0.8em;\n}\n}\n<\/style>\n<div  id=\"sinmargen\"  class='av-special-heading av-4dc8drf-3164b402d3dca4efd94f6256ce710b17 av-special-heading-h4 custom-color-heading blockquote modern-quote  avia-builder-el-319  el_after_av_textblock  avia-builder-el-last  av-inherit-size'><h4 class='av-special-heading-tag '  itemprop=\"headline\"  >El cambio clim\u00e1tico es tambi\u00e9n un cambio de oportunidades de empleo<\/h4><div class='av_custom_color av-subheading av-subheading_below'><p>A partir de: <strong>Tercer ciclo de Primaria<\/strong><\/p>\n<\/div><div class=\"special-heading-border\"><div class=\"special-heading-inner-border\"><\/div><\/div><\/div><\/p><\/div><div class='av-flex-placeholder'><\/div>\n<style type=\"text\/css\" data-created_by=\"avia_inline_auto\" id=\"style-css-av-2tjma6j-6740f64269a4e88a1c82c6c4964e3b1e\">\n.flex_column.av-2tjma6j-6740f64269a4e88a1c82c6c4964e3b1e{\nwidth:22.75%;\nmargin-left:0;\n}\n#top .flex_column_table.av-equal-height-column-flextable.av-2tjma6j-6740f64269a4e88a1c82c6c4964e3b1e .av-flex-placeholder{\nwidth:3%;\n}\n<\/style>\n<div  class='flex_column av-2tjma6j-6740f64269a4e88a1c82c6c4964e3b1e av_one_fourth  avia-builder-el-320  el_after_av_one_fourth  el_before_av_one_fourth  flex_column_table_cell av-equal-height-column av-align-top avia-link-column av-column-link avia-link-column-hover  column-top-margin'    data-link-column-url=\"https:\/\/www.fundacioncanal.com\/canaleduca\/recursos-didacticos\/la-importancia-de-los-incentivos-economicos-para-alcanzar-los-objetivos-climaticos\/\"  data-link-column-target=\"_blank\"   ><a class=\"av-screen-reader-only\" href=https:\/\/www.fundacioncanal.com\/canaleduca\/recursos-didacticos\/la-importancia-de-los-incentivos-economicos-para-alcanzar-los-objetivos-climaticos\/  target=\"_blank\" >Link to: La importancia de los incentivos econ\u00f3micos para alcanzar los objetivos clim\u00e1ticos<\/a><p>\n<style type=\"text\/css\" data-created_by=\"avia_inline_auto\" id=\"style-css-av-2g3zvhn-f07c108e83737eccd4cdcb0e78e42162\">\n.avia-image-container.av-2g3zvhn-f07c108e83737eccd4cdcb0e78e42162 img.avia_image{\nbox-shadow:none;\n}\n.avia-image-container.av-2g3zvhn-f07c108e83737eccd4cdcb0e78e42162 .av-image-caption-overlay-center{\ncolor:#ffffff;\n}\n<\/style>\n<div  class='avia-image-container av-2g3zvhn-f07c108e83737eccd4cdcb0e78e42162 av-styling- avia-align-center  avia-builder-el-321  el_before_av_textblock  avia-builder-el-first '   itemprop=\"image\" itemscope=\"itemscope\" itemtype=\"https:\/\/schema.org\/ImageObject\" ><div class=\"avia-image-container-inner\"><div class=\"avia-image-overlay-wrap\"><img decoding=\"async\" fetchpriority=\"high\" class='wp-image-35967 avia-img-lazy-loading-not-35967 avia_image ' src=\"https:\/\/www.fundacioncanal.com\/canaleduca\/wp-content\/uploads\/2024\/03\/av08-2-adela.jpg\" alt='av08 2 adela' title='av08 2 adela'  height=\"998\" width=\"1774\"  itemprop=\"thumbnailUrl\" srcset=\"https:\/\/www.fundacioncanal.com\/canaleduca\/wp-content\/uploads\/2024\/03\/av08-2-adela.jpg 1774w, https:\/\/www.fundacioncanal.com\/canaleduca\/wp-content\/uploads\/2024\/03\/av08-2-adela-300x169.jpg 300w, https:\/\/www.fundacioncanal.com\/canaleduca\/wp-content\/uploads\/2024\/03\/av08-2-adela-1030x579.jpg 1030w, https:\/\/www.fundacioncanal.com\/canaleduca\/wp-content\/uploads\/2024\/03\/av08-2-adela-768x432.jpg 768w, https:\/\/www.fundacioncanal.com\/canaleduca\/wp-content\/uploads\/2024\/03\/av08-2-adela-1536x864.jpg 1536w, https:\/\/www.fundacioncanal.com\/canaleduca\/wp-content\/uploads\/2024\/03\/av08-2-adela-1500x844.jpg 1500w, https:\/\/www.fundacioncanal.com\/canaleduca\/wp-content\/uploads\/2024\/03\/av08-2-adela-705x397.jpg 705w\" sizes=\"(max-width: 1774px) 100vw, 1774px\" \/><\/div><\/div><\/div><br \/>\n\n<style type=\"text\/css\" data-created_by=\"avia_inline_auto\" id=\"style-css-av-7ye9u3-9acab4f32abb8f570450b982e5768262\">\n#top .av_textblock_section.av-7ye9u3-9acab4f32abb8f570450b982e5768262 .avia_textblock{\nfont-size:12px;\ncolor:#ffffff;\n}\n<\/style>\n<section  class='av_textblock_section av-7ye9u3-9acab4f32abb8f570450b982e5768262 '   itemscope=\"itemscope\" itemtype=\"https:\/\/schema.org\/CreativeWork\" ><div class='avia_textblock video-blog av_inherit_color'  itemprop=\"text\" ><p>Videoblog<\/p>\n<\/div><\/section><br \/>\n\n<style type=\"text\/css\" data-created_by=\"avia_inline_auto\" id=\"style-css-av-1t2irhn-25b52853bf7dd8cd7d0b28741929fc49\">\n#top .av-special-heading.av-1t2irhn-25b52853bf7dd8cd7d0b28741929fc49{\npadding-bottom:0;\ncolor:#0092d0;\nfont-size:18px;\n}\nbody .av-special-heading.av-1t2irhn-25b52853bf7dd8cd7d0b28741929fc49 .av-special-heading-tag .heading-char{\nfont-size:25px;\n}\n#top #wrap_all .av-special-heading.av-1t2irhn-25b52853bf7dd8cd7d0b28741929fc49 .av-special-heading-tag{\nfont-size:18px;\n}\n.av-special-heading.av-1t2irhn-25b52853bf7dd8cd7d0b28741929fc49 .special-heading-inner-border{\nborder-color:#0092d0;\n}\n.av-special-heading.av-1t2irhn-25b52853bf7dd8cd7d0b28741929fc49 .av-subheading{\nfont-size:15px;\n}\n\n@media only screen and (min-width: 480px) and (max-width: 767px){ \n#top #wrap_all .av-special-heading.av-1t2irhn-25b52853bf7dd8cd7d0b28741929fc49 .av-special-heading-tag{\nfont-size:0.8em;\n}\n}\n\n@media only screen and (max-width: 479px){ \n#top #wrap_all .av-special-heading.av-1t2irhn-25b52853bf7dd8cd7d0b28741929fc49 .av-special-heading-tag{\nfont-size:0.8em;\n}\n}\n<\/style>\n<div  id=\"sinmargen\"  class='av-special-heading av-1t2irhn-25b52853bf7dd8cd7d0b28741929fc49 av-special-heading-h4 custom-color-heading blockquote modern-quote  avia-builder-el-323  el_after_av_textblock  avia-builder-el-last  av-inherit-size'><h4 class='av-special-heading-tag '  itemprop=\"headline\"  >La importancia de los incentivos econ\u00f3micos para alcanzar los objetivos clim\u00e1ticos<\/h4><div class='av_custom_color av-subheading av-subheading_below'><p>A partir de: <strong>Tercer ciclo de Primaria<\/strong><\/p>\n<\/div><div class=\"special-heading-border\"><div class=\"special-heading-inner-border\"><\/div><\/div><\/div><\/p><\/div><div class='av-flex-placeholder'><\/div>\n<style type=\"text\/css\" data-created_by=\"avia_inline_auto\" id=\"style-css-av-4cwhrf-c54fbe897b3e83a18eab5aa0bd8e7906\">\n.flex_column.av-4cwhrf-c54fbe897b3e83a18eab5aa0bd8e7906{\nwidth:22.75%;\nmargin-left:0;\n}\n#top .flex_column_table.av-equal-height-column-flextable.av-4cwhrf-c54fbe897b3e83a18eab5aa0bd8e7906 .av-flex-placeholder{\nwidth:3%;\n}\n<\/style>\n<div  class='flex_column av-4cwhrf-c54fbe897b3e83a18eab5aa0bd8e7906 av_one_fourth  avia-builder-el-324  el_after_av_one_fourth  el_before_av_one_fourth  flex_column_table_cell av-equal-height-column av-align-top avia-link-column av-column-link avia-link-column-hover  column-top-margin'    data-link-column-url=\"https:\/\/www.fundacioncanal.com\/canaleduca\/recursos-didacticos\/como-es-la-gestion-del-agua-en-el-contexto-internacional-2\/\"  data-link-column-target=\"_blank\"   ><a class=\"av-screen-reader-only\" href=https:\/\/www.fundacioncanal.com\/canaleduca\/recursos-didacticos\/como-es-la-gestion-del-agua-en-el-contexto-internacional-2\/  target=\"_blank\" >Link to: \u00bfC\u00f3mo es la gesti\u00f3n del agua en el contexto internacional?<\/a><p>\n<style type=\"text\/css\" data-created_by=\"avia_inline_auto\" id=\"style-css-av-lzbecj9i-31d21f9339627073bb76f0b0583eaa65\">\n.avia-image-container.av-lzbecj9i-31d21f9339627073bb76f0b0583eaa65 img.avia_image{\nbox-shadow:none;\n}\n.avia-image-container.av-lzbecj9i-31d21f9339627073bb76f0b0583eaa65 .av-image-caption-overlay-center{\ncolor:#ffffff;\n}\n<\/style>\n<div  class='avia-image-container av-lzbecj9i-31d21f9339627073bb76f0b0583eaa65 av-styling- avia-align-center  avia-builder-el-325  el_before_av_textblock  avia-builder-el-first '   itemprop=\"image\" itemscope=\"itemscope\" itemtype=\"https:\/\/schema.org\/ImageObject\" ><div class=\"avia-image-container-inner\"><div class=\"avia-image-overlay-wrap\"><img decoding=\"async\" fetchpriority=\"high\" class='wp-image-37188 avia-img-lazy-loading-not-37188 avia_image ' src=\"https:\/\/www.fundacioncanal.com\/canaleduca\/wp-content\/uploads\/2024\/08\/como-es-la-gestion-del-agua-en-el-contexto-internacional.jpg\" alt='como es la gestion del agua en el contexto internacional' title='como es la gestion del agua en el contexto internacional'  height=\"998\" width=\"1774\"  itemprop=\"thumbnailUrl\" srcset=\"https:\/\/www.fundacioncanal.com\/canaleduca\/wp-content\/uploads\/2024\/08\/como-es-la-gestion-del-agua-en-el-contexto-internacional.jpg 1774w, https:\/\/www.fundacioncanal.com\/canaleduca\/wp-content\/uploads\/2024\/08\/como-es-la-gestion-del-agua-en-el-contexto-internacional-300x169.jpg 300w, https:\/\/www.fundacioncanal.com\/canaleduca\/wp-content\/uploads\/2024\/08\/como-es-la-gestion-del-agua-en-el-contexto-internacional-1030x579.jpg 1030w, https:\/\/www.fundacioncanal.com\/canaleduca\/wp-content\/uploads\/2024\/08\/como-es-la-gestion-del-agua-en-el-contexto-internacional-768x432.jpg 768w, https:\/\/www.fundacioncanal.com\/canaleduca\/wp-content\/uploads\/2024\/08\/como-es-la-gestion-del-agua-en-el-contexto-internacional-1536x864.jpg 1536w, https:\/\/www.fundacioncanal.com\/canaleduca\/wp-content\/uploads\/2024\/08\/como-es-la-gestion-del-agua-en-el-contexto-internacional-1500x844.jpg 1500w, https:\/\/www.fundacioncanal.com\/canaleduca\/wp-content\/uploads\/2024\/08\/como-es-la-gestion-del-agua-en-el-contexto-internacional-705x397.jpg 705w\" sizes=\"(max-width: 1774px) 100vw, 1774px\" \/><\/div><\/div><\/div><br \/>\n\n<style type=\"text\/css\" data-created_by=\"avia_inline_auto\" id=\"style-css-av-odwfcb-ccc2c2edb57428a6a9c4c2035662efb6\">\n#top .av_textblock_section.av-odwfcb-ccc2c2edb57428a6a9c4c2035662efb6 .avia_textblock{\nfont-size:12px;\ncolor:#ffffff;\n}\n<\/style>\n<section  class='av_textblock_section av-odwfcb-ccc2c2edb57428a6a9c4c2035662efb6 '   itemscope=\"itemscope\" itemtype=\"https:\/\/schema.org\/CreativeWork\" ><div class='avia_textblock video-blog av_inherit_color'  itemprop=\"text\" ><p>Videoblog<\/p>\n<\/div><\/section><br \/>\n\n<style type=\"text\/css\" data-created_by=\"avia_inline_auto\" id=\"style-css-av-lzbeawp2-6fd4f20797578339abb0d67cf4043065\">\n#top .av-special-heading.av-lzbeawp2-6fd4f20797578339abb0d67cf4043065{\npadding-bottom:0;\ncolor:#0092d0;\nfont-size:18px;\n}\nbody .av-special-heading.av-lzbeawp2-6fd4f20797578339abb0d67cf4043065 .av-special-heading-tag .heading-char{\nfont-size:25px;\n}\n#top #wrap_all .av-special-heading.av-lzbeawp2-6fd4f20797578339abb0d67cf4043065 .av-special-heading-tag{\nfont-size:18px;\n}\n.av-special-heading.av-lzbeawp2-6fd4f20797578339abb0d67cf4043065 .special-heading-inner-border{\nborder-color:#0092d0;\n}\n.av-special-heading.av-lzbeawp2-6fd4f20797578339abb0d67cf4043065 .av-subheading{\nfont-size:15px;\n}\n\n@media only screen and (min-width: 480px) and (max-width: 767px){ \n#top #wrap_all .av-special-heading.av-lzbeawp2-6fd4f20797578339abb0d67cf4043065 .av-special-heading-tag{\nfont-size:0.8em;\n}\n}\n\n@media only screen and (max-width: 479px){ \n#top #wrap_all .av-special-heading.av-lzbeawp2-6fd4f20797578339abb0d67cf4043065 .av-special-heading-tag{\nfont-size:0.8em;\n}\n}\n<\/style>\n<div  id=\"sinmargen\"  class='av-special-heading av-lzbeawp2-6fd4f20797578339abb0d67cf4043065 av-special-heading-h4 custom-color-heading blockquote modern-quote  avia-builder-el-327  el_after_av_textblock  avia-builder-el-last  av-inherit-size'><h4 class='av-special-heading-tag '  itemprop=\"headline\"  >\u00bfC\u00f3mo es la gesti\u00f3n del agua en el contexto internacional?<\/h4><div class='av_custom_color av-subheading av-subheading_below'><p>A partir de: <strong>Tercer ciclo de Primaria<\/strong><\/p>\n<\/div><div class=\"special-heading-border\"><div class=\"special-heading-inner-border\"><\/div><\/div><\/div><\/p><\/div><div class='av-flex-placeholder'><\/div>\n<style type=\"text\/css\" data-created_by=\"avia_inline_auto\" id=\"style-css-av-od6pez-99ee66d205e650d8b7afe409492102a5\">\n.flex_column.av-od6pez-99ee66d205e650d8b7afe409492102a5{\nwidth:22.75%;\nmargin-left:0;\n}\n#top .flex_column_table.av-equal-height-column-flextable.av-od6pez-99ee66d205e650d8b7afe409492102a5 .av-flex-placeholder{\nwidth:3%;\n}\n<\/style>\n<div  class='flex_column av-od6pez-99ee66d205e650d8b7afe409492102a5 av_one_fourth  avia-builder-el-328  el_after_av_one_fourth  avia-builder-el-last  flex_column_table_cell av-equal-height-column av-align-top  column-top-margin'     ><\/div><\/div><!--close column table wrapper. Autoclose: 1 -->\n\n<\/div><\/div><\/div><!-- close content main div --><\/div><\/div><div id='cambio-climatico'  class='avia-section av-lu8xnhpq-7864c402c4e1c41b9ceb4033508912c1 main_color avia-section-default avia-no-border-styling  avia-builder-el-329  el_after_av_section  el_before_av_section  avia-bg-style-scroll container_wrap fullsize'  ><div class='container av-section-cont-open' ><div class='template-page content  av-content-full alpha units'><div class='post-entry post-entry-type-page post-entry-36107'><div class='entry-content-wrapper clearfix'>\n<div  class='flex_column av-1bolr7v-7a598da70f2b7d0e389345897ee0ef86 av_four_fifth  avia-builder-el-330  el_before_av_one_fifth  avia-builder-el-first  first flex_column_div  '     ><style type=\"text\/css\" data-created_by=\"avia_inline_auto\" id=\"style-css-av-lu8xn6ba-3ee181379510334b1a7995b4ca7a3803\">\n#top .av-special-heading.av-lu8xn6ba-3ee181379510334b1a7995b4ca7a3803{\npadding-bottom:0;\ncolor:#4ead5b;\n}\nbody .av-special-heading.av-lu8xn6ba-3ee181379510334b1a7995b4ca7a3803 .av-special-heading-tag .heading-char{\nfont-size:25px;\n}\n.av-special-heading.av-lu8xn6ba-3ee181379510334b1a7995b4ca7a3803 .special-heading-inner-border{\nborder-color:#4ead5b;\n}\n.av-special-heading.av-lu8xn6ba-3ee181379510334b1a7995b4ca7a3803 .av-subheading{\nfont-size:15px;\n}\n<\/style>\n<div  class='av-special-heading av-lu8xn6ba-3ee181379510334b1a7995b4ca7a3803 av-special-heading-h2 custom-color-heading blockquote modern-quote  avia-builder-el-331  avia-builder-el-no-sibling  titulete'><h2 class='av-special-heading-tag '  itemprop=\"headline\"  >Agua, cambio clim\u00e1tico y eventos extremos<\/h2><div class=\"special-heading-border\"><div class=\"special-heading-inner-border\"><\/div><\/div><\/div><\/div><div  class='flex_column av-1wlwqz-118555d75c0a82b7c5a3d0f935d8e944 av_one_fifth  avia-builder-el-332  el_after_av_four_fifth  el_before_av_one_fourth  flex_column_div  '     ><style type=\"text\/css\" data-created_by=\"avia_inline_auto\" id=\"style-css-av-lu8xnsr8-97dde22ed10421d418d27b53d86b0bc5\">\n.av_font_icon.av-lu8xnsr8-97dde22ed10421d418d27b53d86b0bc5{\ncolor:#4ead5b;\nborder-color:#4ead5b;\n}\n.avia-svg-icon.av-lu8xnsr8-97dde22ed10421d418d27b53d86b0bc5 svg:first-child{\nstroke:#4ead5b;\nfill:#4ead5b;\n}\n.av_font_icon.av-lu8xnsr8-97dde22ed10421d418d27b53d86b0bc5 .av-icon-char{\nfont-size:50px;\nline-height:50px;\n}\n<\/style>\n<span  class='av_font_icon av-lu8xnsr8-97dde22ed10421d418d27b53d86b0bc5 avia_animate_when_visible av-icon-style- avia-icon-pos-right avia-iconfont avia-font-iconos-agua-2-fontello avia-icon-animate'><span class='av-icon-char' data-av_icon='\ue803' data-av_iconfont='iconos-agua-2-fontello' aria-hidden=\"true\" ><\/span><\/span><\/div><div class='flex_column_table av-3rxa6iz-b327663cf29ee3afb21c93a1e01d6bd6 sc-av_one_fourth av-equal-height-column-flextable'>\n<style type=\"text\/css\" data-created_by=\"avia_inline_auto\" id=\"style-css-av-3rxa6iz-b327663cf29ee3afb21c93a1e01d6bd6\">\n.flex_column.av-3rxa6iz-b327663cf29ee3afb21c93a1e01d6bd6{\nwidth:22.75%;\nmargin-left:0;\n}\n#top .flex_column_table.av-equal-height-column-flextable.av-3rxa6iz-b327663cf29ee3afb21c93a1e01d6bd6 .av-flex-placeholder{\nwidth:3%;\n}\n<\/style>\n<div  class='flex_column av-3rxa6iz-b327663cf29ee3afb21c93a1e01d6bd6 av_one_fourth  avia-builder-el-334  el_after_av_one_fifth  el_before_av_one_fourth  first flex_column_table_cell av-equal-height-column av-align-top avia-link-column av-column-link avia-link-column-hover  column-top-margin'    data-link-column-url=\"https:\/\/www.fundacioncanal.com\/canaleduca\/recursos-didacticos\/migraciones-climaticas\/\"  data-link-column-target=\"_blank\"   ><a class=\"av-screen-reader-only\" href=https:\/\/www.fundacioncanal.com\/canaleduca\/recursos-didacticos\/migraciones-climaticas\/  target=\"_blank\" >Link to: Migraciones clim\u00e1ticas<\/a><p>\n<style type=\"text\/css\" data-created_by=\"avia_inline_auto\" id=\"style-css-av-3o5h7fv-aec3aa94075b9528f898064bedbaa19b\">\n.avia-image-container.av-3o5h7fv-aec3aa94075b9528f898064bedbaa19b img.avia_image{\nbox-shadow:none;\n}\n.avia-image-container.av-3o5h7fv-aec3aa94075b9528f898064bedbaa19b .av-image-caption-overlay-center{\ncolor:#ffffff;\n}\n<\/style>\n<div  class='avia-image-container av-3o5h7fv-aec3aa94075b9528f898064bedbaa19b av-styling- avia-align-center  avia-builder-el-335  el_before_av_textblock  avia-builder-el-first '   itemprop=\"image\" itemscope=\"itemscope\" itemtype=\"https:\/\/schema.org\/ImageObject\" ><div class=\"avia-image-container-inner\"><div class=\"avia-image-overlay-wrap\"><img decoding=\"async\" fetchpriority=\"high\" class='wp-image-33709 avia-img-lazy-loading-not-33709 avia_image ' src=\"https:\/\/www.fundacioncanal.com\/canaleduca\/wp-content\/uploads\/2024\/01\/av59.jpg\" alt='av59' title='av59'  height=\"998\" width=\"1774\"  itemprop=\"thumbnailUrl\" srcset=\"https:\/\/www.fundacioncanal.com\/canaleduca\/wp-content\/uploads\/2024\/01\/av59.jpg 1774w, https:\/\/www.fundacioncanal.com\/canaleduca\/wp-content\/uploads\/2024\/01\/av59-300x169.jpg 300w, https:\/\/www.fundacioncanal.com\/canaleduca\/wp-content\/uploads\/2024\/01\/av59-1030x579.jpg 1030w, https:\/\/www.fundacioncanal.com\/canaleduca\/wp-content\/uploads\/2024\/01\/av59-768x432.jpg 768w, https:\/\/www.fundacioncanal.com\/canaleduca\/wp-content\/uploads\/2024\/01\/av59-1536x864.jpg 1536w, https:\/\/www.fundacioncanal.com\/canaleduca\/wp-content\/uploads\/2024\/01\/av59-1500x844.jpg 1500w, https:\/\/www.fundacioncanal.com\/canaleduca\/wp-content\/uploads\/2024\/01\/av59-705x397.jpg 705w\" sizes=\"(max-width: 1774px) 100vw, 1774px\" \/><\/div><\/div><\/div><br \/>\n\n<style type=\"text\/css\" data-created_by=\"avia_inline_auto\" id=\"style-css-av-36pybu3-39f190b4af5c9c60d5f17a024c091538\">\n#top .av_textblock_section.av-36pybu3-39f190b4af5c9c60d5f17a024c091538 .avia_textblock{\nfont-size:12px;\ncolor:#ffffff;\n}\n<\/style>\n<section  class='av_textblock_section av-36pybu3-39f190b4af5c9c60d5f17a024c091538 '   itemscope=\"itemscope\" itemtype=\"https:\/\/schema.org\/CreativeWork\" ><div class='avia_textblock video-corto av_inherit_color'  itemprop=\"text\" ><p>V\u00eddeo corto<\/p>\n<\/div><\/section><br \/>\n\n<style type=\"text\/css\" data-created_by=\"avia_inline_auto\" id=\"style-css-av-2gdit63-2eab80576b46f2561d9e41215e3457ae\">\n#top .av-special-heading.av-2gdit63-2eab80576b46f2561d9e41215e3457ae{\npadding-bottom:0;\ncolor:#0092d0;\nfont-size:18px;\n}\nbody .av-special-heading.av-2gdit63-2eab80576b46f2561d9e41215e3457ae .av-special-heading-tag .heading-char{\nfont-size:25px;\n}\n#top #wrap_all .av-special-heading.av-2gdit63-2eab80576b46f2561d9e41215e3457ae .av-special-heading-tag{\nfont-size:18px;\n}\n.av-special-heading.av-2gdit63-2eab80576b46f2561d9e41215e3457ae .special-heading-inner-border{\nborder-color:#0092d0;\n}\n.av-special-heading.av-2gdit63-2eab80576b46f2561d9e41215e3457ae .av-subheading{\nfont-size:15px;\n}\n\n@media only screen and (min-width: 480px) and (max-width: 767px){ \n#top #wrap_all .av-special-heading.av-2gdit63-2eab80576b46f2561d9e41215e3457ae .av-special-heading-tag{\nfont-size:0.8em;\n}\n}\n\n@media only screen and (max-width: 479px){ \n#top #wrap_all .av-special-heading.av-2gdit63-2eab80576b46f2561d9e41215e3457ae .av-special-heading-tag{\nfont-size:0.8em;\n}\n}\n<\/style>\n<div  id=\"sinmargen\"  class='av-special-heading av-2gdit63-2eab80576b46f2561d9e41215e3457ae av-special-heading-h4 custom-color-heading blockquote modern-quote  avia-builder-el-337  el_after_av_textblock  avia-builder-el-last  av-inherit-size'><h4 class='av-special-heading-tag '  itemprop=\"headline\"  >Migraciones clim\u00e1ticas<\/h4><div class='av_custom_color av-subheading av-subheading_below'><p>A partir de: <strong>Segundo ciclo de Primaria<\/strong><\/p>\n<\/div><div class=\"special-heading-border\"><div class=\"special-heading-inner-border\"><\/div><\/div><\/div><\/p><\/div><div class='av-flex-placeholder'><\/div>\n<style type=\"text\/css\" data-created_by=\"avia_inline_auto\" id=\"style-css-av-pswtijv-2b76d294e29b4c8fd42fb9153370c6a3\">\n.flex_column.av-pswtijv-2b76d294e29b4c8fd42fb9153370c6a3{\nwidth:22.75%;\nmargin-left:0;\n}\n#top .flex_column_table.av-equal-height-column-flextable.av-pswtijv-2b76d294e29b4c8fd42fb9153370c6a3 .av-flex-placeholder{\nwidth:3%;\n}\n<\/style>\n<div  class='flex_column av-pswtijv-2b76d294e29b4c8fd42fb9153370c6a3 av_one_fourth  avia-builder-el-338  el_after_av_one_fourth  el_before_av_one_fourth  flex_column_table_cell av-equal-height-column av-align-top avia-link-column av-column-link avia-link-column-hover  column-top-margin'    data-link-column-url=\"https:\/\/www.fundacioncanal.com\/canaleduca\/recursos-didacticos\/causas-de-las-inundaciones-en-espana\/\"  data-link-column-target=\"_blank\"   ><a class=\"av-screen-reader-only\" href=https:\/\/www.fundacioncanal.com\/canaleduca\/recursos-didacticos\/causas-de-las-inundaciones-en-espana\/  target=\"_blank\" >Link to: Causas de las inundaciones en Espa\u00f1a<\/a><p>\n<style type=\"text\/css\" data-created_by=\"avia_inline_auto\" id=\"style-css-av-2jbutt7-99c258d2220caf55a70bb87e5b9c1e82\">\n.avia-image-container.av-2jbutt7-99c258d2220caf55a70bb87e5b9c1e82 img.avia_image{\nbox-shadow:none;\n}\n.avia-image-container.av-2jbutt7-99c258d2220caf55a70bb87e5b9c1e82 .av-image-caption-overlay-center{\ncolor:#ffffff;\n}\n<\/style>\n<div  class='avia-image-container av-2jbutt7-99c258d2220caf55a70bb87e5b9c1e82 av-styling- avia-align-center  avia-builder-el-339  el_before_av_textblock  avia-builder-el-first '   itemprop=\"image\" itemscope=\"itemscope\" itemtype=\"https:\/\/schema.org\/ImageObject\" ><div class=\"avia-image-container-inner\"><div class=\"avia-image-overlay-wrap\"><img decoding=\"async\" fetchpriority=\"high\" class='wp-image-33712 avia-img-lazy-loading-not-33712 avia_image ' src=\"https:\/\/www.fundacioncanal.com\/canaleduca\/wp-content\/uploads\/2024\/01\/av62.jpg\" alt='av62' title='av62'  height=\"998\" width=\"1774\"  itemprop=\"thumbnailUrl\" srcset=\"https:\/\/www.fundacioncanal.com\/canaleduca\/wp-content\/uploads\/2024\/01\/av62.jpg 1774w, https:\/\/www.fundacioncanal.com\/canaleduca\/wp-content\/uploads\/2024\/01\/av62-300x169.jpg 300w, https:\/\/www.fundacioncanal.com\/canaleduca\/wp-content\/uploads\/2024\/01\/av62-1030x579.jpg 1030w, https:\/\/www.fundacioncanal.com\/canaleduca\/wp-content\/uploads\/2024\/01\/av62-768x432.jpg 768w, https:\/\/www.fundacioncanal.com\/canaleduca\/wp-content\/uploads\/2024\/01\/av62-1536x864.jpg 1536w, https:\/\/www.fundacioncanal.com\/canaleduca\/wp-content\/uploads\/2024\/01\/av62-1500x844.jpg 1500w, https:\/\/www.fundacioncanal.com\/canaleduca\/wp-content\/uploads\/2024\/01\/av62-705x397.jpg 705w\" sizes=\"(max-width: 1774px) 100vw, 1774px\" \/><\/div><\/div><\/div><br \/>\n\n<style type=\"text\/css\" data-created_by=\"avia_inline_auto\" id=\"style-css-av-ozsjlqj-ca4eac3055d76e9389801efc999ca771\">\n#top .av_textblock_section.av-ozsjlqj-ca4eac3055d76e9389801efc999ca771 .avia_textblock{\nfont-size:12px;\ncolor:#ffffff;\n}\n<\/style>\n<section  class='av_textblock_section av-ozsjlqj-ca4eac3055d76e9389801efc999ca771 '   itemscope=\"itemscope\" itemtype=\"https:\/\/schema.org\/CreativeWork\" ><div class='avia_textblock video-corto av_inherit_color'  itemprop=\"text\" ><p>V\u00eddeo corto<\/p>\n<\/div><\/section><br \/>\n\n<style type=\"text\/css\" data-created_by=\"avia_inline_auto\" id=\"style-css-av-oge1utn-44bcdfc45d52f377fd7833a821751692\">\n#top .av-special-heading.av-oge1utn-44bcdfc45d52f377fd7833a821751692{\npadding-bottom:0;\ncolor:#0092d0;\nfont-size:18px;\n}\nbody .av-special-heading.av-oge1utn-44bcdfc45d52f377fd7833a821751692 .av-special-heading-tag .heading-char{\nfont-size:25px;\n}\n#top #wrap_all .av-special-heading.av-oge1utn-44bcdfc45d52f377fd7833a821751692 .av-special-heading-tag{\nfont-size:18px;\n}\n.av-special-heading.av-oge1utn-44bcdfc45d52f377fd7833a821751692 .special-heading-inner-border{\nborder-color:#0092d0;\n}\n.av-special-heading.av-oge1utn-44bcdfc45d52f377fd7833a821751692 .av-subheading{\nfont-size:15px;\n}\n\n@media only screen and (min-width: 480px) and (max-width: 767px){ \n#top #wrap_all .av-special-heading.av-oge1utn-44bcdfc45d52f377fd7833a821751692 .av-special-heading-tag{\nfont-size:0.8em;\n}\n}\n\n@media only screen and (max-width: 479px){ \n#top #wrap_all .av-special-heading.av-oge1utn-44bcdfc45d52f377fd7833a821751692 .av-special-heading-tag{\nfont-size:0.8em;\n}\n}\n<\/style>\n<div  id=\"sinmargen\"  class='av-special-heading av-oge1utn-44bcdfc45d52f377fd7833a821751692 av-special-heading-h4 custom-color-heading blockquote modern-quote  avia-builder-el-341  el_after_av_textblock  avia-builder-el-last  av-inherit-size'><h4 class='av-special-heading-tag '  itemprop=\"headline\"  >Causas de las inundaciones en Espa\u00f1a<\/h4><div class='av_custom_color av-subheading av-subheading_below'><p>A partir de: <strong>Segundo ciclo de Primaria<\/strong><\/p>\n<\/div><div class=\"special-heading-border\"><div class=\"special-heading-inner-border\"><\/div><\/div><\/div><\/p><\/div><div class='av-flex-placeholder'><\/div>\n<style type=\"text\/css\" data-created_by=\"avia_inline_auto\" id=\"style-css-av-o61vskr-29ff5e99eb029bbdf7759668ec0e8e26\">\n.flex_column.av-o61vskr-29ff5e99eb029bbdf7759668ec0e8e26{\nwidth:22.75%;\nmargin-left:0;\n}\n#top .flex_column_table.av-equal-height-column-flextable.av-o61vskr-29ff5e99eb029bbdf7759668ec0e8e26 .av-flex-placeholder{\nwidth:3%;\n}\n<\/style>\n<div  class='flex_column av-o61vskr-29ff5e99eb029bbdf7759668ec0e8e26 av_one_fourth  avia-builder-el-342  el_after_av_one_fourth  el_before_av_one_fourth  flex_column_table_cell av-equal-height-column av-align-top avia-link-column av-column-link avia-link-column-hover  column-top-margin'    data-link-column-url=\"https:\/\/www.fundacioncanal.com\/canaleduca\/recursos-didacticos\/inundaciones-en-la-espana-seca\/\"  data-link-column-target=\"_blank\"   ><a class=\"av-screen-reader-only\" href=https:\/\/www.fundacioncanal.com\/canaleduca\/recursos-didacticos\/inundaciones-en-la-espana-seca\/  target=\"_blank\" >Link to: Inundaciones en la Espa\u00f1a seca<\/a><p>\n<style type=\"text\/css\" data-created_by=\"avia_inline_auto\" id=\"style-css-av-nkmvg6j-22fa5effc187078e5c0b1f003bb826da\">\n.avia-image-container.av-nkmvg6j-22fa5effc187078e5c0b1f003bb826da img.avia_image{\nbox-shadow:none;\n}\n.avia-image-container.av-nkmvg6j-22fa5effc187078e5c0b1f003bb826da .av-image-caption-overlay-center{\ncolor:#ffffff;\n}\n<\/style>\n<div  class='avia-image-container av-nkmvg6j-22fa5effc187078e5c0b1f003bb826da av-styling- avia-align-center  avia-builder-el-343  el_before_av_textblock  avia-builder-el-first '   itemprop=\"image\" itemscope=\"itemscope\" itemtype=\"https:\/\/schema.org\/ImageObject\" ><div class=\"avia-image-container-inner\"><div class=\"avia-image-overlay-wrap\"><img decoding=\"async\" fetchpriority=\"high\" class='wp-image-33714 avia-img-lazy-loading-not-33714 avia_image ' src=\"https:\/\/www.fundacioncanal.com\/canaleduca\/wp-content\/uploads\/2024\/01\/av63.jpg\" alt='av63' title='av63'  height=\"998\" width=\"1774\"  itemprop=\"thumbnailUrl\" srcset=\"https:\/\/www.fundacioncanal.com\/canaleduca\/wp-content\/uploads\/2024\/01\/av63.jpg 1774w, https:\/\/www.fundacioncanal.com\/canaleduca\/wp-content\/uploads\/2024\/01\/av63-300x169.jpg 300w, https:\/\/www.fundacioncanal.com\/canaleduca\/wp-content\/uploads\/2024\/01\/av63-1030x579.jpg 1030w, https:\/\/www.fundacioncanal.com\/canaleduca\/wp-content\/uploads\/2024\/01\/av63-768x432.jpg 768w, https:\/\/www.fundacioncanal.com\/canaleduca\/wp-content\/uploads\/2024\/01\/av63-1536x864.jpg 1536w, https:\/\/www.fundacioncanal.com\/canaleduca\/wp-content\/uploads\/2024\/01\/av63-1500x844.jpg 1500w, https:\/\/www.fundacioncanal.com\/canaleduca\/wp-content\/uploads\/2024\/01\/av63-705x397.jpg 705w\" sizes=\"(max-width: 1774px) 100vw, 1774px\" \/><\/div><\/div><\/div><br \/>\n\n<style type=\"text\/css\" data-created_by=\"avia_inline_auto\" id=\"style-css-av-n1cjqi3-99dc9581390814cfcac7d1b1deadbb1c\">\n#top .av_textblock_section.av-n1cjqi3-99dc9581390814cfcac7d1b1deadbb1c .avia_textblock{\nfont-size:12px;\ncolor:#ffffff;\n}\n<\/style>\n<section  class='av_textblock_section av-n1cjqi3-99dc9581390814cfcac7d1b1deadbb1c '   itemscope=\"itemscope\" itemtype=\"https:\/\/schema.org\/CreativeWork\" ><div class='avia_textblock video-corto av_inherit_color'  itemprop=\"text\" ><p>V\u00eddeo corto<\/p>\n<\/div><\/section><br \/>\n\n<style type=\"text\/css\" data-created_by=\"avia_inline_auto\" id=\"style-css-av-mtk2fez-abf55a446636b86ac0bac6afb7dcb272\">\n#top .av-special-heading.av-mtk2fez-abf55a446636b86ac0bac6afb7dcb272{\npadding-bottom:0;\ncolor:#0092d0;\nfont-size:18px;\n}\nbody .av-special-heading.av-mtk2fez-abf55a446636b86ac0bac6afb7dcb272 .av-special-heading-tag .heading-char{\nfont-size:25px;\n}\n#top #wrap_all .av-special-heading.av-mtk2fez-abf55a446636b86ac0bac6afb7dcb272 .av-special-heading-tag{\nfont-size:18px;\n}\n.av-special-heading.av-mtk2fez-abf55a446636b86ac0bac6afb7dcb272 .special-heading-inner-border{\nborder-color:#0092d0;\n}\n.av-special-heading.av-mtk2fez-abf55a446636b86ac0bac6afb7dcb272 .av-subheading{\nfont-size:15px;\n}\n\n@media only screen and (min-width: 480px) and (max-width: 767px){ \n#top #wrap_all .av-special-heading.av-mtk2fez-abf55a446636b86ac0bac6afb7dcb272 .av-special-heading-tag{\nfont-size:0.8em;\n}\n}\n\n@media only screen and (max-width: 479px){ \n#top #wrap_all .av-special-heading.av-mtk2fez-abf55a446636b86ac0bac6afb7dcb272 .av-special-heading-tag{\nfont-size:0.8em;\n}\n}\n<\/style>\n<div  id=\"sinmargen\"  class='av-special-heading av-mtk2fez-abf55a446636b86ac0bac6afb7dcb272 av-special-heading-h4 custom-color-heading blockquote modern-quote  avia-builder-el-345  el_after_av_textblock  avia-builder-el-last  av-inherit-size'><h4 class='av-special-heading-tag '  itemprop=\"headline\"  >Inundaciones en la Espa\u00f1a seca<\/h4><div class='av_custom_color av-subheading av-subheading_below'><p>A partir de: <strong>Segundo ciclo de Primaria<\/strong><\/p>\n<\/div><div class=\"special-heading-border\"><div class=\"special-heading-inner-border\"><\/div><\/div><\/div><\/p><\/div><div class='av-flex-placeholder'><\/div>\n<style type=\"text\/css\" data-created_by=\"avia_inline_auto\" id=\"style-css-av-m6u9evf-8ddb5ee3f94c5f86df91b5fcf8aaf5b6\">\n.flex_column.av-m6u9evf-8ddb5ee3f94c5f86df91b5fcf8aaf5b6{\nwidth:22.75%;\nmargin-left:0;\n}\n#top .flex_column_table.av-equal-height-column-flextable.av-m6u9evf-8ddb5ee3f94c5f86df91b5fcf8aaf5b6 .av-flex-placeholder{\nwidth:3%;\n}\n<\/style>\n<div  class='flex_column av-m6u9evf-8ddb5ee3f94c5f86df91b5fcf8aaf5b6 av_one_fourth  avia-builder-el-346  el_after_av_one_fourth  el_before_av_one_fourth  flex_column_table_cell av-equal-height-column av-align-top avia-link-column av-column-link avia-link-column-hover  column-top-margin'    data-link-column-url=\"https:\/\/www.fundacioncanal.com\/canaleduca\/recursos-didacticos\/inundaciones-en-la-espana-humeda\/\"  data-link-column-target=\"_blank\"   ><a class=\"av-screen-reader-only\" href=https:\/\/www.fundacioncanal.com\/canaleduca\/recursos-didacticos\/inundaciones-en-la-espana-humeda\/  target=\"_blank\" >Link to: Inundaciones en la Espa\u00f1a h\u00fameda<\/a><p>\n<style type=\"text\/css\" data-created_by=\"avia_inline_auto\" id=\"style-css-av-loyu9ez-2d606e0c7072361f8fe5015c54a25e41\">\n.avia-image-container.av-loyu9ez-2d606e0c7072361f8fe5015c54a25e41 img.avia_image{\nbox-shadow:none;\n}\n.avia-image-container.av-loyu9ez-2d606e0c7072361f8fe5015c54a25e41 .av-image-caption-overlay-center{\ncolor:#ffffff;\n}\n<\/style>\n<div  class='avia-image-container av-loyu9ez-2d606e0c7072361f8fe5015c54a25e41 av-styling- avia-align-center  avia-builder-el-347  el_before_av_textblock  avia-builder-el-first '   itemprop=\"image\" itemscope=\"itemscope\" itemtype=\"https:\/\/schema.org\/ImageObject\" ><div class=\"avia-image-container-inner\"><div class=\"avia-image-overlay-wrap\"><img decoding=\"async\" fetchpriority=\"high\" class='wp-image-33716 avia-img-lazy-loading-not-33716 avia_image ' src=\"https:\/\/www.fundacioncanal.com\/canaleduca\/wp-content\/uploads\/2024\/01\/av64.jpg\" alt='av64' title='av64'  height=\"998\" width=\"1774\"  itemprop=\"thumbnailUrl\" srcset=\"https:\/\/www.fundacioncanal.com\/canaleduca\/wp-content\/uploads\/2024\/01\/av64.jpg 1774w, https:\/\/www.fundacioncanal.com\/canaleduca\/wp-content\/uploads\/2024\/01\/av64-300x169.jpg 300w, https:\/\/www.fundacioncanal.com\/canaleduca\/wp-content\/uploads\/2024\/01\/av64-1030x579.jpg 1030w, https:\/\/www.fundacioncanal.com\/canaleduca\/wp-content\/uploads\/2024\/01\/av64-768x432.jpg 768w, https:\/\/www.fundacioncanal.com\/canaleduca\/wp-content\/uploads\/2024\/01\/av64-1536x864.jpg 1536w, https:\/\/www.fundacioncanal.com\/canaleduca\/wp-content\/uploads\/2024\/01\/av64-1500x844.jpg 1500w, https:\/\/www.fundacioncanal.com\/canaleduca\/wp-content\/uploads\/2024\/01\/av64-705x397.jpg 705w\" sizes=\"(max-width: 1774px) 100vw, 1774px\" \/><\/div><\/div><\/div><br \/>\n\n<style type=\"text\/css\" data-created_by=\"avia_inline_auto\" id=\"style-css-av-ld4bbmz-e369e429e4dd3ceb52597ebff2c1cf43\">\n#top .av_textblock_section.av-ld4bbmz-e369e429e4dd3ceb52597ebff2c1cf43 .avia_textblock{\nfont-size:12px;\ncolor:#ffffff;\n}\n<\/style>\n<section  class='av_textblock_section av-ld4bbmz-e369e429e4dd3ceb52597ebff2c1cf43 '   itemscope=\"itemscope\" itemtype=\"https:\/\/schema.org\/CreativeWork\" ><div class='avia_textblock video-corto av_inherit_color'  itemprop=\"text\" ><p>V\u00eddeo corto<\/p>\n<\/div><\/section><br \/>\n\n<style type=\"text\/css\" data-created_by=\"avia_inline_auto\" id=\"style-css-av-kqemlez-7d234e16d2214f876f81792be8c03d72\">\n#top .av-special-heading.av-kqemlez-7d234e16d2214f876f81792be8c03d72{\npadding-bottom:0;\ncolor:#0092d0;\nfont-size:18px;\n}\nbody .av-special-heading.av-kqemlez-7d234e16d2214f876f81792be8c03d72 .av-special-heading-tag .heading-char{\nfont-size:25px;\n}\n#top #wrap_all .av-special-heading.av-kqemlez-7d234e16d2214f876f81792be8c03d72 .av-special-heading-tag{\nfont-size:18px;\n}\n.av-special-heading.av-kqemlez-7d234e16d2214f876f81792be8c03d72 .special-heading-inner-border{\nborder-color:#0092d0;\n}\n.av-special-heading.av-kqemlez-7d234e16d2214f876f81792be8c03d72 .av-subheading{\nfont-size:15px;\n}\n\n@media only screen and (min-width: 480px) and (max-width: 767px){ \n#top #wrap_all .av-special-heading.av-kqemlez-7d234e16d2214f876f81792be8c03d72 .av-special-heading-tag{\nfont-size:0.8em;\n}\n}\n\n@media only screen and (max-width: 479px){ \n#top #wrap_all .av-special-heading.av-kqemlez-7d234e16d2214f876f81792be8c03d72 .av-special-heading-tag{\nfont-size:0.8em;\n}\n}\n<\/style>\n<div  id=\"sinmargen\"  class='av-special-heading av-kqemlez-7d234e16d2214f876f81792be8c03d72 av-special-heading-h4 custom-color-heading blockquote modern-quote  avia-builder-el-349  el_after_av_textblock  avia-builder-el-last  av-inherit-size'><h4 class='av-special-heading-tag '  itemprop=\"headline\"  >Inundaciones en la Espa\u00f1a h\u00fameda<\/h4><div class='av_custom_color av-subheading av-subheading_below'><p>A partir de: <strong>Segundo ciclo de Primaria<\/strong><\/p>\n<\/div><div class=\"special-heading-border\"><div class=\"special-heading-inner-border\"><\/div><\/div><\/div><\/p><\/div><\/div><!--close column table wrapper. Autoclose: 1 --><div class='flex_column_table av-kn2f6dn-4f10d17130bfcc3c4c9bf76d363dd07f sc-av_one_fourth av-equal-height-column-flextable'>\n<style type=\"text\/css\" data-created_by=\"avia_inline_auto\" id=\"style-css-av-kn2f6dn-4f10d17130bfcc3c4c9bf76d363dd07f\">\n.flex_column.av-kn2f6dn-4f10d17130bfcc3c4c9bf76d363dd07f{\nwidth:22.75%;\nmargin-left:0;\n}\n#top .flex_column_table.av-equal-height-column-flextable.av-kn2f6dn-4f10d17130bfcc3c4c9bf76d363dd07f .av-flex-placeholder{\nwidth:3%;\n}\n<\/style>\n<div  class='flex_column av-kn2f6dn-4f10d17130bfcc3c4c9bf76d363dd07f av_one_fourth  avia-builder-el-350  el_after_av_one_fourth  el_before_av_one_fourth  first flex_column_table_cell av-equal-height-column av-align-top avia-link-column av-column-link avia-link-column-hover  column-top-margin'    data-link-column-url=\"https:\/\/www.fundacioncanal.com\/canaleduca\/recursos-didacticos\/sistema-mose-de-contencion-del-agua-en-venecia\/\"  data-link-column-target=\"_blank\"   ><a class=\"av-screen-reader-only\" href=https:\/\/www.fundacioncanal.com\/canaleduca\/recursos-didacticos\/sistema-mose-de-contencion-del-agua-en-venecia\/  target=\"_blank\" >Link to: Sistema MOSE de contenci\u00f3n del agua en Venecia<\/a><p>\n<style type=\"text\/css\" data-created_by=\"avia_inline_auto\" id=\"style-css-av-k2kt90r-b27bfb249538b92455f6a055db52fe1c\">\n.avia-image-container.av-k2kt90r-b27bfb249538b92455f6a055db52fe1c img.avia_image{\nbox-shadow:none;\n}\n.avia-image-container.av-k2kt90r-b27bfb249538b92455f6a055db52fe1c .av-image-caption-overlay-center{\ncolor:#ffffff;\n}\n<\/style>\n<div  class='avia-image-container av-k2kt90r-b27bfb249538b92455f6a055db52fe1c av-styling- avia-align-center  avia-builder-el-351  el_before_av_textblock  avia-builder-el-first '   itemprop=\"image\" itemscope=\"itemscope\" itemtype=\"https:\/\/schema.org\/ImageObject\" ><div class=\"avia-image-container-inner\"><div class=\"avia-image-overlay-wrap\"><img decoding=\"async\" fetchpriority=\"high\" class='wp-image-33720 avia-img-lazy-loading-not-33720 avia_image ' src=\"https:\/\/www.fundacioncanal.com\/canaleduca\/wp-content\/uploads\/2024\/01\/av65.jpg\" alt='av65' title='av65'  height=\"998\" width=\"1774\"  itemprop=\"thumbnailUrl\" srcset=\"https:\/\/www.fundacioncanal.com\/canaleduca\/wp-content\/uploads\/2024\/01\/av65.jpg 1774w, https:\/\/www.fundacioncanal.com\/canaleduca\/wp-content\/uploads\/2024\/01\/av65-300x169.jpg 300w, https:\/\/www.fundacioncanal.com\/canaleduca\/wp-content\/uploads\/2024\/01\/av65-1030x579.jpg 1030w, https:\/\/www.fundacioncanal.com\/canaleduca\/wp-content\/uploads\/2024\/01\/av65-768x432.jpg 768w, https:\/\/www.fundacioncanal.com\/canaleduca\/wp-content\/uploads\/2024\/01\/av65-1536x864.jpg 1536w, https:\/\/www.fundacioncanal.com\/canaleduca\/wp-content\/uploads\/2024\/01\/av65-1500x844.jpg 1500w, https:\/\/www.fundacioncanal.com\/canaleduca\/wp-content\/uploads\/2024\/01\/av65-705x397.jpg 705w\" sizes=\"(max-width: 1774px) 100vw, 1774px\" \/><\/div><\/div><\/div><br \/>\n\n<style type=\"text\/css\" data-created_by=\"avia_inline_auto\" id=\"style-css-av-jkgkvt7-ae45977b0f4b4e64c56f18800dbabcd2\">\n#top .av_textblock_section.av-jkgkvt7-ae45977b0f4b4e64c56f18800dbabcd2 .avia_textblock{\nfont-size:12px;\ncolor:#ffffff;\n}\n<\/style>\n<section  class='av_textblock_section av-jkgkvt7-ae45977b0f4b4e64c56f18800dbabcd2 '   itemscope=\"itemscope\" itemtype=\"https:\/\/schema.org\/CreativeWork\" ><div class='avia_textblock video-corto av_inherit_color'  itemprop=\"text\" ><p>V\u00eddeo corto<\/p>\n<\/div><\/section><br \/>\n\n<style type=\"text\/css\" data-created_by=\"avia_inline_auto\" id=\"style-css-av-iw0hxe3-f6abadc8e9f97e5ccd05b64302742b7c\">\n#top .av-special-heading.av-iw0hxe3-f6abadc8e9f97e5ccd05b64302742b7c{\npadding-bottom:0;\ncolor:#0092d0;\nfont-size:18px;\n}\nbody .av-special-heading.av-iw0hxe3-f6abadc8e9f97e5ccd05b64302742b7c .av-special-heading-tag .heading-char{\nfont-size:25px;\n}\n#top #wrap_all .av-special-heading.av-iw0hxe3-f6abadc8e9f97e5ccd05b64302742b7c .av-special-heading-tag{\nfont-size:18px;\n}\n.av-special-heading.av-iw0hxe3-f6abadc8e9f97e5ccd05b64302742b7c .special-heading-inner-border{\nborder-color:#0092d0;\n}\n.av-special-heading.av-iw0hxe3-f6abadc8e9f97e5ccd05b64302742b7c .av-subheading{\nfont-size:15px;\n}\n\n@media only screen and (min-width: 480px) and (max-width: 767px){ \n#top #wrap_all .av-special-heading.av-iw0hxe3-f6abadc8e9f97e5ccd05b64302742b7c .av-special-heading-tag{\nfont-size:0.8em;\n}\n}\n\n@media only screen and (max-width: 479px){ \n#top #wrap_all .av-special-heading.av-iw0hxe3-f6abadc8e9f97e5ccd05b64302742b7c .av-special-heading-tag{\nfont-size:0.8em;\n}\n}\n<\/style>\n<div  id=\"sinmargen\"  class='av-special-heading av-iw0hxe3-f6abadc8e9f97e5ccd05b64302742b7c av-special-heading-h4 custom-color-heading blockquote modern-quote  avia-builder-el-353  el_after_av_textblock  avia-builder-el-last  av-inherit-size'><h4 class='av-special-heading-tag '  itemprop=\"headline\"  >Sistema MOSE de contenci\u00f3n del agua en Venecia<\/h4><div class='av_custom_color av-subheading av-subheading_below'><p>A partir de: <strong>Segundo ciclo de Primaria<\/strong><\/p>\n<\/div><div class=\"special-heading-border\"><div class=\"special-heading-inner-border\"><\/div><\/div><\/div><\/p><\/div><div class='av-flex-placeholder'><\/div>\n<style type=\"text\/css\" data-created_by=\"avia_inline_auto\" id=\"style-css-av-in846iz-37d156e6c41e512a0c5baefc891a8685\">\n.flex_column.av-in846iz-37d156e6c41e512a0c5baefc891a8685{\nwidth:22.75%;\nmargin-left:0;\n}\n#top .flex_column_table.av-equal-height-column-flextable.av-in846iz-37d156e6c41e512a0c5baefc891a8685 .av-flex-placeholder{\nwidth:3%;\n}\n<\/style>\n<div  class='flex_column av-in846iz-37d156e6c41e512a0c5baefc891a8685 av_one_fourth  avia-builder-el-354  el_after_av_one_fourth  el_before_av_one_fourth  flex_column_table_cell av-equal-height-column av-align-top avia-link-column av-column-link avia-link-column-hover  column-top-margin'    data-link-column-url=\"https:\/\/www.fundacioncanal.com\/canaleduca\/recursos-didacticos\/sistemas-de-control-de-inundaciones\/\"  data-link-column-target=\"_blank\"   ><a class=\"av-screen-reader-only\" href=https:\/\/www.fundacioncanal.com\/canaleduca\/recursos-didacticos\/sistemas-de-control-de-inundaciones\/  target=\"_blank\" >Link to: Sistemas de control de inundaciones<\/a><p>\n<style type=\"text\/css\" data-created_by=\"avia_inline_auto\" id=\"style-css-av-1tvgfhn-5199b75bcb875ae3a714050b01d3e2fb\">\n.avia-image-container.av-1tvgfhn-5199b75bcb875ae3a714050b01d3e2fb img.avia_image{\nbox-shadow:none;\n}\n.avia-image-container.av-1tvgfhn-5199b75bcb875ae3a714050b01d3e2fb .av-image-caption-overlay-center{\ncolor:#ffffff;\n}\n<\/style>\n<div  class='avia-image-container av-1tvgfhn-5199b75bcb875ae3a714050b01d3e2fb av-styling- avia-align-center  avia-builder-el-355  el_before_av_textblock  avia-builder-el-first '   itemprop=\"image\" itemscope=\"itemscope\" itemtype=\"https:\/\/schema.org\/ImageObject\" ><div class=\"avia-image-container-inner\"><div class=\"avia-image-overlay-wrap\"><img decoding=\"async\" fetchpriority=\"high\" class='wp-image-33722 avia-img-lazy-loading-not-33722 avia_image ' src=\"https:\/\/www.fundacioncanal.com\/canaleduca\/wp-content\/uploads\/2024\/01\/av69.jpg\" alt='av69' title='av69'  height=\"998\" width=\"1774\"  itemprop=\"thumbnailUrl\" srcset=\"https:\/\/www.fundacioncanal.com\/canaleduca\/wp-content\/uploads\/2024\/01\/av69.jpg 1774w, https:\/\/www.fundacioncanal.com\/canaleduca\/wp-content\/uploads\/2024\/01\/av69-300x169.jpg 300w, https:\/\/www.fundacioncanal.com\/canaleduca\/wp-content\/uploads\/2024\/01\/av69-1030x579.jpg 1030w, https:\/\/www.fundacioncanal.com\/canaleduca\/wp-content\/uploads\/2024\/01\/av69-768x432.jpg 768w, https:\/\/www.fundacioncanal.com\/canaleduca\/wp-content\/uploads\/2024\/01\/av69-1536x864.jpg 1536w, https:\/\/www.fundacioncanal.com\/canaleduca\/wp-content\/uploads\/2024\/01\/av69-1500x844.jpg 1500w, https:\/\/www.fundacioncanal.com\/canaleduca\/wp-content\/uploads\/2024\/01\/av69-705x397.jpg 705w\" sizes=\"(max-width: 1774px) 100vw, 1774px\" \/><\/div><\/div><\/div><br \/>\n\n<style type=\"text\/css\" data-created_by=\"avia_inline_auto\" id=\"style-css-av-1r3dgp7-49f441a263878cabb439dd994e19b226\">\n#top .av_textblock_section.av-1r3dgp7-49f441a263878cabb439dd994e19b226 .avia_textblock{\nfont-size:12px;\ncolor:#ffffff;\n}\n<\/style>\n<section  class='av_textblock_section av-1r3dgp7-49f441a263878cabb439dd994e19b226 '   itemscope=\"itemscope\" itemtype=\"https:\/\/schema.org\/CreativeWork\" ><div class='avia_textblock video-corto av_inherit_color'  itemprop=\"text\" ><p>V\u00eddeo corto<\/p>\n<\/div><\/section><br \/>\n\n<style type=\"text\/css\" data-created_by=\"avia_inline_auto\" id=\"style-css-av-hbfb0rv-722abe91531412e3e28a78701a8cd3ed\">\n#top .av-special-heading.av-hbfb0rv-722abe91531412e3e28a78701a8cd3ed{\npadding-bottom:0;\ncolor:#0092d0;\nfont-size:18px;\n}\nbody .av-special-heading.av-hbfb0rv-722abe91531412e3e28a78701a8cd3ed .av-special-heading-tag .heading-char{\nfont-size:25px;\n}\n#top #wrap_all .av-special-heading.av-hbfb0rv-722abe91531412e3e28a78701a8cd3ed .av-special-heading-tag{\nfont-size:18px;\n}\n.av-special-heading.av-hbfb0rv-722abe91531412e3e28a78701a8cd3ed .special-heading-inner-border{\nborder-color:#0092d0;\n}\n.av-special-heading.av-hbfb0rv-722abe91531412e3e28a78701a8cd3ed .av-subheading{\nfont-size:15px;\n}\n\n@media only screen and (min-width: 480px) and (max-width: 767px){ \n#top #wrap_all .av-special-heading.av-hbfb0rv-722abe91531412e3e28a78701a8cd3ed .av-special-heading-tag{\nfont-size:0.8em;\n}\n}\n\n@media only screen and (max-width: 479px){ \n#top #wrap_all .av-special-heading.av-hbfb0rv-722abe91531412e3e28a78701a8cd3ed .av-special-heading-tag{\nfont-size:0.8em;\n}\n}\n<\/style>\n<div  id=\"sinmargen\"  class='av-special-heading av-hbfb0rv-722abe91531412e3e28a78701a8cd3ed av-special-heading-h4 custom-color-heading blockquote modern-quote  avia-builder-el-357  el_after_av_textblock  avia-builder-el-last  av-inherit-size'><h4 class='av-special-heading-tag '  itemprop=\"headline\"  >Sistemas de control de inundaciones<\/h4><div class='av_custom_color av-subheading av-subheading_below'><p>A partir de: <strong>Tercer ciclo de Primaria<\/strong><\/p>\n<\/div><div class=\"special-heading-border\"><div class=\"special-heading-inner-border\"><\/div><\/div><\/div><\/p><\/div><div class='av-flex-placeholder'><\/div>\n<style type=\"text\/css\" data-created_by=\"avia_inline_auto\" id=\"style-css-av-gsurdl7-911874313eadb4f1a0ae4db55447ef1f\">\n.flex_column.av-gsurdl7-911874313eadb4f1a0ae4db55447ef1f{\nwidth:22.75%;\nmargin-left:0;\n}\n#top .flex_column_table.av-equal-height-column-flextable.av-gsurdl7-911874313eadb4f1a0ae4db55447ef1f .av-flex-placeholder{\nwidth:3%;\n}\n<\/style>\n<div  class='flex_column av-gsurdl7-911874313eadb4f1a0ae4db55447ef1f av_one_fourth  avia-builder-el-358  el_after_av_one_fourth  el_before_av_one_fourth  flex_column_table_cell av-equal-height-column av-align-top avia-link-column av-column-link avia-link-column-hover  column-top-margin'    data-link-column-url=\"https:\/\/www.fundacioncanal.com\/canaleduca\/recursos-didacticos\/tsunamis-historicos\/\"  data-link-column-target=\"_blank\"   ><a class=\"av-screen-reader-only\" href=https:\/\/www.fundacioncanal.com\/canaleduca\/recursos-didacticos\/tsunamis-historicos\/  target=\"_blank\" >Link to: Tsunamis hist\u00f3ricos<\/a><p>\n<style type=\"text\/css\" data-created_by=\"avia_inline_auto\" id=\"style-css-av-givkkbv-6462bf0fd51655b876506604e003325c\">\n.avia-image-container.av-givkkbv-6462bf0fd51655b876506604e003325c img.avia_image{\nbox-shadow:none;\n}\n.avia-image-container.av-givkkbv-6462bf0fd51655b876506604e003325c .av-image-caption-overlay-center{\ncolor:#ffffff;\n}\n<\/style>\n<div  class='avia-image-container av-givkkbv-6462bf0fd51655b876506604e003325c av-styling- avia-align-center  avia-builder-el-359  el_before_av_textblock  avia-builder-el-first '   itemprop=\"image\" itemscope=\"itemscope\" itemtype=\"https:\/\/schema.org\/ImageObject\" ><div class=\"avia-image-container-inner\"><div class=\"avia-image-overlay-wrap\"><img decoding=\"async\" fetchpriority=\"high\" class='wp-image-33723 avia-img-lazy-loading-not-33723 avia_image ' src=\"https:\/\/www.fundacioncanal.com\/canaleduca\/wp-content\/uploads\/2024\/01\/av67.jpg\" alt='av67' title='av67'  height=\"998\" width=\"1774\"  itemprop=\"thumbnailUrl\" srcset=\"https:\/\/www.fundacioncanal.com\/canaleduca\/wp-content\/uploads\/2024\/01\/av67.jpg 1774w, https:\/\/www.fundacioncanal.com\/canaleduca\/wp-content\/uploads\/2024\/01\/av67-300x169.jpg 300w, https:\/\/www.fundacioncanal.com\/canaleduca\/wp-content\/uploads\/2024\/01\/av67-1030x579.jpg 1030w, https:\/\/www.fundacioncanal.com\/canaleduca\/wp-content\/uploads\/2024\/01\/av67-768x432.jpg 768w, https:\/\/www.fundacioncanal.com\/canaleduca\/wp-content\/uploads\/2024\/01\/av67-1536x864.jpg 1536w, https:\/\/www.fundacioncanal.com\/canaleduca\/wp-content\/uploads\/2024\/01\/av67-1500x844.jpg 1500w, https:\/\/www.fundacioncanal.com\/canaleduca\/wp-content\/uploads\/2024\/01\/av67-705x397.jpg 705w\" sizes=\"(max-width: 1774px) 100vw, 1774px\" \/><\/div><\/div><\/div><br \/>\n\n<style type=\"text\/css\" data-created_by=\"avia_inline_auto\" id=\"style-css-av-ftatpaj-cc3ae5327f2633fb2827767d7a216d3c\">\n#top .av_textblock_section.av-ftatpaj-cc3ae5327f2633fb2827767d7a216d3c .avia_textblock{\nfont-size:12px;\ncolor:#ffffff;\n}\n<\/style>\n<section  class='av_textblock_section av-ftatpaj-cc3ae5327f2633fb2827767d7a216d3c '   itemscope=\"itemscope\" itemtype=\"https:\/\/schema.org\/CreativeWork\" ><div class='avia_textblock video-corto av_inherit_color'  itemprop=\"text\" ><p>V\u00eddeo corto<\/p>\n<\/div><\/section><br \/>\n\n<style type=\"text\/css\" data-created_by=\"avia_inline_auto\" id=\"style-css-av-fbcd8nf-3768a5c8189e951816307154b305a3cf\">\n#top .av-special-heading.av-fbcd8nf-3768a5c8189e951816307154b305a3cf{\npadding-bottom:0;\ncolor:#0092d0;\nfont-size:18px;\n}\nbody .av-special-heading.av-fbcd8nf-3768a5c8189e951816307154b305a3cf .av-special-heading-tag .heading-char{\nfont-size:25px;\n}\n#top #wrap_all .av-special-heading.av-fbcd8nf-3768a5c8189e951816307154b305a3cf .av-special-heading-tag{\nfont-size:18px;\n}\n.av-special-heading.av-fbcd8nf-3768a5c8189e951816307154b305a3cf .special-heading-inner-border{\nborder-color:#0092d0;\n}\n.av-special-heading.av-fbcd8nf-3768a5c8189e951816307154b305a3cf .av-subheading{\nfont-size:15px;\n}\n\n@media only screen and (min-width: 480px) and (max-width: 767px){ \n#top #wrap_all .av-special-heading.av-fbcd8nf-3768a5c8189e951816307154b305a3cf .av-special-heading-tag{\nfont-size:0.8em;\n}\n}\n\n@media only screen and (max-width: 479px){ \n#top #wrap_all .av-special-heading.av-fbcd8nf-3768a5c8189e951816307154b305a3cf .av-special-heading-tag{\nfont-size:0.8em;\n}\n}\n<\/style>\n<div  id=\"sinmargen\"  class='av-special-heading av-fbcd8nf-3768a5c8189e951816307154b305a3cf av-special-heading-h4 custom-color-heading blockquote modern-quote  avia-builder-el-361  el_after_av_textblock  avia-builder-el-last  av-inherit-size'><h4 class='av-special-heading-tag '  itemprop=\"headline\"  >Tsunamis hist\u00f3ricos<\/h4><div class='av_custom_color av-subheading av-subheading_below'><p>A partir de: <strong>Segundo ciclo de Primaria<\/strong><\/p>\n<\/div><div class=\"special-heading-border\"><div class=\"special-heading-inner-border\"><\/div><\/div><\/div><\/p><\/div><div class='av-flex-placeholder'><\/div>\n<style type=\"text\/css\" data-created_by=\"avia_inline_auto\" id=\"style-css-av-es04xu3-b7097c1d4e303af504a81fb0324d498a\">\n.flex_column.av-es04xu3-b7097c1d4e303af504a81fb0324d498a{\nwidth:22.75%;\nmargin-left:0;\n}\n#top .flex_column_table.av-equal-height-column-flextable.av-es04xu3-b7097c1d4e303af504a81fb0324d498a .av-flex-placeholder{\nwidth:3%;\n}\n<\/style>\n<div  class='flex_column av-es04xu3-b7097c1d4e303af504a81fb0324d498a av_one_fourth  avia-builder-el-362  el_after_av_one_fourth  el_before_av_one_fourth  flex_column_table_cell av-equal-height-column av-align-top avia-link-column av-column-link avia-link-column-hover  column-top-margin'    data-link-column-url=\"https:\/\/www.fundacioncanal.com\/canaleduca\/recursos-didacticos\/gestion-del-riesgo-de-tsunamis\/\"  data-link-column-target=\"_blank\"   ><a class=\"av-screen-reader-only\" href=https:\/\/www.fundacioncanal.com\/canaleduca\/recursos-didacticos\/gestion-del-riesgo-de-tsunamis\/  target=\"_blank\" >Link to: Gesti\u00f3n del riesgo de tsunamis<\/a><p>\n<style type=\"text\/css\" data-created_by=\"avia_inline_auto\" id=\"style-css-av-eibhhzf-38c4b84332fbfe9eac33ad7381e23dfb\">\n.avia-image-container.av-eibhhzf-38c4b84332fbfe9eac33ad7381e23dfb img.avia_image{\nbox-shadow:none;\n}\n.avia-image-container.av-eibhhzf-38c4b84332fbfe9eac33ad7381e23dfb .av-image-caption-overlay-center{\ncolor:#ffffff;\n}\n<\/style>\n<div  class='avia-image-container av-eibhhzf-38c4b84332fbfe9eac33ad7381e23dfb av-styling- avia-align-center  avia-builder-el-363  el_before_av_textblock  avia-builder-el-first '   itemprop=\"image\" itemscope=\"itemscope\" itemtype=\"https:\/\/schema.org\/ImageObject\" ><div class=\"avia-image-container-inner\"><div class=\"avia-image-overlay-wrap\"><img decoding=\"async\" fetchpriority=\"high\" class='wp-image-33726 avia-img-lazy-loading-not-33726 avia_image ' src=\"https:\/\/www.fundacioncanal.com\/canaleduca\/wp-content\/uploads\/2024\/01\/av68.jpg\" alt='av68' title='av68'  height=\"998\" width=\"1774\"  itemprop=\"thumbnailUrl\" srcset=\"https:\/\/www.fundacioncanal.com\/canaleduca\/wp-content\/uploads\/2024\/01\/av68.jpg 1774w, https:\/\/www.fundacioncanal.com\/canaleduca\/wp-content\/uploads\/2024\/01\/av68-300x169.jpg 300w, https:\/\/www.fundacioncanal.com\/canaleduca\/wp-content\/uploads\/2024\/01\/av68-1030x579.jpg 1030w, https:\/\/www.fundacioncanal.com\/canaleduca\/wp-content\/uploads\/2024\/01\/av68-768x432.jpg 768w, https:\/\/www.fundacioncanal.com\/canaleduca\/wp-content\/uploads\/2024\/01\/av68-1536x864.jpg 1536w, https:\/\/www.fundacioncanal.com\/canaleduca\/wp-content\/uploads\/2024\/01\/av68-1500x844.jpg 1500w, https:\/\/www.fundacioncanal.com\/canaleduca\/wp-content\/uploads\/2024\/01\/av68-705x397.jpg 705w\" sizes=\"(max-width: 1774px) 100vw, 1774px\" \/><\/div><\/div><\/div><br \/>\n\n<style type=\"text\/css\" data-created_by=\"avia_inline_auto\" id=\"style-css-av-e59frvv-17948b1b4372238de9156f2a279a903e\">\n#top .av_textblock_section.av-e59frvv-17948b1b4372238de9156f2a279a903e .avia_textblock{\nfont-size:12px;\ncolor:#ffffff;\n}\n<\/style>\n<section  class='av_textblock_section av-e59frvv-17948b1b4372238de9156f2a279a903e '   itemscope=\"itemscope\" itemtype=\"https:\/\/schema.org\/CreativeWork\" ><div class='avia_textblock video-corto av_inherit_color'  itemprop=\"text\" ><p>V\u00eddeo corto<\/p>\n<\/div><\/section><br \/>\n\n<style type=\"text\/css\" data-created_by=\"avia_inline_auto\" id=\"style-css-av-dfoihd7-45c7fbedaf6e507561ee63036f93e6dc\">\n#top .av-special-heading.av-dfoihd7-45c7fbedaf6e507561ee63036f93e6dc{\npadding-bottom:0;\ncolor:#0092d0;\nfont-size:18px;\n}\nbody .av-special-heading.av-dfoihd7-45c7fbedaf6e507561ee63036f93e6dc .av-special-heading-tag .heading-char{\nfont-size:25px;\n}\n#top #wrap_all .av-special-heading.av-dfoihd7-45c7fbedaf6e507561ee63036f93e6dc .av-special-heading-tag{\nfont-size:18px;\n}\n.av-special-heading.av-dfoihd7-45c7fbedaf6e507561ee63036f93e6dc .special-heading-inner-border{\nborder-color:#0092d0;\n}\n.av-special-heading.av-dfoihd7-45c7fbedaf6e507561ee63036f93e6dc .av-subheading{\nfont-size:15px;\n}\n\n@media only screen and (min-width: 480px) and (max-width: 767px){ \n#top #wrap_all .av-special-heading.av-dfoihd7-45c7fbedaf6e507561ee63036f93e6dc .av-special-heading-tag{\nfont-size:0.8em;\n}\n}\n\n@media only screen and (max-width: 479px){ \n#top #wrap_all .av-special-heading.av-dfoihd7-45c7fbedaf6e507561ee63036f93e6dc .av-special-heading-tag{\nfont-size:0.8em;\n}\n}\n<\/style>\n<div  id=\"sinmargen\"  class='av-special-heading av-dfoihd7-45c7fbedaf6e507561ee63036f93e6dc av-special-heading-h4 custom-color-heading blockquote modern-quote  avia-builder-el-365  el_after_av_textblock  avia-builder-el-last  av-inherit-size'><h4 class='av-special-heading-tag '  itemprop=\"headline\"  >Gesti\u00f3n del riesgo de tsunamis<\/h4><div class='av_custom_color av-subheading av-subheading_below'><p>A partir de: <strong>Segundo ciclo de Primaria<\/strong><\/p>\n<\/div><div class=\"special-heading-border\"><div class=\"special-heading-inner-border\"><\/div><\/div><\/div><\/p><\/div><\/div><!--close column table wrapper. Autoclose: 1 --><div class='flex_column_table av-d0besdn-20381b8ba724055bb94edb860f5edc82 sc-av_one_fourth av-equal-height-column-flextable'>\n<style type=\"text\/css\" data-created_by=\"avia_inline_auto\" id=\"style-css-av-d0besdn-20381b8ba724055bb94edb860f5edc82\">\n.flex_column.av-d0besdn-20381b8ba724055bb94edb860f5edc82{\nwidth:22.75%;\nmargin-left:0;\n}\n#top .flex_column_table.av-equal-height-column-flextable.av-d0besdn-20381b8ba724055bb94edb860f5edc82 .av-flex-placeholder{\nwidth:3%;\n}\n<\/style>\n<div  class='flex_column av-d0besdn-20381b8ba724055bb94edb860f5edc82 av_one_fourth  avia-builder-el-366  el_after_av_one_fourth  el_before_av_one_fourth  first flex_column_table_cell av-equal-height-column av-align-top avia-link-column av-column-link avia-link-column-hover  column-top-margin'    data-link-column-url=\"https:\/\/www.fundacioncanal.com\/canaleduca\/recursos-didacticos\/subida-del-nivel-del-mar-en-ciudades-costeras-del-mundo\/\"  data-link-column-target=\"_blank\"   ><a class=\"av-screen-reader-only\" href=https:\/\/www.fundacioncanal.com\/canaleduca\/recursos-didacticos\/subida-del-nivel-del-mar-en-ciudades-costeras-del-mundo\/  target=\"_blank\" >Link to: Subida del nivel del mar en ciudades costeras del mundo<\/a><p>\n<style type=\"text\/css\" data-created_by=\"avia_inline_auto\" id=\"style-css-av-cgbb07f-77bb2ceeddfbe7d0ab9ae7752a03f913\">\n.avia-image-container.av-cgbb07f-77bb2ceeddfbe7d0ab9ae7752a03f913 img.avia_image{\nbox-shadow:none;\n}\n.avia-image-container.av-cgbb07f-77bb2ceeddfbe7d0ab9ae7752a03f913 .av-image-caption-overlay-center{\ncolor:#ffffff;\n}\n<\/style>\n<div  class='avia-image-container av-cgbb07f-77bb2ceeddfbe7d0ab9ae7752a03f913 av-styling- avia-align-center  avia-builder-el-367  el_before_av_textblock  avia-builder-el-first '   itemprop=\"image\" itemscope=\"itemscope\" itemtype=\"https:\/\/schema.org\/ImageObject\" ><div class=\"avia-image-container-inner\"><div class=\"avia-image-overlay-wrap\"><img decoding=\"async\" fetchpriority=\"high\" class='wp-image-33729 avia-img-lazy-loading-not-33729 avia_image ' src=\"https:\/\/www.fundacioncanal.com\/canaleduca\/wp-content\/uploads\/2024\/01\/av70.jpg\" alt='av70' title='av70'  height=\"998\" width=\"1774\"  itemprop=\"thumbnailUrl\" srcset=\"https:\/\/www.fundacioncanal.com\/canaleduca\/wp-content\/uploads\/2024\/01\/av70.jpg 1774w, https:\/\/www.fundacioncanal.com\/canaleduca\/wp-content\/uploads\/2024\/01\/av70-300x169.jpg 300w, https:\/\/www.fundacioncanal.com\/canaleduca\/wp-content\/uploads\/2024\/01\/av70-1030x579.jpg 1030w, https:\/\/www.fundacioncanal.com\/canaleduca\/wp-content\/uploads\/2024\/01\/av70-768x432.jpg 768w, https:\/\/www.fundacioncanal.com\/canaleduca\/wp-content\/uploads\/2024\/01\/av70-1536x864.jpg 1536w, https:\/\/www.fundacioncanal.com\/canaleduca\/wp-content\/uploads\/2024\/01\/av70-1500x844.jpg 1500w, https:\/\/www.fundacioncanal.com\/canaleduca\/wp-content\/uploads\/2024\/01\/av70-705x397.jpg 705w\" sizes=\"(max-width: 1774px) 100vw, 1774px\" \/><\/div><\/div><\/div><br \/>\n\n<style type=\"text\/css\" data-created_by=\"avia_inline_auto\" id=\"style-css-av-c1nv3e3-e77cded375f16d5470af324441955f6c\">\n#top .av_textblock_section.av-c1nv3e3-e77cded375f16d5470af324441955f6c .avia_textblock{\nfont-size:12px;\ncolor:#ffffff;\n}\n<\/style>\n<section  class='av_textblock_section av-c1nv3e3-e77cded375f16d5470af324441955f6c '   itemscope=\"itemscope\" itemtype=\"https:\/\/schema.org\/CreativeWork\" ><div class='avia_textblock video-corto av_inherit_color'  itemprop=\"text\" ><p>V\u00eddeo corto<\/p>\n<\/div><\/section><br \/>\n\n<style type=\"text\/css\" data-created_by=\"avia_inline_auto\" id=\"style-css-av-buh1yq3-2c24550a4838061c8dffbe462da9d454\">\n#top .av-special-heading.av-buh1yq3-2c24550a4838061c8dffbe462da9d454{\npadding-bottom:0;\ncolor:#0092d0;\nfont-size:18px;\n}\nbody .av-special-heading.av-buh1yq3-2c24550a4838061c8dffbe462da9d454 .av-special-heading-tag .heading-char{\nfont-size:25px;\n}\n#top #wrap_all .av-special-heading.av-buh1yq3-2c24550a4838061c8dffbe462da9d454 .av-special-heading-tag{\nfont-size:18px;\n}\n.av-special-heading.av-buh1yq3-2c24550a4838061c8dffbe462da9d454 .special-heading-inner-border{\nborder-color:#0092d0;\n}\n.av-special-heading.av-buh1yq3-2c24550a4838061c8dffbe462da9d454 .av-subheading{\nfont-size:15px;\n}\n\n@media only screen and (min-width: 480px) and (max-width: 767px){ \n#top #wrap_all .av-special-heading.av-buh1yq3-2c24550a4838061c8dffbe462da9d454 .av-special-heading-tag{\nfont-size:0.8em;\n}\n}\n\n@media only screen and (max-width: 479px){ \n#top #wrap_all .av-special-heading.av-buh1yq3-2c24550a4838061c8dffbe462da9d454 .av-special-heading-tag{\nfont-size:0.8em;\n}\n}\n<\/style>\n<div  id=\"sinmargen\"  class='av-special-heading av-buh1yq3-2c24550a4838061c8dffbe462da9d454 av-special-heading-h4 custom-color-heading blockquote modern-quote  avia-builder-el-369  el_after_av_textblock  avia-builder-el-last  av-inherit-size'><h4 class='av-special-heading-tag '  itemprop=\"headline\"  >Subida del nivel del mar en ciudades costeras del mundo<\/h4><div class='av_custom_color av-subheading av-subheading_below'><p>A partir de: <strong>Segundo ciclo de Primaria<\/strong><\/p>\n<\/div><div class=\"special-heading-border\"><div class=\"special-heading-inner-border\"><\/div><\/div><\/div><\/p><\/div><div class='av-flex-placeholder'><\/div>\n<style type=\"text\/css\" data-created_by=\"avia_inline_auto\" id=\"style-css-av-bf1otmz-d4fba21ea91686e3b8900d08e49ba9eb\">\n.flex_column.av-bf1otmz-d4fba21ea91686e3b8900d08e49ba9eb{\nwidth:22.75%;\nmargin-left:0;\n}\n#top .flex_column_table.av-equal-height-column-flextable.av-bf1otmz-d4fba21ea91686e3b8900d08e49ba9eb .av-flex-placeholder{\nwidth:3%;\n}\n<\/style>\n<div  class='flex_column av-bf1otmz-d4fba21ea91686e3b8900d08e49ba9eb av_one_fourth  avia-builder-el-370  el_after_av_one_fourth  el_before_av_one_fourth  flex_column_table_cell av-equal-height-column av-align-top avia-link-column av-column-link avia-link-column-hover  column-top-margin'    data-link-column-url=\"https:\/\/www.fundacioncanal.com\/canaleduca\/recursos-didacticos\/subida-del-nivel-del-mar-en-ciudades-costeras-espanolas\/\"  data-link-column-target=\"_blank\"   ><a class=\"av-screen-reader-only\" href=https:\/\/www.fundacioncanal.com\/canaleduca\/recursos-didacticos\/subida-del-nivel-del-mar-en-ciudades-costeras-espanolas\/  target=\"_blank\" >Link to: Subida del nivel del mar en ciudades costeras espa\u00f1olas<\/a><p>\n<style type=\"text\/css\" data-created_by=\"avia_inline_auto\" id=\"style-css-av-awk8msr-cc0f6150789a7d1c0ca2afe1c2c0936b\">\n.avia-image-container.av-awk8msr-cc0f6150789a7d1c0ca2afe1c2c0936b img.avia_image{\nbox-shadow:none;\n}\n.avia-image-container.av-awk8msr-cc0f6150789a7d1c0ca2afe1c2c0936b .av-image-caption-overlay-center{\ncolor:#ffffff;\n}\n<\/style>\n<div  class='avia-image-container av-awk8msr-cc0f6150789a7d1c0ca2afe1c2c0936b av-styling- avia-align-center  avia-builder-el-371  el_before_av_textblock  avia-builder-el-first '   itemprop=\"image\" itemscope=\"itemscope\" itemtype=\"https:\/\/schema.org\/ImageObject\" ><div class=\"avia-image-container-inner\"><div class=\"avia-image-overlay-wrap\"><img decoding=\"async\" fetchpriority=\"high\" class='wp-image-33731 avia-img-lazy-loading-not-33731 avia_image ' src=\"https:\/\/www.fundacioncanal.com\/canaleduca\/wp-content\/uploads\/2024\/01\/av71.jpg\" alt='av71' title='av71'  height=\"998\" width=\"1774\"  itemprop=\"thumbnailUrl\" srcset=\"https:\/\/www.fundacioncanal.com\/canaleduca\/wp-content\/uploads\/2024\/01\/av71.jpg 1774w, https:\/\/www.fundacioncanal.com\/canaleduca\/wp-content\/uploads\/2024\/01\/av71-300x169.jpg 300w, https:\/\/www.fundacioncanal.com\/canaleduca\/wp-content\/uploads\/2024\/01\/av71-1030x579.jpg 1030w, https:\/\/www.fundacioncanal.com\/canaleduca\/wp-content\/uploads\/2024\/01\/av71-768x432.jpg 768w, https:\/\/www.fundacioncanal.com\/canaleduca\/wp-content\/uploads\/2024\/01\/av71-1536x864.jpg 1536w, https:\/\/www.fundacioncanal.com\/canaleduca\/wp-content\/uploads\/2024\/01\/av71-1500x844.jpg 1500w, https:\/\/www.fundacioncanal.com\/canaleduca\/wp-content\/uploads\/2024\/01\/av71-705x397.jpg 705w\" sizes=\"(max-width: 1774px) 100vw, 1774px\" \/><\/div><\/div><\/div><br \/>\n\n<style type=\"text\/css\" data-created_by=\"avia_inline_auto\" id=\"style-css-av-aiij1kb-e4a78139c33e81454d2ce303ee80dc0e\">\n#top .av_textblock_section.av-aiij1kb-e4a78139c33e81454d2ce303ee80dc0e .avia_textblock{\nfont-size:12px;\ncolor:#ffffff;\n}\n<\/style>\n<section  class='av_textblock_section av-aiij1kb-e4a78139c33e81454d2ce303ee80dc0e '   itemscope=\"itemscope\" itemtype=\"https:\/\/schema.org\/CreativeWork\" ><div class='avia_textblock video-corto av_inherit_color'  itemprop=\"text\" ><p>V\u00eddeo corto<\/p>\n<\/div><\/section><br \/>\n\n<style type=\"text\/css\" data-created_by=\"avia_inline_auto\" id=\"style-css-av-a1x2k0b-4f42148d51e921d96cc9213cb2e67b07\">\n#top .av-special-heading.av-a1x2k0b-4f42148d51e921d96cc9213cb2e67b07{\npadding-bottom:0;\ncolor:#0092d0;\nfont-size:18px;\n}\nbody .av-special-heading.av-a1x2k0b-4f42148d51e921d96cc9213cb2e67b07 .av-special-heading-tag .heading-char{\nfont-size:25px;\n}\n#top #wrap_all .av-special-heading.av-a1x2k0b-4f42148d51e921d96cc9213cb2e67b07 .av-special-heading-tag{\nfont-size:18px;\n}\n.av-special-heading.av-a1x2k0b-4f42148d51e921d96cc9213cb2e67b07 .special-heading-inner-border{\nborder-color:#0092d0;\n}\n.av-special-heading.av-a1x2k0b-4f42148d51e921d96cc9213cb2e67b07 .av-subheading{\nfont-size:15px;\n}\n\n@media only screen and (min-width: 480px) and (max-width: 767px){ \n#top #wrap_all .av-special-heading.av-a1x2k0b-4f42148d51e921d96cc9213cb2e67b07 .av-special-heading-tag{\nfont-size:0.8em;\n}\n}\n\n@media only screen and (max-width: 479px){ \n#top #wrap_all .av-special-heading.av-a1x2k0b-4f42148d51e921d96cc9213cb2e67b07 .av-special-heading-tag{\nfont-size:0.8em;\n}\n}\n<\/style>\n<div  id=\"sinmargen\"  class='av-special-heading av-a1x2k0b-4f42148d51e921d96cc9213cb2e67b07 av-special-heading-h4 custom-color-heading blockquote modern-quote  avia-builder-el-373  el_after_av_textblock  avia-builder-el-last  av-inherit-size'><h4 class='av-special-heading-tag '  itemprop=\"headline\"  >Subida del nivel del mar en ciudades costeras espa\u00f1olas<\/h4><div class='av_custom_color av-subheading av-subheading_below'><p>A partir de: <strong>Segundo ciclo de Primaria<\/strong><\/p>\n<\/div><div class=\"special-heading-border\"><div class=\"special-heading-inner-border\"><\/div><\/div><\/div><\/p><\/div><div class='av-flex-placeholder'><\/div>\n<style type=\"text\/css\" data-created_by=\"avia_inline_auto\" id=\"style-css-av-9n0mzyj-a269dbdcc99b41cb0bbcb7bf9db75a8c\">\n.flex_column.av-9n0mzyj-a269dbdcc99b41cb0bbcb7bf9db75a8c{\nwidth:22.75%;\nmargin-left:0;\n}\n#top .flex_column_table.av-equal-height-column-flextable.av-9n0mzyj-a269dbdcc99b41cb0bbcb7bf9db75a8c .av-flex-placeholder{\nwidth:3%;\n}\n<\/style>\n<div  class='flex_column av-9n0mzyj-a269dbdcc99b41cb0bbcb7bf9db75a8c av_one_fourth  avia-builder-el-374  el_after_av_one_fourth  el_before_av_one_fourth  flex_column_table_cell av-equal-height-column av-align-top avia-link-column av-column-link avia-link-column-hover  column-top-margin'    data-link-column-url=\"https:\/\/www.fundacioncanal.com\/canaleduca\/recursos-didacticos\/evolucion-de-las-precipitaciones-en-todo-el-mundo\/\"  data-link-column-target=\"_blank\"   ><a class=\"av-screen-reader-only\" href=https:\/\/www.fundacioncanal.com\/canaleduca\/recursos-didacticos\/evolucion-de-las-precipitaciones-en-todo-el-mundo\/  target=\"_blank\" >Link to: Evoluci\u00f3n de las precipitaciones en todo el mundo<\/a><p>\n<style type=\"text\/css\" data-created_by=\"avia_inline_auto\" id=\"style-css-av-8ualci3-0008e7fc62d01774814fc222ddbe0e5c\">\n.avia-image-container.av-8ualci3-0008e7fc62d01774814fc222ddbe0e5c img.avia_image{\nbox-shadow:none;\n}\n.avia-image-container.av-8ualci3-0008e7fc62d01774814fc222ddbe0e5c .av-image-caption-overlay-center{\ncolor:#ffffff;\n}\n<\/style>\n<div  class='avia-image-container av-8ualci3-0008e7fc62d01774814fc222ddbe0e5c av-styling- avia-align-center  avia-builder-el-375  el_before_av_textblock  avia-builder-el-first '   itemprop=\"image\" itemscope=\"itemscope\" itemtype=\"https:\/\/schema.org\/ImageObject\" ><div class=\"avia-image-container-inner\"><div class=\"avia-image-overlay-wrap\"><img decoding=\"async\" fetchpriority=\"high\" class='wp-image-33733 avia-img-lazy-loading-not-33733 avia_image ' src=\"https:\/\/www.fundacioncanal.com\/canaleduca\/wp-content\/uploads\/2024\/01\/av73.jpg\" alt='av73' title='av73'  height=\"998\" width=\"1774\"  itemprop=\"thumbnailUrl\" srcset=\"https:\/\/www.fundacioncanal.com\/canaleduca\/wp-content\/uploads\/2024\/01\/av73.jpg 1774w, https:\/\/www.fundacioncanal.com\/canaleduca\/wp-content\/uploads\/2024\/01\/av73-300x169.jpg 300w, https:\/\/www.fundacioncanal.com\/canaleduca\/wp-content\/uploads\/2024\/01\/av73-1030x579.jpg 1030w, https:\/\/www.fundacioncanal.com\/canaleduca\/wp-content\/uploads\/2024\/01\/av73-768x432.jpg 768w, https:\/\/www.fundacioncanal.com\/canaleduca\/wp-content\/uploads\/2024\/01\/av73-1536x864.jpg 1536w, https:\/\/www.fundacioncanal.com\/canaleduca\/wp-content\/uploads\/2024\/01\/av73-1500x844.jpg 1500w, https:\/\/www.fundacioncanal.com\/canaleduca\/wp-content\/uploads\/2024\/01\/av73-705x397.jpg 705w\" sizes=\"(max-width: 1774px) 100vw, 1774px\" \/><\/div><\/div><\/div><br \/>\n\n<style type=\"text\/css\" data-created_by=\"avia_inline_auto\" id=\"style-css-av-8n8ueh7-77e0c5922a33a73543d2ba131b5ed6d4\">\n#top .av_textblock_section.av-8n8ueh7-77e0c5922a33a73543d2ba131b5ed6d4 .avia_textblock{\nfont-size:12px;\ncolor:#ffffff;\n}\n<\/style>\n<section  class='av_textblock_section av-8n8ueh7-77e0c5922a33a73543d2ba131b5ed6d4 '   itemscope=\"itemscope\" itemtype=\"https:\/\/schema.org\/CreativeWork\" ><div class='avia_textblock video-corto av_inherit_color'  itemprop=\"text\" ><p>V\u00eddeo corto<\/p>\n<\/div><\/section><br \/>\n\n<style type=\"text\/css\" data-created_by=\"avia_inline_auto\" id=\"style-css-av-81pugbv-d8ac61e9ae0326b9e11c772b9cd68015\">\n#top .av-special-heading.av-81pugbv-d8ac61e9ae0326b9e11c772b9cd68015{\npadding-bottom:0;\ncolor:#0092d0;\nfont-size:18px;\n}\nbody .av-special-heading.av-81pugbv-d8ac61e9ae0326b9e11c772b9cd68015 .av-special-heading-tag .heading-char{\nfont-size:25px;\n}\n#top #wrap_all .av-special-heading.av-81pugbv-d8ac61e9ae0326b9e11c772b9cd68015 .av-special-heading-tag{\nfont-size:18px;\n}\n.av-special-heading.av-81pugbv-d8ac61e9ae0326b9e11c772b9cd68015 .special-heading-inner-border{\nborder-color:#0092d0;\n}\n.av-special-heading.av-81pugbv-d8ac61e9ae0326b9e11c772b9cd68015 .av-subheading{\nfont-size:15px;\n}\n\n@media only screen and (min-width: 480px) and (max-width: 767px){ \n#top #wrap_all .av-special-heading.av-81pugbv-d8ac61e9ae0326b9e11c772b9cd68015 .av-special-heading-tag{\nfont-size:0.8em;\n}\n}\n\n@media only screen and (max-width: 479px){ \n#top #wrap_all .av-special-heading.av-81pugbv-d8ac61e9ae0326b9e11c772b9cd68015 .av-special-heading-tag{\nfont-size:0.8em;\n}\n}\n<\/style>\n<div  id=\"sinmargen\"  class='av-special-heading av-81pugbv-d8ac61e9ae0326b9e11c772b9cd68015 av-special-heading-h4 custom-color-heading blockquote modern-quote  avia-builder-el-377  el_after_av_textblock  avia-builder-el-last  av-inherit-size'><h4 class='av-special-heading-tag '  itemprop=\"headline\"  >Evoluci\u00f3n de las precipitaciones en todo el mundo<\/h4><div class='av_custom_color av-subheading av-subheading_below'><p><strong>Todas las etapas<\/strong><\/p>\n<\/div><div class=\"special-heading-border\"><div class=\"special-heading-inner-border\"><\/div><\/div><\/div><\/p><\/div><div class='av-flex-placeholder'><\/div>\n<style type=\"text\/css\" data-created_by=\"avia_inline_auto\" id=\"style-css-av-7q1xfd7-0eca86503001c168bea5bfef7c6b6caa\">\n.flex_column.av-7q1xfd7-0eca86503001c168bea5bfef7c6b6caa{\nwidth:22.75%;\nmargin-left:0;\n}\n#top .flex_column_table.av-equal-height-column-flextable.av-7q1xfd7-0eca86503001c168bea5bfef7c6b6caa .av-flex-placeholder{\nwidth:3%;\n}\n<\/style>\n<div  class='flex_column av-7q1xfd7-0eca86503001c168bea5bfef7c6b6caa av_one_fourth  avia-builder-el-378  el_after_av_one_fourth  el_before_av_one_fourth  flex_column_table_cell av-equal-height-column av-align-top avia-link-column av-column-link avia-link-column-hover  column-top-margin'    data-link-column-url=\"https:\/\/www.fundacioncanal.com\/canaleduca\/recursos-didacticos\/evolucion-de-temperaturas-y-precipitaciones-en-europa\/\"  data-link-column-target=\"_blank\"   ><a class=\"av-screen-reader-only\" href=https:\/\/www.fundacioncanal.com\/canaleduca\/recursos-didacticos\/evolucion-de-temperaturas-y-precipitaciones-en-europa\/  target=\"_blank\" >Link to: Evoluci\u00f3n de temperaturas y precipitaciones en Europa<\/a><p>\n<style type=\"text\/css\" data-created_by=\"avia_inline_auto\" id=\"style-css-av-77gwmwb-630a039d803149f4116907329075cfc2\">\n.avia-image-container.av-77gwmwb-630a039d803149f4116907329075cfc2 img.avia_image{\nbox-shadow:none;\n}\n.avia-image-container.av-77gwmwb-630a039d803149f4116907329075cfc2 .av-image-caption-overlay-center{\ncolor:#ffffff;\n}\n<\/style>\n<div  class='avia-image-container av-77gwmwb-630a039d803149f4116907329075cfc2 av-styling- avia-align-center  avia-builder-el-379  el_before_av_textblock  avia-builder-el-first '   itemprop=\"image\" itemscope=\"itemscope\" itemtype=\"https:\/\/schema.org\/ImageObject\" ><div class=\"avia-image-container-inner\"><div class=\"avia-image-overlay-wrap\"><img decoding=\"async\" fetchpriority=\"high\" class='wp-image-33735 avia-img-lazy-loading-not-33735 avia_image ' src=\"https:\/\/www.fundacioncanal.com\/canaleduca\/wp-content\/uploads\/2024\/01\/av72.jpg\" alt='av72' title='av72'  height=\"998\" width=\"1774\"  itemprop=\"thumbnailUrl\" srcset=\"https:\/\/www.fundacioncanal.com\/canaleduca\/wp-content\/uploads\/2024\/01\/av72.jpg 1774w, https:\/\/www.fundacioncanal.com\/canaleduca\/wp-content\/uploads\/2024\/01\/av72-300x169.jpg 300w, https:\/\/www.fundacioncanal.com\/canaleduca\/wp-content\/uploads\/2024\/01\/av72-1030x579.jpg 1030w, https:\/\/www.fundacioncanal.com\/canaleduca\/wp-content\/uploads\/2024\/01\/av72-768x432.jpg 768w, https:\/\/www.fundacioncanal.com\/canaleduca\/wp-content\/uploads\/2024\/01\/av72-1536x864.jpg 1536w, https:\/\/www.fundacioncanal.com\/canaleduca\/wp-content\/uploads\/2024\/01\/av72-1500x844.jpg 1500w, https:\/\/www.fundacioncanal.com\/canaleduca\/wp-content\/uploads\/2024\/01\/av72-705x397.jpg 705w\" sizes=\"(max-width: 1774px) 100vw, 1774px\" \/><\/div><\/div><\/div><br \/>\n\n<style type=\"text\/css\" data-created_by=\"avia_inline_auto\" id=\"style-css-av-6iakgp7-2560722d83e086f347b711e1c77d12bf\">\n#top .av_textblock_section.av-6iakgp7-2560722d83e086f347b711e1c77d12bf .avia_textblock{\nfont-size:12px;\ncolor:#ffffff;\n}\n<\/style>\n<section  class='av_textblock_section av-6iakgp7-2560722d83e086f347b711e1c77d12bf '   itemscope=\"itemscope\" itemtype=\"https:\/\/schema.org\/CreativeWork\" ><div class='avia_textblock video-corto av_inherit_color'  itemprop=\"text\" ><p>V\u00eddeo corto<\/p>\n<\/div><\/section><br \/>\n\n<style type=\"text\/css\" data-created_by=\"avia_inline_auto\" id=\"style-css-av-26qa17-3fd44c27d3c41d96018be707bf38549b\">\n#top .av-special-heading.av-26qa17-3fd44c27d3c41d96018be707bf38549b{\npadding-bottom:0;\ncolor:#0092d0;\nfont-size:18px;\n}\nbody .av-special-heading.av-26qa17-3fd44c27d3c41d96018be707bf38549b .av-special-heading-tag .heading-char{\nfont-size:25px;\n}\n#top #wrap_all .av-special-heading.av-26qa17-3fd44c27d3c41d96018be707bf38549b .av-special-heading-tag{\nfont-size:18px;\n}\n.av-special-heading.av-26qa17-3fd44c27d3c41d96018be707bf38549b .special-heading-inner-border{\nborder-color:#0092d0;\n}\n.av-special-heading.av-26qa17-3fd44c27d3c41d96018be707bf38549b .av-subheading{\nfont-size:15px;\n}\n\n@media only screen and (min-width: 480px) and (max-width: 767px){ \n#top #wrap_all .av-special-heading.av-26qa17-3fd44c27d3c41d96018be707bf38549b .av-special-heading-tag{\nfont-size:0.8em;\n}\n}\n\n@media only screen and (max-width: 479px){ \n#top #wrap_all .av-special-heading.av-26qa17-3fd44c27d3c41d96018be707bf38549b .av-special-heading-tag{\nfont-size:0.8em;\n}\n}\n<\/style>\n<div  id=\"sinmargen\"  class='av-special-heading av-26qa17-3fd44c27d3c41d96018be707bf38549b av-special-heading-h4 custom-color-heading blockquote modern-quote  avia-builder-el-381  el_after_av_textblock  avia-builder-el-last  av-inherit-size'><h4 class='av-special-heading-tag '  itemprop=\"headline\"  >Evoluci\u00f3n de temperaturas y precipitaciones en Europa<\/h4><div class='av_custom_color av-subheading av-subheading_below'><p><strong>Todas las etapas<\/strong><\/p>\n<\/div><div class=\"special-heading-border\"><div class=\"special-heading-inner-border\"><\/div><\/div><\/div><\/p><\/div><\/div><!--close column table wrapper. Autoclose: 1 --><div class='flex_column_table av-272zccr-8b09269f2a84751d3b49db4de21b6008 sc-av_one_fourth av-equal-height-column-flextable'>\n<style type=\"text\/css\" data-created_by=\"avia_inline_auto\" id=\"style-css-av-272zccr-8b09269f2a84751d3b49db4de21b6008\">\n.flex_column.av-272zccr-8b09269f2a84751d3b49db4de21b6008{\nwidth:22.75%;\nmargin-left:0;\n}\n#top .flex_column_table.av-equal-height-column-flextable.av-272zccr-8b09269f2a84751d3b49db4de21b6008 .av-flex-placeholder{\nwidth:3%;\n}\n<\/style>\n<div  class='flex_column av-272zccr-8b09269f2a84751d3b49db4de21b6008 av_one_fourth  avia-builder-el-382  el_after_av_one_fourth  el_before_av_one_fourth  first flex_column_table_cell av-equal-height-column av-align-top avia-link-column av-column-link avia-link-column-hover  column-top-margin'    data-link-column-url=\"https:\/\/www.fundacioncanal.com\/canaleduca\/recursos-didacticos\/inundaciones\/\"  data-link-column-target=\"_blank\"   ><a class=\"av-screen-reader-only\" href=https:\/\/www.fundacioncanal.com\/canaleduca\/recursos-didacticos\/inundaciones\/  target=\"_blank\" >Link to: Inundaciones<\/a><p>\n<style type=\"text\/css\" data-created_by=\"avia_inline_auto\" id=\"style-css-av-1ovey5n-cff92cffbb3b230393ea2b17e0188dce\">\n.avia-image-container.av-1ovey5n-cff92cffbb3b230393ea2b17e0188dce img.avia_image{\nbox-shadow:none;\n}\n.avia-image-container.av-1ovey5n-cff92cffbb3b230393ea2b17e0188dce .av-image-caption-overlay-center{\ncolor:#ffffff;\n}\n<\/style>\n<div  class='avia-image-container av-1ovey5n-cff92cffbb3b230393ea2b17e0188dce av-styling- avia-align-center  avia-builder-el-383  el_before_av_textblock  avia-builder-el-first '   itemprop=\"image\" itemscope=\"itemscope\" itemtype=\"https:\/\/schema.org\/ImageObject\" ><div class=\"avia-image-container-inner\"><div class=\"avia-image-overlay-wrap\"><img decoding=\"async\" fetchpriority=\"high\" class='wp-image-35780 avia-img-lazy-loading-not-35780 avia_image ' src=\"https:\/\/www.fundacioncanal.com\/canaleduca\/wp-content\/uploads\/2024\/03\/av02-adela.jpg\" alt='av02 adela' title='av02 adela'  height=\"998\" width=\"1774\"  itemprop=\"thumbnailUrl\" srcset=\"https:\/\/www.fundacioncanal.com\/canaleduca\/wp-content\/uploads\/2024\/03\/av02-adela.jpg 1774w, https:\/\/www.fundacioncanal.com\/canaleduca\/wp-content\/uploads\/2024\/03\/av02-adela-300x169.jpg 300w, https:\/\/www.fundacioncanal.com\/canaleduca\/wp-content\/uploads\/2024\/03\/av02-adela-1030x579.jpg 1030w, https:\/\/www.fundacioncanal.com\/canaleduca\/wp-content\/uploads\/2024\/03\/av02-adela-768x432.jpg 768w, https:\/\/www.fundacioncanal.com\/canaleduca\/wp-content\/uploads\/2024\/03\/av02-adela-1536x864.jpg 1536w, https:\/\/www.fundacioncanal.com\/canaleduca\/wp-content\/uploads\/2024\/03\/av02-adela-1500x844.jpg 1500w, https:\/\/www.fundacioncanal.com\/canaleduca\/wp-content\/uploads\/2024\/03\/av02-adela-705x397.jpg 705w\" sizes=\"(max-width: 1774px) 100vw, 1774px\" \/><\/div><\/div><\/div><br \/>\n\n<style type=\"text\/css\" data-created_by=\"avia_inline_auto\" id=\"style-css-av-11panmz-bcbe74a62452371b940494c2807601e0\">\n#top .av_textblock_section.av-11panmz-bcbe74a62452371b940494c2807601e0 .avia_textblock{\nfont-size:12px;\ncolor:#ffffff;\n}\n<\/style>\n<section  class='av_textblock_section av-11panmz-bcbe74a62452371b940494c2807601e0 '   itemscope=\"itemscope\" itemtype=\"https:\/\/schema.org\/CreativeWork\" ><div class='avia_textblock video-blog av_inherit_color'  itemprop=\"text\" ><p>Videoblog<\/p>\n<\/div><\/section><br \/>\n\n<style type=\"text\/css\" data-created_by=\"avia_inline_auto\" id=\"style-css-av-ikdzkb-cf97fd76843b3f42fbe854eed4640261\">\n#top .av-special-heading.av-ikdzkb-cf97fd76843b3f42fbe854eed4640261{\npadding-bottom:0;\ncolor:#0092d0;\nfont-size:18px;\n}\nbody .av-special-heading.av-ikdzkb-cf97fd76843b3f42fbe854eed4640261 .av-special-heading-tag .heading-char{\nfont-size:25px;\n}\n#top #wrap_all .av-special-heading.av-ikdzkb-cf97fd76843b3f42fbe854eed4640261 .av-special-heading-tag{\nfont-size:18px;\n}\n.av-special-heading.av-ikdzkb-cf97fd76843b3f42fbe854eed4640261 .special-heading-inner-border{\nborder-color:#0092d0;\n}\n.av-special-heading.av-ikdzkb-cf97fd76843b3f42fbe854eed4640261 .av-subheading{\nfont-size:15px;\n}\n\n@media only screen and (min-width: 480px) and (max-width: 767px){ \n#top #wrap_all .av-special-heading.av-ikdzkb-cf97fd76843b3f42fbe854eed4640261 .av-special-heading-tag{\nfont-size:0.8em;\n}\n}\n\n@media only screen and (max-width: 479px){ \n#top #wrap_all .av-special-heading.av-ikdzkb-cf97fd76843b3f42fbe854eed4640261 .av-special-heading-tag{\nfont-size:0.8em;\n}\n}\n<\/style>\n<div  id=\"sinmargen\"  class='av-special-heading av-ikdzkb-cf97fd76843b3f42fbe854eed4640261 av-special-heading-h4 custom-color-heading blockquote modern-quote  avia-builder-el-385  el_after_av_textblock  avia-builder-el-last  av-inherit-size'><h4 class='av-special-heading-tag '  itemprop=\"headline\"  >Inundaciones<\/h4><div class='av_custom_color av-subheading av-subheading_below'><p>A partir de: <strong>Tercer ciclo de Primaria<\/strong><\/p>\n<\/div><div class=\"special-heading-border\"><div class=\"special-heading-inner-border\"><\/div><\/div><\/div><\/p><\/div><div class='av-flex-placeholder'><\/div>\n<style type=\"text\/css\" data-created_by=\"avia_inline_auto\" id=\"style-css-av-5nz4miz-17d802e69ad8de7eaf27a1f438a27e82\">\n.flex_column.av-5nz4miz-17d802e69ad8de7eaf27a1f438a27e82{\nwidth:22.75%;\nmargin-left:0;\n}\n#top .flex_column_table.av-equal-height-column-flextable.av-5nz4miz-17d802e69ad8de7eaf27a1f438a27e82 .av-flex-placeholder{\nwidth:3%;\n}\n<\/style>\n<div  class='flex_column av-5nz4miz-17d802e69ad8de7eaf27a1f438a27e82 av_one_fourth  avia-builder-el-386  el_after_av_one_fourth  el_before_av_one_fourth  flex_column_table_cell av-equal-height-column av-align-top avia-link-column av-column-link avia-link-column-hover  column-top-margin'    data-link-column-url=\"https:\/\/www.fundacioncanal.com\/canaleduca\/recursos-didacticos\/sequia-y-desertificacion-dos-caras-de-la-misma-moneda\/\"  data-link-column-target=\"_blank\"   ><a class=\"av-screen-reader-only\" href=https:\/\/www.fundacioncanal.com\/canaleduca\/recursos-didacticos\/sequia-y-desertificacion-dos-caras-de-la-misma-moneda\/  target=\"_blank\" >Link to: Sequ\u00eda y desertificaci\u00f3n. \u00bfDos caras de la misma moneda?<\/a><p>\n<style type=\"text\/css\" data-created_by=\"avia_inline_auto\" id=\"style-css-av-5hv2tcb-5a0cc28ec72f5b69f32771251809ce4b\">\n.avia-image-container.av-5hv2tcb-5a0cc28ec72f5b69f32771251809ce4b img.avia_image{\nbox-shadow:none;\n}\n.avia-image-container.av-5hv2tcb-5a0cc28ec72f5b69f32771251809ce4b .av-image-caption-overlay-center{\ncolor:#ffffff;\n}\n<\/style>\n<div  class='avia-image-container av-5hv2tcb-5a0cc28ec72f5b69f32771251809ce4b av-styling- avia-align-center  avia-builder-el-387  el_before_av_textblock  avia-builder-el-first '   itemprop=\"image\" itemscope=\"itemscope\" itemtype=\"https:\/\/schema.org\/ImageObject\" ><div class=\"avia-image-container-inner\"><div class=\"avia-image-overlay-wrap\"><img decoding=\"async\" fetchpriority=\"high\" class='wp-image-35783 avia-img-lazy-loading-not-35783 avia_image ' src=\"https:\/\/www.fundacioncanal.com\/canaleduca\/wp-content\/uploads\/2024\/03\/av03-adela.jpg\" alt='av03 adela' title='av03 adela'  height=\"998\" width=\"1774\"  itemprop=\"thumbnailUrl\" srcset=\"https:\/\/www.fundacioncanal.com\/canaleduca\/wp-content\/uploads\/2024\/03\/av03-adela.jpg 1774w, https:\/\/www.fundacioncanal.com\/canaleduca\/wp-content\/uploads\/2024\/03\/av03-adela-300x169.jpg 300w, https:\/\/www.fundacioncanal.com\/canaleduca\/wp-content\/uploads\/2024\/03\/av03-adela-1030x579.jpg 1030w, https:\/\/www.fundacioncanal.com\/canaleduca\/wp-content\/uploads\/2024\/03\/av03-adela-768x432.jpg 768w, https:\/\/www.fundacioncanal.com\/canaleduca\/wp-content\/uploads\/2024\/03\/av03-adela-1536x864.jpg 1536w, https:\/\/www.fundacioncanal.com\/canaleduca\/wp-content\/uploads\/2024\/03\/av03-adela-1500x844.jpg 1500w, https:\/\/www.fundacioncanal.com\/canaleduca\/wp-content\/uploads\/2024\/03\/av03-adela-705x397.jpg 705w\" sizes=\"(max-width: 1774px) 100vw, 1774px\" \/><\/div><\/div><\/div><br \/>\n\n<style type=\"text\/css\" data-created_by=\"avia_inline_auto\" id=\"style-css-av-4vomdyj-1048c55ecf75fb755be71c5adbd669d6\">\n#top .av_textblock_section.av-4vomdyj-1048c55ecf75fb755be71c5adbd669d6 .avia_textblock{\nfont-size:12px;\ncolor:#ffffff;\n}\n<\/style>\n<section  class='av_textblock_section av-4vomdyj-1048c55ecf75fb755be71c5adbd669d6 '   itemscope=\"itemscope\" itemtype=\"https:\/\/schema.org\/CreativeWork\" ><div class='avia_textblock video-blog av_inherit_color'  itemprop=\"text\" ><p>Videoblog<\/p>\n<\/div><\/section><br \/>\n\n<style type=\"text\/css\" data-created_by=\"avia_inline_auto\" id=\"style-css-av-4jy573f-327c13a381ff61a595d020c54755fa86\">\n#top .av-special-heading.av-4jy573f-327c13a381ff61a595d020c54755fa86{\npadding-bottom:0;\ncolor:#0092d0;\nfont-size:18px;\n}\nbody .av-special-heading.av-4jy573f-327c13a381ff61a595d020c54755fa86 .av-special-heading-tag .heading-char{\nfont-size:25px;\n}\n#top #wrap_all .av-special-heading.av-4jy573f-327c13a381ff61a595d020c54755fa86 .av-special-heading-tag{\nfont-size:18px;\n}\n.av-special-heading.av-4jy573f-327c13a381ff61a595d020c54755fa86 .special-heading-inner-border{\nborder-color:#0092d0;\n}\n.av-special-heading.av-4jy573f-327c13a381ff61a595d020c54755fa86 .av-subheading{\nfont-size:15px;\n}\n\n@media only screen and (min-width: 480px) and (max-width: 767px){ \n#top #wrap_all .av-special-heading.av-4jy573f-327c13a381ff61a595d020c54755fa86 .av-special-heading-tag{\nfont-size:0.8em;\n}\n}\n\n@media only screen and (max-width: 479px){ \n#top #wrap_all .av-special-heading.av-4jy573f-327c13a381ff61a595d020c54755fa86 .av-special-heading-tag{\nfont-size:0.8em;\n}\n}\n<\/style>\n<div  id=\"sinmargen\"  class='av-special-heading av-4jy573f-327c13a381ff61a595d020c54755fa86 av-special-heading-h4 custom-color-heading blockquote modern-quote  avia-builder-el-389  el_after_av_textblock  avia-builder-el-last  av-inherit-size'><h4 class='av-special-heading-tag '  itemprop=\"headline\"  >Sequ\u00eda y desertificaci\u00f3n. \u00bfDos caras de la misma moneda?<\/h4><div class='av_custom_color av-subheading av-subheading_below'><p>A partir de: <strong>Tercer ciclo de Primaria<\/strong><\/p>\n<\/div><div class=\"special-heading-border\"><div class=\"special-heading-inner-border\"><\/div><\/div><\/div><\/p><\/div><div class='av-flex-placeholder'><\/div>\n<style type=\"text\/css\" data-created_by=\"avia_inline_auto\" id=\"style-css-av-43p0drf-bcc9ae38cf2b51b1988ce1b73132c67f\">\n.flex_column.av-43p0drf-bcc9ae38cf2b51b1988ce1b73132c67f{\nwidth:22.75%;\nmargin-left:0;\n}\n#top .flex_column_table.av-equal-height-column-flextable.av-43p0drf-bcc9ae38cf2b51b1988ce1b73132c67f .av-flex-placeholder{\nwidth:3%;\n}\n<\/style>\n<div  class='flex_column av-43p0drf-bcc9ae38cf2b51b1988ce1b73132c67f av_one_fourth  avia-builder-el-390  el_after_av_one_fourth  el_before_av_one_fourth  flex_column_table_cell av-equal-height-column av-align-top avia-link-column av-column-link avia-link-column-hover  column-top-margin'    data-link-column-url=\"https:\/\/www.fundacioncanal.com\/canaleduca\/recursos-didacticos\/migraciones-climaticas-cuando-el-problema-es-de-todos\/\"  data-link-column-target=\"_blank\"   ><a class=\"av-screen-reader-only\" href=https:\/\/www.fundacioncanal.com\/canaleduca\/recursos-didacticos\/migraciones-climaticas-cuando-el-problema-es-de-todos\/  target=\"_blank\" >Link to: Migraciones clim\u00e1ticas. Cuando el problema es de todos<\/a><p>\n<style type=\"text\/css\" data-created_by=\"avia_inline_auto\" id=\"style-css-av-3ibwmi3-60ecdfbec7d0672699307ef681c9ce23\">\n.avia-image-container.av-3ibwmi3-60ecdfbec7d0672699307ef681c9ce23 img.avia_image{\nbox-shadow:none;\n}\n.avia-image-container.av-3ibwmi3-60ecdfbec7d0672699307ef681c9ce23 .av-image-caption-overlay-center{\ncolor:#ffffff;\n}\n<\/style>\n<div  class='avia-image-container av-3ibwmi3-60ecdfbec7d0672699307ef681c9ce23 av-styling- avia-align-center  avia-builder-el-391  el_before_av_textblock  avia-builder-el-first '   itemprop=\"image\" itemscope=\"itemscope\" itemtype=\"https:\/\/schema.org\/ImageObject\" ><div class=\"avia-image-container-inner\"><div class=\"avia-image-overlay-wrap\"><img decoding=\"async\" fetchpriority=\"high\" class='wp-image-35785 avia-img-lazy-loading-not-35785 avia_image ' src=\"https:\/\/www.fundacioncanal.com\/canaleduca\/wp-content\/uploads\/2024\/03\/av07-adela.jpg\" alt='av07 adela' title='av07 adela'  height=\"998\" width=\"1774\"  itemprop=\"thumbnailUrl\" srcset=\"https:\/\/www.fundacioncanal.com\/canaleduca\/wp-content\/uploads\/2024\/03\/av07-adela.jpg 1774w, https:\/\/www.fundacioncanal.com\/canaleduca\/wp-content\/uploads\/2024\/03\/av07-adela-300x169.jpg 300w, https:\/\/www.fundacioncanal.com\/canaleduca\/wp-content\/uploads\/2024\/03\/av07-adela-1030x579.jpg 1030w, https:\/\/www.fundacioncanal.com\/canaleduca\/wp-content\/uploads\/2024\/03\/av07-adela-768x432.jpg 768w, https:\/\/www.fundacioncanal.com\/canaleduca\/wp-content\/uploads\/2024\/03\/av07-adela-1536x864.jpg 1536w, https:\/\/www.fundacioncanal.com\/canaleduca\/wp-content\/uploads\/2024\/03\/av07-adela-1500x844.jpg 1500w, https:\/\/www.fundacioncanal.com\/canaleduca\/wp-content\/uploads\/2024\/03\/av07-adela-705x397.jpg 705w\" sizes=\"(max-width: 1774px) 100vw, 1774px\" \/><\/div><\/div><\/div><br \/>\n\n<style type=\"text\/css\" data-created_by=\"avia_inline_auto\" id=\"style-css-av-32fxhmz-a27f6c1303c5d05f0b750ad69c68fa54\">\n#top .av_textblock_section.av-32fxhmz-a27f6c1303c5d05f0b750ad69c68fa54 .avia_textblock{\nfont-size:12px;\ncolor:#ffffff;\n}\n<\/style>\n<section  class='av_textblock_section av-32fxhmz-a27f6c1303c5d05f0b750ad69c68fa54 '   itemscope=\"itemscope\" itemtype=\"https:\/\/schema.org\/CreativeWork\" ><div class='avia_textblock video-blog av_inherit_color'  itemprop=\"text\" ><p>Videoblog<\/p>\n<\/div><\/section><br \/>\n\n<style type=\"text\/css\" data-created_by=\"avia_inline_auto\" id=\"style-css-av-2gli0ob-cb1a06ee074c5ad57044f155aa42d651\">\n#top .av-special-heading.av-2gli0ob-cb1a06ee074c5ad57044f155aa42d651{\npadding-bottom:0;\ncolor:#0092d0;\nfont-size:18px;\n}\nbody .av-special-heading.av-2gli0ob-cb1a06ee074c5ad57044f155aa42d651 .av-special-heading-tag .heading-char{\nfont-size:25px;\n}\n#top #wrap_all .av-special-heading.av-2gli0ob-cb1a06ee074c5ad57044f155aa42d651 .av-special-heading-tag{\nfont-size:18px;\n}\n.av-special-heading.av-2gli0ob-cb1a06ee074c5ad57044f155aa42d651 .special-heading-inner-border{\nborder-color:#0092d0;\n}\n.av-special-heading.av-2gli0ob-cb1a06ee074c5ad57044f155aa42d651 .av-subheading{\nfont-size:15px;\n}\n\n@media only screen and (min-width: 480px) and (max-width: 767px){ \n#top #wrap_all .av-special-heading.av-2gli0ob-cb1a06ee074c5ad57044f155aa42d651 .av-special-heading-tag{\nfont-size:0.8em;\n}\n}\n\n@media only screen and (max-width: 479px){ \n#top #wrap_all .av-special-heading.av-2gli0ob-cb1a06ee074c5ad57044f155aa42d651 .av-special-heading-tag{\nfont-size:0.8em;\n}\n}\n<\/style>\n<div  id=\"sinmargen\"  class='av-special-heading av-2gli0ob-cb1a06ee074c5ad57044f155aa42d651 av-special-heading-h4 custom-color-heading blockquote modern-quote  avia-builder-el-393  el_after_av_textblock  avia-builder-el-last  av-inherit-size'><h4 class='av-special-heading-tag '  itemprop=\"headline\"  >Migraciones clim\u00e1ticas. Cuando el problema es de todos<\/h4><div class='av_custom_color av-subheading av-subheading_below'><p>A partir de: <strong>Tercer ciclo de Primaria<\/strong><\/p>\n<\/div><div class=\"special-heading-border\"><div class=\"special-heading-inner-border\"><\/div><\/div><\/div><\/p><\/div><div class='av-flex-placeholder'><\/div>\n<style type=\"text\/css\" data-created_by=\"avia_inline_auto\" id=\"style-css-av-1bcp34b-9cd4514b1d68e3542503ee51ecf890c5\">\n.flex_column.av-1bcp34b-9cd4514b1d68e3542503ee51ecf890c5{\nwidth:22.75%;\nmargin-left:0;\n}\n#top .flex_column_table.av-equal-height-column-flextable.av-1bcp34b-9cd4514b1d68e3542503ee51ecf890c5 .av-flex-placeholder{\nwidth:3%;\n}\n<\/style>\n<div  class='flex_column av-1bcp34b-9cd4514b1d68e3542503ee51ecf890c5 av_one_fourth  avia-builder-el-394  el_after_av_one_fourth  el_before_av_one_fourth  flex_column_table_cell av-equal-height-column av-align-top avia-link-column av-column-link avia-link-column-hover  column-top-margin'    data-link-column-url=\"https:\/\/www.fundacioncanal.com\/canaleduca\/recursos-didacticos\/islas-de-calor\/\"  data-link-column-target=\"_blank\"   ><a class=\"av-screen-reader-only\" href=https:\/\/www.fundacioncanal.com\/canaleduca\/recursos-didacticos\/islas-de-calor\/  target=\"_blank\" >Link to: Islas de calor<\/a><p>\n<style type=\"text\/css\" data-created_by=\"avia_inline_auto\" id=\"style-css-av-mexa2uub-defce02374bd99f7219f820379080edd\">\n.avia-image-container.av-mexa2uub-defce02374bd99f7219f820379080edd img.avia_image{\nbox-shadow:none;\n}\n.avia-image-container.av-mexa2uub-defce02374bd99f7219f820379080edd .av-image-caption-overlay-center{\ncolor:#ffffff;\n}\n<\/style>\n<div  class='avia-image-container av-mexa2uub-defce02374bd99f7219f820379080edd av-styling- avia-align-center  avia-builder-el-395  el_before_av_textblock  avia-builder-el-first '   itemprop=\"image\" itemscope=\"itemscope\" itemtype=\"https:\/\/schema.org\/ImageObject\" ><div class=\"avia-image-container-inner\"><div class=\"avia-image-overlay-wrap\"><img decoding=\"async\" fetchpriority=\"high\" class='wp-image-39324 avia-img-lazy-loading-not-39324 avia_image ' src=\"https:\/\/www.fundacioncanal.com\/canaleduca\/wp-content\/uploads\/2025\/08\/islas-calor.jpg\" alt='islas calor' title='islas calor'  height=\"998\" width=\"1774\"  itemprop=\"thumbnailUrl\" srcset=\"https:\/\/www.fundacioncanal.com\/canaleduca\/wp-content\/uploads\/2025\/08\/islas-calor.jpg 1774w, https:\/\/www.fundacioncanal.com\/canaleduca\/wp-content\/uploads\/2025\/08\/islas-calor-300x169.jpg 300w, https:\/\/www.fundacioncanal.com\/canaleduca\/wp-content\/uploads\/2025\/08\/islas-calor-1030x579.jpg 1030w, https:\/\/www.fundacioncanal.com\/canaleduca\/wp-content\/uploads\/2025\/08\/islas-calor-768x432.jpg 768w, https:\/\/www.fundacioncanal.com\/canaleduca\/wp-content\/uploads\/2025\/08\/islas-calor-1536x864.jpg 1536w, https:\/\/www.fundacioncanal.com\/canaleduca\/wp-content\/uploads\/2025\/08\/islas-calor-1500x844.jpg 1500w, https:\/\/www.fundacioncanal.com\/canaleduca\/wp-content\/uploads\/2025\/08\/islas-calor-705x397.jpg 705w\" sizes=\"(max-width: 1774px) 100vw, 1774px\" \/><\/div><\/div><\/div><br \/>\n\n<style type=\"text\/css\" data-created_by=\"avia_inline_auto\" id=\"style-css-av-o3yhjf-c00bac30e017fcadbd06d5cb046be31b\">\n#top .av_textblock_section.av-o3yhjf-c00bac30e017fcadbd06d5cb046be31b .avia_textblock{\nfont-size:12px;\ncolor:#ffffff;\n}\n<\/style>\n<section  class='av_textblock_section av-o3yhjf-c00bac30e017fcadbd06d5cb046be31b '   itemscope=\"itemscope\" itemtype=\"https:\/\/schema.org\/CreativeWork\" ><div class='avia_textblock video-blog av_inherit_color'  itemprop=\"text\" ><p>Videoblog<\/p>\n<\/div><\/section><br \/>\n\n<style type=\"text\/css\" data-created_by=\"avia_inline_auto\" id=\"style-css-av-mexa3fzg-cda3067e7f0348a3f02a3ff98adce614\">\n#top .av-special-heading.av-mexa3fzg-cda3067e7f0348a3f02a3ff98adce614{\npadding-bottom:0;\ncolor:#0092d0;\nfont-size:18px;\n}\nbody .av-special-heading.av-mexa3fzg-cda3067e7f0348a3f02a3ff98adce614 .av-special-heading-tag .heading-char{\nfont-size:25px;\n}\n#top #wrap_all .av-special-heading.av-mexa3fzg-cda3067e7f0348a3f02a3ff98adce614 .av-special-heading-tag{\nfont-size:18px;\n}\n.av-special-heading.av-mexa3fzg-cda3067e7f0348a3f02a3ff98adce614 .special-heading-inner-border{\nborder-color:#0092d0;\n}\n.av-special-heading.av-mexa3fzg-cda3067e7f0348a3f02a3ff98adce614 .av-subheading{\nfont-size:15px;\n}\n\n@media only screen and (min-width: 480px) and (max-width: 767px){ \n#top #wrap_all .av-special-heading.av-mexa3fzg-cda3067e7f0348a3f02a3ff98adce614 .av-special-heading-tag{\nfont-size:0.8em;\n}\n}\n\n@media only screen and (max-width: 479px){ \n#top #wrap_all .av-special-heading.av-mexa3fzg-cda3067e7f0348a3f02a3ff98adce614 .av-special-heading-tag{\nfont-size:0.8em;\n}\n}\n<\/style>\n<div  id=\"sinmargen\"  class='av-special-heading av-mexa3fzg-cda3067e7f0348a3f02a3ff98adce614 av-special-heading-h4 custom-color-heading blockquote modern-quote  avia-builder-el-397  el_after_av_textblock  avia-builder-el-last  av-inherit-size'><h4 class='av-special-heading-tag '  itemprop=\"headline\"  >Islas de calor<\/h4><div class='av_custom_color av-subheading av-subheading_below'><p>A partir de: <strong>Tercer ciclo de Primaria<\/strong><\/p>\n<\/div><div class=\"special-heading-border\"><div class=\"special-heading-inner-border\"><\/div><\/div><\/div><\/p><\/div><\/div><!--close column table wrapper. Autoclose: 1 --><div class='flex_column_table av-mq35k1gs-d085c901dafcacaebc29aa4d59a3751b sc-av_one_fourth av-equal-height-column-flextable'>\n<style type=\"text\/css\" data-created_by=\"avia_inline_auto\" id=\"style-css-av-mq35k1gs-d085c901dafcacaebc29aa4d59a3751b\">\n.flex_column.av-mq35k1gs-d085c901dafcacaebc29aa4d59a3751b{\nwidth:22.75%;\nmargin-left:0;\n}\n#top .flex_column_table.av-equal-height-column-flextable.av-mq35k1gs-d085c901dafcacaebc29aa4d59a3751b .av-flex-placeholder{\nwidth:3%;\n}\n<\/style>\n<div  class='flex_column av-mq35k1gs-d085c901dafcacaebc29aa4d59a3751b av_one_fourth  avia-builder-el-398  el_after_av_one_fourth  el_before_av_one_fourth  first flex_column_table_cell av-equal-height-column av-align-top avia-link-column av-column-link avia-link-column-hover  column-top-margin'    data-link-column-url=\"https:\/\/www.fundacioncanal.com\/canaleduca\/recursos-didacticos\/incendios-y-agua\/\"  data-link-column-target=\"_blank\"   ><a class=\"av-screen-reader-only\" href=https:\/\/www.fundacioncanal.com\/canaleduca\/recursos-didacticos\/incendios-y-agua\/  target=\"_blank\" >Link to: Incendios y agua<\/a><p>\n<style type=\"text\/css\" data-created_by=\"avia_inline_auto\" id=\"style-css-av-mq35olqz-cde5a098e9f699f73ed3bcb27ea48436\">\n.avia-image-container.av-mq35olqz-cde5a098e9f699f73ed3bcb27ea48436 img.avia_image{\nbox-shadow:none;\n}\n.avia-image-container.av-mq35olqz-cde5a098e9f699f73ed3bcb27ea48436 .av-image-caption-overlay-center{\ncolor:#ffffff;\n}\n<\/style>\n<div  class='avia-image-container av-mq35olqz-cde5a098e9f699f73ed3bcb27ea48436 av-styling- avia-align-center  avia-builder-el-399  el_before_av_textblock  avia-builder-el-first '   itemprop=\"image\" itemscope=\"itemscope\" itemtype=\"https:\/\/schema.org\/ImageObject\" ><div class=\"avia-image-container-inner\"><div class=\"avia-image-overlay-wrap\"><img decoding=\"async\" fetchpriority=\"high\" class='wp-image-43313 avia-img-lazy-loading-not-43313 avia_image ' src=\"https:\/\/www.fundacioncanal.com\/canaleduca\/wp-content\/uploads\/2026\/06\/incendios-agua.webp\" alt='incendios agua' title='incendios agua'  height=\"998\" width=\"1774\"  itemprop=\"thumbnailUrl\" srcset=\"https:\/\/www.fundacioncanal.com\/canaleduca\/wp-content\/uploads\/2026\/06\/incendios-agua.webp 1774w, https:\/\/www.fundacioncanal.com\/canaleduca\/wp-content\/uploads\/2026\/06\/incendios-agua-300x169.webp 300w, https:\/\/www.fundacioncanal.com\/canaleduca\/wp-content\/uploads\/2026\/06\/incendios-agua-1030x579.webp 1030w, https:\/\/www.fundacioncanal.com\/canaleduca\/wp-content\/uploads\/2026\/06\/incendios-agua-768x432.webp 768w, https:\/\/www.fundacioncanal.com\/canaleduca\/wp-content\/uploads\/2026\/06\/incendios-agua-1536x864.webp 1536w, https:\/\/www.fundacioncanal.com\/canaleduca\/wp-content\/uploads\/2026\/06\/incendios-agua-1500x844.webp 1500w, https:\/\/www.fundacioncanal.com\/canaleduca\/wp-content\/uploads\/2026\/06\/incendios-agua-705x397.webp 705w\" sizes=\"(max-width: 1774px) 100vw, 1774px\" \/><\/div><\/div><\/div><br \/>\n\n<style type=\"text\/css\" data-created_by=\"avia_inline_auto\" id=\"style-css-av-nt6jhn-5f334080d27c8ce050c0b6b8f103efe1\">\n#top .av_textblock_section.av-nt6jhn-5f334080d27c8ce050c0b6b8f103efe1 .avia_textblock{\nfont-size:12px;\ncolor:#ffffff;\n}\n<\/style>\n<section  class='av_textblock_section av-nt6jhn-5f334080d27c8ce050c0b6b8f103efe1 '   itemscope=\"itemscope\" itemtype=\"https:\/\/schema.org\/CreativeWork\" ><div class='avia_textblock video-blog av_inherit_color'  itemprop=\"text\" ><p>Videoblog<\/p>\n<\/div><\/section><br \/>\n\n<style type=\"text\/css\" data-created_by=\"avia_inline_auto\" id=\"style-css-av-mq35p1dr-6e7381b4471db7601cbf3b7f677d1ff7\">\n#top .av-special-heading.av-mq35p1dr-6e7381b4471db7601cbf3b7f677d1ff7{\npadding-bottom:0;\ncolor:#0092d0;\nfont-size:18px;\n}\nbody .av-special-heading.av-mq35p1dr-6e7381b4471db7601cbf3b7f677d1ff7 .av-special-heading-tag .heading-char{\nfont-size:25px;\n}\n#top #wrap_all .av-special-heading.av-mq35p1dr-6e7381b4471db7601cbf3b7f677d1ff7 .av-special-heading-tag{\nfont-size:18px;\n}\n.av-special-heading.av-mq35p1dr-6e7381b4471db7601cbf3b7f677d1ff7 .special-heading-inner-border{\nborder-color:#0092d0;\n}\n.av-special-heading.av-mq35p1dr-6e7381b4471db7601cbf3b7f677d1ff7 .av-subheading{\nfont-size:15px;\n}\n\n@media only screen and (min-width: 480px) and (max-width: 767px){ \n#top #wrap_all .av-special-heading.av-mq35p1dr-6e7381b4471db7601cbf3b7f677d1ff7 .av-special-heading-tag{\nfont-size:0.8em;\n}\n}\n\n@media only screen and (max-width: 479px){ \n#top #wrap_all .av-special-heading.av-mq35p1dr-6e7381b4471db7601cbf3b7f677d1ff7 .av-special-heading-tag{\nfont-size:0.8em;\n}\n}\n<\/style>\n<div  id=\"sinmargen\"  class='av-special-heading av-mq35p1dr-6e7381b4471db7601cbf3b7f677d1ff7 av-special-heading-h4 custom-color-heading blockquote modern-quote  avia-builder-el-401  el_after_av_textblock  avia-builder-el-last  av-inherit-size'><h4 class='av-special-heading-tag '  itemprop=\"headline\"  >Incendios y agua<\/h4><div class='av_custom_color av-subheading av-subheading_below'><p>A partir de: <strong>Tercer ciclo de Primaria<\/strong><\/p>\n<\/div><div class=\"special-heading-border\"><div class=\"special-heading-inner-border\"><\/div><\/div><\/div><\/p><\/div><div class='av-flex-placeholder'><\/div>\n<style type=\"text\/css\" data-created_by=\"avia_inline_auto\" id=\"style-css-av-1d2dle3-ed292e5a2213eabb41c23d26965af85d\">\n.flex_column.av-1d2dle3-ed292e5a2213eabb41c23d26965af85d{\nwidth:22.75%;\nmargin-left:0;\n}\n#top .flex_column_table.av-equal-height-column-flextable.av-1d2dle3-ed292e5a2213eabb41c23d26965af85d .av-flex-placeholder{\nwidth:3%;\n}\n<\/style>\n<div  class='flex_column av-1d2dle3-ed292e5a2213eabb41c23d26965af85d av_one_fourth  avia-builder-el-402  el_after_av_one_fourth  el_before_av_one_fourth  flex_column_table_cell av-equal-height-column av-align-top  column-top-margin'     ><\/div><div class='av-flex-placeholder'><\/div>\n<style type=\"text\/css\" data-created_by=\"avia_inline_auto\" id=\"style-css-av-av_one_fourth-877da4cc91bcf4df76b2d6fdcdb12949\">\n.flex_column.av-av_one_fourth-877da4cc91bcf4df76b2d6fdcdb12949{\nwidth:22.75%;\nmargin-left:0;\n}\n#top .flex_column_table.av-equal-height-column-flextable.av-av_one_fourth-877da4cc91bcf4df76b2d6fdcdb12949 .av-flex-placeholder{\nwidth:3%;\n}\n<\/style>\n<div  class='flex_column av-av_one_fourth-877da4cc91bcf4df76b2d6fdcdb12949 av_one_fourth  avia-builder-el-403  el_after_av_one_fourth  el_before_av_one_fourth  flex_column_table_cell av-equal-height-column av-align-top  column-top-margin'     ><\/div><div class='av-flex-placeholder'><\/div>\n<style type=\"text\/css\" data-created_by=\"avia_inline_auto\" id=\"style-css-av-av_one_fourth-877da4cc91bcf4df76b2d6fdcdb12949\">\n.flex_column.av-av_one_fourth-877da4cc91bcf4df76b2d6fdcdb12949{\nwidth:22.75%;\nmargin-left:0;\n}\n#top .flex_column_table.av-equal-height-column-flextable.av-av_one_fourth-877da4cc91bcf4df76b2d6fdcdb12949 .av-flex-placeholder{\nwidth:3%;\n}\n<\/style>\n<div  class='flex_column av-av_one_fourth-877da4cc91bcf4df76b2d6fdcdb12949 av_one_fourth  avia-builder-el-404  el_after_av_one_fourth  el_before_av_one_fourth  flex_column_table_cell av-equal-height-column av-align-top  column-top-margin'     ><\/div><\/div><!--close column table wrapper. Autoclose: 1 --><div class='flex_column_table av-216hqjv-3aaf27c2d6c086916d273d787c184938 sc-av_one_fourth av-equal-height-column-flextable'>\n<style type=\"text\/css\" data-created_by=\"avia_inline_auto\" id=\"style-css-av-216hqjv-3aaf27c2d6c086916d273d787c184938\">\n.flex_column.av-216hqjv-3aaf27c2d6c086916d273d787c184938{\nwidth:22.75%;\nmargin-left:0;\n}\n#top .flex_column_table.av-equal-height-column-flextable.av-216hqjv-3aaf27c2d6c086916d273d787c184938 .av-flex-placeholder{\nwidth:3%;\n}\n<\/style>\n<div  class='flex_column av-216hqjv-3aaf27c2d6c086916d273d787c184938 av_one_fourth  avia-builder-el-405  el_after_av_one_fourth  el_before_av_one_fourth  first flex_column_table_cell av-equal-height-column av-align-top avia-link-column av-column-link avia-link-column-hover  column-top-margin'    data-link-column-url=\"https:\/\/www.fundacioncanal.com\/canaleduca\/recursos-didacticos\/como-va-a-cambiar-el-clima-en-espana\/\"  data-link-column-target=\"_blank\"   ><a class=\"av-screen-reader-only\" href=https:\/\/www.fundacioncanal.com\/canaleduca\/recursos-didacticos\/como-va-a-cambiar-el-clima-en-espana\/  target=\"_blank\" >Link to: \u00bfC\u00f3mo va a cambiar el clima en Espa\u00f1a?<\/a><p>\n<style type=\"text\/css\" data-created_by=\"avia_inline_auto\" id=\"style-css-av-1nv3i97-77f7e605b73f71a9cc284b77c2456986\">\n.avia-image-container.av-1nv3i97-77f7e605b73f71a9cc284b77c2456986 img.avia_image{\nbox-shadow:none;\n}\n.avia-image-container.av-1nv3i97-77f7e605b73f71a9cc284b77c2456986 .av-image-caption-overlay-center{\ncolor:#ffffff;\n}\n<\/style>\n<div  class='avia-image-container av-1nv3i97-77f7e605b73f71a9cc284b77c2456986 av-styling- avia-align-center  avia-builder-el-406  el_before_av_textblock  avia-builder-el-first '   itemprop=\"image\" itemscope=\"itemscope\" itemtype=\"https:\/\/schema.org\/ImageObject\" ><div class=\"avia-image-container-inner\"><div class=\"avia-image-overlay-wrap\"><img decoding=\"async\" fetchpriority=\"high\" class='wp-image-39539 avia-img-lazy-loading-not-39539 avia_image ' src=\"https:\/\/www.fundacioncanal.com\/canaleduca\/wp-content\/uploads\/2025\/09\/av05-conferencia.webp\" alt='av05 conferencia' title='av05 conferencia'  height=\"998\" width=\"1774\"  itemprop=\"thumbnailUrl\" srcset=\"https:\/\/www.fundacioncanal.com\/canaleduca\/wp-content\/uploads\/2025\/09\/av05-conferencia.webp 1774w, https:\/\/www.fundacioncanal.com\/canaleduca\/wp-content\/uploads\/2025\/09\/av05-conferencia-300x169.webp 300w, https:\/\/www.fundacioncanal.com\/canaleduca\/wp-content\/uploads\/2025\/09\/av05-conferencia-1030x579.webp 1030w, https:\/\/www.fundacioncanal.com\/canaleduca\/wp-content\/uploads\/2025\/09\/av05-conferencia-768x432.webp 768w, https:\/\/www.fundacioncanal.com\/canaleduca\/wp-content\/uploads\/2025\/09\/av05-conferencia-1536x864.webp 1536w, https:\/\/www.fundacioncanal.com\/canaleduca\/wp-content\/uploads\/2025\/09\/av05-conferencia-1500x844.webp 1500w, https:\/\/www.fundacioncanal.com\/canaleduca\/wp-content\/uploads\/2025\/09\/av05-conferencia-705x397.webp 705w\" sizes=\"(max-width: 1774px) 100vw, 1774px\" \/><\/div><\/div><\/div><br \/>\n\n<style type=\"text\/css\" data-created_by=\"avia_inline_auto\" id=\"style-css-av-14ozyyz-65c5d7a38476d3e7f54aee77c0525b95\">\n#top .av_textblock_section.av-14ozyyz-65c5d7a38476d3e7f54aee77c0525b95 .avia_textblock{\nfont-size:12px;\ncolor:#ffffff;\n}\n<\/style>\n<section  class='av_textblock_section av-14ozyyz-65c5d7a38476d3e7f54aee77c0525b95 '   itemscope=\"itemscope\" itemtype=\"https:\/\/schema.org\/CreativeWork\" ><div class='avia_textblock video-conferencia av_inherit_color'  itemprop=\"text\" ><p>V\u00eddeo conferencia<\/p>\n<\/div><\/section><br \/>\n\n<style type=\"text\/css\" data-created_by=\"avia_inline_auto\" id=\"style-css-av-kh9u97-f070bb196ddc92639c3b6a8e03e2f7b5\">\n#top .av-special-heading.av-kh9u97-f070bb196ddc92639c3b6a8e03e2f7b5{\npadding-bottom:0;\ncolor:#0092d0;\nfont-size:18px;\n}\nbody .av-special-heading.av-kh9u97-f070bb196ddc92639c3b6a8e03e2f7b5 .av-special-heading-tag .heading-char{\nfont-size:25px;\n}\n#top #wrap_all .av-special-heading.av-kh9u97-f070bb196ddc92639c3b6a8e03e2f7b5 .av-special-heading-tag{\nfont-size:18px;\n}\n.av-special-heading.av-kh9u97-f070bb196ddc92639c3b6a8e03e2f7b5 .special-heading-inner-border{\nborder-color:#0092d0;\n}\n.av-special-heading.av-kh9u97-f070bb196ddc92639c3b6a8e03e2f7b5 .av-subheading{\nfont-size:15px;\n}\n\n@media only screen and (min-width: 480px) and (max-width: 767px){ \n#top #wrap_all .av-special-heading.av-kh9u97-f070bb196ddc92639c3b6a8e03e2f7b5 .av-special-heading-tag{\nfont-size:0.8em;\n}\n}\n\n@media only screen and (max-width: 479px){ \n#top #wrap_all .av-special-heading.av-kh9u97-f070bb196ddc92639c3b6a8e03e2f7b5 .av-special-heading-tag{\nfont-size:0.8em;\n}\n}\n<\/style>\n<div  id=\"sinmargen\"  class='av-special-heading av-kh9u97-f070bb196ddc92639c3b6a8e03e2f7b5 av-special-heading-h4 custom-color-heading blockquote modern-quote  avia-builder-el-408  el_after_av_textblock  avia-builder-el-last  av-inherit-size'><h4 class='av-special-heading-tag '  itemprop=\"headline\"  >\u00bfC\u00f3mo va a cambiar el clima en Espa\u00f1a?<\/h4><div class='av_custom_color av-subheading av-subheading_below'><p>A partir de: <strong>ESO<\/strong><\/p>\n<\/div><div class=\"special-heading-border\"><div class=\"special-heading-inner-border\"><\/div><\/div><\/div><\/p><\/div><div class='av-flex-placeholder'><\/div>\n<style type=\"text\/css\" data-created_by=\"avia_inline_auto\" id=\"style-css-av-1158cjv-291f189bcab5bb462bf59804dd6c2ac8\">\n.flex_column.av-1158cjv-291f189bcab5bb462bf59804dd6c2ac8{\nwidth:22.75%;\nmargin-left:0;\n}\n#top .flex_column_table.av-equal-height-column-flextable.av-1158cjv-291f189bcab5bb462bf59804dd6c2ac8 .av-flex-placeholder{\nwidth:3%;\n}\n<\/style>\n<div  class='flex_column av-1158cjv-291f189bcab5bb462bf59804dd6c2ac8 av_one_fourth  avia-builder-el-409  el_after_av_one_fourth  el_before_av_one_fourth  flex_column_table_cell av-equal-height-column av-align-top avia-link-column av-column-link avia-link-column-hover  column-top-margin'    data-link-column-url=\"https:\/\/www.fundacioncanal.com\/canaleduca\/recursos-didacticos\/fenomenos-meteorologicos-extremos\/\"  data-link-column-target=\"_blank\"   ><a class=\"av-screen-reader-only\" href=https:\/\/www.fundacioncanal.com\/canaleduca\/recursos-didacticos\/fenomenos-meteorologicos-extremos\/  target=\"_blank\" >Link to: Fen\u00f3menos meteorol\u00f3gicos extremos<\/a><p>\n<style type=\"text\/css\" data-created_by=\"avia_inline_auto\" id=\"style-css-av-mq1ncq5c-f57e0491ebf088a0e3cc0c963953b8a6\">\n.avia-image-container.av-mq1ncq5c-f57e0491ebf088a0e3cc0c963953b8a6 img.avia_image{\nbox-shadow:none;\n}\n.avia-image-container.av-mq1ncq5c-f57e0491ebf088a0e3cc0c963953b8a6 .av-image-caption-overlay-center{\ncolor:#ffffff;\n}\n<\/style>\n<div  class='avia-image-container av-mq1ncq5c-f57e0491ebf088a0e3cc0c963953b8a6 av-styling- avia-align-center  avia-builder-el-410  el_before_av_textblock  avia-builder-el-first '   itemprop=\"image\" itemscope=\"itemscope\" itemtype=\"https:\/\/schema.org\/ImageObject\" ><div class=\"avia-image-container-inner\"><div class=\"avia-image-overlay-wrap\"><img decoding=\"async\" fetchpriority=\"high\" class='wp-image-43301 avia-img-lazy-loading-not-43301 avia_image ' src=\"https:\/\/www.fundacioncanal.com\/canaleduca\/wp-content\/uploads\/2026\/06\/fenomenos-metereologicos-extremos.webp\" alt='fenomenos metereologicos extremos' title='fenomenos metereologicos extremos'  height=\"998\" width=\"1774\"  itemprop=\"thumbnailUrl\" srcset=\"https:\/\/www.fundacioncanal.com\/canaleduca\/wp-content\/uploads\/2026\/06\/fenomenos-metereologicos-extremos.webp 1774w, https:\/\/www.fundacioncanal.com\/canaleduca\/wp-content\/uploads\/2026\/06\/fenomenos-metereologicos-extremos-300x169.webp 300w, https:\/\/www.fundacioncanal.com\/canaleduca\/wp-content\/uploads\/2026\/06\/fenomenos-metereologicos-extremos-1030x579.webp 1030w, https:\/\/www.fundacioncanal.com\/canaleduca\/wp-content\/uploads\/2026\/06\/fenomenos-metereologicos-extremos-768x432.webp 768w, https:\/\/www.fundacioncanal.com\/canaleduca\/wp-content\/uploads\/2026\/06\/fenomenos-metereologicos-extremos-1536x864.webp 1536w, https:\/\/www.fundacioncanal.com\/canaleduca\/wp-content\/uploads\/2026\/06\/fenomenos-metereologicos-extremos-1500x844.webp 1500w, https:\/\/www.fundacioncanal.com\/canaleduca\/wp-content\/uploads\/2026\/06\/fenomenos-metereologicos-extremos-705x397.webp 705w\" sizes=\"(max-width: 1774px) 100vw, 1774px\" \/><\/div><\/div><\/div><br \/>\n\n<style type=\"text\/css\" data-created_by=\"avia_inline_auto\" id=\"style-css-av-ru1ayz-52c545e0ba95668b06ed20d496ee9118\">\n#top .av_textblock_section.av-ru1ayz-52c545e0ba95668b06ed20d496ee9118 .avia_textblock{\nfont-size:12px;\ncolor:#ffffff;\n}\n<\/style>\n<section  class='av_textblock_section av-ru1ayz-52c545e0ba95668b06ed20d496ee9118 '   itemscope=\"itemscope\" itemtype=\"https:\/\/schema.org\/CreativeWork\" ><div class='avia_textblock video-conferencia av_inherit_color'  itemprop=\"text\" ><p>V\u00eddeo conferencia<\/p>\n<\/div><\/section><br \/>\n\n<style type=\"text\/css\" data-created_by=\"avia_inline_auto\" id=\"style-css-av-mq1nbfko-03e8f5b306b474070e3bc3cc22e87dc2\">\n#top .av-special-heading.av-mq1nbfko-03e8f5b306b474070e3bc3cc22e87dc2{\npadding-bottom:0;\ncolor:#0092d0;\nfont-size:18px;\n}\nbody .av-special-heading.av-mq1nbfko-03e8f5b306b474070e3bc3cc22e87dc2 .av-special-heading-tag .heading-char{\nfont-size:25px;\n}\n#top #wrap_all .av-special-heading.av-mq1nbfko-03e8f5b306b474070e3bc3cc22e87dc2 .av-special-heading-tag{\nfont-size:18px;\n}\n.av-special-heading.av-mq1nbfko-03e8f5b306b474070e3bc3cc22e87dc2 .special-heading-inner-border{\nborder-color:#0092d0;\n}\n.av-special-heading.av-mq1nbfko-03e8f5b306b474070e3bc3cc22e87dc2 .av-subheading{\nfont-size:15px;\n}\n\n@media only screen and (min-width: 480px) and (max-width: 767px){ \n#top #wrap_all .av-special-heading.av-mq1nbfko-03e8f5b306b474070e3bc3cc22e87dc2 .av-special-heading-tag{\nfont-size:0.8em;\n}\n}\n\n@media only screen and (max-width: 479px){ \n#top #wrap_all .av-special-heading.av-mq1nbfko-03e8f5b306b474070e3bc3cc22e87dc2 .av-special-heading-tag{\nfont-size:0.8em;\n}\n}\n<\/style>\n<div  id=\"sinmargen\"  class='av-special-heading av-mq1nbfko-03e8f5b306b474070e3bc3cc22e87dc2 av-special-heading-h4 custom-color-heading blockquote modern-quote  avia-builder-el-412  el_after_av_textblock  avia-builder-el-last  av-inherit-size'><h4 class='av-special-heading-tag '  itemprop=\"headline\"  >Fen\u00f3menos meteorol\u00f3gicos extremos<\/h4><div class='av_custom_color av-subheading av-subheading_below'><p>A partir de: <strong>ESO<\/strong><\/p>\n<\/div><div class=\"special-heading-border\"><div class=\"special-heading-inner-border\"><\/div><\/div><\/div><\/p><\/div><div class='av-flex-placeholder'><\/div>\n<style type=\"text\/css\" data-created_by=\"avia_inline_auto\" id=\"style-css-av-av_one_fourth-877da4cc91bcf4df76b2d6fdcdb12949\">\n.flex_column.av-av_one_fourth-877da4cc91bcf4df76b2d6fdcdb12949{\nwidth:22.75%;\nmargin-left:0;\n}\n#top .flex_column_table.av-equal-height-column-flextable.av-av_one_fourth-877da4cc91bcf4df76b2d6fdcdb12949 .av-flex-placeholder{\nwidth:3%;\n}\n<\/style>\n<div  class='flex_column av-av_one_fourth-877da4cc91bcf4df76b2d6fdcdb12949 av_one_fourth  avia-builder-el-413  el_after_av_one_fourth  el_before_av_one_fourth  flex_column_table_cell av-equal-height-column av-align-top  column-top-margin'     ><\/div><div class='av-flex-placeholder'><\/div>\n<style type=\"text\/css\" data-created_by=\"avia_inline_auto\" id=\"style-css-av-av_one_fourth-877da4cc91bcf4df76b2d6fdcdb12949\">\n.flex_column.av-av_one_fourth-877da4cc91bcf4df76b2d6fdcdb12949{\nwidth:22.75%;\nmargin-left:0;\n}\n#top .flex_column_table.av-equal-height-column-flextable.av-av_one_fourth-877da4cc91bcf4df76b2d6fdcdb12949 .av-flex-placeholder{\nwidth:3%;\n}\n<\/style>\n<div  class='flex_column av-av_one_fourth-877da4cc91bcf4df76b2d6fdcdb12949 av_one_fourth  avia-builder-el-414  el_after_av_one_fourth  avia-builder-el-last  flex_column_table_cell av-equal-height-column av-align-top  column-top-margin'     ><\/div><\/div><!--close column table wrapper. Autoclose: 1 --><\/div><\/div><\/div><!-- close content main div --><\/div><\/div><div id='av_section_8'  class='avia-section av-lodmgb-a10527ed7f31d052299a03006f2134cc main_color avia-section-default avia-no-border-styling  avia-builder-el-415  el_after_av_section  avia-builder-el-last  avia-bg-style-scroll container_wrap fullsize'  ><div class='container av-section-cont-open' ><div class='template-page content  av-content-full alpha units'><div class='post-entry post-entry-type-page post-entry-36107'><div class='entry-content-wrapper clearfix'>\n<div  class='avia-button-wrap av-lux5rc4m-9e5432938bb2c1bf826855972efa7c2e-wrap avia-button-right  avia-builder-el-416  el_before_av_textblock  avia-builder-el-first '><a href='https:\/\/www.fundacioncanal.com\/canaleduca\/recursos-didacticos-creditos-de-videos-e-imagenes\/'  class='avia-button av-lux5rc4m-9e5432938bb2c1bf826855972efa7c2e av-link-btn avia-icon_select-no avia-size-small avia-position-right avia-color-dark'  target=\"_blank\"  rel=\"noopener noreferrer\"  aria-label=\"Cr\u00e9ditos de los v\u00eddeos cortos\"><span class='avia_iconbox_title' >Cr\u00e9ditos de los v\u00eddeos cortos<\/span><\/a><\/div>\n\n<style type=\"text\/css\" data-created_by=\"avia_inline_auto\" id=\"style-css-av-lux5qley-56b718ab51cfa56c708e34478fdd22bb\">\n#top .av_textblock_section.av-lux5qley-56b718ab51cfa56c708e34478fdd22bb .avia_textblock{\nfont-size:10px;\ntext-align:right;\n}\n<\/style>\n<section  class='av_textblock_section av-lux5qley-56b718ab51cfa56c708e34478fdd22bb '   itemscope=\"itemscope\" itemtype=\"https:\/\/schema.org\/CreativeWork\" ><div class='avia_textblock'  itemprop=\"text\" ><p>Los materiales v\u00eddeos cortos utilizados en este proyecto proceden de la exposici\u00f3n Somos agua, organizada por la Fundaci\u00f3n Canal.<\/p>\n<\/div><\/section>\n<\/p>\n","protected":false},"excerpt":{"rendered":"","protected":false},"author":1,"featured_media":0,"parent":0,"menu_order":0,"comment_status":"closed","ping_status":"closed","template":"","meta":{"inline_featured_image":false,"footnotes":""},"class_list":["post-36107","page","type-page","status-publish","hentry"],"yoast_head":"<!-- This site is optimized with the Yoast SEO plugin v28.3 - https:\/\/yoast.com\/product\/yoast-seo-wordpress\/ -->\n<title>Recursos did\u00e1cticos - Canal Educa<\/title>\n<meta name=\"description\" content=\"Recursos did\u00e1cticos de Canal Educa en la Fundaci\u00f3n Canal.\" \/>\n<meta name=\"robots\" content=\"index, follow, max-snippet:-1, max-image-preview:large, max-video-preview:-1\" \/>\n<link rel=\"canonical\" href=\"https:\/\/www.fundacioncanal.com\/canaleduca\/recursos-didacticos\/\" \/>\n<meta property=\"og:locale\" content=\"es_ES\" \/>\n<meta property=\"og:type\" content=\"article\" \/>\n<meta property=\"og:title\" content=\"Recursos did\u00e1cticos - Canal Educa\" \/>\n<meta property=\"og:description\" content=\"Recursos did\u00e1cticos de Canal Educa en la Fundaci\u00f3n Canal.\" \/>\n<meta property=\"og:url\" content=\"https:\/\/www.fundacioncanal.com\/canaleduca\/recursos-didacticos\/\" \/>\n<meta property=\"og:site_name\" content=\"Canal Educa\" \/>\n<meta property=\"article:publisher\" content=\"https:\/\/www.facebook.com\/FundacionCanalMadrid\/\" \/>\n<meta property=\"article:modified_time\" content=\"2026-06-07T02:24:49+00:00\" \/>\n<meta name=\"twitter:card\" content=\"summary_large_image\" \/>\n<meta name=\"twitter:site\" content=\"@fundacioncanal\" \/>\n<meta name=\"twitter:label1\" content=\"Tiempo de lectura\" \/>\n\t<meta name=\"twitter:data1\" content=\"28 minutos\" \/>\n<script type=\"application\/ld+json\" class=\"yoast-schema-graph\">{\"@context\":\"https:\\\/\\\/schema.org\",\"@graph\":[{\"@type\":\"WebPage\",\"@id\":\"https:\\\/\\\/www.fundacioncanal.com\\\/canaleduca\\\/recursos-didacticos\\\/\",\"url\":\"https:\\\/\\\/www.fundacioncanal.com\\\/canaleduca\\\/recursos-didacticos\\\/\",\"name\":\"Recursos did\u00e1cticos - Canal Educa\",\"isPartOf\":{\"@id\":\"https:\\\/\\\/www.fundacioncanal.com\\\/canaleduca\\\/#website\"},\"datePublished\":\"2024-03-26T20:56:03+00:00\",\"dateModified\":\"2026-06-07T02:24:49+00:00\",\"description\":\"Recursos did\u00e1cticos de Canal Educa en la Fundaci\u00f3n Canal.\",\"breadcrumb\":{\"@id\":\"https:\\\/\\\/www.fundacioncanal.com\\\/canaleduca\\\/recursos-didacticos\\\/#breadcrumb\"},\"inLanguage\":\"es\",\"potentialAction\":[{\"@type\":\"ReadAction\",\"target\":[\"https:\\\/\\\/www.fundacioncanal.com\\\/canaleduca\\\/recursos-didacticos\\\/\"]}]},{\"@type\":\"BreadcrumbList\",\"@id\":\"https:\\\/\\\/www.fundacioncanal.com\\\/canaleduca\\\/recursos-didacticos\\\/#breadcrumb\",\"itemListElement\":[{\"@type\":\"ListItem\",\"position\":1,\"name\":\"Portada\",\"item\":\"https:\\\/\\\/www.fundacioncanal.com\\\/canaleduca\\\/inicio\\\/\"},{\"@type\":\"ListItem\",\"position\":2,\"name\":\"Recursos did\u00e1cticos\"}]},{\"@type\":\"WebSite\",\"@id\":\"https:\\\/\\\/www.fundacioncanal.com\\\/canaleduca\\\/#website\",\"url\":\"https:\\\/\\\/www.fundacioncanal.com\\\/canaleduca\\\/\",\"name\":\"Canal Educa\",\"description\":\"Canal Educa - Canal Educa es el programa educativo de la Fundaci\u00f3n Canal que, desde 1991, fomenta el conocimiento del ciclo del agua y la sostenibilidad entre todos los centros educativos de la Comunidad de Madrid con una innovadora oferta de actividades presenciales y online.\",\"publisher\":{\"@id\":\"https:\\\/\\\/www.fundacioncanal.com\\\/canaleduca\\\/#organization\"},\"potentialAction\":[{\"@type\":\"SearchAction\",\"target\":{\"@type\":\"EntryPoint\",\"urlTemplate\":\"https:\\\/\\\/www.fundacioncanal.com\\\/canaleduca\\\/?s={search_term_string}\"},\"query-input\":{\"@type\":\"PropertyValueSpecification\",\"valueRequired\":true,\"valueName\":\"search_term_string\"}}],\"inLanguage\":\"es\"},{\"@type\":\"Organization\",\"@id\":\"https:\\\/\\\/www.fundacioncanal.com\\\/canaleduca\\\/#organization\",\"name\":\"Canal Educa\",\"url\":\"https:\\\/\\\/www.fundacioncanal.com\\\/canaleduca\\\/\",\"logo\":{\"@type\":\"ImageObject\",\"inLanguage\":\"es\",\"@id\":\"https:\\\/\\\/www.fundacioncanal.com\\\/canaleduca\\\/#\\\/schema\\\/logo\\\/image\\\/\",\"url\":\"https:\\\/\\\/www.fundacioncanal.com\\\/canaleduca\\\/wp-content\\\/uploads\\\/2019\\\/09\\\/canaleduca-logo.jpg\",\"contentUrl\":\"https:\\\/\\\/www.fundacioncanal.com\\\/canaleduca\\\/wp-content\\\/uploads\\\/2019\\\/09\\\/canaleduca-logo.jpg\",\"width\":241,\"height\":68,\"caption\":\"Canal Educa\"},\"image\":{\"@id\":\"https:\\\/\\\/www.fundacioncanal.com\\\/canaleduca\\\/#\\\/schema\\\/logo\\\/image\\\/\"},\"sameAs\":[\"https:\\\/\\\/www.facebook.com\\\/FundacionCanalMadrid\\\/\",\"https:\\\/\\\/x.com\\\/fundacioncanal\",\"https:\\\/\\\/www.instagram.com\\\/fundacioncanal\\\/\",\"https:\\\/\\\/www.linkedin.com\\\/company\\\/fundaci\u00f3n-canal\\\/\",\"https:\\\/\\\/www.youtube.com\\\/user\\\/FundacionCanal\"]}]}<\/script>\n<!-- \/ Yoast SEO plugin. -->","yoast_head_json":{"title":"Recursos did\u00e1cticos - Canal Educa","description":"Recursos did\u00e1cticos de Canal Educa en la Fundaci\u00f3n Canal.","robots":{"index":"index","follow":"follow","max-snippet":"max-snippet:-1","max-image-preview":"max-image-preview:large","max-video-preview":"max-video-preview:-1"},"canonical":"https:\/\/www.fundacioncanal.com\/canaleduca\/recursos-didacticos\/","og_locale":"es_ES","og_type":"article","og_title":"Recursos did\u00e1cticos - Canal Educa","og_description":"Recursos did\u00e1cticos de Canal Educa en la Fundaci\u00f3n Canal.","og_url":"https:\/\/www.fundacioncanal.com\/canaleduca\/recursos-didacticos\/","og_site_name":"Canal Educa","article_publisher":"https:\/\/www.facebook.com\/FundacionCanalMadrid\/","article_modified_time":"2026-06-07T02:24:49+00:00","twitter_card":"summary_large_image","twitter_site":"@fundacioncanal","twitter_misc":{"Tiempo de lectura":"28 minutos"},"schema":{"@context":"https:\/\/schema.org","@graph":[{"@type":"WebPage","@id":"https:\/\/www.fundacioncanal.com\/canaleduca\/recursos-didacticos\/","url":"https:\/\/www.fundacioncanal.com\/canaleduca\/recursos-didacticos\/","name":"Recursos did\u00e1cticos - Canal Educa","isPartOf":{"@id":"https:\/\/www.fundacioncanal.com\/canaleduca\/#website"},"datePublished":"2024-03-26T20:56:03+00:00","dateModified":"2026-06-07T02:24:49+00:00","description":"Recursos did\u00e1cticos de Canal Educa en la Fundaci\u00f3n Canal.","breadcrumb":{"@id":"https:\/\/www.fundacioncanal.com\/canaleduca\/recursos-didacticos\/#breadcrumb"},"inLanguage":"es","potentialAction":[{"@type":"ReadAction","target":["https:\/\/www.fundacioncanal.com\/canaleduca\/recursos-didacticos\/"]}]},{"@type":"BreadcrumbList","@id":"https:\/\/www.fundacioncanal.com\/canaleduca\/recursos-didacticos\/#breadcrumb","itemListElement":[{"@type":"ListItem","position":1,"name":"Portada","item":"https:\/\/www.fundacioncanal.com\/canaleduca\/inicio\/"},{"@type":"ListItem","position":2,"name":"Recursos did\u00e1cticos"}]},{"@type":"WebSite","@id":"https:\/\/www.fundacioncanal.com\/canaleduca\/#website","url":"https:\/\/www.fundacioncanal.com\/canaleduca\/","name":"Canal Educa","description":"Canal Educa - Canal Educa es el programa educativo de la Fundaci\u00f3n Canal que, desde 1991, fomenta el conocimiento del ciclo del agua y la sostenibilidad entre todos los centros educativos de la Comunidad de Madrid con una innovadora oferta de actividades presenciales y online.","publisher":{"@id":"https:\/\/www.fundacioncanal.com\/canaleduca\/#organization"},"potentialAction":[{"@type":"SearchAction","target":{"@type":"EntryPoint","urlTemplate":"https:\/\/www.fundacioncanal.com\/canaleduca\/?s={search_term_string}"},"query-input":{"@type":"PropertyValueSpecification","valueRequired":true,"valueName":"search_term_string"}}],"inLanguage":"es"},{"@type":"Organization","@id":"https:\/\/www.fundacioncanal.com\/canaleduca\/#organization","name":"Canal Educa","url":"https:\/\/www.fundacioncanal.com\/canaleduca\/","logo":{"@type":"ImageObject","inLanguage":"es","@id":"https:\/\/www.fundacioncanal.com\/canaleduca\/#\/schema\/logo\/image\/","url":"https:\/\/www.fundacioncanal.com\/canaleduca\/wp-content\/uploads\/2019\/09\/canaleduca-logo.jpg","contentUrl":"https:\/\/www.fundacioncanal.com\/canaleduca\/wp-content\/uploads\/2019\/09\/canaleduca-logo.jpg","width":241,"height":68,"caption":"Canal Educa"},"image":{"@id":"https:\/\/www.fundacioncanal.com\/canaleduca\/#\/schema\/logo\/image\/"},"sameAs":["https:\/\/www.facebook.com\/FundacionCanalMadrid\/","https:\/\/x.com\/fundacioncanal","https:\/\/www.instagram.com\/fundacioncanal\/","https:\/\/www.linkedin.com\/company\/fundaci\u00f3n-canal\/","https:\/\/www.youtube.com\/user\/FundacionCanal"]}]}},"_links":{"self":[{"href":"https:\/\/www.fundacioncanal.com\/canaleduca\/wp-json\/wp\/v2\/pages\/36107","targetHints":{"allow":["GET"]}}],"collection":[{"href":"https:\/\/www.fundacioncanal.com\/canaleduca\/wp-json\/wp\/v2\/pages"}],"about":[{"href":"https:\/\/www.fundacioncanal.com\/canaleduca\/wp-json\/wp\/v2\/types\/page"}],"author":[{"embeddable":true,"href":"https:\/\/www.fundacioncanal.com\/canaleduca\/wp-json\/wp\/v2\/users\/1"}],"replies":[{"embeddable":true,"href":"https:\/\/www.fundacioncanal.com\/canaleduca\/wp-json\/wp\/v2\/comments?post=36107"}],"version-history":[{"count":0,"href":"https:\/\/www.fundacioncanal.com\/canaleduca\/wp-json\/wp\/v2\/pages\/36107\/revisions"}],"wp:attachment":[{"href":"https:\/\/www.fundacioncanal.com\/canaleduca\/wp-json\/wp\/v2\/media?parent=36107"}],"curies":[{"name":"wp","href":"https:\/\/api.w.org\/{rel}","templated":true}]}}